{"id":7266,"date":"2022-11-04T01:49:41","date_gmt":"2022-11-04T00:49:41","guid":{"rendered":"https:\/\/ihdemu.com\/partner-felici\/"},"modified":"2024-12-05T16:21:30","modified_gmt":"2024-12-05T15:21:30","slug":"gluckliche-partner","status":"publish","type":"page","link":"https:\/\/ihdemu.com\/de\/gluckliche-partner\/","title":{"rendered":"Gl\u00fcckliche Partner"},"content":{"rendered":"\t\t<div data-elementor-type=\"wp-page\" data-elementor-id=\"7266\" class=\"elementor elementor-7266 elementor-790\" data-elementor-post-type=\"page\">\n\t\t\t\t\t\t<section data-dce-background-image-url=\"https:\/\/ihdemu.com\/wp-content\/uploads\/2022\/11\/Instituto-Hispanico-de-Murcia-Cabecera-Colaboradores.jpg\" class=\"elementor-section elementor-top-section elementor-element elementor-element-813ce13 elementor-section-boxed elementor-section-height-default elementor-section-height-default\" data-id=\"813ce13\" data-element_type=\"section\" data-e-type=\"section\" id=\"cabecera\" data-settings=\"{&quot;background_background&quot;:&quot;classic&quot;}\">\n\t\t\t\t\t\t<div class=\"elementor-container elementor-column-gap-default\">\n\t\t\t\t\t<div class=\"elementor-column elementor-col-100 elementor-top-column elementor-element elementor-element-0c5dd45\" data-id=\"0c5dd45\" data-element_type=\"column\" data-e-type=\"column\">\n\t\t\t<div class=\"elementor-widget-wrap\">\n\t\t\t\t\t\t\t<\/div>\n\t\t<\/div>\n\t\t\t\t\t<\/div>\n\t\t<\/section>\n\t\t\t\t<section class=\"elementor-section elementor-top-section elementor-element elementor-element-dc23370 elementor-section-boxed elementor-section-height-default elementor-section-height-default\" data-id=\"dc23370\" data-element_type=\"section\" data-e-type=\"section\">\n\t\t\t\t\t\t<div class=\"elementor-container elementor-column-gap-default\">\n\t\t\t\t\t<div class=\"elementor-column elementor-col-100 elementor-top-column elementor-element elementor-element-e2d21fa\" data-id=\"e2d21fa\" data-element_type=\"column\" data-e-type=\"column\">\n\t\t\t<div class=\"elementor-widget-wrap elementor-element-populated\">\n\t\t\t\t\t\t<div class=\"elementor-element elementor-element-afc7252 elementor-widget elementor-widget-image\" data-id=\"afc7252\" data-element_type=\"widget\" data-e-type=\"widget\" data-widget_type=\"image.default\">\n\t\t\t\t<div class=\"elementor-widget-container\">\n\t\t\t\t\t\t\t\t\t\t\t\t\t\t\t<img fetchpriority=\"high\" decoding=\"async\" width=\"300\" height=\"250\" src=\"https:\/\/ihdemu.com\/wp-content\/uploads\/2024\/02\/logo_ic_2_centros_acreditados_es-grande-2-1-1-300x250.jpg\" class=\"attachment-medium size-medium wp-image-87799\" alt=\"\" srcset=\"https:\/\/ihdemu.com\/wp-content\/uploads\/2024\/02\/logo_ic_2_centros_acreditados_es-grande-2-1-1-300x250.jpg 300w, https:\/\/ihdemu.com\/wp-content\/uploads\/2024\/02\/logo_ic_2_centros_acreditados_es-grande-2-1-1-1024x853.jpg 1024w, https:\/\/ihdemu.com\/wp-content\/uploads\/2024\/02\/logo_ic_2_centros_acreditados_es-grande-2-1-1-768x640.jpg 768w, https:\/\/ihdemu.com\/wp-content\/uploads\/2024\/02\/logo_ic_2_centros_acreditados_es-grande-2-1-1-1536x1279.jpg 1536w, https:\/\/ihdemu.com\/wp-content\/uploads\/2024\/02\/logo_ic_2_centros_acreditados_es-grande-2-1-1-600x500.jpg 600w, https:\/\/ihdemu.com\/wp-content\/uploads\/2024\/02\/logo_ic_2_centros_acreditados_es-grande-2-1-1.jpg 1920w\" sizes=\"(max-width: 300px) 100vw, 300px\" \/>\t\t\t\t\t\t\t\t\t\t\t\t\t\t\t<\/div>\n\t\t\t\t<\/div>\n\t\t\t\t\t<\/div>\n\t\t<\/div>\n\t\t\t\t\t<\/div>\n\t\t<\/section>\n\t\t\t\t<section class=\"elementor-section elementor-top-section elementor-element elementor-element-144f112 elementor-section-boxed elementor-section-height-default elementor-section-height-default\" data-id=\"144f112\" data-element_type=\"section\" data-e-type=\"section\">\n\t\t\t\t\t\t<div class=\"elementor-container elementor-column-gap-default\">\n\t\t\t\t\t<div class=\"elementor-column elementor-col-100 elementor-top-column elementor-element elementor-element-5016da7\" data-id=\"5016da7\" data-element_type=\"column\" data-e-type=\"column\">\n\t\t\t<div class=\"elementor-widget-wrap elementor-element-populated\">\n\t\t\t\t\t\t<div class=\"elementor-element elementor-element-b69341e elementor-widget elementor-widget-text-editor\" data-id=\"b69341e\" data-element_type=\"widget\" data-e-type=\"widget\" data-widget_type=\"text-editor.default\">\n\t\t\t\t<div class=\"elementor-widget-container\">\n\t\t\t\t\t\t\t\t\t<p>Instituto Hisp\u00e1nico von Murcia hat die Akkreditierung des Instituto Cervantes erhalten. Dies bedeutet, dass es die vom Akkreditierungssystem f\u00fcr Zentren des Instituto Cervantes festgelegten Bedingungen erf\u00fcllt und somit die einzige Internationale Akkreditierung erlangt, die ausschlie\u00dflich auf die Vermittlung von Spanisch als Fremdsprache spezialisiert ist.<\/p>\t\t\t\t\t\t\t\t<\/div>\n\t\t\t\t<\/div>\n\t\t\t\t\t<\/div>\n\t\t<\/div>\n\t\t\t\t\t<\/div>\n\t\t<\/section>\n\t\t\t\t<section class=\"elementor-section elementor-top-section elementor-element elementor-element-87e140f elementor-section-boxed elementor-section-height-default elementor-section-height-default\" data-id=\"87e140f\" data-element_type=\"section\" data-e-type=\"section\" id=\"texto\">\n\t\t\t\t\t\t<div class=\"elementor-container elementor-column-gap-default\">\n\t\t\t\t\t<div class=\"elementor-column elementor-col-100 elementor-top-column elementor-element elementor-element-f31ba16\" data-id=\"f31ba16\" data-element_type=\"column\" data-e-type=\"column\">\n\t\t\t<div class=\"elementor-widget-wrap elementor-element-populated\">\n\t\t\t\t\t\t<div class=\"elementor-element elementor-element-fb83331 elementor-widget elementor-widget-text-editor\" data-id=\"fb83331\" data-element_type=\"widget\" data-e-type=\"widget\" data-widget_type=\"text-editor.default\">\n\t\t\t\t<div class=\"elementor-widget-container\">\n\t\t\t\t\t\t\t\t\t<p>Dies sind, nicht in alphabetischer Reihenfolge, die Unternehmen, Universit\u00e4ten und Schulen, mit denen wir gerne zusammenarbeiten.<\/p><p>Jeder von ihnen best\u00e4tigt unsere Professionalit\u00e4t, die Qualit\u00e4t der Sprachkurse und die Zufriedenheit.<\/p><p><strong>Was wir machen, das machen wir gut! &#8230;und das wissen sie.<\/strong><\/p>\t\t\t\t\t\t\t\t<\/div>\n\t\t\t\t<\/div>\n\t\t\t\t\t<\/div>\n\t\t<\/div>\n\t\t\t\t\t<\/div>\n\t\t<\/section>\n\t\t\t\t<section class=\"elementor-section elementor-top-section elementor-element elementor-element-ba8e83e elementor-section-boxed elementor-section-height-default elementor-section-height-default\" data-id=\"ba8e83e\" data-element_type=\"section\" data-e-type=\"section\" id=\"logos\">\n\t\t\t\t\t\t<div class=\"elementor-container elementor-column-gap-default\">\n\t\t\t\t\t<div class=\"elementor-column elementor-col-100 elementor-top-column elementor-element elementor-element-2184c85\" data-id=\"2184c85\" data-element_type=\"column\" data-e-type=\"column\">\n\t\t\t<div class=\"elementor-widget-wrap elementor-element-populated\">\n\t\t\t\t\t\t<section class=\"elementor-section elementor-inner-section elementor-element elementor-element-cceb4aa logos elementor-section-boxed elementor-section-height-default elementor-section-height-default\" data-id=\"cceb4aa\" data-element_type=\"section\" data-e-type=\"section\">\n\t\t\t\t\t\t<div class=\"elementor-container elementor-column-gap-default\">\n\t\t\t\t\t<div class=\"elementor-column elementor-col-16 elementor-inner-column elementor-element elementor-element-46fd9b5 col\" data-id=\"46fd9b5\" data-element_type=\"column\" data-e-type=\"column\">\n\t\t\t<div class=\"elementor-widget-wrap elementor-element-populated\">\n\t\t\t\t\t\t<div class=\"elementor-element elementor-element-5bbe97a elementor-widget elementor-widget-image\" data-id=\"5bbe97a\" data-element_type=\"widget\" data-e-type=\"widget\" data-widget_type=\"image.default\">\n\t\t\t\t<div class=\"elementor-widget-container\">\n\t\t\t\t\t\t\t\t\t\t\t\t\t\t\t\t<a href=\"http:\/\/www.autocaresmellizo.com\/\" target=\"_blank\" rel=\"nofollow noopener\">\n\t\t\t\t\t\t\t<img decoding=\"async\" width=\"200\" height=\"200\" src=\"https:\/\/ihdemu.com\/wp-content\/uploads\/2022\/11\/Instituto-Hispanico-de-Murcia-Colaboradores-Autocares-Mellizo-1.jpeg\" class=\"attachment-full size-full wp-image-1323\" alt=\"Instituto Hispanico de Murcia - Colaboradores - Autocares Mellizo\" srcset=\"https:\/\/ihdemu.com\/wp-content\/uploads\/2022\/11\/Instituto-Hispanico-de-Murcia-Colaboradores-Autocares-Mellizo-1.jpeg 200w, https:\/\/ihdemu.com\/wp-content\/uploads\/2022\/11\/Instituto-Hispanico-de-Murcia-Colaboradores-Autocares-Mellizo-1-150x150.jpeg 150w, https:\/\/ihdemu.com\/wp-content\/uploads\/2022\/11\/Instituto-Hispanico-de-Murcia-Colaboradores-Autocares-Mellizo-1-100x100.jpeg 100w\" sizes=\"(max-width: 200px) 100vw, 200px\" \/>\t\t\t\t\t\t\t\t<\/a>\n\t\t\t\t\t\t\t\t\t\t\t\t\t\t\t<\/div>\n\t\t\t\t<\/div>\n\t\t\t\t\t<\/div>\n\t\t<\/div>\n\t\t\t\t<div class=\"elementor-column elementor-col-16 elementor-inner-column elementor-element elementor-element-129bff0 col\" data-id=\"129bff0\" data-element_type=\"column\" data-e-type=\"column\">\n\t\t\t<div class=\"elementor-widget-wrap elementor-element-populated\">\n\t\t\t\t\t\t<div class=\"elementor-element elementor-element-a5b82ac elementor-widget elementor-widget-image\" data-id=\"a5b82ac\" data-element_type=\"widget\" data-e-type=\"widget\" data-widget_type=\"image.default\">\n\t\t\t\t<div class=\"elementor-widget-container\">\n\t\t\t\t\t\t\t\t\t\t\t\t\t\t\t<img decoding=\"async\" width=\"200\" height=\"200\" src=\"https:\/\/ihdemu.com\/wp-content\/uploads\/2022\/11\/Instituto-Hispanico-de-Murcia-Colaboradores-Ecclesia-Carthaginensis.jpg\" class=\"attachment-full size-full wp-image-1341\" alt=\"Instituto Hispanico de Murcia - Colaboradores - Ecclesia Carthaginensis\" srcset=\"https:\/\/ihdemu.com\/wp-content\/uploads\/2022\/11\/Instituto-Hispanico-de-Murcia-Colaboradores-Ecclesia-Carthaginensis.jpg 200w, https:\/\/ihdemu.com\/wp-content\/uploads\/2022\/11\/Instituto-Hispanico-de-Murcia-Colaboradores-Ecclesia-Carthaginensis-150x150.jpg 150w, https:\/\/ihdemu.com\/wp-content\/uploads\/2022\/11\/Instituto-Hispanico-de-Murcia-Colaboradores-Ecclesia-Carthaginensis-100x100.jpg 100w\" sizes=\"(max-width: 200px) 100vw, 200px\" \/>\t\t\t\t\t\t\t\t\t\t\t\t\t\t\t<\/div>\n\t\t\t\t<\/div>\n\t\t\t\t\t<\/div>\n\t\t<\/div>\n\t\t\t\t<div class=\"elementor-column elementor-col-16 elementor-inner-column elementor-element elementor-element-2a6dcf3 col\" data-id=\"2a6dcf3\" data-element_type=\"column\" data-e-type=\"column\">\n\t\t\t<div class=\"elementor-widget-wrap elementor-element-populated\">\n\t\t\t\t\t\t<div class=\"elementor-element elementor-element-d78a7cb elementor-widget elementor-widget-image\" data-id=\"d78a7cb\" data-element_type=\"widget\" data-e-type=\"widget\" data-widget_type=\"image.default\">\n\t\t\t\t<div class=\"elementor-widget-container\">\n\t\t\t\t\t\t\t\t\t\t\t\t\t\t\t\t<a href=\"https:\/\/www.calidadendestino.es\/\" target=\"_blank\" rel=\"nofollow noopener\">\n\t\t\t\t\t\t\t<img loading=\"lazy\" decoding=\"async\" width=\"200\" height=\"200\" src=\"https:\/\/ihdemu.com\/wp-content\/uploads\/2022\/11\/Instituto-Hispanico-de-Murcia-Colaboradores-Compromiso-de-Calidad-Turistica.jpg\" class=\"attachment-full size-full wp-image-836\" alt=\"Instituto Hispanico de Murcia - Colaboradores - Compromiso de Calidad Turistica\" srcset=\"https:\/\/ihdemu.com\/wp-content\/uploads\/2022\/11\/Instituto-Hispanico-de-Murcia-Colaboradores-Compromiso-de-Calidad-Turistica.jpg 200w, https:\/\/ihdemu.com\/wp-content\/uploads\/2022\/11\/Instituto-Hispanico-de-Murcia-Colaboradores-Compromiso-de-Calidad-Turistica-150x150.jpg 150w, https:\/\/ihdemu.com\/wp-content\/uploads\/2022\/11\/Instituto-Hispanico-de-Murcia-Colaboradores-Compromiso-de-Calidad-Turistica-100x100.jpg 100w\" sizes=\"(max-width: 200px) 100vw, 200px\" \/>\t\t\t\t\t\t\t\t<\/a>\n\t\t\t\t\t\t\t\t\t\t\t\t\t\t\t<\/div>\n\t\t\t\t<\/div>\n\t\t\t\t\t<\/div>\n\t\t<\/div>\n\t\t\t\t<div class=\"elementor-column elementor-col-16 elementor-inner-column elementor-element elementor-element-e48d1d2 col\" data-id=\"e48d1d2\" data-element_type=\"column\" data-e-type=\"column\">\n\t\t\t<div class=\"elementor-widget-wrap elementor-element-populated\">\n\t\t\t\t\t\t<div class=\"elementor-element elementor-element-d2dc36d elementor-widget elementor-widget-image\" data-id=\"d2dc36d\" data-element_type=\"widget\" data-e-type=\"widget\" data-widget_type=\"image.default\">\n\t\t\t\t<div class=\"elementor-widget-container\">\n\t\t\t\t\t\t\t\t\t\t\t\t\t\t\t\t<a href=\"https:\/\/www.putneyschool.org\/\" target=\"_blank\" rel=\"nofollow noopener\">\n\t\t\t\t\t\t\t<img loading=\"lazy\" decoding=\"async\" width=\"200\" height=\"200\" src=\"https:\/\/ihdemu.com\/wp-content\/uploads\/2022\/11\/Instituto-Hispanico-de-Murcia-Colaboradores-The-Putney-School.jpeg\" class=\"attachment-full size-full wp-image-1260\" alt=\"Instituto Hispanico de Murcia - Colaboradores - The Putney School\" srcset=\"https:\/\/ihdemu.com\/wp-content\/uploads\/2022\/11\/Instituto-Hispanico-de-Murcia-Colaboradores-The-Putney-School.jpeg 200w, https:\/\/ihdemu.com\/wp-content\/uploads\/2022\/11\/Instituto-Hispanico-de-Murcia-Colaboradores-The-Putney-School-150x150.jpeg 150w, https:\/\/ihdemu.com\/wp-content\/uploads\/2022\/11\/Instituto-Hispanico-de-Murcia-Colaboradores-The-Putney-School-100x100.jpeg 100w\" sizes=\"(max-width: 200px) 100vw, 200px\" \/>\t\t\t\t\t\t\t\t<\/a>\n\t\t\t\t\t\t\t\t\t\t\t\t\t\t\t<\/div>\n\t\t\t\t<\/div>\n\t\t\t\t\t<\/div>\n\t\t<\/div>\n\t\t\t\t<div class=\"elementor-column elementor-col-16 elementor-inner-column elementor-element elementor-element-dba893d col\" data-id=\"dba893d\" data-element_type=\"column\" data-e-type=\"column\">\n\t\t\t<div class=\"elementor-widget-wrap elementor-element-populated\">\n\t\t\t\t\t\t<div class=\"elementor-element elementor-element-07ad101 elementor-widget elementor-widget-image\" data-id=\"07ad101\" data-element_type=\"widget\" data-e-type=\"widget\" data-widget_type=\"image.default\">\n\t\t\t\t<div class=\"elementor-widget-container\">\n\t\t\t\t\t\t\t\t\t\t\t\t\t\t\t<img loading=\"lazy\" decoding=\"async\" width=\"200\" height=\"200\" src=\"https:\/\/ihdemu.com\/wp-content\/uploads\/2022\/11\/Instituto-Hispanico-de-Murcia-Colaboradores-The-Awty-International-School.png\" class=\"attachment-full size-full wp-image-5887\" alt=\"Instituto Hispanico de Murcia - Colaboradores - The Awty International School\" srcset=\"https:\/\/ihdemu.com\/wp-content\/uploads\/2022\/11\/Instituto-Hispanico-de-Murcia-Colaboradores-The-Awty-International-School.png 200w, https:\/\/ihdemu.com\/wp-content\/uploads\/2022\/11\/Instituto-Hispanico-de-Murcia-Colaboradores-The-Awty-International-School-150x150.png 150w, https:\/\/ihdemu.com\/wp-content\/uploads\/2022\/11\/Instituto-Hispanico-de-Murcia-Colaboradores-The-Awty-International-School-100x100.png 100w\" sizes=\"(max-width: 200px) 100vw, 200px\" \/>\t\t\t\t\t\t\t\t\t\t\t\t\t\t\t<\/div>\n\t\t\t\t<\/div>\n\t\t\t\t\t<\/div>\n\t\t<\/div>\n\t\t\t\t<div class=\"elementor-column elementor-col-16 elementor-inner-column elementor-element elementor-element-c70d6c3 col\" data-id=\"c70d6c3\" data-element_type=\"column\" data-e-type=\"column\">\n\t\t\t<div class=\"elementor-widget-wrap elementor-element-populated\">\n\t\t\t\t\t\t<div class=\"elementor-element elementor-element-5a21933 elementor-widget elementor-widget-image\" data-id=\"5a21933\" data-element_type=\"widget\" data-e-type=\"widget\" data-widget_type=\"image.default\">\n\t\t\t\t<div class=\"elementor-widget-container\">\n\t\t\t\t\t\t\t\t\t\t\t\t\t\t\t\t<a href=\"http:\/\/www.autocaresmellizo.com\/\" target=\"_blank\" rel=\"noopener\">\n\t\t\t\t\t\t\t<img loading=\"lazy\" decoding=\"async\" width=\"200\" height=\"200\" src=\"https:\/\/ihdemu.com\/wp-content\/uploads\/2022\/11\/Instituto-Hispanico-de-Murcia-Colaboradores-Isnelle-Amelin.png\" class=\"attachment-full size-full wp-image-953\" alt=\"Instituto Hispanico de Murcia - Colaboradores - Isnelle Amelin\" srcset=\"https:\/\/ihdemu.com\/wp-content\/uploads\/2022\/11\/Instituto-Hispanico-de-Murcia-Colaboradores-Isnelle-Amelin.png 200w, https:\/\/ihdemu.com\/wp-content\/uploads\/2022\/11\/Instituto-Hispanico-de-Murcia-Colaboradores-Isnelle-Amelin-150x150.png 150w, https:\/\/ihdemu.com\/wp-content\/uploads\/2022\/11\/Instituto-Hispanico-de-Murcia-Colaboradores-Isnelle-Amelin-100x100.png 100w\" sizes=\"(max-width: 200px) 100vw, 200px\" \/>\t\t\t\t\t\t\t\t<\/a>\n\t\t\t\t\t\t\t\t\t\t\t\t\t\t\t<\/div>\n\t\t\t\t<\/div>\n\t\t\t\t\t<\/div>\n\t\t<\/div>\n\t\t\t\t\t<\/div>\n\t\t<\/section>\n\t\t\t\t<section class=\"elementor-section elementor-inner-section elementor-element elementor-element-dadf7bd logos elementor-section-boxed elementor-section-height-default elementor-section-height-default\" data-id=\"dadf7bd\" data-element_type=\"section\" data-e-type=\"section\">\n\t\t\t\t\t\t<div class=\"elementor-container elementor-column-gap-default\">\n\t\t\t\t\t<div class=\"elementor-column elementor-col-16 elementor-inner-column elementor-element elementor-element-14b3c5e col\" data-id=\"14b3c5e\" data-element_type=\"column\" data-e-type=\"column\">\n\t\t\t<div class=\"elementor-widget-wrap elementor-element-populated\">\n\t\t\t\t\t\t<div class=\"elementor-element elementor-element-56c6f13 elementor-widget elementor-widget-image\" data-id=\"56c6f13\" data-element_type=\"widget\" data-e-type=\"widget\" data-widget_type=\"image.default\">\n\t\t\t\t<div class=\"elementor-widget-container\">\n\t\t\t\t\t\t\t\t\t\t\t\t\t\t\t\t<a href=\"https:\/\/fuentetajaliteraria.com\/\" target=\"_blank\" rel=\"nofollow noopener\">\n\t\t\t\t\t\t\t<img loading=\"lazy\" decoding=\"async\" width=\"200\" height=\"200\" src=\"https:\/\/ihdemu.com\/wp-content\/uploads\/2022\/11\/Instituto-Hispanico-de-Murcia-Colaboradores-Fuentetaja.png\" class=\"attachment-full size-full wp-image-5865\" alt=\"Instituto Hispanico de Murcia - Colaboradores - Fuentetaja\" srcset=\"https:\/\/ihdemu.com\/wp-content\/uploads\/2022\/11\/Instituto-Hispanico-de-Murcia-Colaboradores-Fuentetaja.png 200w, https:\/\/ihdemu.com\/wp-content\/uploads\/2022\/11\/Instituto-Hispanico-de-Murcia-Colaboradores-Fuentetaja-150x150.png 150w, https:\/\/ihdemu.com\/wp-content\/uploads\/2022\/11\/Instituto-Hispanico-de-Murcia-Colaboradores-Fuentetaja-100x100.png 100w\" sizes=\"(max-width: 200px) 100vw, 200px\" \/>\t\t\t\t\t\t\t\t<\/a>\n\t\t\t\t\t\t\t\t\t\t\t\t\t\t\t<\/div>\n\t\t\t\t<\/div>\n\t\t\t\t\t<\/div>\n\t\t<\/div>\n\t\t\t\t<div class=\"elementor-column elementor-col-16 elementor-inner-column elementor-element elementor-element-1e387cb col\" data-id=\"1e387cb\" data-element_type=\"column\" data-e-type=\"column\">\n\t\t\t<div class=\"elementor-widget-wrap elementor-element-populated\">\n\t\t\t\t\t\t<div class=\"elementor-element elementor-element-e5ab9b5 elementor-widget elementor-widget-image\" data-id=\"e5ab9b5\" data-element_type=\"widget\" data-e-type=\"widget\" data-widget_type=\"image.default\">\n\t\t\t\t<div class=\"elementor-widget-container\">\n\t\t\t\t\t\t\t\t\t\t\t\t\t\t\t\t<a href=\"https:\/\/edutrav.org\/\" target=\"_blank\" rel=\"nofollow noopener\">\n\t\t\t\t\t\t\t<img loading=\"lazy\" decoding=\"async\" width=\"200\" height=\"200\" src=\"https:\/\/ihdemu.com\/wp-content\/uploads\/2022\/11\/Instituto-Hispanico-de-Murcia-Colaboradores-Education-Travel-Culture.jpg\" class=\"attachment-full size-full wp-image-1350\" alt=\"Instituto Hispanico de Murcia - Colaboradores - Education Travel Culture\" srcset=\"https:\/\/ihdemu.com\/wp-content\/uploads\/2022\/11\/Instituto-Hispanico-de-Murcia-Colaboradores-Education-Travel-Culture.jpg 200w, https:\/\/ihdemu.com\/wp-content\/uploads\/2022\/11\/Instituto-Hispanico-de-Murcia-Colaboradores-Education-Travel-Culture-150x150.jpg 150w, https:\/\/ihdemu.com\/wp-content\/uploads\/2022\/11\/Instituto-Hispanico-de-Murcia-Colaboradores-Education-Travel-Culture-100x100.jpg 100w\" sizes=\"(max-width: 200px) 100vw, 200px\" \/>\t\t\t\t\t\t\t\t<\/a>\n\t\t\t\t\t\t\t\t\t\t\t\t\t\t\t<\/div>\n\t\t\t\t<\/div>\n\t\t\t\t\t<\/div>\n\t\t<\/div>\n\t\t\t\t<div class=\"elementor-column elementor-col-16 elementor-inner-column elementor-element elementor-element-e2e7363 col\" data-id=\"e2e7363\" data-element_type=\"column\" data-e-type=\"column\">\n\t\t\t<div class=\"elementor-widget-wrap elementor-element-populated\">\n\t\t\t\t\t\t<div class=\"elementor-element elementor-element-8f65ab1 elementor-widget elementor-widget-image\" data-id=\"8f65ab1\" data-element_type=\"widget\" data-e-type=\"widget\" data-widget_type=\"image.default\">\n\t\t\t\t<div class=\"elementor-widget-container\">\n\t\t\t\t\t\t\t\t\t\t\t\t\t\t\t\t<a href=\"https:\/\/www.halsbury.com\/\" target=\"_blank\" rel=\"nofollow noopener\">\n\t\t\t\t\t\t\t<img loading=\"lazy\" decoding=\"async\" width=\"200\" height=\"200\" src=\"https:\/\/ihdemu.com\/wp-content\/uploads\/2022\/11\/Instituto-Hispanico-de-Murcia-Colaboradores-Halsbury-Travel-Group.png\" class=\"attachment-full size-full wp-image-5874\" alt=\"Instituto Hispanico de Murcia - Colaboradores - Halsbury Travel Group\" srcset=\"https:\/\/ihdemu.com\/wp-content\/uploads\/2022\/11\/Instituto-Hispanico-de-Murcia-Colaboradores-Halsbury-Travel-Group.png 200w, https:\/\/ihdemu.com\/wp-content\/uploads\/2022\/11\/Instituto-Hispanico-de-Murcia-Colaboradores-Halsbury-Travel-Group-150x150.png 150w, https:\/\/ihdemu.com\/wp-content\/uploads\/2022\/11\/Instituto-Hispanico-de-Murcia-Colaboradores-Halsbury-Travel-Group-100x100.png 100w\" sizes=\"(max-width: 200px) 100vw, 200px\" \/>\t\t\t\t\t\t\t\t<\/a>\n\t\t\t\t\t\t\t\t\t\t\t\t\t\t\t<\/div>\n\t\t\t\t<\/div>\n\t\t\t\t\t<\/div>\n\t\t<\/div>\n\t\t\t\t<div class=\"elementor-column elementor-col-16 elementor-inner-column elementor-element elementor-element-d927876 col\" data-id=\"d927876\" data-element_type=\"column\" data-e-type=\"column\">\n\t\t\t<div class=\"elementor-widget-wrap elementor-element-populated\">\n\t\t\t\t\t\t<div class=\"elementor-element elementor-element-fa7e055 elementor-widget elementor-widget-image\" data-id=\"fa7e055\" data-element_type=\"widget\" data-e-type=\"widget\" data-widget_type=\"image.default\">\n\t\t\t\t<div class=\"elementor-widget-container\">\n\t\t\t\t\t\t\t\t\t\t\t\t\t\t\t\t<a href=\"https:\/\/www.hero.es\/\" target=\"_blank\" rel=\"nofollow noopener\">\n\t\t\t\t\t\t\t<img loading=\"lazy\" decoding=\"async\" width=\"200\" height=\"200\" src=\"https:\/\/ihdemu.com\/wp-content\/uploads\/2022\/11\/Instituto-Hispanico-de-Murcia-Colaboradores-Hero.png\" class=\"attachment-full size-full wp-image-917\" alt=\"Instituto Hispanico de Murcia - Colaboradores - Hero\" srcset=\"https:\/\/ihdemu.com\/wp-content\/uploads\/2022\/11\/Instituto-Hispanico-de-Murcia-Colaboradores-Hero.png 200w, https:\/\/ihdemu.com\/wp-content\/uploads\/2022\/11\/Instituto-Hispanico-de-Murcia-Colaboradores-Hero-150x150.png 150w, https:\/\/ihdemu.com\/wp-content\/uploads\/2022\/11\/Instituto-Hispanico-de-Murcia-Colaboradores-Hero-100x100.png 100w\" sizes=\"(max-width: 200px) 100vw, 200px\" \/>\t\t\t\t\t\t\t\t<\/a>\n\t\t\t\t\t\t\t\t\t\t\t\t\t\t\t<\/div>\n\t\t\t\t<\/div>\n\t\t\t\t\t<\/div>\n\t\t<\/div>\n\t\t\t\t<div class=\"elementor-column elementor-col-16 elementor-inner-column elementor-element elementor-element-8446554 col\" data-id=\"8446554\" data-element_type=\"column\" data-e-type=\"column\">\n\t\t\t<div class=\"elementor-widget-wrap elementor-element-populated\">\n\t\t\t\t\t\t<div class=\"elementor-element elementor-element-bee2ab8 elementor-widget elementor-widget-image\" data-id=\"bee2ab8\" data-element_type=\"widget\" data-e-type=\"widget\" data-widget_type=\"image.default\">\n\t\t\t\t<div class=\"elementor-widget-container\">\n\t\t\t\t\t\t\t\t\t\t\t\t\t\t\t\t<a href=\"https:\/\/www.voyagerschooltravel.com\/\" target=\"_blank\" rel=\"nofollow noopener\">\n\t\t\t\t\t\t\t<img loading=\"lazy\" decoding=\"async\" width=\"200\" height=\"200\" src=\"https:\/\/ihdemu.com\/wp-content\/uploads\/2022\/11\/Instituto-Hispanico-de-Murcia-Colaboradores-Voyager-Travel-School.png\" class=\"attachment-full size-full wp-image-5898\" alt=\"Instituto Hispanico de Murcia - Colaboradores - Voyager Travel School\" srcset=\"https:\/\/ihdemu.com\/wp-content\/uploads\/2022\/11\/Instituto-Hispanico-de-Murcia-Colaboradores-Voyager-Travel-School.png 200w, https:\/\/ihdemu.com\/wp-content\/uploads\/2022\/11\/Instituto-Hispanico-de-Murcia-Colaboradores-Voyager-Travel-School-150x150.png 150w, https:\/\/ihdemu.com\/wp-content\/uploads\/2022\/11\/Instituto-Hispanico-de-Murcia-Colaboradores-Voyager-Travel-School-100x100.png 100w\" sizes=\"(max-width: 200px) 100vw, 200px\" \/>\t\t\t\t\t\t\t\t<\/a>\n\t\t\t\t\t\t\t\t\t\t\t\t\t\t\t<\/div>\n\t\t\t\t<\/div>\n\t\t\t\t\t<\/div>\n\t\t<\/div>\n\t\t\t\t<div class=\"elementor-column elementor-col-16 elementor-inner-column elementor-element elementor-element-3037181 col\" data-id=\"3037181\" data-element_type=\"column\" data-e-type=\"column\">\n\t\t\t<div class=\"elementor-widget-wrap elementor-element-populated\">\n\t\t\t\t\t\t<div class=\"elementor-element elementor-element-bcd5146 elementor-widget elementor-widget-image\" data-id=\"bcd5146\" data-element_type=\"widget\" data-e-type=\"widget\" data-widget_type=\"image.default\">\n\t\t\t\t<div class=\"elementor-widget-container\">\n\t\t\t\t\t\t\t\t\t\t\t\t\t\t\t\t<a href=\"https:\/\/www.spanishexpress.co.uk\/\" target=\"_blank\" rel=\"nofollow noopener\">\n\t\t\t\t\t\t\t<img loading=\"lazy\" decoding=\"async\" width=\"200\" height=\"200\" src=\"https:\/\/ihdemu.com\/wp-content\/uploads\/2022\/11\/Instituto-Hispanico-de-Murcia-Colaboradores-Spanish-Express.jpg\" class=\"attachment-full size-full wp-image-1052\" alt=\"Instituto Hispanico de Murcia - Colaboradores - Spanish Express\" srcset=\"https:\/\/ihdemu.com\/wp-content\/uploads\/2022\/11\/Instituto-Hispanico-de-Murcia-Colaboradores-Spanish-Express.jpg 200w, https:\/\/ihdemu.com\/wp-content\/uploads\/2022\/11\/Instituto-Hispanico-de-Murcia-Colaboradores-Spanish-Express-150x150.jpg 150w, https:\/\/ihdemu.com\/wp-content\/uploads\/2022\/11\/Instituto-Hispanico-de-Murcia-Colaboradores-Spanish-Express-100x100.jpg 100w\" sizes=\"(max-width: 200px) 100vw, 200px\" \/>\t\t\t\t\t\t\t\t<\/a>\n\t\t\t\t\t\t\t\t\t\t\t\t\t\t\t<\/div>\n\t\t\t\t<\/div>\n\t\t\t\t\t<\/div>\n\t\t<\/div>\n\t\t\t\t\t<\/div>\n\t\t<\/section>\n\t\t\t\t<section class=\"elementor-section elementor-inner-section elementor-element elementor-element-22b9b9a logos elementor-section-boxed elementor-section-height-default elementor-section-height-default\" data-id=\"22b9b9a\" data-element_type=\"section\" data-e-type=\"section\">\n\t\t\t\t\t\t<div class=\"elementor-container elementor-column-gap-default\">\n\t\t\t\t\t<div class=\"elementor-column elementor-col-16 elementor-inner-column elementor-element elementor-element-86241c3 col\" data-id=\"86241c3\" data-element_type=\"column\" data-e-type=\"column\">\n\t\t\t<div class=\"elementor-widget-wrap elementor-element-populated\">\n\t\t\t\t\t\t<div class=\"elementor-element elementor-element-2b99f51 elementor-widget elementor-widget-image\" data-id=\"2b99f51\" data-element_type=\"widget\" data-e-type=\"widget\" data-widget_type=\"image.default\">\n\t\t\t\t<div class=\"elementor-widget-container\">\n\t\t\t\t\t\t\t\t\t\t\t\t\t\t\t<img loading=\"lazy\" decoding=\"async\" width=\"200\" height=\"200\" src=\"https:\/\/ihdemu.com\/wp-content\/uploads\/2022\/11\/Instituto-Hispanico-de-Murcia-Colaboradores-Info-Region-de-Murcia.png\" class=\"attachment-full size-full wp-image-935\" alt=\"Instituto Hispanico de Murcia - Colaboradores - Info Region de Murcia\" srcset=\"https:\/\/ihdemu.com\/wp-content\/uploads\/2022\/11\/Instituto-Hispanico-de-Murcia-Colaboradores-Info-Region-de-Murcia.png 200w, https:\/\/ihdemu.com\/wp-content\/uploads\/2022\/11\/Instituto-Hispanico-de-Murcia-Colaboradores-Info-Region-de-Murcia-150x150.png 150w, https:\/\/ihdemu.com\/wp-content\/uploads\/2022\/11\/Instituto-Hispanico-de-Murcia-Colaboradores-Info-Region-de-Murcia-100x100.png 100w\" sizes=\"(max-width: 200px) 100vw, 200px\" \/>\t\t\t\t\t\t\t\t\t\t\t\t\t\t\t<\/div>\n\t\t\t\t<\/div>\n\t\t\t\t\t<\/div>\n\t\t<\/div>\n\t\t\t\t<div class=\"elementor-column elementor-col-16 elementor-inner-column elementor-element elementor-element-9d716e6 col\" data-id=\"9d716e6\" data-element_type=\"column\" data-e-type=\"column\">\n\t\t\t<div class=\"elementor-widget-wrap elementor-element-populated\">\n\t\t\t\t\t\t<div class=\"elementor-element elementor-element-6912b5b elementor-widget elementor-widget-image\" data-id=\"6912b5b\" data-element_type=\"widget\" data-e-type=\"widget\" data-widget_type=\"image.default\">\n\t\t\t\t<div class=\"elementor-widget-container\">\n\t\t\t\t\t\t\t\t\t\t\t\t\t\t\t\t<a href=\"https:\/\/adelante.jp\/\" target=\"_blank\" rel=\"nofollow noopener\">\n\t\t\t\t\t\t\t<img loading=\"lazy\" decoding=\"async\" width=\"200\" height=\"200\" src=\"https:\/\/ihdemu.com\/wp-content\/uploads\/2022\/11\/Instituto-Hispanico-de-Murcia-Colaboradores-Adelante.jpg\" class=\"attachment-full size-full wp-image-1380\" alt=\"Instituto Hispanico de Murcia - Colaboradores - Adelante\" srcset=\"https:\/\/ihdemu.com\/wp-content\/uploads\/2022\/11\/Instituto-Hispanico-de-Murcia-Colaboradores-Adelante.jpg 200w, https:\/\/ihdemu.com\/wp-content\/uploads\/2022\/11\/Instituto-Hispanico-de-Murcia-Colaboradores-Adelante-150x150.jpg 150w, https:\/\/ihdemu.com\/wp-content\/uploads\/2022\/11\/Instituto-Hispanico-de-Murcia-Colaboradores-Adelante-100x100.jpg 100w\" sizes=\"(max-width: 200px) 100vw, 200px\" \/>\t\t\t\t\t\t\t\t<\/a>\n\t\t\t\t\t\t\t\t\t\t\t\t\t\t\t<\/div>\n\t\t\t\t<\/div>\n\t\t\t\t\t<\/div>\n\t\t<\/div>\n\t\t\t\t<div class=\"elementor-column elementor-col-16 elementor-inner-column elementor-element elementor-element-ecaadad col\" data-id=\"ecaadad\" data-element_type=\"column\" data-e-type=\"column\">\n\t\t\t<div class=\"elementor-widget-wrap elementor-element-populated\">\n\t\t\t\t\t\t<div class=\"elementor-element elementor-element-064bb50 elementor-widget elementor-widget-image\" data-id=\"064bb50\" data-element_type=\"widget\" data-e-type=\"widget\" data-widget_type=\"image.default\">\n\t\t\t\t<div class=\"elementor-widget-container\">\n\t\t\t\t\t\t\t\t\t\t\t\t\t\t\t\t<a href=\"https:\/\/murcia-acoge.com\/\" target=\"_blank\" rel=\"nofollow noopener\">\n\t\t\t\t\t\t\t<img loading=\"lazy\" decoding=\"async\" width=\"200\" height=\"200\" src=\"https:\/\/ihdemu.com\/wp-content\/uploads\/2022\/11\/Instituto-Hispanico-de-Murcia-Colaboradores-Murcia-Acoge.png\" class=\"attachment-full size-full wp-image-5907\" alt=\"Instituto Hispanico de Murcia - Colaboradores - Murcia Acoge\" srcset=\"https:\/\/ihdemu.com\/wp-content\/uploads\/2022\/11\/Instituto-Hispanico-de-Murcia-Colaboradores-Murcia-Acoge.png 200w, https:\/\/ihdemu.com\/wp-content\/uploads\/2022\/11\/Instituto-Hispanico-de-Murcia-Colaboradores-Murcia-Acoge-150x150.png 150w, https:\/\/ihdemu.com\/wp-content\/uploads\/2022\/11\/Instituto-Hispanico-de-Murcia-Colaboradores-Murcia-Acoge-100x100.png 100w\" sizes=\"(max-width: 200px) 100vw, 200px\" \/>\t\t\t\t\t\t\t\t<\/a>\n\t\t\t\t\t\t\t\t\t\t\t\t\t\t\t<\/div>\n\t\t\t\t<\/div>\n\t\t\t\t\t<\/div>\n\t\t<\/div>\n\t\t\t\t<div class=\"elementor-column elementor-col-16 elementor-inner-column elementor-element elementor-element-feafde2 col\" data-id=\"feafde2\" data-element_type=\"column\" data-e-type=\"column\">\n\t\t\t<div class=\"elementor-widget-wrap elementor-element-populated\">\n\t\t\t\t\t\t<div class=\"elementor-element elementor-element-c522f07 elementor-widget elementor-widget-image\" data-id=\"c522f07\" data-element_type=\"widget\" data-e-type=\"widget\" data-widget_type=\"image.default\">\n\t\t\t\t<div class=\"elementor-widget-container\">\n\t\t\t\t\t\t\t\t\t\t\t\t\t\t\t<img loading=\"lazy\" decoding=\"async\" width=\"200\" height=\"200\" src=\"https:\/\/ihdemu.com\/wp-content\/uploads\/2022\/11\/Instituto-Hispanico-de-Murcia-Colaboradores-Pass-into-Europe.jpg\" class=\"attachment-full size-full wp-image-1572\" alt=\"Instituto Hispanico de Murcia - Colaboradores - Pass into Europe\" srcset=\"https:\/\/ihdemu.com\/wp-content\/uploads\/2022\/11\/Instituto-Hispanico-de-Murcia-Colaboradores-Pass-into-Europe.jpg 200w, https:\/\/ihdemu.com\/wp-content\/uploads\/2022\/11\/Instituto-Hispanico-de-Murcia-Colaboradores-Pass-into-Europe-150x150.jpg 150w, https:\/\/ihdemu.com\/wp-content\/uploads\/2022\/11\/Instituto-Hispanico-de-Murcia-Colaboradores-Pass-into-Europe-100x100.jpg 100w\" sizes=\"(max-width: 200px) 100vw, 200px\" \/>\t\t\t\t\t\t\t\t\t\t\t\t\t\t\t<\/div>\n\t\t\t\t<\/div>\n\t\t\t\t\t<\/div>\n\t\t<\/div>\n\t\t\t\t<div class=\"elementor-column elementor-col-16 elementor-inner-column elementor-element elementor-element-bc0c670 col\" data-id=\"bc0c670\" data-element_type=\"column\" data-e-type=\"column\">\n\t\t\t<div class=\"elementor-widget-wrap elementor-element-populated\">\n\t\t\t\t\t\t<div class=\"elementor-element elementor-element-abb427a elementor-widget elementor-widget-image\" data-id=\"abb427a\" data-element_type=\"widget\" data-e-type=\"widget\" data-widget_type=\"image.default\">\n\t\t\t\t<div class=\"elementor-widget-container\">\n\t\t\t\t\t\t\t\t\t\t\t\t\t\t\t\t<a href=\"https:\/\/gsgrupo.com\/\" target=\"_blank\" rel=\"nofollow noopener\">\n\t\t\t\t\t\t\t<img loading=\"lazy\" decoding=\"async\" width=\"200\" height=\"200\" src=\"https:\/\/ihdemu.com\/wp-content\/uploads\/2022\/11\/Instituto-Hispanico-de-Murcia-Colaboradores-Gs.png\" class=\"attachment-full size-full wp-image-1554\" alt=\"Instituto Hispanico de Murcia - Colaboradores - Gs\" srcset=\"https:\/\/ihdemu.com\/wp-content\/uploads\/2022\/11\/Instituto-Hispanico-de-Murcia-Colaboradores-Gs.png 200w, https:\/\/ihdemu.com\/wp-content\/uploads\/2022\/11\/Instituto-Hispanico-de-Murcia-Colaboradores-Gs-150x150.png 150w, https:\/\/ihdemu.com\/wp-content\/uploads\/2022\/11\/Instituto-Hispanico-de-Murcia-Colaboradores-Gs-100x100.png 100w\" sizes=\"(max-width: 200px) 100vw, 200px\" \/>\t\t\t\t\t\t\t\t<\/a>\n\t\t\t\t\t\t\t\t\t\t\t\t\t\t\t<\/div>\n\t\t\t\t<\/div>\n\t\t\t\t\t<\/div>\n\t\t<\/div>\n\t\t\t\t<div class=\"elementor-column elementor-col-16 elementor-inner-column elementor-element elementor-element-ea222e3 col\" data-id=\"ea222e3\" data-element_type=\"column\" data-e-type=\"column\">\n\t\t\t<div class=\"elementor-widget-wrap elementor-element-populated\">\n\t\t\t\t\t\t<div class=\"elementor-element elementor-element-b2bee12 elementor-widget elementor-widget-image\" data-id=\"b2bee12\" data-element_type=\"widget\" data-e-type=\"widget\" data-widget_type=\"image.default\">\n\t\t\t\t<div class=\"elementor-widget-container\">\n\t\t\t\t\t\t\t\t\t\t\t\t\t\t\t\t<a href=\"https:\/\/sector3.es\/\" target=\"_blank\" rel=\"nofollow noopener\">\n\t\t\t\t\t\t\t<img loading=\"lazy\" decoding=\"async\" width=\"200\" height=\"200\" src=\"https:\/\/ihdemu.com\/wp-content\/uploads\/2022\/11\/Instituto-Hispanico-de-Murcia-Colaboradores-GA.jpg\" class=\"attachment-full size-full wp-image-1398\" alt=\"Instituto Hispanico de Murcia - Colaboradores - GA\" srcset=\"https:\/\/ihdemu.com\/wp-content\/uploads\/2022\/11\/Instituto-Hispanico-de-Murcia-Colaboradores-GA.jpg 200w, https:\/\/ihdemu.com\/wp-content\/uploads\/2022\/11\/Instituto-Hispanico-de-Murcia-Colaboradores-GA-150x150.jpg 150w, https:\/\/ihdemu.com\/wp-content\/uploads\/2022\/11\/Instituto-Hispanico-de-Murcia-Colaboradores-GA-100x100.jpg 100w\" sizes=\"(max-width: 200px) 100vw, 200px\" \/>\t\t\t\t\t\t\t\t<\/a>\n\t\t\t\t\t\t\t\t\t\t\t\t\t\t\t<\/div>\n\t\t\t\t<\/div>\n\t\t\t\t\t<\/div>\n\t\t<\/div>\n\t\t\t\t\t<\/div>\n\t\t<\/section>\n\t\t\t\t<section class=\"elementor-section elementor-inner-section elementor-element elementor-element-d9b51ba logos elementor-section-boxed elementor-section-height-default elementor-section-height-default\" data-id=\"d9b51ba\" data-element_type=\"section\" data-e-type=\"section\">\n\t\t\t\t\t\t<div class=\"elementor-container elementor-column-gap-default\">\n\t\t\t\t\t<div class=\"elementor-column elementor-col-16 elementor-inner-column elementor-element elementor-element-77761e5 col\" data-id=\"77761e5\" data-element_type=\"column\" data-e-type=\"column\">\n\t\t\t<div class=\"elementor-widget-wrap elementor-element-populated\">\n\t\t\t\t\t\t<div class=\"elementor-element elementor-element-1f2afbb elementor-widget elementor-widget-image\" data-id=\"1f2afbb\" data-element_type=\"widget\" data-e-type=\"widget\" data-widget_type=\"image.default\">\n\t\t\t\t<div class=\"elementor-widget-container\">\n\t\t\t\t\t\t\t\t\t\t\t\t\t\t\t\t<a href=\"https:\/\/www.studytravel.es\/\" target=\"_blank\" rel=\"nofollow noopener\">\n\t\t\t\t\t\t\t<img loading=\"lazy\" decoding=\"async\" width=\"200\" height=\"200\" src=\"https:\/\/ihdemu.com\/wp-content\/uploads\/2022\/11\/Instituto-Hispanico-de-Murcia-Colaboradores-Study-Travel.png\" class=\"attachment-full size-full wp-image-1070\" alt=\"Instituto Hispanico de Murcia - Colaboradores - Study Travel\" srcset=\"https:\/\/ihdemu.com\/wp-content\/uploads\/2022\/11\/Instituto-Hispanico-de-Murcia-Colaboradores-Study-Travel.png 200w, https:\/\/ihdemu.com\/wp-content\/uploads\/2022\/11\/Instituto-Hispanico-de-Murcia-Colaboradores-Study-Travel-150x150.png 150w, https:\/\/ihdemu.com\/wp-content\/uploads\/2022\/11\/Instituto-Hispanico-de-Murcia-Colaboradores-Study-Travel-100x100.png 100w\" sizes=\"(max-width: 200px) 100vw, 200px\" \/>\t\t\t\t\t\t\t\t<\/a>\n\t\t\t\t\t\t\t\t\t\t\t\t\t\t\t<\/div>\n\t\t\t\t<\/div>\n\t\t\t\t\t<\/div>\n\t\t<\/div>\n\t\t\t\t<div class=\"elementor-column elementor-col-16 elementor-inner-column elementor-element elementor-element-780a122 col\" data-id=\"780a122\" data-element_type=\"column\" data-e-type=\"column\">\n\t\t\t<div class=\"elementor-widget-wrap elementor-element-populated\">\n\t\t\t\t\t\t<div class=\"elementor-element elementor-element-c0c0fb4 elementor-widget elementor-widget-image\" data-id=\"c0c0fb4\" data-element_type=\"widget\" data-e-type=\"widget\" data-widget_type=\"image.default\">\n\t\t\t\t<div class=\"elementor-widget-container\">\n\t\t\t\t\t\t\t\t\t\t\t\t\t\t\t<img loading=\"lazy\" decoding=\"async\" width=\"200\" height=\"200\" src=\"https:\/\/ihdemu.com\/wp-content\/uploads\/2022\/11\/Instituto-Hispanico-de-Murcia-Colaboradores-Roedean.jpg\" class=\"attachment-full size-full wp-image-1581\" alt=\"Instituto Hispanico de Murcia - Colaboradores - Roedean\" srcset=\"https:\/\/ihdemu.com\/wp-content\/uploads\/2022\/11\/Instituto-Hispanico-de-Murcia-Colaboradores-Roedean.jpg 200w, https:\/\/ihdemu.com\/wp-content\/uploads\/2022\/11\/Instituto-Hispanico-de-Murcia-Colaboradores-Roedean-150x150.jpg 150w, https:\/\/ihdemu.com\/wp-content\/uploads\/2022\/11\/Instituto-Hispanico-de-Murcia-Colaboradores-Roedean-100x100.jpg 100w\" sizes=\"(max-width: 200px) 100vw, 200px\" \/>\t\t\t\t\t\t\t\t\t\t\t\t\t\t\t<\/div>\n\t\t\t\t<\/div>\n\t\t\t\t\t<\/div>\n\t\t<\/div>\n\t\t\t\t<div class=\"elementor-column elementor-col-16 elementor-inner-column elementor-element elementor-element-8993066 col\" data-id=\"8993066\" data-element_type=\"column\" data-e-type=\"column\">\n\t\t\t<div class=\"elementor-widget-wrap elementor-element-populated\">\n\t\t\t\t\t\t<div class=\"elementor-element elementor-element-255ac2d elementor-widget elementor-widget-image\" data-id=\"255ac2d\" data-element_type=\"widget\" data-e-type=\"widget\" data-widget_type=\"image.default\">\n\t\t\t\t<div class=\"elementor-widget-container\">\n\t\t\t\t\t\t\t\t\t\t\t\t\t\t\t<img loading=\"lazy\" decoding=\"async\" width=\"200\" height=\"200\" src=\"https:\/\/ihdemu.com\/wp-content\/uploads\/2022\/11\/Instituto-Hispanico-de-Murcia-Colaboradores-Comunidad-de-Regantes-de-Alhama-de-Murcia.png\" class=\"attachment-full size-full wp-image-5925\" alt=\"Instituto Hispanico de Murcia - Colaboradores - Comunidad de Regantes de Alhama de Murcia\" srcset=\"https:\/\/ihdemu.com\/wp-content\/uploads\/2022\/11\/Instituto-Hispanico-de-Murcia-Colaboradores-Comunidad-de-Regantes-de-Alhama-de-Murcia.png 200w, https:\/\/ihdemu.com\/wp-content\/uploads\/2022\/11\/Instituto-Hispanico-de-Murcia-Colaboradores-Comunidad-de-Regantes-de-Alhama-de-Murcia-150x150.png 150w, https:\/\/ihdemu.com\/wp-content\/uploads\/2022\/11\/Instituto-Hispanico-de-Murcia-Colaboradores-Comunidad-de-Regantes-de-Alhama-de-Murcia-100x100.png 100w\" sizes=\"(max-width: 200px) 100vw, 200px\" \/>\t\t\t\t\t\t\t\t\t\t\t\t\t\t\t<\/div>\n\t\t\t\t<\/div>\n\t\t\t\t\t<\/div>\n\t\t<\/div>\n\t\t\t\t<div class=\"elementor-column elementor-col-16 elementor-inner-column elementor-element elementor-element-1e28176 col\" data-id=\"1e28176\" data-element_type=\"column\" data-e-type=\"column\">\n\t\t\t<div class=\"elementor-widget-wrap elementor-element-populated\">\n\t\t\t\t\t\t<div class=\"elementor-element elementor-element-4d5c14e elementor-widget elementor-widget-image\" data-id=\"4d5c14e\" data-element_type=\"widget\" data-e-type=\"widget\" data-widget_type=\"image.default\">\n\t\t\t\t<div class=\"elementor-widget-container\">\n\t\t\t\t\t\t\t\t\t\t\t\t\t\t\t\t<a href=\"https:\/\/coapimurcia.es\/\" target=\"_blank\" rel=\"nofollow noopener\">\n\t\t\t\t\t\t\t<img loading=\"lazy\" decoding=\"async\" width=\"200\" height=\"200\" src=\"https:\/\/ihdemu.com\/wp-content\/uploads\/2022\/11\/Instituto-Hispanico-de-Murcia-Colaboradores-API.png\" class=\"attachment-full size-full wp-image-5916\" alt=\"Instituto Hispanico de Murcia - Colaboradores - API\" srcset=\"https:\/\/ihdemu.com\/wp-content\/uploads\/2022\/11\/Instituto-Hispanico-de-Murcia-Colaboradores-API.png 200w, https:\/\/ihdemu.com\/wp-content\/uploads\/2022\/11\/Instituto-Hispanico-de-Murcia-Colaboradores-API-150x150.png 150w, https:\/\/ihdemu.com\/wp-content\/uploads\/2022\/11\/Instituto-Hispanico-de-Murcia-Colaboradores-API-100x100.png 100w\" sizes=\"(max-width: 200px) 100vw, 200px\" \/>\t\t\t\t\t\t\t\t<\/a>\n\t\t\t\t\t\t\t\t\t\t\t\t\t\t\t<\/div>\n\t\t\t\t<\/div>\n\t\t\t\t\t<\/div>\n\t\t<\/div>\n\t\t\t\t<div class=\"elementor-column elementor-col-16 elementor-inner-column elementor-element elementor-element-e984d95 col\" data-id=\"e984d95\" data-element_type=\"column\" data-e-type=\"column\">\n\t\t\t<div class=\"elementor-widget-wrap elementor-element-populated\">\n\t\t\t\t\t\t<div class=\"elementor-element elementor-element-4f5ba82 elementor-widget elementor-widget-image\" data-id=\"4f5ba82\" data-element_type=\"widget\" data-e-type=\"widget\" data-widget_type=\"image.default\">\n\t\t\t\t<div class=\"elementor-widget-container\">\n\t\t\t\t\t\t\t\t\t\t\t\t\t\t\t<img loading=\"lazy\" decoding=\"async\" width=\"200\" height=\"200\" src=\"https:\/\/ihdemu.com\/wp-content\/uploads\/2022\/11\/Instituto-Hispanico-de-Murcia-Colaboradores-Studin.jpg\" class=\"attachment-full size-full wp-image-1599\" alt=\"Instituto Hispanico de Murcia - Colaboradores - Studin\" srcset=\"https:\/\/ihdemu.com\/wp-content\/uploads\/2022\/11\/Instituto-Hispanico-de-Murcia-Colaboradores-Studin.jpg 200w, https:\/\/ihdemu.com\/wp-content\/uploads\/2022\/11\/Instituto-Hispanico-de-Murcia-Colaboradores-Studin-150x150.jpg 150w, https:\/\/ihdemu.com\/wp-content\/uploads\/2022\/11\/Instituto-Hispanico-de-Murcia-Colaboradores-Studin-100x100.jpg 100w\" sizes=\"(max-width: 200px) 100vw, 200px\" \/>\t\t\t\t\t\t\t\t\t\t\t\t\t\t\t<\/div>\n\t\t\t\t<\/div>\n\t\t\t\t\t<\/div>\n\t\t<\/div>\n\t\t\t\t<div class=\"elementor-column elementor-col-16 elementor-inner-column elementor-element elementor-element-8a1d376 col\" data-id=\"8a1d376\" data-element_type=\"column\" data-e-type=\"column\">\n\t\t\t<div class=\"elementor-widget-wrap elementor-element-populated\">\n\t\t\t\t\t\t<div class=\"elementor-element elementor-element-ab05500 elementor-widget elementor-widget-image\" data-id=\"ab05500\" data-element_type=\"widget\" data-e-type=\"widget\" data-widget_type=\"image.default\">\n\t\t\t\t<div class=\"elementor-widget-container\">\n\t\t\t\t\t\t\t\t\t\t\t\t\t\t\t\t<a href=\"https:\/\/www.asmilan.org\/\" target=\"_blank\" rel=\"nofollow noopener\">\n\t\t\t\t\t\t\t<img loading=\"lazy\" decoding=\"async\" width=\"200\" height=\"200\" src=\"https:\/\/ihdemu.com\/wp-content\/uploads\/2022\/11\/Instituto-Hispanico-de-Murcia-Colaboradores-ASM.jpg\" class=\"attachment-full size-full wp-image-1617\" alt=\"Instituto Hispanico de Murcia - Colaboradores - ASM\" srcset=\"https:\/\/ihdemu.com\/wp-content\/uploads\/2022\/11\/Instituto-Hispanico-de-Murcia-Colaboradores-ASM.jpg 200w, https:\/\/ihdemu.com\/wp-content\/uploads\/2022\/11\/Instituto-Hispanico-de-Murcia-Colaboradores-ASM-150x150.jpg 150w, https:\/\/ihdemu.com\/wp-content\/uploads\/2022\/11\/Instituto-Hispanico-de-Murcia-Colaboradores-ASM-100x100.jpg 100w\" sizes=\"(max-width: 200px) 100vw, 200px\" \/>\t\t\t\t\t\t\t\t<\/a>\n\t\t\t\t\t\t\t\t\t\t\t\t\t\t\t<\/div>\n\t\t\t\t<\/div>\n\t\t\t\t\t<\/div>\n\t\t<\/div>\n\t\t\t\t\t<\/div>\n\t\t<\/section>\n\t\t\t\t<section class=\"elementor-section elementor-inner-section elementor-element elementor-element-febcd34 logos elementor-section-boxed elementor-section-height-default elementor-section-height-default\" data-id=\"febcd34\" data-element_type=\"section\" data-e-type=\"section\">\n\t\t\t\t\t\t<div class=\"elementor-container elementor-column-gap-default\">\n\t\t\t\t\t<div class=\"elementor-column elementor-col-16 elementor-inner-column elementor-element elementor-element-bebbf1e col\" data-id=\"bebbf1e\" data-element_type=\"column\" data-e-type=\"column\">\n\t\t\t<div class=\"elementor-widget-wrap elementor-element-populated\">\n\t\t\t\t\t\t<div class=\"elementor-element elementor-element-1f06fa1 elementor-widget elementor-widget-image\" data-id=\"1f06fa1\" data-element_type=\"widget\" data-e-type=\"widget\" data-widget_type=\"image.default\">\n\t\t\t\t<div class=\"elementor-widget-container\">\n\t\t\t\t\t\t\t\t\t\t\t\t\t\t\t<img loading=\"lazy\" decoding=\"async\" width=\"200\" height=\"200\" src=\"https:\/\/ihdemu.com\/wp-content\/uploads\/2022\/11\/Instituto-Hispanico-de-Murcia-Colaboradores-Piccadilly-Coffee.png\" class=\"attachment-full size-full wp-image-1233\" alt=\"Instituto Hispanico de Murcia - Colaboradores - Piccadilly Coffee\" srcset=\"https:\/\/ihdemu.com\/wp-content\/uploads\/2022\/11\/Instituto-Hispanico-de-Murcia-Colaboradores-Piccadilly-Coffee.png 200w, https:\/\/ihdemu.com\/wp-content\/uploads\/2022\/11\/Instituto-Hispanico-de-Murcia-Colaboradores-Piccadilly-Coffee-150x150.png 150w, https:\/\/ihdemu.com\/wp-content\/uploads\/2022\/11\/Instituto-Hispanico-de-Murcia-Colaboradores-Piccadilly-Coffee-100x100.png 100w\" sizes=\"(max-width: 200px) 100vw, 200px\" \/>\t\t\t\t\t\t\t\t\t\t\t\t\t\t\t<\/div>\n\t\t\t\t<\/div>\n\t\t\t\t\t<\/div>\n\t\t<\/div>\n\t\t\t\t<div class=\"elementor-column elementor-col-16 elementor-inner-column elementor-element elementor-element-d64884e col\" data-id=\"d64884e\" data-element_type=\"column\" data-e-type=\"column\">\n\t\t\t<div class=\"elementor-widget-wrap elementor-element-populated\">\n\t\t\t\t\t\t<div class=\"elementor-element elementor-element-d4bfde3 elementor-widget elementor-widget-image\" data-id=\"d4bfde3\" data-element_type=\"widget\" data-e-type=\"widget\" data-widget_type=\"image.default\">\n\t\t\t\t<div class=\"elementor-widget-container\">\n\t\t\t\t\t\t\t\t\t\t\t\t\t\t\t\t<a href=\"https:\/\/www.fidescu.org\/\" target=\"_blank\" rel=\"nofollow noopener\">\n\t\t\t\t\t\t\t<img loading=\"lazy\" decoding=\"async\" width=\"200\" height=\"200\" src=\"https:\/\/ihdemu.com\/wp-content\/uploads\/2022\/11\/Instituto-Hispanico-de-Murcia-Colaboradores-Fidescu.png\" class=\"attachment-full size-full wp-image-872\" alt=\"Instituto Hispanico de Murcia - Colaboradores - Fidescu\" srcset=\"https:\/\/ihdemu.com\/wp-content\/uploads\/2022\/11\/Instituto-Hispanico-de-Murcia-Colaboradores-Fidescu.png 200w, https:\/\/ihdemu.com\/wp-content\/uploads\/2022\/11\/Instituto-Hispanico-de-Murcia-Colaboradores-Fidescu-150x150.png 150w, https:\/\/ihdemu.com\/wp-content\/uploads\/2022\/11\/Instituto-Hispanico-de-Murcia-Colaboradores-Fidescu-100x100.png 100w\" sizes=\"(max-width: 200px) 100vw, 200px\" \/>\t\t\t\t\t\t\t\t<\/a>\n\t\t\t\t\t\t\t\t\t\t\t\t\t\t\t<\/div>\n\t\t\t\t<\/div>\n\t\t\t\t\t<\/div>\n\t\t<\/div>\n\t\t\t\t<div class=\"elementor-column elementor-col-16 elementor-inner-column elementor-element elementor-element-b0179d6 col\" data-id=\"b0179d6\" data-element_type=\"column\" data-e-type=\"column\">\n\t\t\t<div class=\"elementor-widget-wrap elementor-element-populated\">\n\t\t\t\t\t\t<div class=\"elementor-element elementor-element-b443c9a elementor-widget elementor-widget-image\" data-id=\"b443c9a\" data-element_type=\"widget\" data-e-type=\"widget\" data-widget_type=\"image.default\">\n\t\t\t\t<div class=\"elementor-widget-container\">\n\t\t\t\t\t\t\t\t\t\t\t\t\t\t\t\t<a href=\"https:\/\/\u00e9cole-de-commerce.fr\/ecole-de-commerce-a-rochelle\/sup-de-co-rochelle\/\" target=\"_blank\" rel=\"nofollow noopener\">\n\t\t\t\t\t\t\t<img loading=\"lazy\" decoding=\"async\" width=\"200\" height=\"200\" src=\"https:\/\/ihdemu.com\/wp-content\/uploads\/2022\/11\/Instituto-Hispanico-de-Murcia-Colaboradores-La-Rochelle.png\" class=\"attachment-full size-full wp-image-6258\" alt=\"Instituto Hispanico de Murcia - Colaboradores - La Rochelle\" srcset=\"https:\/\/ihdemu.com\/wp-content\/uploads\/2022\/11\/Instituto-Hispanico-de-Murcia-Colaboradores-La-Rochelle.png 200w, https:\/\/ihdemu.com\/wp-content\/uploads\/2022\/11\/Instituto-Hispanico-de-Murcia-Colaboradores-La-Rochelle-150x150.png 150w, https:\/\/ihdemu.com\/wp-content\/uploads\/2022\/11\/Instituto-Hispanico-de-Murcia-Colaboradores-La-Rochelle-100x100.png 100w\" sizes=\"(max-width: 200px) 100vw, 200px\" \/>\t\t\t\t\t\t\t\t<\/a>\n\t\t\t\t\t\t\t\t\t\t\t\t\t\t\t<\/div>\n\t\t\t\t<\/div>\n\t\t\t\t\t<\/div>\n\t\t<\/div>\n\t\t\t\t<div class=\"elementor-column elementor-col-16 elementor-inner-column elementor-element elementor-element-a633a14 col\" data-id=\"a633a14\" data-element_type=\"column\" data-e-type=\"column\">\n\t\t\t<div class=\"elementor-widget-wrap elementor-element-populated\">\n\t\t\t\t\t\t<div class=\"elementor-element elementor-element-e8ea27f elementor-widget elementor-widget-image\" data-id=\"e8ea27f\" data-element_type=\"widget\" data-e-type=\"widget\" data-widget_type=\"image.default\">\n\t\t\t\t<div class=\"elementor-widget-container\">\n\t\t\t\t\t\t\t\t\t\t\t\t\t\t\t\t<a href=\"https:\/\/www.studyinspain.info\/index.html\" target=\"_blank\" rel=\"nofollow noopener\">\n\t\t\t\t\t\t\t<img loading=\"lazy\" decoding=\"async\" width=\"200\" height=\"200\" src=\"https:\/\/ihdemu.com\/wp-content\/uploads\/2022\/11\/Instituto-Hispanico-de-Murcia-Colaboradores-Study-in-Spain.jpg\" class=\"attachment-full size-full wp-image-1061\" alt=\"Instituto Hispanico de Murcia - Colaboradores - Study in Spain\" srcset=\"https:\/\/ihdemu.com\/wp-content\/uploads\/2022\/11\/Instituto-Hispanico-de-Murcia-Colaboradores-Study-in-Spain.jpg 200w, https:\/\/ihdemu.com\/wp-content\/uploads\/2022\/11\/Instituto-Hispanico-de-Murcia-Colaboradores-Study-in-Spain-150x150.jpg 150w, https:\/\/ihdemu.com\/wp-content\/uploads\/2022\/11\/Instituto-Hispanico-de-Murcia-Colaboradores-Study-in-Spain-100x100.jpg 100w\" sizes=\"(max-width: 200px) 100vw, 200px\" \/>\t\t\t\t\t\t\t\t<\/a>\n\t\t\t\t\t\t\t\t\t\t\t\t\t\t\t<\/div>\n\t\t\t\t<\/div>\n\t\t\t\t\t<\/div>\n\t\t<\/div>\n\t\t\t\t<div class=\"elementor-column elementor-col-16 elementor-inner-column elementor-element elementor-element-a081307 col\" data-id=\"a081307\" data-element_type=\"column\" data-e-type=\"column\">\n\t\t\t<div class=\"elementor-widget-wrap elementor-element-populated\">\n\t\t\t\t\t\t<div class=\"elementor-element elementor-element-ef70091 elementor-widget elementor-widget-image\" data-id=\"ef70091\" data-element_type=\"widget\" data-e-type=\"widget\" data-widget_type=\"image.default\">\n\t\t\t\t<div class=\"elementor-widget-container\">\n\t\t\t\t\t\t\t\t\t\t\t\t\t\t\t\t<a href=\"https:\/\/www.ihg.com\/intercontinental\/hotels\/us\/es\/reservation\" target=\"_blank\" rel=\"nofollow noopener\">\n\t\t\t\t\t\t\t<img loading=\"lazy\" decoding=\"async\" width=\"200\" height=\"200\" src=\"https:\/\/ihdemu.com\/wp-content\/uploads\/2022\/11\/Instituto-Hispanico-de-Murcia-Colaboradores-Intercontinental.png\" class=\"attachment-full size-full wp-image-6249\" alt=\"Instituto Hispanico de Murcia - Colaboradores - Intercontinental\" srcset=\"https:\/\/ihdemu.com\/wp-content\/uploads\/2022\/11\/Instituto-Hispanico-de-Murcia-Colaboradores-Intercontinental.png 200w, https:\/\/ihdemu.com\/wp-content\/uploads\/2022\/11\/Instituto-Hispanico-de-Murcia-Colaboradores-Intercontinental-150x150.png 150w, https:\/\/ihdemu.com\/wp-content\/uploads\/2022\/11\/Instituto-Hispanico-de-Murcia-Colaboradores-Intercontinental-100x100.png 100w\" sizes=\"(max-width: 200px) 100vw, 200px\" \/>\t\t\t\t\t\t\t\t<\/a>\n\t\t\t\t\t\t\t\t\t\t\t\t\t\t\t<\/div>\n\t\t\t\t<\/div>\n\t\t\t\t\t<\/div>\n\t\t<\/div>\n\t\t\t\t<div class=\"elementor-column elementor-col-16 elementor-inner-column elementor-element elementor-element-e0ec9c1 col\" data-id=\"e0ec9c1\" data-element_type=\"column\" data-e-type=\"column\">\n\t\t\t<div class=\"elementor-widget-wrap elementor-element-populated\">\n\t\t\t\t\t\t<div class=\"elementor-element elementor-element-7c12fa6 elementor-widget elementor-widget-image\" data-id=\"7c12fa6\" data-element_type=\"widget\" data-e-type=\"widget\" data-widget_type=\"image.default\">\n\t\t\t\t<div class=\"elementor-widget-container\">\n\t\t\t\t\t\t\t\t\t\t\t\t\t\t\t\t<a href=\"https:\/\/westbuckland.com\/\" target=\"_blank\" rel=\"nofollow noopener\">\n\t\t\t\t\t\t\t<img loading=\"lazy\" decoding=\"async\" width=\"200\" height=\"200\" src=\"https:\/\/ihdemu.com\/wp-content\/uploads\/2022\/11\/Instituto-Hispanico-de-Murcia-Colaboradores-West-Buckland-School-1.png\" class=\"attachment-full size-full wp-image-5937\" alt=\"Instituto Hispanico de Murcia - Colaboradores - West Buckland School\" srcset=\"https:\/\/ihdemu.com\/wp-content\/uploads\/2022\/11\/Instituto-Hispanico-de-Murcia-Colaboradores-West-Buckland-School-1.png 200w, https:\/\/ihdemu.com\/wp-content\/uploads\/2022\/11\/Instituto-Hispanico-de-Murcia-Colaboradores-West-Buckland-School-1-150x150.png 150w, https:\/\/ihdemu.com\/wp-content\/uploads\/2022\/11\/Instituto-Hispanico-de-Murcia-Colaboradores-West-Buckland-School-1-100x100.png 100w\" sizes=\"(max-width: 200px) 100vw, 200px\" \/>\t\t\t\t\t\t\t\t<\/a>\n\t\t\t\t\t\t\t\t\t\t\t\t\t\t\t<\/div>\n\t\t\t\t<\/div>\n\t\t\t\t\t<\/div>\n\t\t<\/div>\n\t\t\t\t\t<\/div>\n\t\t<\/section>\n\t\t\t\t<section class=\"elementor-section elementor-inner-section elementor-element elementor-element-38f1534 logos elementor-section-boxed elementor-section-height-default elementor-section-height-default\" data-id=\"38f1534\" data-element_type=\"section\" data-e-type=\"section\">\n\t\t\t\t\t\t<div class=\"elementor-container elementor-column-gap-default\">\n\t\t\t\t\t<div class=\"elementor-column elementor-col-16 elementor-inner-column elementor-element elementor-element-ccb7f02 col\" data-id=\"ccb7f02\" data-element_type=\"column\" data-e-type=\"column\">\n\t\t\t<div class=\"elementor-widget-wrap elementor-element-populated\">\n\t\t\t\t\t\t<div class=\"elementor-element elementor-element-3b22551 elementor-widget elementor-widget-image\" data-id=\"3b22551\" data-element_type=\"widget\" data-e-type=\"widget\" data-widget_type=\"image.default\">\n\t\t\t\t<div class=\"elementor-widget-container\">\n\t\t\t\t\t\t\t\t\t\t\t\t\t\t\t\t<a href=\"https:\/\/www.vikingtoursireland.ie\/\" target=\"_blank\" rel=\"nofollow noopener\">\n\t\t\t\t\t\t\t<img loading=\"lazy\" decoding=\"async\" width=\"200\" height=\"200\" src=\"https:\/\/ihdemu.com\/wp-content\/uploads\/2022\/11\/Instituto-Hispanico-de-Murcia-Colaboradores-Viking-Tours.jpg\" class=\"attachment-full size-full wp-image-1533\" alt=\"Instituto Hispanico de Murcia - Colaboradores - Viking Tours\" srcset=\"https:\/\/ihdemu.com\/wp-content\/uploads\/2022\/11\/Instituto-Hispanico-de-Murcia-Colaboradores-Viking-Tours.jpg 200w, https:\/\/ihdemu.com\/wp-content\/uploads\/2022\/11\/Instituto-Hispanico-de-Murcia-Colaboradores-Viking-Tours-150x150.jpg 150w, https:\/\/ihdemu.com\/wp-content\/uploads\/2022\/11\/Instituto-Hispanico-de-Murcia-Colaboradores-Viking-Tours-100x100.jpg 100w\" sizes=\"(max-width: 200px) 100vw, 200px\" \/>\t\t\t\t\t\t\t\t<\/a>\n\t\t\t\t\t\t\t\t\t\t\t\t\t\t\t<\/div>\n\t\t\t\t<\/div>\n\t\t\t\t\t<\/div>\n\t\t<\/div>\n\t\t\t\t<div class=\"elementor-column elementor-col-16 elementor-inner-column elementor-element elementor-element-35d2b78 col\" data-id=\"35d2b78\" data-element_type=\"column\" data-e-type=\"column\">\n\t\t\t<div class=\"elementor-widget-wrap elementor-element-populated\">\n\t\t\t\t\t\t<div class=\"elementor-element elementor-element-7041a4f elementor-widget elementor-widget-image\" data-id=\"7041a4f\" data-element_type=\"widget\" data-e-type=\"widget\" data-widget_type=\"image.default\">\n\t\t\t\t<div class=\"elementor-widget-container\">\n\t\t\t\t\t\t\t\t\t\t\t\t\t\t\t\t<a href=\"https:\/\/columbares.org\/\" target=\"_blank\" rel=\"nofollow noopener\">\n\t\t\t\t\t\t\t<img loading=\"lazy\" decoding=\"async\" width=\"200\" height=\"200\" src=\"https:\/\/ihdemu.com\/wp-content\/uploads\/2022\/11\/Instituto-Hispanico-de-Murcia-Colaboradores-Asociacion-Columbares.jpg\" class=\"attachment-full size-full wp-image-809\" alt=\"Instituto Hispanico de Murcia - Colaboradores - Asociacion Columbares\" srcset=\"https:\/\/ihdemu.com\/wp-content\/uploads\/2022\/11\/Instituto-Hispanico-de-Murcia-Colaboradores-Asociacion-Columbares.jpg 200w, https:\/\/ihdemu.com\/wp-content\/uploads\/2022\/11\/Instituto-Hispanico-de-Murcia-Colaboradores-Asociacion-Columbares-150x150.jpg 150w, https:\/\/ihdemu.com\/wp-content\/uploads\/2022\/11\/Instituto-Hispanico-de-Murcia-Colaboradores-Asociacion-Columbares-100x100.jpg 100w\" sizes=\"(max-width: 200px) 100vw, 200px\" \/>\t\t\t\t\t\t\t\t<\/a>\n\t\t\t\t\t\t\t\t\t\t\t\t\t\t\t<\/div>\n\t\t\t\t<\/div>\n\t\t\t\t\t<\/div>\n\t\t<\/div>\n\t\t\t\t<div class=\"elementor-column elementor-col-16 elementor-inner-column elementor-element elementor-element-78bed13 col\" data-id=\"78bed13\" data-element_type=\"column\" data-e-type=\"column\">\n\t\t\t<div class=\"elementor-widget-wrap elementor-element-populated\">\n\t\t\t\t\t\t<div class=\"elementor-element elementor-element-680dd5f elementor-widget elementor-widget-image\" data-id=\"680dd5f\" data-element_type=\"widget\" data-e-type=\"widget\" data-widget_type=\"image.default\">\n\t\t\t\t<div class=\"elementor-widget-container\">\n\t\t\t\t\t\t\t\t\t\t\t\t\t\t\t\t<a href=\"https:\/\/www.educations.com\/\" target=\"_blank\" rel=\"nofollow noopener\">\n\t\t\t\t\t\t\t<img loading=\"lazy\" decoding=\"async\" width=\"200\" height=\"200\" src=\"https:\/\/ihdemu.com\/wp-content\/uploads\/2022\/11\/Instituto-Hispanico-de-Murcia-Colaboradores-Educations.jpg\" class=\"attachment-full size-full wp-image-1389\" alt=\"Instituto Hispanico de Murcia - Colaboradores - Educations\" srcset=\"https:\/\/ihdemu.com\/wp-content\/uploads\/2022\/11\/Instituto-Hispanico-de-Murcia-Colaboradores-Educations.jpg 200w, https:\/\/ihdemu.com\/wp-content\/uploads\/2022\/11\/Instituto-Hispanico-de-Murcia-Colaboradores-Educations-150x150.jpg 150w, https:\/\/ihdemu.com\/wp-content\/uploads\/2022\/11\/Instituto-Hispanico-de-Murcia-Colaboradores-Educations-100x100.jpg 100w\" sizes=\"(max-width: 200px) 100vw, 200px\" \/>\t\t\t\t\t\t\t\t<\/a>\n\t\t\t\t\t\t\t\t\t\t\t\t\t\t\t<\/div>\n\t\t\t\t<\/div>\n\t\t\t\t\t<\/div>\n\t\t<\/div>\n\t\t\t\t<div class=\"elementor-column elementor-col-16 elementor-inner-column elementor-element elementor-element-5971c50 col\" data-id=\"5971c50\" data-element_type=\"column\" data-e-type=\"column\">\n\t\t\t<div class=\"elementor-widget-wrap elementor-element-populated\">\n\t\t\t\t\t\t<div class=\"elementor-element elementor-element-4cce3af elementor-widget elementor-widget-image\" data-id=\"4cce3af\" data-element_type=\"widget\" data-e-type=\"widget\" data-widget_type=\"image.default\">\n\t\t\t\t<div class=\"elementor-widget-container\">\n\t\t\t\t\t\t\t\t\t\t\t\t\t\t\t\t<a href=\"https:\/\/www.sfj.no\/\" target=\"_blank\" rel=\"nofollow noopener\">\n\t\t\t\t\t\t\t<img loading=\"lazy\" decoding=\"async\" width=\"200\" height=\"200\" src=\"https:\/\/ihdemu.com\/wp-content\/uploads\/2022\/11\/Instituto-Hispanico-de-Murcia-Colaboradores-Fjordane-Fylkeskommune.jpeg\" class=\"attachment-full size-full wp-image-1359\" alt=\"Instituto Hispanico de Murcia - Colaboradores - Fjordane Fylkeskommune\" srcset=\"https:\/\/ihdemu.com\/wp-content\/uploads\/2022\/11\/Instituto-Hispanico-de-Murcia-Colaboradores-Fjordane-Fylkeskommune.jpeg 200w, https:\/\/ihdemu.com\/wp-content\/uploads\/2022\/11\/Instituto-Hispanico-de-Murcia-Colaboradores-Fjordane-Fylkeskommune-150x150.jpeg 150w, https:\/\/ihdemu.com\/wp-content\/uploads\/2022\/11\/Instituto-Hispanico-de-Murcia-Colaboradores-Fjordane-Fylkeskommune-100x100.jpeg 100w\" sizes=\"(max-width: 200px) 100vw, 200px\" \/>\t\t\t\t\t\t\t\t<\/a>\n\t\t\t\t\t\t\t\t\t\t\t\t\t\t\t<\/div>\n\t\t\t\t<\/div>\n\t\t\t\t\t<\/div>\n\t\t<\/div>\n\t\t\t\t<div class=\"elementor-column elementor-col-16 elementor-inner-column elementor-element elementor-element-a69ebc2 col\" data-id=\"a69ebc2\" data-element_type=\"column\" data-e-type=\"column\">\n\t\t\t<div class=\"elementor-widget-wrap elementor-element-populated\">\n\t\t\t\t\t\t<div class=\"elementor-element elementor-element-5b2005f elementor-widget elementor-widget-image\" data-id=\"5b2005f\" data-element_type=\"widget\" data-e-type=\"widget\" data-widget_type=\"image.default\">\n\t\t\t\t<div class=\"elementor-widget-container\">\n\t\t\t\t\t\t\t\t\t\t\t\t\t\t\t<img loading=\"lazy\" decoding=\"async\" width=\"200\" height=\"200\" src=\"https:\/\/ihdemu.com\/wp-content\/uploads\/2022\/11\/Instituto-Hispanico-de-Murcia-Colaboradores-Viamundo.png\" class=\"attachment-full size-full wp-image-1629\" alt=\"Instituto Hispanico de Murcia - Colaboradores - Viamundo\" srcset=\"https:\/\/ihdemu.com\/wp-content\/uploads\/2022\/11\/Instituto-Hispanico-de-Murcia-Colaboradores-Viamundo.png 200w, https:\/\/ihdemu.com\/wp-content\/uploads\/2022\/11\/Instituto-Hispanico-de-Murcia-Colaboradores-Viamundo-150x150.png 150w, https:\/\/ihdemu.com\/wp-content\/uploads\/2022\/11\/Instituto-Hispanico-de-Murcia-Colaboradores-Viamundo-100x100.png 100w\" sizes=\"(max-width: 200px) 100vw, 200px\" \/>\t\t\t\t\t\t\t\t\t\t\t\t\t\t\t<\/div>\n\t\t\t\t<\/div>\n\t\t\t\t\t<\/div>\n\t\t<\/div>\n\t\t\t\t<div class=\"elementor-column elementor-col-16 elementor-inner-column elementor-element elementor-element-3df3c85 col\" data-id=\"3df3c85\" data-element_type=\"column\" data-e-type=\"column\">\n\t\t\t<div class=\"elementor-widget-wrap elementor-element-populated\">\n\t\t\t\t\t\t<div class=\"elementor-element elementor-element-ab971ca elementor-widget elementor-widget-image\" data-id=\"ab971ca\" data-element_type=\"widget\" data-e-type=\"widget\" data-widget_type=\"image.default\">\n\t\t\t\t<div class=\"elementor-widget-container\">\n\t\t\t\t\t\t\t\t\t\t\t\t\t\t\t\t<a href=\"https:\/\/www.icex.es\/\" target=\"_blank\" rel=\"nofollow noopener\">\n\t\t\t\t\t\t\t<img loading=\"lazy\" decoding=\"async\" width=\"200\" height=\"200\" src=\"https:\/\/ihdemu.com\/wp-content\/uploads\/2022\/11\/Instituto-Hispanico-de-Murcia-Colaboradores-ICEX.png\" class=\"attachment-full size-full wp-image-5965\" alt=\"Instituto Hispanico de Murcia - Colaboradores - ICEX\" srcset=\"https:\/\/ihdemu.com\/wp-content\/uploads\/2022\/11\/Instituto-Hispanico-de-Murcia-Colaboradores-ICEX.png 200w, https:\/\/ihdemu.com\/wp-content\/uploads\/2022\/11\/Instituto-Hispanico-de-Murcia-Colaboradores-ICEX-150x150.png 150w, https:\/\/ihdemu.com\/wp-content\/uploads\/2022\/11\/Instituto-Hispanico-de-Murcia-Colaboradores-ICEX-100x100.png 100w\" sizes=\"(max-width: 200px) 100vw, 200px\" \/>\t\t\t\t\t\t\t\t<\/a>\n\t\t\t\t\t\t\t\t\t\t\t\t\t\t\t<\/div>\n\t\t\t\t<\/div>\n\t\t\t\t\t<\/div>\n\t\t<\/div>\n\t\t\t\t\t<\/div>\n\t\t<\/section>\n\t\t\t\t<section class=\"elementor-section elementor-inner-section elementor-element elementor-element-26d4cd5 logos elementor-section-boxed elementor-section-height-default elementor-section-height-default\" data-id=\"26d4cd5\" data-element_type=\"section\" data-e-type=\"section\">\n\t\t\t\t\t\t<div class=\"elementor-container elementor-column-gap-default\">\n\t\t\t\t\t<div class=\"elementor-column elementor-col-16 elementor-inner-column elementor-element elementor-element-6320ecd col\" data-id=\"6320ecd\" data-element_type=\"column\" data-e-type=\"column\">\n\t\t\t<div class=\"elementor-widget-wrap elementor-element-populated\">\n\t\t\t\t\t\t<div class=\"elementor-element elementor-element-c48f941 elementor-widget elementor-widget-image\" data-id=\"c48f941\" data-element_type=\"widget\" data-e-type=\"widget\" data-widget_type=\"image.default\">\n\t\t\t\t<div class=\"elementor-widget-container\">\n\t\t\t\t\t\t\t\t\t\t\t\t\t\t\t<img loading=\"lazy\" decoding=\"async\" width=\"200\" height=\"200\" src=\"https:\/\/ihdemu.com\/wp-content\/uploads\/2022\/11\/Instituto-Hispanico-de-Murcia-Colaboradores-CSN.png\" class=\"attachment-full size-full wp-image-6052\" alt=\"Instituto Hispanico de Murcia - Colaboradores - CSN\" srcset=\"https:\/\/ihdemu.com\/wp-content\/uploads\/2022\/11\/Instituto-Hispanico-de-Murcia-Colaboradores-CSN.png 200w, https:\/\/ihdemu.com\/wp-content\/uploads\/2022\/11\/Instituto-Hispanico-de-Murcia-Colaboradores-CSN-150x150.png 150w, https:\/\/ihdemu.com\/wp-content\/uploads\/2022\/11\/Instituto-Hispanico-de-Murcia-Colaboradores-CSN-100x100.png 100w\" sizes=\"(max-width: 200px) 100vw, 200px\" \/>\t\t\t\t\t\t\t\t\t\t\t\t\t\t\t<\/div>\n\t\t\t\t<\/div>\n\t\t\t\t\t<\/div>\n\t\t<\/div>\n\t\t\t\t<div class=\"elementor-column elementor-col-16 elementor-inner-column elementor-element elementor-element-4facbbd col\" data-id=\"4facbbd\" data-element_type=\"column\" data-e-type=\"column\">\n\t\t\t<div class=\"elementor-widget-wrap elementor-element-populated\">\n\t\t\t\t\t\t<div class=\"elementor-element elementor-element-3a0e3f6 elementor-widget elementor-widget-image\" data-id=\"3a0e3f6\" data-element_type=\"widget\" data-e-type=\"widget\" data-widget_type=\"image.default\">\n\t\t\t\t<div class=\"elementor-widget-container\">\n\t\t\t\t\t\t\t\t\t\t\t\t\t\t\t\t<a href=\"https:\/\/qualitycourses.es\/\" target=\"_blank\" rel=\"nofollow noopener\">\n\t\t\t\t\t\t\t<img loading=\"lazy\" decoding=\"async\" width=\"200\" height=\"200\" src=\"https:\/\/ihdemu.com\/wp-content\/uploads\/2022\/11\/Instituto-Hispanico-de-Murcia-Colaboradores-Quality-Courses.jpg\" class=\"attachment-full size-full wp-image-1443\" alt=\"Instituto Hispanico de Murcia - Colaboradores - Quality Courses\" srcset=\"https:\/\/ihdemu.com\/wp-content\/uploads\/2022\/11\/Instituto-Hispanico-de-Murcia-Colaboradores-Quality-Courses.jpg 200w, https:\/\/ihdemu.com\/wp-content\/uploads\/2022\/11\/Instituto-Hispanico-de-Murcia-Colaboradores-Quality-Courses-150x150.jpg 150w, https:\/\/ihdemu.com\/wp-content\/uploads\/2022\/11\/Instituto-Hispanico-de-Murcia-Colaboradores-Quality-Courses-100x100.jpg 100w\" sizes=\"(max-width: 200px) 100vw, 200px\" \/>\t\t\t\t\t\t\t\t<\/a>\n\t\t\t\t\t\t\t\t\t\t\t\t\t\t\t<\/div>\n\t\t\t\t<\/div>\n\t\t\t\t\t<\/div>\n\t\t<\/div>\n\t\t\t\t<div class=\"elementor-column elementor-col-16 elementor-inner-column elementor-element elementor-element-e8fd673 col\" data-id=\"e8fd673\" data-element_type=\"column\" data-e-type=\"column\">\n\t\t\t<div class=\"elementor-widget-wrap elementor-element-populated\">\n\t\t\t\t\t\t<div class=\"elementor-element elementor-element-7b06975 elementor-widget elementor-widget-image\" data-id=\"7b06975\" data-element_type=\"widget\" data-e-type=\"widget\" data-widget_type=\"image.default\">\n\t\t\t\t<div class=\"elementor-widget-container\">\n\t\t\t\t\t\t\t\t\t\t\t\t\t\t\t\t<a href=\"https:\/\/www.lllplatform.eu\/\" target=\"_blank\" rel=\"nofollow noopener\">\n\t\t\t\t\t\t\t<img loading=\"lazy\" decoding=\"async\" width=\"200\" height=\"200\" src=\"https:\/\/ihdemu.com\/wp-content\/uploads\/2022\/11\/Instituto-Hispanico-de-Murcia-Colaboradores-Education-and-Culture.png\" class=\"attachment-full size-full wp-image-6209\" alt=\"Instituto Hispanico de Murcia - Colaboradores - Education and Culture\" srcset=\"https:\/\/ihdemu.com\/wp-content\/uploads\/2022\/11\/Instituto-Hispanico-de-Murcia-Colaboradores-Education-and-Culture.png 200w, https:\/\/ihdemu.com\/wp-content\/uploads\/2022\/11\/Instituto-Hispanico-de-Murcia-Colaboradores-Education-and-Culture-150x150.png 150w, https:\/\/ihdemu.com\/wp-content\/uploads\/2022\/11\/Instituto-Hispanico-de-Murcia-Colaboradores-Education-and-Culture-100x100.png 100w\" sizes=\"(max-width: 200px) 100vw, 200px\" \/>\t\t\t\t\t\t\t\t<\/a>\n\t\t\t\t\t\t\t\t\t\t\t\t\t\t\t<\/div>\n\t\t\t\t<\/div>\n\t\t\t\t\t<\/div>\n\t\t<\/div>\n\t\t\t\t<div class=\"elementor-column elementor-col-16 elementor-inner-column elementor-element elementor-element-1385b1b col\" data-id=\"1385b1b\" data-element_type=\"column\" data-e-type=\"column\">\n\t\t\t<div class=\"elementor-widget-wrap elementor-element-populated\">\n\t\t\t\t\t\t<div class=\"elementor-element elementor-element-4b54a87 elementor-widget elementor-widget-image\" data-id=\"4b54a87\" data-element_type=\"widget\" data-e-type=\"widget\" data-widget_type=\"image.default\">\n\t\t\t\t<div class=\"elementor-widget-container\">\n\t\t\t\t\t\t\t\t\t\t\t\t\t\t\t\t<a href=\"https:\/\/www.carm.es\/web\/pagina?IDCONTENIDO=1&#038;IDTIPO=180\" target=\"_blank\" rel=\"nofollow noopener\">\n\t\t\t\t\t\t\t<img loading=\"lazy\" decoding=\"async\" width=\"200\" height=\"200\" src=\"https:\/\/ihdemu.com\/wp-content\/uploads\/2022\/11\/Instituto-Hispanico-de-Murcia-Colaboradores-Region-de-Murcia.png\" class=\"attachment-full size-full wp-image-1755\" alt=\"Instituto Hispanico de Murcia - Colaboradores - Region de Murcia\" srcset=\"https:\/\/ihdemu.com\/wp-content\/uploads\/2022\/11\/Instituto-Hispanico-de-Murcia-Colaboradores-Region-de-Murcia.png 200w, https:\/\/ihdemu.com\/wp-content\/uploads\/2022\/11\/Instituto-Hispanico-de-Murcia-Colaboradores-Region-de-Murcia-150x150.png 150w, https:\/\/ihdemu.com\/wp-content\/uploads\/2022\/11\/Instituto-Hispanico-de-Murcia-Colaboradores-Region-de-Murcia-100x100.png 100w\" sizes=\"(max-width: 200px) 100vw, 200px\" \/>\t\t\t\t\t\t\t\t<\/a>\n\t\t\t\t\t\t\t\t\t\t\t\t\t\t\t<\/div>\n\t\t\t\t<\/div>\n\t\t\t\t\t<\/div>\n\t\t<\/div>\n\t\t\t\t<div class=\"elementor-column elementor-col-16 elementor-inner-column elementor-element elementor-element-ed4e656 col\" data-id=\"ed4e656\" data-element_type=\"column\" data-e-type=\"column\">\n\t\t\t<div class=\"elementor-widget-wrap elementor-element-populated\">\n\t\t\t\t\t\t<div class=\"elementor-element elementor-element-8ca4c34 elementor-widget elementor-widget-image\" data-id=\"8ca4c34\" data-element_type=\"widget\" data-e-type=\"widget\" data-widget_type=\"image.default\">\n\t\t\t\t<div class=\"elementor-widget-container\">\n\t\t\t\t\t\t\t\t\t\t\t\t\t\t\t\t<a href=\"https:\/\/www.coming.org\/\" target=\"_blank\" rel=\"nofollow noopener\">\n\t\t\t\t\t\t\t<img loading=\"lazy\" decoding=\"async\" width=\"200\" height=\"200\" src=\"https:\/\/ihdemu.com\/wp-content\/uploads\/2022\/11\/Instituto-Hispanico-de-Murcia-Colaboradores-Coming.jpg\" class=\"attachment-full size-full wp-image-1692\" alt=\"Instituto Hispanico de Murcia - Colaboradores - Coming\" srcset=\"https:\/\/ihdemu.com\/wp-content\/uploads\/2022\/11\/Instituto-Hispanico-de-Murcia-Colaboradores-Coming.jpg 200w, https:\/\/ihdemu.com\/wp-content\/uploads\/2022\/11\/Instituto-Hispanico-de-Murcia-Colaboradores-Coming-150x150.jpg 150w, https:\/\/ihdemu.com\/wp-content\/uploads\/2022\/11\/Instituto-Hispanico-de-Murcia-Colaboradores-Coming-100x100.jpg 100w\" sizes=\"(max-width: 200px) 100vw, 200px\" \/>\t\t\t\t\t\t\t\t<\/a>\n\t\t\t\t\t\t\t\t\t\t\t\t\t\t\t<\/div>\n\t\t\t\t<\/div>\n\t\t\t\t\t<\/div>\n\t\t<\/div>\n\t\t\t\t<div class=\"elementor-column elementor-col-16 elementor-inner-column elementor-element elementor-element-a6721c2 col\" data-id=\"a6721c2\" data-element_type=\"column\" data-e-type=\"column\">\n\t\t\t<div class=\"elementor-widget-wrap elementor-element-populated\">\n\t\t\t\t\t\t<div class=\"elementor-element elementor-element-fc7bf84 elementor-widget elementor-widget-image\" data-id=\"fc7bf84\" data-element_type=\"widget\" data-e-type=\"widget\" data-widget_type=\"image.default\">\n\t\t\t\t<div class=\"elementor-widget-container\">\n\t\t\t\t\t\t\t\t\t\t\t\t\t\t\t\t<a href=\"https:\/\/www.goabroad.com\/\" target=\"_blank\" rel=\"nofollow noopener\">\n\t\t\t\t\t\t\t<img loading=\"lazy\" decoding=\"async\" width=\"200\" height=\"200\" src=\"https:\/\/ihdemu.com\/wp-content\/uploads\/2022\/11\/Instituto-Hispanico-de-Murcia-Colaboradores-Go-Abroad.jpg\" class=\"attachment-full size-full wp-image-899\" alt=\"Instituto Hispanico de Murcia - Colaboradores - Go Abroad\" srcset=\"https:\/\/ihdemu.com\/wp-content\/uploads\/2022\/11\/Instituto-Hispanico-de-Murcia-Colaboradores-Go-Abroad.jpg 200w, https:\/\/ihdemu.com\/wp-content\/uploads\/2022\/11\/Instituto-Hispanico-de-Murcia-Colaboradores-Go-Abroad-150x150.jpg 150w, https:\/\/ihdemu.com\/wp-content\/uploads\/2022\/11\/Instituto-Hispanico-de-Murcia-Colaboradores-Go-Abroad-100x100.jpg 100w\" sizes=\"(max-width: 200px) 100vw, 200px\" \/>\t\t\t\t\t\t\t\t<\/a>\n\t\t\t\t\t\t\t\t\t\t\t\t\t\t\t<\/div>\n\t\t\t\t<\/div>\n\t\t\t\t\t<\/div>\n\t\t<\/div>\n\t\t\t\t\t<\/div>\n\t\t<\/section>\n\t\t\t\t<section class=\"elementor-section elementor-inner-section elementor-element elementor-element-97d5cf0 logos elementor-section-boxed elementor-section-height-default elementor-section-height-default\" data-id=\"97d5cf0\" data-element_type=\"section\" data-e-type=\"section\">\n\t\t\t\t\t\t<div class=\"elementor-container elementor-column-gap-default\">\n\t\t\t\t\t<div class=\"elementor-column elementor-col-16 elementor-inner-column elementor-element elementor-element-e110c49 col\" data-id=\"e110c49\" data-element_type=\"column\" data-e-type=\"column\">\n\t\t\t<div class=\"elementor-widget-wrap elementor-element-populated\">\n\t\t\t\t\t\t<div class=\"elementor-element elementor-element-61c680f elementor-widget elementor-widget-image\" data-id=\"61c680f\" data-element_type=\"widget\" data-e-type=\"widget\" data-widget_type=\"image.default\">\n\t\t\t\t<div class=\"elementor-widget-container\">\n\t\t\t\t\t\t\t\t\t\t\t\t\t\t\t<img loading=\"lazy\" decoding=\"async\" width=\"200\" height=\"200\" src=\"https:\/\/ihdemu.com\/wp-content\/uploads\/2022\/11\/Instituto-Hispanico-de-Murcia-Colaboradores-Abaco.png\" class=\"attachment-full size-full wp-image-6016\" alt=\"Instituto Hispanico de Murcia - Colaboradores - Abaco\" srcset=\"https:\/\/ihdemu.com\/wp-content\/uploads\/2022\/11\/Instituto-Hispanico-de-Murcia-Colaboradores-Abaco.png 200w, https:\/\/ihdemu.com\/wp-content\/uploads\/2022\/11\/Instituto-Hispanico-de-Murcia-Colaboradores-Abaco-150x150.png 150w, https:\/\/ihdemu.com\/wp-content\/uploads\/2022\/11\/Instituto-Hispanico-de-Murcia-Colaboradores-Abaco-100x100.png 100w\" sizes=\"(max-width: 200px) 100vw, 200px\" \/>\t\t\t\t\t\t\t\t\t\t\t\t\t\t\t<\/div>\n\t\t\t\t<\/div>\n\t\t\t\t\t<\/div>\n\t\t<\/div>\n\t\t\t\t<div class=\"elementor-column elementor-col-16 elementor-inner-column elementor-element elementor-element-1900033 col\" data-id=\"1900033\" data-element_type=\"column\" data-e-type=\"column\">\n\t\t\t<div class=\"elementor-widget-wrap elementor-element-populated\">\n\t\t\t\t\t\t<div class=\"elementor-element elementor-element-a11fe1b elementor-widget elementor-widget-image\" data-id=\"a11fe1b\" data-element_type=\"widget\" data-e-type=\"widget\" data-widget_type=\"image.default\">\n\t\t\t\t<div class=\"elementor-widget-container\">\n\t\t\t\t\t\t\t\t\t\t\t\t\t\t\t\t<a href=\"https:\/\/eurodyssey.aer.eu\/\" target=\"_blank\" rel=\"nofollow noopener\">\n\t\t\t\t\t\t\t<img loading=\"lazy\" decoding=\"async\" width=\"200\" height=\"200\" src=\"https:\/\/ihdemu.com\/wp-content\/uploads\/2022\/11\/Instituto-Hispanico-de-Murcia-Colaboradores-Eurodisea.png\" class=\"attachment-full size-full wp-image-1710\" alt=\"Instituto Hispanico de Murcia - Colaboradores - Eurodisea\" srcset=\"https:\/\/ihdemu.com\/wp-content\/uploads\/2022\/11\/Instituto-Hispanico-de-Murcia-Colaboradores-Eurodisea.png 200w, https:\/\/ihdemu.com\/wp-content\/uploads\/2022\/11\/Instituto-Hispanico-de-Murcia-Colaboradores-Eurodisea-150x150.png 150w, https:\/\/ihdemu.com\/wp-content\/uploads\/2022\/11\/Instituto-Hispanico-de-Murcia-Colaboradores-Eurodisea-100x100.png 100w\" sizes=\"(max-width: 200px) 100vw, 200px\" \/>\t\t\t\t\t\t\t\t<\/a>\n\t\t\t\t\t\t\t\t\t\t\t\t\t\t\t<\/div>\n\t\t\t\t<\/div>\n\t\t\t\t\t<\/div>\n\t\t<\/div>\n\t\t\t\t<div class=\"elementor-column elementor-col-16 elementor-inner-column elementor-element elementor-element-e7303b7 col\" data-id=\"e7303b7\" data-element_type=\"column\" data-e-type=\"column\">\n\t\t\t<div class=\"elementor-widget-wrap elementor-element-populated\">\n\t\t\t\t\t\t<div class=\"elementor-element elementor-element-66cd2cf elementor-widget elementor-widget-image\" data-id=\"66cd2cf\" data-element_type=\"widget\" data-e-type=\"widget\" data-widget_type=\"image.default\">\n\t\t\t\t<div class=\"elementor-widget-container\">\n\t\t\t\t\t\t\t\t\t\t\t\t\t\t\t<img loading=\"lazy\" decoding=\"async\" width=\"200\" height=\"200\" src=\"https:\/\/ihdemu.com\/wp-content\/uploads\/2022\/11\/Instituto-Hispanico-de-Murcia-Colaboradores-Turlingua.jpg\" class=\"attachment-full size-full wp-image-1079\" alt=\"Instituto Hispanico de Murcia - Colaboradores - Turlingua\" srcset=\"https:\/\/ihdemu.com\/wp-content\/uploads\/2022\/11\/Instituto-Hispanico-de-Murcia-Colaboradores-Turlingua.jpg 200w, https:\/\/ihdemu.com\/wp-content\/uploads\/2022\/11\/Instituto-Hispanico-de-Murcia-Colaboradores-Turlingua-150x150.jpg 150w, https:\/\/ihdemu.com\/wp-content\/uploads\/2022\/11\/Instituto-Hispanico-de-Murcia-Colaboradores-Turlingua-100x100.jpg 100w\" sizes=\"(max-width: 200px) 100vw, 200px\" \/>\t\t\t\t\t\t\t\t\t\t\t\t\t\t\t<\/div>\n\t\t\t\t<\/div>\n\t\t\t\t\t<\/div>\n\t\t<\/div>\n\t\t\t\t<div class=\"elementor-column elementor-col-16 elementor-inner-column elementor-element elementor-element-667c3b9 col\" data-id=\"667c3b9\" data-element_type=\"column\" data-e-type=\"column\">\n\t\t\t<div class=\"elementor-widget-wrap elementor-element-populated\">\n\t\t\t\t\t\t<div class=\"elementor-element elementor-element-b81c41b elementor-widget elementor-widget-image\" data-id=\"b81c41b\" data-element_type=\"widget\" data-e-type=\"widget\" data-widget_type=\"image.default\">\n\t\t\t\t<div class=\"elementor-widget-container\">\n\t\t\t\t\t\t\t\t\t\t\t\t\t\t\t\t<a href=\"https:\/\/www.elcorteingles.es\/\" target=\"_blank\" rel=\"nofollow noopener\">\n\t\t\t\t\t\t\t<img loading=\"lazy\" decoding=\"async\" width=\"200\" height=\"200\" src=\"https:\/\/ihdemu.com\/wp-content\/uploads\/2022\/11\/Instituto-Hispanico-de-Murcia-Colaboradores-El-Corte-Ingles.jpg\" class=\"attachment-full size-full wp-image-1701\" alt=\"Instituto Hispanico de Murcia - Colaboradores - El Corte Ingles\" srcset=\"https:\/\/ihdemu.com\/wp-content\/uploads\/2022\/11\/Instituto-Hispanico-de-Murcia-Colaboradores-El-Corte-Ingles.jpg 200w, https:\/\/ihdemu.com\/wp-content\/uploads\/2022\/11\/Instituto-Hispanico-de-Murcia-Colaboradores-El-Corte-Ingles-150x150.jpg 150w, https:\/\/ihdemu.com\/wp-content\/uploads\/2022\/11\/Instituto-Hispanico-de-Murcia-Colaboradores-El-Corte-Ingles-100x100.jpg 100w\" sizes=\"(max-width: 200px) 100vw, 200px\" \/>\t\t\t\t\t\t\t\t<\/a>\n\t\t\t\t\t\t\t\t\t\t\t\t\t\t\t<\/div>\n\t\t\t\t<\/div>\n\t\t\t\t\t<\/div>\n\t\t<\/div>\n\t\t\t\t<div class=\"elementor-column elementor-col-16 elementor-inner-column elementor-element elementor-element-565e4b7 col\" data-id=\"565e4b7\" data-element_type=\"column\" data-e-type=\"column\">\n\t\t\t<div class=\"elementor-widget-wrap elementor-element-populated\">\n\t\t\t\t\t\t<div class=\"elementor-element elementor-element-f83a619 elementor-widget elementor-widget-image\" data-id=\"f83a619\" data-element_type=\"widget\" data-e-type=\"widget\" data-widget_type=\"image.default\">\n\t\t\t\t<div class=\"elementor-widget-container\">\n\t\t\t\t\t\t\t\t\t\t\t\t\t\t\t\t<a href=\"https:\/\/www.ihg.com\/hotels\/us\/es\/reservation\" target=\"_blank\" rel=\"nofollow noopener\">\n\t\t\t\t\t\t\t<img loading=\"lazy\" decoding=\"async\" width=\"200\" height=\"200\" src=\"https:\/\/ihdemu.com\/wp-content\/uploads\/2022\/11\/Instituto-Hispanico-de-Murcia-Colaboradores-Intercontinental-Hotel-Group.jpg\" class=\"attachment-full size-full wp-image-1425\" alt=\"Instituto Hispanico de Murcia - Colaboradores - Intercontinental Hotel Group\" srcset=\"https:\/\/ihdemu.com\/wp-content\/uploads\/2022\/11\/Instituto-Hispanico-de-Murcia-Colaboradores-Intercontinental-Hotel-Group.jpg 200w, https:\/\/ihdemu.com\/wp-content\/uploads\/2022\/11\/Instituto-Hispanico-de-Murcia-Colaboradores-Intercontinental-Hotel-Group-150x150.jpg 150w, https:\/\/ihdemu.com\/wp-content\/uploads\/2022\/11\/Instituto-Hispanico-de-Murcia-Colaboradores-Intercontinental-Hotel-Group-100x100.jpg 100w\" sizes=\"(max-width: 200px) 100vw, 200px\" \/>\t\t\t\t\t\t\t\t<\/a>\n\t\t\t\t\t\t\t\t\t\t\t\t\t\t\t<\/div>\n\t\t\t\t<\/div>\n\t\t\t\t\t<\/div>\n\t\t<\/div>\n\t\t\t\t<div class=\"elementor-column elementor-col-16 elementor-inner-column elementor-element elementor-element-99fef24 col\" data-id=\"99fef24\" data-element_type=\"column\" data-e-type=\"column\">\n\t\t\t<div class=\"elementor-widget-wrap elementor-element-populated\">\n\t\t\t\t\t\t<div class=\"elementor-element elementor-element-536d598 elementor-widget elementor-widget-image\" data-id=\"536d598\" data-element_type=\"widget\" data-e-type=\"widget\" data-widget_type=\"image.default\">\n\t\t\t\t<div class=\"elementor-widget-container\">\n\t\t\t\t\t\t\t\t\t\t\t\t\t\t\t\t<a href=\"https:\/\/www.orm.es\/\" target=\"_blank\" rel=\"nofollow noopener\">\n\t\t\t\t\t\t\t<img loading=\"lazy\" decoding=\"async\" width=\"200\" height=\"200\" src=\"https:\/\/ihdemu.com\/wp-content\/uploads\/2022\/11\/Instituto-Hispanico-de-Murcia-Colaboradores-Onda-Regional.jpg\" class=\"attachment-full size-full wp-image-1025\" alt=\"Instituto Hispanico de Murcia - Colaboradores - Onda Regional\" srcset=\"https:\/\/ihdemu.com\/wp-content\/uploads\/2022\/11\/Instituto-Hispanico-de-Murcia-Colaboradores-Onda-Regional.jpg 200w, https:\/\/ihdemu.com\/wp-content\/uploads\/2022\/11\/Instituto-Hispanico-de-Murcia-Colaboradores-Onda-Regional-150x150.jpg 150w, https:\/\/ihdemu.com\/wp-content\/uploads\/2022\/11\/Instituto-Hispanico-de-Murcia-Colaboradores-Onda-Regional-100x100.jpg 100w\" sizes=\"(max-width: 200px) 100vw, 200px\" \/>\t\t\t\t\t\t\t\t<\/a>\n\t\t\t\t\t\t\t\t\t\t\t\t\t\t\t<\/div>\n\t\t\t\t<\/div>\n\t\t\t\t\t<\/div>\n\t\t<\/div>\n\t\t\t\t\t<\/div>\n\t\t<\/section>\n\t\t\t\t<section class=\"elementor-section elementor-inner-section elementor-element elementor-element-ba17e72 logos elementor-section-boxed elementor-section-height-default elementor-section-height-default\" data-id=\"ba17e72\" data-element_type=\"section\" data-e-type=\"section\">\n\t\t\t\t\t\t<div class=\"elementor-container elementor-column-gap-default\">\n\t\t\t\t\t<div class=\"elementor-column elementor-col-16 elementor-inner-column elementor-element elementor-element-f1dc9f9 col\" data-id=\"f1dc9f9\" data-element_type=\"column\" data-e-type=\"column\">\n\t\t\t<div class=\"elementor-widget-wrap elementor-element-populated\">\n\t\t\t\t\t\t<div class=\"elementor-element elementor-element-ddc372f elementor-widget elementor-widget-image\" data-id=\"ddc372f\" data-element_type=\"widget\" data-e-type=\"widget\" data-widget_type=\"image.default\">\n\t\t\t\t<div class=\"elementor-widget-container\">\n\t\t\t\t\t\t\t\t\t\t\t\t\t\t\t\t<a href=\"https:\/\/www.caritas.es\/\" target=\"_blank\" rel=\"nofollow noopener\">\n\t\t\t\t\t\t\t<img loading=\"lazy\" decoding=\"async\" width=\"200\" height=\"200\" src=\"https:\/\/ihdemu.com\/wp-content\/uploads\/2022\/11\/Instituto-Hispanico-de-Murcia-Colaboradores-Caritas.jpg\" class=\"attachment-full size-full wp-image-1674\" alt=\"Instituto Hispanico de Murcia - Colaboradores - Caritas\" srcset=\"https:\/\/ihdemu.com\/wp-content\/uploads\/2022\/11\/Instituto-Hispanico-de-Murcia-Colaboradores-Caritas.jpg 200w, https:\/\/ihdemu.com\/wp-content\/uploads\/2022\/11\/Instituto-Hispanico-de-Murcia-Colaboradores-Caritas-150x150.jpg 150w, https:\/\/ihdemu.com\/wp-content\/uploads\/2022\/11\/Instituto-Hispanico-de-Murcia-Colaboradores-Caritas-100x100.jpg 100w\" sizes=\"(max-width: 200px) 100vw, 200px\" \/>\t\t\t\t\t\t\t\t<\/a>\n\t\t\t\t\t\t\t\t\t\t\t\t\t\t\t<\/div>\n\t\t\t\t<\/div>\n\t\t\t\t\t<\/div>\n\t\t<\/div>\n\t\t\t\t<div class=\"elementor-column elementor-col-16 elementor-inner-column elementor-element elementor-element-2bd815e col\" data-id=\"2bd815e\" data-element_type=\"column\" data-e-type=\"column\">\n\t\t\t<div class=\"elementor-widget-wrap elementor-element-populated\">\n\t\t\t\t\t\t<div class=\"elementor-element elementor-element-f456a5d elementor-widget elementor-widget-image\" data-id=\"f456a5d\" data-element_type=\"widget\" data-e-type=\"widget\" data-widget_type=\"image.default\">\n\t\t\t\t<div class=\"elementor-widget-container\">\n\t\t\t\t\t\t\t\t\t\t\t\t\t\t\t\t<a href=\"https:\/\/www.camaramurcia.es\/\" target=\"_blank\" rel=\"nofollow noopener\">\n\t\t\t\t\t\t\t<img loading=\"lazy\" decoding=\"async\" width=\"200\" height=\"200\" src=\"https:\/\/ihdemu.com\/wp-content\/uploads\/2022\/11\/Instituto-Hispanico-de-Murcia-Colaboradores-Camara-de-Comercio-de-Murcia.png\" class=\"attachment-full size-full wp-image-5998\" alt=\"Instituto Hispanico de Murcia - Colaboradores - Camara de Comercio de Murcia\" srcset=\"https:\/\/ihdemu.com\/wp-content\/uploads\/2022\/11\/Instituto-Hispanico-de-Murcia-Colaboradores-Camara-de-Comercio-de-Murcia.png 200w, https:\/\/ihdemu.com\/wp-content\/uploads\/2022\/11\/Instituto-Hispanico-de-Murcia-Colaboradores-Camara-de-Comercio-de-Murcia-150x150.png 150w, https:\/\/ihdemu.com\/wp-content\/uploads\/2022\/11\/Instituto-Hispanico-de-Murcia-Colaboradores-Camara-de-Comercio-de-Murcia-100x100.png 100w\" sizes=\"(max-width: 200px) 100vw, 200px\" \/>\t\t\t\t\t\t\t\t<\/a>\n\t\t\t\t\t\t\t\t\t\t\t\t\t\t\t<\/div>\n\t\t\t\t<\/div>\n\t\t\t\t\t<\/div>\n\t\t<\/div>\n\t\t\t\t<div class=\"elementor-column elementor-col-16 elementor-inner-column elementor-element elementor-element-440c466 col\" data-id=\"440c466\" data-element_type=\"column\" data-e-type=\"column\">\n\t\t\t<div class=\"elementor-widget-wrap elementor-element-populated\">\n\t\t\t\t\t\t<div class=\"elementor-element elementor-element-3d7fea6 elementor-widget elementor-widget-image\" data-id=\"3d7fea6\" data-element_type=\"widget\" data-e-type=\"widget\" data-widget_type=\"image.default\">\n\t\t\t\t<div class=\"elementor-widget-container\">\n\t\t\t\t\t\t\t\t\t\t\t\t\t\t\t<img loading=\"lazy\" decoding=\"async\" width=\"200\" height=\"200\" src=\"https:\/\/ihdemu.com\/wp-content\/uploads\/2022\/11\/Instituto-Hispanico-de-Murcia-Colaboradores-Linasa.jpg\" class=\"attachment-full size-full wp-image-1746\" alt=\"Instituto Hispanico de Murcia - Colaboradores - Linasa\" srcset=\"https:\/\/ihdemu.com\/wp-content\/uploads\/2022\/11\/Instituto-Hispanico-de-Murcia-Colaboradores-Linasa.jpg 200w, https:\/\/ihdemu.com\/wp-content\/uploads\/2022\/11\/Instituto-Hispanico-de-Murcia-Colaboradores-Linasa-150x150.jpg 150w, https:\/\/ihdemu.com\/wp-content\/uploads\/2022\/11\/Instituto-Hispanico-de-Murcia-Colaboradores-Linasa-100x100.jpg 100w\" sizes=\"(max-width: 200px) 100vw, 200px\" \/>\t\t\t\t\t\t\t\t\t\t\t\t\t\t\t<\/div>\n\t\t\t\t<\/div>\n\t\t\t\t\t<\/div>\n\t\t<\/div>\n\t\t\t\t<div class=\"elementor-column elementor-col-16 elementor-inner-column elementor-element elementor-element-03a2284 col\" data-id=\"03a2284\" data-element_type=\"column\" data-e-type=\"column\">\n\t\t\t<div class=\"elementor-widget-wrap elementor-element-populated\">\n\t\t\t\t\t\t<div class=\"elementor-element elementor-element-6d48819 elementor-widget elementor-widget-image\" data-id=\"6d48819\" data-element_type=\"widget\" data-e-type=\"widget\" data-widget_type=\"image.default\">\n\t\t\t\t<div class=\"elementor-widget-container\">\n\t\t\t\t\t\t\t\t\t\t\t\t\t\t\t\t<a href=\"https:\/\/novagric.com\/\" target=\"_blank\" rel=\"nofollow noopener\">\n\t\t\t\t\t\t\t<img loading=\"lazy\" decoding=\"async\" width=\"200\" height=\"200\" src=\"https:\/\/ihdemu.com\/wp-content\/uploads\/2022\/11\/Instituto-Hispanico-de-Murcia-Colaboradores-Novagric.png\" class=\"attachment-full size-full wp-image-998\" alt=\"Instituto Hispanico de Murcia - Colaboradores - Novagric\" srcset=\"https:\/\/ihdemu.com\/wp-content\/uploads\/2022\/11\/Instituto-Hispanico-de-Murcia-Colaboradores-Novagric.png 200w, https:\/\/ihdemu.com\/wp-content\/uploads\/2022\/11\/Instituto-Hispanico-de-Murcia-Colaboradores-Novagric-150x150.png 150w, https:\/\/ihdemu.com\/wp-content\/uploads\/2022\/11\/Instituto-Hispanico-de-Murcia-Colaboradores-Novagric-100x100.png 100w\" sizes=\"(max-width: 200px) 100vw, 200px\" \/>\t\t\t\t\t\t\t\t<\/a>\n\t\t\t\t\t\t\t\t\t\t\t\t\t\t\t<\/div>\n\t\t\t\t<\/div>\n\t\t\t\t\t<\/div>\n\t\t<\/div>\n\t\t\t\t<div class=\"elementor-column elementor-col-16 elementor-inner-column elementor-element elementor-element-8ca69a6 col\" data-id=\"8ca69a6\" data-element_type=\"column\" data-e-type=\"column\">\n\t\t\t<div class=\"elementor-widget-wrap elementor-element-populated\">\n\t\t\t\t\t\t<div class=\"elementor-element elementor-element-0b3d24e elementor-widget elementor-widget-image\" data-id=\"0b3d24e\" data-element_type=\"widget\" data-e-type=\"widget\" data-widget_type=\"image.default\">\n\t\t\t\t<div class=\"elementor-widget-container\">\n\t\t\t\t\t\t\t\t\t\t\t\t\t\t\t\t<a href=\"https:\/\/meddeas.com\/es\/\" target=\"_blank\" rel=\"nofollow noopener\">\n\t\t\t\t\t\t\t<img loading=\"lazy\" decoding=\"async\" width=\"200\" height=\"200\" src=\"https:\/\/ihdemu.com\/wp-content\/uploads\/2022\/11\/Instituto-Hispanico-de-Murcia-Colaboradores-ConversaSpain.png\" class=\"attachment-full size-full wp-image-845\" alt=\"Instituto Hispanico de Murcia - Colaboradores - ConversaSpain\" srcset=\"https:\/\/ihdemu.com\/wp-content\/uploads\/2022\/11\/Instituto-Hispanico-de-Murcia-Colaboradores-ConversaSpain.png 200w, https:\/\/ihdemu.com\/wp-content\/uploads\/2022\/11\/Instituto-Hispanico-de-Murcia-Colaboradores-ConversaSpain-150x150.png 150w, https:\/\/ihdemu.com\/wp-content\/uploads\/2022\/11\/Instituto-Hispanico-de-Murcia-Colaboradores-ConversaSpain-100x100.png 100w\" sizes=\"(max-width: 200px) 100vw, 200px\" \/>\t\t\t\t\t\t\t\t<\/a>\n\t\t\t\t\t\t\t\t\t\t\t\t\t\t\t<\/div>\n\t\t\t\t<\/div>\n\t\t\t\t\t<\/div>\n\t\t<\/div>\n\t\t\t\t<div class=\"elementor-column elementor-col-16 elementor-inner-column elementor-element elementor-element-6f22e23 col\" data-id=\"6f22e23\" data-element_type=\"column\" data-e-type=\"column\">\n\t\t\t<div class=\"elementor-widget-wrap elementor-element-populated\">\n\t\t\t\t\t\t<div class=\"elementor-element elementor-element-af51700 elementor-widget elementor-widget-image\" data-id=\"af51700\" data-element_type=\"widget\" data-e-type=\"widget\" data-widget_type=\"image.default\">\n\t\t\t\t<div class=\"elementor-widget-container\">\n\t\t\t\t\t\t\t\t\t\t\t\t\t\t\t\t<a href=\"https:\/\/www.kustom.es\/\" target=\"_blank\" rel=\"nofollow noopener\">\n\t\t\t\t\t\t\t<img loading=\"lazy\" decoding=\"async\" width=\"200\" height=\"200\" src=\"https:\/\/ihdemu.com\/wp-content\/uploads\/2022\/11\/Instituto-Hispanico-de-Murcia-Colaboradores-Kustom.png\" class=\"attachment-full size-full wp-image-6098\" alt=\"Instituto Hispanico de Murcia - Colaboradores - Kustom\" srcset=\"https:\/\/ihdemu.com\/wp-content\/uploads\/2022\/11\/Instituto-Hispanico-de-Murcia-Colaboradores-Kustom.png 200w, https:\/\/ihdemu.com\/wp-content\/uploads\/2022\/11\/Instituto-Hispanico-de-Murcia-Colaboradores-Kustom-150x150.png 150w, https:\/\/ihdemu.com\/wp-content\/uploads\/2022\/11\/Instituto-Hispanico-de-Murcia-Colaboradores-Kustom-100x100.png 100w\" sizes=\"(max-width: 200px) 100vw, 200px\" \/>\t\t\t\t\t\t\t\t<\/a>\n\t\t\t\t\t\t\t\t\t\t\t\t\t\t\t<\/div>\n\t\t\t\t<\/div>\n\t\t\t\t\t<\/div>\n\t\t<\/div>\n\t\t\t\t\t<\/div>\n\t\t<\/section>\n\t\t\t\t<section class=\"elementor-section elementor-inner-section elementor-element elementor-element-5659221 logos elementor-section-boxed elementor-section-height-default elementor-section-height-default\" data-id=\"5659221\" data-element_type=\"section\" data-e-type=\"section\">\n\t\t\t\t\t\t<div class=\"elementor-container elementor-column-gap-default\">\n\t\t\t\t\t<div class=\"elementor-column elementor-col-16 elementor-inner-column elementor-element elementor-element-7cb8bd5 col\" data-id=\"7cb8bd5\" data-element_type=\"column\" data-e-type=\"column\">\n\t\t\t<div class=\"elementor-widget-wrap elementor-element-populated\">\n\t\t\t\t\t\t<div class=\"elementor-element elementor-element-4d075b7 elementor-widget elementor-widget-image\" data-id=\"4d075b7\" data-element_type=\"widget\" data-e-type=\"widget\" data-widget_type=\"image.default\">\n\t\t\t\t<div class=\"elementor-widget-container\">\n\t\t\t\t\t\t\t\t\t\t\t\t\t\t\t\t<a href=\"https:\/\/www.prendergast-school.com\/\" target=\"_blank\" rel=\"nofollow noopener\">\n\t\t\t\t\t\t\t<img loading=\"lazy\" decoding=\"async\" width=\"200\" height=\"200\" src=\"https:\/\/ihdemu.com\/wp-content\/uploads\/2022\/11\/Instituto-Hispanico-de-Murcia-Colaboradores-Prendergast.png\" class=\"attachment-full size-full wp-image-1242\" alt=\"Instituto Hispanico de Murcia - Colaboradores - Prendergast\" srcset=\"https:\/\/ihdemu.com\/wp-content\/uploads\/2022\/11\/Instituto-Hispanico-de-Murcia-Colaboradores-Prendergast.png 200w, https:\/\/ihdemu.com\/wp-content\/uploads\/2022\/11\/Instituto-Hispanico-de-Murcia-Colaboradores-Prendergast-150x150.png 150w, https:\/\/ihdemu.com\/wp-content\/uploads\/2022\/11\/Instituto-Hispanico-de-Murcia-Colaboradores-Prendergast-100x100.png 100w\" sizes=\"(max-width: 200px) 100vw, 200px\" \/>\t\t\t\t\t\t\t\t<\/a>\n\t\t\t\t\t\t\t\t\t\t\t\t\t\t\t<\/div>\n\t\t\t\t<\/div>\n\t\t\t\t\t<\/div>\n\t\t<\/div>\n\t\t\t\t<div class=\"elementor-column elementor-col-16 elementor-inner-column elementor-element elementor-element-30c2f17 col\" data-id=\"30c2f17\" data-element_type=\"column\" data-e-type=\"column\">\n\t\t\t<div class=\"elementor-widget-wrap elementor-element-populated\">\n\t\t\t\t\t\t<div class=\"elementor-element elementor-element-97d4f65 elementor-widget elementor-widget-image\" data-id=\"97d4f65\" data-element_type=\"widget\" data-e-type=\"widget\" data-widget_type=\"image.default\">\n\t\t\t\t<div class=\"elementor-widget-container\">\n\t\t\t\t\t\t\t\t\t\t\t\t\t\t\t\t<a href=\"https:\/\/www.tandem-madrid.es\/\" target=\"_blank\" rel=\"nofollow noopener\">\n\t\t\t\t\t\t\t<img loading=\"lazy\" decoding=\"async\" width=\"200\" height=\"200\" src=\"https:\/\/ihdemu.com\/wp-content\/uploads\/2022\/11\/Instituto-Hispanico-de-Murcia-Colaboradores-Tandem.jpeg\" class=\"attachment-full size-full wp-image-1461\" alt=\"Instituto Hispanico de Murcia - Colaboradores - Tandem\" srcset=\"https:\/\/ihdemu.com\/wp-content\/uploads\/2022\/11\/Instituto-Hispanico-de-Murcia-Colaboradores-Tandem.jpeg 200w, https:\/\/ihdemu.com\/wp-content\/uploads\/2022\/11\/Instituto-Hispanico-de-Murcia-Colaboradores-Tandem-150x150.jpeg 150w, https:\/\/ihdemu.com\/wp-content\/uploads\/2022\/11\/Instituto-Hispanico-de-Murcia-Colaboradores-Tandem-100x100.jpeg 100w\" sizes=\"(max-width: 200px) 100vw, 200px\" \/>\t\t\t\t\t\t\t\t<\/a>\n\t\t\t\t\t\t\t\t\t\t\t\t\t\t\t<\/div>\n\t\t\t\t<\/div>\n\t\t\t\t\t<\/div>\n\t\t<\/div>\n\t\t\t\t<div class=\"elementor-column elementor-col-16 elementor-inner-column elementor-element elementor-element-95c5266 col\" data-id=\"95c5266\" data-element_type=\"column\" data-e-type=\"column\">\n\t\t\t<div class=\"elementor-widget-wrap elementor-element-populated\">\n\t\t\t\t\t\t<div class=\"elementor-element elementor-element-3e57167 elementor-widget elementor-widget-image\" data-id=\"3e57167\" data-element_type=\"widget\" data-e-type=\"widget\" data-widget_type=\"image.default\">\n\t\t\t\t<div class=\"elementor-widget-container\">\n\t\t\t\t\t\t\t\t\t\t\t\t\t\t\t\t<a href=\"https:\/\/www.olimendros.com\/\" target=\"_blank\" rel=\"nofollow noopener\">\n\t\t\t\t\t\t\t<img loading=\"lazy\" decoding=\"async\" width=\"200\" height=\"200\" src=\"https:\/\/ihdemu.com\/wp-content\/uploads\/2022\/11\/Instituto-Hispanico-de-Murcia-Colaboradores-Olimendros.jpg\" class=\"attachment-full size-full wp-image-1016\" alt=\"Instituto Hispanico de Murcia - Colaboradores - Olimendros\" srcset=\"https:\/\/ihdemu.com\/wp-content\/uploads\/2022\/11\/Instituto-Hispanico-de-Murcia-Colaboradores-Olimendros.jpg 200w, https:\/\/ihdemu.com\/wp-content\/uploads\/2022\/11\/Instituto-Hispanico-de-Murcia-Colaboradores-Olimendros-150x150.jpg 150w, https:\/\/ihdemu.com\/wp-content\/uploads\/2022\/11\/Instituto-Hispanico-de-Murcia-Colaboradores-Olimendros-100x100.jpg 100w\" sizes=\"(max-width: 200px) 100vw, 200px\" \/>\t\t\t\t\t\t\t\t<\/a>\n\t\t\t\t\t\t\t\t\t\t\t\t\t\t\t<\/div>\n\t\t\t\t<\/div>\n\t\t\t\t\t<\/div>\n\t\t<\/div>\n\t\t\t\t<div class=\"elementor-column elementor-col-16 elementor-inner-column elementor-element elementor-element-9049c47 col\" data-id=\"9049c47\" data-element_type=\"column\" data-e-type=\"column\">\n\t\t\t<div class=\"elementor-widget-wrap elementor-element-populated\">\n\t\t\t\t\t\t<div class=\"elementor-element elementor-element-9385927 elementor-widget elementor-widget-image\" data-id=\"9385927\" data-element_type=\"widget\" data-e-type=\"widget\" data-widget_type=\"image.default\">\n\t\t\t\t<div class=\"elementor-widget-container\">\n\t\t\t\t\t\t\t\t\t\t\t\t\t\t\t\t<a href=\"http:\/\/www.euroamerican.dk\/travel\/\" target=\"_blank\" rel=\"nofollow noopener\">\n\t\t\t\t\t\t\t<img loading=\"lazy\" decoding=\"async\" width=\"200\" height=\"200\" src=\"https:\/\/ihdemu.com\/wp-content\/uploads\/2022\/11\/Instituto-Hispanico-de-Murcia-Colaboradores-Euroamerican.jpg\" class=\"attachment-full size-full wp-image-863\" alt=\"Instituto Hispanico de Murcia - Colaboradores - Euroamerican\" srcset=\"https:\/\/ihdemu.com\/wp-content\/uploads\/2022\/11\/Instituto-Hispanico-de-Murcia-Colaboradores-Euroamerican.jpg 200w, https:\/\/ihdemu.com\/wp-content\/uploads\/2022\/11\/Instituto-Hispanico-de-Murcia-Colaboradores-Euroamerican-150x150.jpg 150w, https:\/\/ihdemu.com\/wp-content\/uploads\/2022\/11\/Instituto-Hispanico-de-Murcia-Colaboradores-Euroamerican-100x100.jpg 100w\" sizes=\"(max-width: 200px) 100vw, 200px\" \/>\t\t\t\t\t\t\t\t<\/a>\n\t\t\t\t\t\t\t\t\t\t\t\t\t\t\t<\/div>\n\t\t\t\t<\/div>\n\t\t\t\t\t<\/div>\n\t\t<\/div>\n\t\t\t\t<div class=\"elementor-column elementor-col-16 elementor-inner-column elementor-element elementor-element-01f8226 col\" data-id=\"01f8226\" data-element_type=\"column\" data-e-type=\"column\">\n\t\t\t<div class=\"elementor-widget-wrap elementor-element-populated\">\n\t\t\t\t\t\t<div class=\"elementor-element elementor-element-69bc798 elementor-widget elementor-widget-image\" data-id=\"69bc798\" data-element_type=\"widget\" data-e-type=\"widget\" data-widget_type=\"image.default\">\n\t\t\t\t<div class=\"elementor-widget-container\">\n\t\t\t\t\t\t\t\t\t\t\t\t\t\t\t\t<a href=\"https:\/\/www.alfaform.it\/\" target=\"_blank\" rel=\"nofollow noopener\">\n\t\t\t\t\t\t\t<img loading=\"lazy\" decoding=\"async\" width=\"200\" height=\"200\" src=\"https:\/\/ihdemu.com\/wp-content\/uploads\/2022\/11\/Instituto-Hispanico-de-Murcia-Colaboradores-Alfaform.png\" class=\"attachment-full size-full wp-image-6007\" alt=\"Instituto Hispanico de Murcia - Colaboradores - Alfaform\" srcset=\"https:\/\/ihdemu.com\/wp-content\/uploads\/2022\/11\/Instituto-Hispanico-de-Murcia-Colaboradores-Alfaform.png 200w, https:\/\/ihdemu.com\/wp-content\/uploads\/2022\/11\/Instituto-Hispanico-de-Murcia-Colaboradores-Alfaform-150x150.png 150w, https:\/\/ihdemu.com\/wp-content\/uploads\/2022\/11\/Instituto-Hispanico-de-Murcia-Colaboradores-Alfaform-100x100.png 100w\" sizes=\"(max-width: 200px) 100vw, 200px\" \/>\t\t\t\t\t\t\t\t<\/a>\n\t\t\t\t\t\t\t\t\t\t\t\t\t\t\t<\/div>\n\t\t\t\t<\/div>\n\t\t\t\t\t<\/div>\n\t\t<\/div>\n\t\t\t\t<div class=\"elementor-column elementor-col-16 elementor-inner-column elementor-element elementor-element-7394a0e col\" data-id=\"7394a0e\" data-element_type=\"column\" data-e-type=\"column\">\n\t\t\t<div class=\"elementor-widget-wrap elementor-element-populated\">\n\t\t\t\t\t\t<div class=\"elementor-element elementor-element-a31248a elementor-widget elementor-widget-image\" data-id=\"a31248a\" data-element_type=\"widget\" data-e-type=\"widget\" data-widget_type=\"image.default\">\n\t\t\t\t<div class=\"elementor-widget-container\">\n\t\t\t\t\t\t\t\t\t\t\t\t\t\t\t\t<a href=\"https:\/\/www.fundae.es\/\" target=\"_blank\" rel=\"nofollow noopener\">\n\t\t\t\t\t\t\t<img loading=\"lazy\" decoding=\"async\" width=\"200\" height=\"200\" src=\"https:\/\/ihdemu.com\/wp-content\/uploads\/2022\/11\/Instituto-Hispanico-de-Murcia-Colaboradores-Fundae.jpg\" class=\"attachment-full size-full wp-image-1719\" alt=\"Instituto Hispanico de Murcia - Colaboradores - Fundae\" srcset=\"https:\/\/ihdemu.com\/wp-content\/uploads\/2022\/11\/Instituto-Hispanico-de-Murcia-Colaboradores-Fundae.jpg 200w, https:\/\/ihdemu.com\/wp-content\/uploads\/2022\/11\/Instituto-Hispanico-de-Murcia-Colaboradores-Fundae-150x150.jpg 150w, https:\/\/ihdemu.com\/wp-content\/uploads\/2022\/11\/Instituto-Hispanico-de-Murcia-Colaboradores-Fundae-100x100.jpg 100w\" sizes=\"(max-width: 200px) 100vw, 200px\" \/>\t\t\t\t\t\t\t\t<\/a>\n\t\t\t\t\t\t\t\t\t\t\t\t\t\t\t<\/div>\n\t\t\t\t<\/div>\n\t\t\t\t\t<\/div>\n\t\t<\/div>\n\t\t\t\t\t<\/div>\n\t\t<\/section>\n\t\t\t\t<section class=\"elementor-section elementor-inner-section elementor-element elementor-element-56296ce logos elementor-section-boxed elementor-section-height-default elementor-section-height-default\" data-id=\"56296ce\" data-element_type=\"section\" data-e-type=\"section\">\n\t\t\t\t\t\t<div class=\"elementor-container elementor-column-gap-default\">\n\t\t\t\t\t<div class=\"elementor-column elementor-col-16 elementor-inner-column elementor-element elementor-element-4e61380 col\" data-id=\"4e61380\" data-element_type=\"column\" data-e-type=\"column\">\n\t\t\t<div class=\"elementor-widget-wrap elementor-element-populated\">\n\t\t\t\t\t\t<div class=\"elementor-element elementor-element-f81993f elementor-widget elementor-widget-image\" data-id=\"f81993f\" data-element_type=\"widget\" data-e-type=\"widget\" data-widget_type=\"image.default\">\n\t\t\t\t<div class=\"elementor-widget-container\">\n\t\t\t\t\t\t\t\t\t\t\t\t\t\t\t\t<a href=\"https:\/\/fundacionlacaixa.org\/es\/\" target=\"_blank\" rel=\"nofollow noopener\">\n\t\t\t\t\t\t\t<img loading=\"lazy\" decoding=\"async\" width=\"200\" height=\"200\" src=\"https:\/\/ihdemu.com\/wp-content\/uploads\/2022\/11\/Instituto-Hispanico-de-Murcia-Colaboradores-Obra-Social-La-Caixa.png\" class=\"attachment-full size-full wp-image-1007\" alt=\"Instituto Hispanico de Murcia - Colaboradores - Obra Social La Caixa\" srcset=\"https:\/\/ihdemu.com\/wp-content\/uploads\/2022\/11\/Instituto-Hispanico-de-Murcia-Colaboradores-Obra-Social-La-Caixa.png 200w, https:\/\/ihdemu.com\/wp-content\/uploads\/2022\/11\/Instituto-Hispanico-de-Murcia-Colaboradores-Obra-Social-La-Caixa-150x150.png 150w, https:\/\/ihdemu.com\/wp-content\/uploads\/2022\/11\/Instituto-Hispanico-de-Murcia-Colaboradores-Obra-Social-La-Caixa-100x100.png 100w\" sizes=\"(max-width: 200px) 100vw, 200px\" \/>\t\t\t\t\t\t\t\t<\/a>\n\t\t\t\t\t\t\t\t\t\t\t\t\t\t\t<\/div>\n\t\t\t\t<\/div>\n\t\t\t\t\t<\/div>\n\t\t<\/div>\n\t\t\t\t<div class=\"elementor-column elementor-col-16 elementor-inner-column elementor-element elementor-element-0610f67 col\" data-id=\"0610f67\" data-element_type=\"column\" data-e-type=\"column\">\n\t\t\t<div class=\"elementor-widget-wrap elementor-element-populated\">\n\t\t\t\t\t\t<div class=\"elementor-element elementor-element-3e36dcb elementor-widget elementor-widget-image\" data-id=\"3e36dcb\" data-element_type=\"widget\" data-e-type=\"widget\" data-widget_type=\"image.default\">\n\t\t\t\t<div class=\"elementor-widget-container\">\n\t\t\t\t\t\t\t\t\t\t\t\t\t\t\t\t<a href=\"https:\/\/virtuale.unibo.it\/\" target=\"_blank\" rel=\"nofollow noopener\">\n\t\t\t\t\t\t\t<img loading=\"lazy\" decoding=\"async\" width=\"200\" height=\"200\" src=\"https:\/\/ihdemu.com\/wp-content\/uploads\/2022\/11\/Instituto-Hispanico-de-Murcia-Colaboradores-Universidad-Bologna.png\" class=\"attachment-full size-full wp-image-6125\" alt=\"Instituto Hispanico de Murcia - Colaboradores - Universidad Bologna\" srcset=\"https:\/\/ihdemu.com\/wp-content\/uploads\/2022\/11\/Instituto-Hispanico-de-Murcia-Colaboradores-Universidad-Bologna.png 200w, https:\/\/ihdemu.com\/wp-content\/uploads\/2022\/11\/Instituto-Hispanico-de-Murcia-Colaboradores-Universidad-Bologna-150x150.png 150w, https:\/\/ihdemu.com\/wp-content\/uploads\/2022\/11\/Instituto-Hispanico-de-Murcia-Colaboradores-Universidad-Bologna-100x100.png 100w\" sizes=\"(max-width: 200px) 100vw, 200px\" \/>\t\t\t\t\t\t\t\t<\/a>\n\t\t\t\t\t\t\t\t\t\t\t\t\t\t\t<\/div>\n\t\t\t\t<\/div>\n\t\t\t\t\t<\/div>\n\t\t<\/div>\n\t\t\t\t<div class=\"elementor-column elementor-col-16 elementor-inner-column elementor-element elementor-element-e2a8bca col\" data-id=\"e2a8bca\" data-element_type=\"column\" data-e-type=\"column\">\n\t\t\t<div class=\"elementor-widget-wrap elementor-element-populated\">\n\t\t\t\t\t\t<div class=\"elementor-element elementor-element-ceae53a elementor-widget elementor-widget-image\" data-id=\"ceae53a\" data-element_type=\"widget\" data-e-type=\"widget\" data-widget_type=\"image.default\">\n\t\t\t\t<div class=\"elementor-widget-container\">\n\t\t\t\t\t\t\t\t\t\t\t\t\t\t\t\t<a href=\"https:\/\/www.ruhr-uni-bochum.de\/en\" target=\"_blank\" rel=\"nofollow noopener\">\n\t\t\t\t\t\t\t<img loading=\"lazy\" decoding=\"async\" width=\"200\" height=\"200\" src=\"https:\/\/ihdemu.com\/wp-content\/uploads\/2022\/11\/Instituto-Hispanico-de-Murcia-Colaboradores-Rurh-Universitat-Bochum.png\" class=\"attachment-full size-full wp-image-1034\" alt=\"Instituto Hispanico de Murcia - Colaboradores - Rurh Universitat Bochum\" srcset=\"https:\/\/ihdemu.com\/wp-content\/uploads\/2022\/11\/Instituto-Hispanico-de-Murcia-Colaboradores-Rurh-Universitat-Bochum.png 200w, https:\/\/ihdemu.com\/wp-content\/uploads\/2022\/11\/Instituto-Hispanico-de-Murcia-Colaboradores-Rurh-Universitat-Bochum-150x150.png 150w, https:\/\/ihdemu.com\/wp-content\/uploads\/2022\/11\/Instituto-Hispanico-de-Murcia-Colaboradores-Rurh-Universitat-Bochum-100x100.png 100w\" sizes=\"(max-width: 200px) 100vw, 200px\" \/>\t\t\t\t\t\t\t\t<\/a>\n\t\t\t\t\t\t\t\t\t\t\t\t\t\t\t<\/div>\n\t\t\t\t<\/div>\n\t\t\t\t\t<\/div>\n\t\t<\/div>\n\t\t\t\t<div class=\"elementor-column elementor-col-16 elementor-inner-column elementor-element elementor-element-459942d col\" data-id=\"459942d\" data-element_type=\"column\" data-e-type=\"column\">\n\t\t\t<div class=\"elementor-widget-wrap elementor-element-populated\">\n\t\t\t\t\t\t<div class=\"elementor-element elementor-element-df1ecaa elementor-widget elementor-widget-image\" data-id=\"df1ecaa\" data-element_type=\"widget\" data-e-type=\"widget\" data-widget_type=\"image.default\">\n\t\t\t\t<div class=\"elementor-widget-container\">\n\t\t\t\t\t\t\t\t\t\t\t\t\t\t\t\t<a href=\"https:\/\/www.oulu.fi\/en\" target=\"_blank\" rel=\"nofollow noopener\">\n\t\t\t\t\t\t\t<img loading=\"lazy\" decoding=\"async\" width=\"200\" height=\"200\" src=\"https:\/\/ihdemu.com\/wp-content\/uploads\/2022\/11\/Instituto-Hispanico-de-Murcia-Colaboradores-OULU.png\" class=\"attachment-full size-full wp-image-6043\" alt=\"Instituto Hispanico de Murcia - Colaboradores - OULU\" srcset=\"https:\/\/ihdemu.com\/wp-content\/uploads\/2022\/11\/Instituto-Hispanico-de-Murcia-Colaboradores-OULU.png 200w, https:\/\/ihdemu.com\/wp-content\/uploads\/2022\/11\/Instituto-Hispanico-de-Murcia-Colaboradores-OULU-150x150.png 150w, https:\/\/ihdemu.com\/wp-content\/uploads\/2022\/11\/Instituto-Hispanico-de-Murcia-Colaboradores-OULU-100x100.png 100w\" sizes=\"(max-width: 200px) 100vw, 200px\" \/>\t\t\t\t\t\t\t\t<\/a>\n\t\t\t\t\t\t\t\t\t\t\t\t\t\t\t<\/div>\n\t\t\t\t<\/div>\n\t\t\t\t\t<\/div>\n\t\t<\/div>\n\t\t\t\t<div class=\"elementor-column elementor-col-16 elementor-inner-column elementor-element elementor-element-f819908 col\" data-id=\"f819908\" data-element_type=\"column\" data-e-type=\"column\">\n\t\t\t<div class=\"elementor-widget-wrap elementor-element-populated\">\n\t\t\t\t\t\t<div class=\"elementor-element elementor-element-ecf997a elementor-widget elementor-widget-image\" data-id=\"ecf997a\" data-element_type=\"widget\" data-e-type=\"widget\" data-widget_type=\"image.default\">\n\t\t\t\t<div class=\"elementor-widget-container\">\n\t\t\t\t\t\t\t\t\t\t\t\t\t\t\t\t<a href=\"https:\/\/cuni.cz\/uken-1.html\" target=\"_blank\" rel=\"nofollow noopener\">\n\t\t\t\t\t\t\t<img loading=\"lazy\" decoding=\"async\" width=\"200\" height=\"200\" src=\"https:\/\/ihdemu.com\/wp-content\/uploads\/2022\/11\/Instituto-Hispanico-de-Murcia-Colaboradores-Charles-University.png\" class=\"attachment-full size-full wp-image-5989\" alt=\"Instituto Hispanico de Murcia - Colaboradores - Charles University\" srcset=\"https:\/\/ihdemu.com\/wp-content\/uploads\/2022\/11\/Instituto-Hispanico-de-Murcia-Colaboradores-Charles-University.png 200w, https:\/\/ihdemu.com\/wp-content\/uploads\/2022\/11\/Instituto-Hispanico-de-Murcia-Colaboradores-Charles-University-150x150.png 150w, https:\/\/ihdemu.com\/wp-content\/uploads\/2022\/11\/Instituto-Hispanico-de-Murcia-Colaboradores-Charles-University-100x100.png 100w\" sizes=\"(max-width: 200px) 100vw, 200px\" \/>\t\t\t\t\t\t\t\t<\/a>\n\t\t\t\t\t\t\t\t\t\t\t\t\t\t\t<\/div>\n\t\t\t\t<\/div>\n\t\t\t\t\t<\/div>\n\t\t<\/div>\n\t\t\t\t<div class=\"elementor-column elementor-col-16 elementor-inner-column elementor-element elementor-element-99acb21 col\" data-id=\"99acb21\" data-element_type=\"column\" data-e-type=\"column\">\n\t\t\t<div class=\"elementor-widget-wrap elementor-element-populated\">\n\t\t\t\t\t\t<div class=\"elementor-element elementor-element-6d423e5 elementor-widget elementor-widget-image\" data-id=\"6d423e5\" data-element_type=\"widget\" data-e-type=\"widget\" data-widget_type=\"image.default\">\n\t\t\t\t<div class=\"elementor-widget-container\">\n\t\t\t\t\t\t\t\t\t\t\t\t\t\t\t\t<a href=\"https:\/\/www.kul.pl\/\" target=\"_blank\" rel=\"nofollow noopener\">\n\t\t\t\t\t\t\t<img loading=\"lazy\" decoding=\"async\" width=\"200\" height=\"200\" src=\"https:\/\/ihdemu.com\/wp-content\/uploads\/2022\/11\/Instituto-Hispanico-de-Murcia-Colaboradores-Juan-Pablo-II.png\" class=\"attachment-full size-full wp-image-5974\" alt=\"Instituto Hispanico de Murcia - Colaboradores - Juan Pablo II\" srcset=\"https:\/\/ihdemu.com\/wp-content\/uploads\/2022\/11\/Instituto-Hispanico-de-Murcia-Colaboradores-Juan-Pablo-II.png 200w, https:\/\/ihdemu.com\/wp-content\/uploads\/2022\/11\/Instituto-Hispanico-de-Murcia-Colaboradores-Juan-Pablo-II-150x150.png 150w, https:\/\/ihdemu.com\/wp-content\/uploads\/2022\/11\/Instituto-Hispanico-de-Murcia-Colaboradores-Juan-Pablo-II-100x100.png 100w\" sizes=\"(max-width: 200px) 100vw, 200px\" \/>\t\t\t\t\t\t\t\t<\/a>\n\t\t\t\t\t\t\t\t\t\t\t\t\t\t\t<\/div>\n\t\t\t\t<\/div>\n\t\t\t\t\t<\/div>\n\t\t<\/div>\n\t\t\t\t\t<\/div>\n\t\t<\/section>\n\t\t\t\t<section class=\"elementor-section elementor-inner-section elementor-element elementor-element-541cb0f logos elementor-section-boxed elementor-section-height-default elementor-section-height-default\" data-id=\"541cb0f\" data-element_type=\"section\" data-e-type=\"section\">\n\t\t\t\t\t\t<div class=\"elementor-container elementor-column-gap-default\">\n\t\t\t\t\t<div class=\"elementor-column elementor-col-16 elementor-inner-column elementor-element elementor-element-16538aa col\" data-id=\"16538aa\" data-element_type=\"column\" data-e-type=\"column\">\n\t\t\t<div class=\"elementor-widget-wrap elementor-element-populated\">\n\t\t\t\t\t\t<div class=\"elementor-element elementor-element-9d32f1c elementor-widget elementor-widget-image\" data-id=\"9d32f1c\" data-element_type=\"widget\" data-e-type=\"widget\" data-widget_type=\"image.default\">\n\t\t\t\t<div class=\"elementor-widget-container\">\n\t\t\t\t\t\t\t\t\t\t\t\t\t\t\t\t<a href=\"https:\/\/uniba.sk\/en\/\" target=\"_blank\" rel=\"nofollow noopener\">\n\t\t\t\t\t\t\t<img loading=\"lazy\" decoding=\"async\" width=\"200\" height=\"200\" src=\"https:\/\/ihdemu.com\/wp-content\/uploads\/2022\/11\/Instituto-Hispanico-de-Murcia-Colaboradores-Univerzita-Bratislave.png\" class=\"attachment-full size-full wp-image-1890\" alt=\"Instituto Hispanico de Murcia - Colaboradores - Univerzita Bratislave\" srcset=\"https:\/\/ihdemu.com\/wp-content\/uploads\/2022\/11\/Instituto-Hispanico-de-Murcia-Colaboradores-Univerzita-Bratislave.png 200w, https:\/\/ihdemu.com\/wp-content\/uploads\/2022\/11\/Instituto-Hispanico-de-Murcia-Colaboradores-Univerzita-Bratislave-150x150.png 150w, https:\/\/ihdemu.com\/wp-content\/uploads\/2022\/11\/Instituto-Hispanico-de-Murcia-Colaboradores-Univerzita-Bratislave-100x100.png 100w\" sizes=\"(max-width: 200px) 100vw, 200px\" \/>\t\t\t\t\t\t\t\t<\/a>\n\t\t\t\t\t\t\t\t\t\t\t\t\t\t\t<\/div>\n\t\t\t\t<\/div>\n\t\t\t\t\t<\/div>\n\t\t<\/div>\n\t\t\t\t<div class=\"elementor-column elementor-col-16 elementor-inner-column elementor-element elementor-element-23e8a95 col\" data-id=\"23e8a95\" data-element_type=\"column\" data-e-type=\"column\">\n\t\t\t<div class=\"elementor-widget-wrap elementor-element-populated\">\n\t\t\t\t\t\t<div class=\"elementor-element elementor-element-4efb43e elementor-widget elementor-widget-image\" data-id=\"4efb43e\" data-element_type=\"widget\" data-e-type=\"widget\" data-widget_type=\"image.default\">\n\t\t\t\t<div class=\"elementor-widget-container\">\n\t\t\t\t\t\t\t\t\t\t\t\t\t\t\t\t<a href=\"https:\/\/www.ucjc.edu\/\" target=\"_blank\" rel=\"nofollow noopener\">\n\t\t\t\t\t\t\t<img loading=\"lazy\" decoding=\"async\" width=\"200\" height=\"200\" src=\"https:\/\/ihdemu.com\/wp-content\/uploads\/2022\/11\/Instituto-Hispanico-de-Murcia-Colaboradores-Universidad-Camilo-Jose-Cela.png\" class=\"attachment-full size-full wp-image-6116\" alt=\"Instituto Hispanico de Murcia - Colaboradores - Universidad Camilo Jose Cela\" srcset=\"https:\/\/ihdemu.com\/wp-content\/uploads\/2022\/11\/Instituto-Hispanico-de-Murcia-Colaboradores-Universidad-Camilo-Jose-Cela.png 200w, https:\/\/ihdemu.com\/wp-content\/uploads\/2022\/11\/Instituto-Hispanico-de-Murcia-Colaboradores-Universidad-Camilo-Jose-Cela-150x150.png 150w, https:\/\/ihdemu.com\/wp-content\/uploads\/2022\/11\/Instituto-Hispanico-de-Murcia-Colaboradores-Universidad-Camilo-Jose-Cela-100x100.png 100w\" sizes=\"(max-width: 200px) 100vw, 200px\" \/>\t\t\t\t\t\t\t\t<\/a>\n\t\t\t\t\t\t\t\t\t\t\t\t\t\t\t<\/div>\n\t\t\t\t<\/div>\n\t\t\t\t\t<\/div>\n\t\t<\/div>\n\t\t\t\t<div class=\"elementor-column elementor-col-16 elementor-inner-column elementor-element elementor-element-f94d2d2 col\" data-id=\"f94d2d2\" data-element_type=\"column\" data-e-type=\"column\">\n\t\t\t<div class=\"elementor-widget-wrap elementor-element-populated\">\n\t\t\t\t\t\t<div class=\"elementor-element elementor-element-c8996ef elementor-widget elementor-widget-image\" data-id=\"c8996ef\" data-element_type=\"widget\" data-e-type=\"widget\" data-widget_type=\"image.default\">\n\t\t\t\t<div class=\"elementor-widget-container\">\n\t\t\t\t\t\t\t\t\t\t\t\t\t\t\t\t<a href=\"https:\/\/www.upo.es\/portal\/impe\/web\/portada\/index.html\" target=\"_blank\" rel=\"nofollow noopener\">\n\t\t\t\t\t\t\t<img loading=\"lazy\" decoding=\"async\" width=\"200\" height=\"200\" src=\"https:\/\/ihdemu.com\/wp-content\/uploads\/2022\/11\/Instituto-Hispanico-de-Murcia-Colaboradores-Universidad-Pablo-de-Olavide.png\" class=\"attachment-full size-full wp-image-6080\" alt=\"Instituto Hispanico de Murcia - Colaboradores - Universidad Pablo de Olavide\" srcset=\"https:\/\/ihdemu.com\/wp-content\/uploads\/2022\/11\/Instituto-Hispanico-de-Murcia-Colaboradores-Universidad-Pablo-de-Olavide.png 200w, https:\/\/ihdemu.com\/wp-content\/uploads\/2022\/11\/Instituto-Hispanico-de-Murcia-Colaboradores-Universidad-Pablo-de-Olavide-150x150.png 150w, https:\/\/ihdemu.com\/wp-content\/uploads\/2022\/11\/Instituto-Hispanico-de-Murcia-Colaboradores-Universidad-Pablo-de-Olavide-100x100.png 100w\" sizes=\"(max-width: 200px) 100vw, 200px\" \/>\t\t\t\t\t\t\t\t<\/a>\n\t\t\t\t\t\t\t\t\t\t\t\t\t\t\t<\/div>\n\t\t\t\t<\/div>\n\t\t\t\t\t<\/div>\n\t\t<\/div>\n\t\t\t\t<div class=\"elementor-column elementor-col-16 elementor-inner-column elementor-element elementor-element-682ffaa col\" data-id=\"682ffaa\" data-element_type=\"column\" data-e-type=\"column\">\n\t\t\t<div class=\"elementor-widget-wrap elementor-element-populated\">\n\t\t\t\t\t\t<div class=\"elementor-element elementor-element-40e1a19 elementor-widget elementor-widget-image\" data-id=\"40e1a19\" data-element_type=\"widget\" data-e-type=\"widget\" data-widget_type=\"image.default\">\n\t\t\t\t<div class=\"elementor-widget-container\">\n\t\t\t\t\t\t\t\t\t\t\t\t\t\t\t\t<a href=\"https:\/\/www.ucam.edu\/\" target=\"_blank\" rel=\"nofollow noopener\">\n\t\t\t\t\t\t\t<img loading=\"lazy\" decoding=\"async\" width=\"200\" height=\"200\" src=\"https:\/\/ihdemu.com\/wp-content\/uploads\/2022\/11\/Instituto-Hispanico-de-Murcia-Colaboradores-UCAM.png\" class=\"attachment-full size-full wp-image-6034\" alt=\"Instituto Hispanico de Murcia - Colaboradores - UCAM\" srcset=\"https:\/\/ihdemu.com\/wp-content\/uploads\/2022\/11\/Instituto-Hispanico-de-Murcia-Colaboradores-UCAM.png 200w, https:\/\/ihdemu.com\/wp-content\/uploads\/2022\/11\/Instituto-Hispanico-de-Murcia-Colaboradores-UCAM-150x150.png 150w, https:\/\/ihdemu.com\/wp-content\/uploads\/2022\/11\/Instituto-Hispanico-de-Murcia-Colaboradores-UCAM-100x100.png 100w\" sizes=\"(max-width: 200px) 100vw, 200px\" \/>\t\t\t\t\t\t\t\t<\/a>\n\t\t\t\t\t\t\t\t\t\t\t\t\t\t\t<\/div>\n\t\t\t\t<\/div>\n\t\t\t\t\t<\/div>\n\t\t<\/div>\n\t\t\t\t<div class=\"elementor-column elementor-col-16 elementor-inner-column elementor-element elementor-element-2dd3d80 col\" data-id=\"2dd3d80\" data-element_type=\"column\" data-e-type=\"column\">\n\t\t\t<div class=\"elementor-widget-wrap elementor-element-populated\">\n\t\t\t\t\t\t<div class=\"elementor-element elementor-element-8f0f7c5 elementor-widget elementor-widget-image\" data-id=\"8f0f7c5\" data-element_type=\"widget\" data-e-type=\"widget\" data-widget_type=\"image.default\">\n\t\t\t\t<div class=\"elementor-widget-container\">\n\t\t\t\t\t\t\t\t\t\t\t\t\t\t\t\t<a href=\"https:\/\/www.vu.lt\/en\" target=\"_blank\" rel=\"nofollow noopener\">\n\t\t\t\t\t\t\t<img loading=\"lazy\" decoding=\"async\" width=\"200\" height=\"200\" src=\"https:\/\/ihdemu.com\/wp-content\/uploads\/2022\/11\/Instituto-Hispanico-de-Murcia-Colaboradores-Universitas-Vilnensis.jpg\" class=\"attachment-full size-full wp-image-1854\" alt=\"Instituto Hispanico de Murcia - Colaboradores - Universitas Vilnensis\" srcset=\"https:\/\/ihdemu.com\/wp-content\/uploads\/2022\/11\/Instituto-Hispanico-de-Murcia-Colaboradores-Universitas-Vilnensis.jpg 200w, https:\/\/ihdemu.com\/wp-content\/uploads\/2022\/11\/Instituto-Hispanico-de-Murcia-Colaboradores-Universitas-Vilnensis-150x150.jpg 150w, https:\/\/ihdemu.com\/wp-content\/uploads\/2022\/11\/Instituto-Hispanico-de-Murcia-Colaboradores-Universitas-Vilnensis-100x100.jpg 100w\" sizes=\"(max-width: 200px) 100vw, 200px\" \/>\t\t\t\t\t\t\t\t<\/a>\n\t\t\t\t\t\t\t\t\t\t\t\t\t\t\t<\/div>\n\t\t\t\t<\/div>\n\t\t\t\t\t<\/div>\n\t\t<\/div>\n\t\t\t\t<div class=\"elementor-column elementor-col-16 elementor-inner-column elementor-element elementor-element-404f418 col\" data-id=\"404f418\" data-element_type=\"column\" data-e-type=\"column\">\n\t\t\t<div class=\"elementor-widget-wrap elementor-element-populated\">\n\t\t\t\t\t\t<div class=\"elementor-element elementor-element-7e7a78b elementor-widget elementor-widget-image\" data-id=\"7e7a78b\" data-element_type=\"widget\" data-e-type=\"widget\" data-widget_type=\"image.default\">\n\t\t\t\t<div class=\"elementor-widget-container\">\n\t\t\t\t\t\t\t\t\t\t\t\t\t\t\t\t<a href=\"https:\/\/www.uneatlantico.es\/\" target=\"_blank\" rel=\"nofollow noopener\">\n\t\t\t\t\t\t\t<img loading=\"lazy\" decoding=\"async\" width=\"200\" height=\"200\" src=\"https:\/\/ihdemu.com\/wp-content\/uploads\/2022\/11\/Instituto-Hispanico-de-Murcia-Colaboradores-Universidad-del-Atlantico.png\" class=\"attachment-full size-full wp-image-6062\" alt=\"Instituto Hispanico de Murcia - Colaboradores - Universidad del Atlantico\" srcset=\"https:\/\/ihdemu.com\/wp-content\/uploads\/2022\/11\/Instituto-Hispanico-de-Murcia-Colaboradores-Universidad-del-Atlantico.png 200w, https:\/\/ihdemu.com\/wp-content\/uploads\/2022\/11\/Instituto-Hispanico-de-Murcia-Colaboradores-Universidad-del-Atlantico-150x150.png 150w, https:\/\/ihdemu.com\/wp-content\/uploads\/2022\/11\/Instituto-Hispanico-de-Murcia-Colaboradores-Universidad-del-Atlantico-100x100.png 100w\" sizes=\"(max-width: 200px) 100vw, 200px\" \/>\t\t\t\t\t\t\t\t<\/a>\n\t\t\t\t\t\t\t\t\t\t\t\t\t\t\t<\/div>\n\t\t\t\t<\/div>\n\t\t\t\t\t<\/div>\n\t\t<\/div>\n\t\t\t\t\t<\/div>\n\t\t<\/section>\n\t\t\t\t<section class=\"elementor-section elementor-inner-section elementor-element elementor-element-1e2ad22 logos elementor-section-boxed elementor-section-height-default elementor-section-height-default\" data-id=\"1e2ad22\" data-element_type=\"section\" data-e-type=\"section\">\n\t\t\t\t\t\t<div class=\"elementor-container elementor-column-gap-default\">\n\t\t\t\t\t<div class=\"elementor-column elementor-col-16 elementor-inner-column elementor-element elementor-element-d964741 col\" data-id=\"d964741\" data-element_type=\"column\" data-e-type=\"column\">\n\t\t\t<div class=\"elementor-widget-wrap elementor-element-populated\">\n\t\t\t\t\t\t<div class=\"elementor-element elementor-element-bfffe43 elementor-widget elementor-widget-image\" data-id=\"bfffe43\" data-element_type=\"widget\" data-e-type=\"widget\" data-widget_type=\"image.default\">\n\t\t\t\t<div class=\"elementor-widget-container\">\n\t\t\t\t\t\t\t\t\t\t\t\t\t\t\t\t<a href=\"https:\/\/www.um.es\/\" target=\"_blank\" rel=\"nofollow noopener\">\n\t\t\t\t\t\t\t<img loading=\"lazy\" decoding=\"async\" width=\"200\" height=\"200\" src=\"https:\/\/ihdemu.com\/wp-content\/uploads\/2022\/11\/Instituto-Hispanico-de-Murcia-Colaboradores-Universidad-de-Murcia-1.png\" class=\"attachment-full size-full wp-image-6025\" alt=\"Instituto Hispanico de Murcia - Colaboradores - Universidad de Murcia\" srcset=\"https:\/\/ihdemu.com\/wp-content\/uploads\/2022\/11\/Instituto-Hispanico-de-Murcia-Colaboradores-Universidad-de-Murcia-1.png 200w, https:\/\/ihdemu.com\/wp-content\/uploads\/2022\/11\/Instituto-Hispanico-de-Murcia-Colaboradores-Universidad-de-Murcia-1-150x150.png 150w, https:\/\/ihdemu.com\/wp-content\/uploads\/2022\/11\/Instituto-Hispanico-de-Murcia-Colaboradores-Universidad-de-Murcia-1-100x100.png 100w\" sizes=\"(max-width: 200px) 100vw, 200px\" \/>\t\t\t\t\t\t\t\t<\/a>\n\t\t\t\t\t\t\t\t\t\t\t\t\t\t\t<\/div>\n\t\t\t\t<\/div>\n\t\t\t\t\t<\/div>\n\t\t<\/div>\n\t\t\t\t<div class=\"elementor-column elementor-col-16 elementor-inner-column elementor-element elementor-element-ab73639 col\" data-id=\"ab73639\" data-element_type=\"column\" data-e-type=\"column\">\n\t\t\t<div class=\"elementor-widget-wrap elementor-element-populated\">\n\t\t\t\t\t\t<div class=\"elementor-element elementor-element-e6df2be elementor-widget elementor-widget-image\" data-id=\"e6df2be\" data-element_type=\"widget\" data-e-type=\"widget\" data-widget_type=\"image.default\">\n\t\t\t\t<div class=\"elementor-widget-container\">\n\t\t\t\t\t\t\t\t\t\t\t\t\t\t\t\t<a href=\"https:\/\/www.ufv.es\/\" target=\"_blank\" rel=\"nofollow noopener\">\n\t\t\t\t\t\t\t<img loading=\"lazy\" decoding=\"async\" width=\"200\" height=\"200\" src=\"https:\/\/ihdemu.com\/wp-content\/uploads\/2022\/11\/Instituto-Hispanico-de-Murcia-Colaboradores-Universidad-Francisco-de-Vitoria.png\" class=\"attachment-full size-full wp-image-1479\" alt=\"Instituto Hispanico de Murcia - Colaboradores - Universidad Francisco de Vitoria\" srcset=\"https:\/\/ihdemu.com\/wp-content\/uploads\/2022\/11\/Instituto-Hispanico-de-Murcia-Colaboradores-Universidad-Francisco-de-Vitoria.png 200w, https:\/\/ihdemu.com\/wp-content\/uploads\/2022\/11\/Instituto-Hispanico-de-Murcia-Colaboradores-Universidad-Francisco-de-Vitoria-150x150.png 150w, https:\/\/ihdemu.com\/wp-content\/uploads\/2022\/11\/Instituto-Hispanico-de-Murcia-Colaboradores-Universidad-Francisco-de-Vitoria-100x100.png 100w\" sizes=\"(max-width: 200px) 100vw, 200px\" \/>\t\t\t\t\t\t\t\t<\/a>\n\t\t\t\t\t\t\t\t\t\t\t\t\t\t\t<\/div>\n\t\t\t\t<\/div>\n\t\t\t\t\t<\/div>\n\t\t<\/div>\n\t\t\t\t<div class=\"elementor-column elementor-col-16 elementor-inner-column elementor-element elementor-element-953c22a col\" data-id=\"953c22a\" data-element_type=\"column\" data-e-type=\"column\">\n\t\t\t<div class=\"elementor-widget-wrap elementor-element-populated\">\n\t\t\t\t\t\t<div class=\"elementor-element elementor-element-424218f elementor-widget elementor-widget-image\" data-id=\"424218f\" data-element_type=\"widget\" data-e-type=\"widget\" data-widget_type=\"image.default\">\n\t\t\t\t<div class=\"elementor-widget-container\">\n\t\t\t\t\t\t\t\t\t\t\t\t\t\t\t\t<a href=\"https:\/\/www.udg.edu\/ca\/\" target=\"_blank\" rel=\"nofollow noopener\">\n\t\t\t\t\t\t\t<img loading=\"lazy\" decoding=\"async\" width=\"200\" height=\"200\" src=\"https:\/\/ihdemu.com\/wp-content\/uploads\/2022\/11\/Instituto-Hispanico-de-Murcia-Colaboradores-Universitat-de-Girona.png\" class=\"attachment-full size-full wp-image-6107\" alt=\"Instituto Hispanico de Murcia - Colaboradores - Universitat de Girona\" srcset=\"https:\/\/ihdemu.com\/wp-content\/uploads\/2022\/11\/Instituto-Hispanico-de-Murcia-Colaboradores-Universitat-de-Girona.png 200w, https:\/\/ihdemu.com\/wp-content\/uploads\/2022\/11\/Instituto-Hispanico-de-Murcia-Colaboradores-Universitat-de-Girona-150x150.png 150w, https:\/\/ihdemu.com\/wp-content\/uploads\/2022\/11\/Instituto-Hispanico-de-Murcia-Colaboradores-Universitat-de-Girona-100x100.png 100w\" sizes=\"(max-width: 200px) 100vw, 200px\" \/>\t\t\t\t\t\t\t\t<\/a>\n\t\t\t\t\t\t\t\t\t\t\t\t\t\t\t<\/div>\n\t\t\t\t<\/div>\n\t\t\t\t\t<\/div>\n\t\t<\/div>\n\t\t\t\t<div class=\"elementor-column elementor-col-16 elementor-inner-column elementor-element elementor-element-e03ed06 col\" data-id=\"e03ed06\" data-element_type=\"column\" data-e-type=\"column\">\n\t\t\t<div class=\"elementor-widget-wrap elementor-element-populated\">\n\t\t\t\t\t\t<div class=\"elementor-element elementor-element-40a0a65 elementor-widget elementor-widget-image\" data-id=\"40a0a65\" data-element_type=\"widget\" data-e-type=\"widget\" data-widget_type=\"image.default\">\n\t\t\t\t<div class=\"elementor-widget-container\">\n\t\t\t\t\t\t\t\t\t\t\t\t\t\t\t\t<a href=\"https:\/\/www.aston.ac.uk\/\" target=\"_blank\" rel=\"nofollow noopener\">\n\t\t\t\t\t\t\t<img loading=\"lazy\" decoding=\"async\" width=\"200\" height=\"200\" src=\"https:\/\/ihdemu.com\/wp-content\/uploads\/2022\/11\/Instituto-Hispanico-de-Murcia-Colaboradores-Aston-university.jpg\" class=\"attachment-full size-full wp-image-1647\" alt=\"Instituto Hispanico de Murcia - Colaboradores - Aston university\" srcset=\"https:\/\/ihdemu.com\/wp-content\/uploads\/2022\/11\/Instituto-Hispanico-de-Murcia-Colaboradores-Aston-university.jpg 200w, https:\/\/ihdemu.com\/wp-content\/uploads\/2022\/11\/Instituto-Hispanico-de-Murcia-Colaboradores-Aston-university-150x150.jpg 150w, https:\/\/ihdemu.com\/wp-content\/uploads\/2022\/11\/Instituto-Hispanico-de-Murcia-Colaboradores-Aston-university-100x100.jpg 100w\" sizes=\"(max-width: 200px) 100vw, 200px\" \/>\t\t\t\t\t\t\t\t<\/a>\n\t\t\t\t\t\t\t\t\t\t\t\t\t\t\t<\/div>\n\t\t\t\t<\/div>\n\t\t\t\t\t<\/div>\n\t\t<\/div>\n\t\t\t\t<div class=\"elementor-column elementor-col-16 elementor-inner-column elementor-element elementor-element-a882f38 col\" data-id=\"a882f38\" data-element_type=\"column\" data-e-type=\"column\">\n\t\t\t<div class=\"elementor-widget-wrap elementor-element-populated\">\n\t\t\t\t\t\t<div class=\"elementor-element elementor-element-0b282bb elementor-widget elementor-widget-image\" data-id=\"0b282bb\" data-element_type=\"widget\" data-e-type=\"widget\" data-widget_type=\"image.default\">\n\t\t\t\t<div class=\"elementor-widget-container\">\n\t\t\t\t\t\t\t\t\t\t\t\t\t\t\t\t<a href=\"https:\/\/www.unir.net\/\" target=\"_blank\" rel=\"nofollow noopener\">\n\t\t\t\t\t\t\t<img loading=\"lazy\" decoding=\"async\" width=\"200\" height=\"200\" src=\"https:\/\/ihdemu.com\/wp-content\/uploads\/2022\/11\/Instituto-Hispanico-de-Murcia-Colaboradores-Unir.jpg\" class=\"attachment-full size-full wp-image-1470\" alt=\"Instituto Hispanico de Murcia - Colaboradores - Unir\" srcset=\"https:\/\/ihdemu.com\/wp-content\/uploads\/2022\/11\/Instituto-Hispanico-de-Murcia-Colaboradores-Unir.jpg 200w, https:\/\/ihdemu.com\/wp-content\/uploads\/2022\/11\/Instituto-Hispanico-de-Murcia-Colaboradores-Unir-150x150.jpg 150w, https:\/\/ihdemu.com\/wp-content\/uploads\/2022\/11\/Instituto-Hispanico-de-Murcia-Colaboradores-Unir-100x100.jpg 100w\" sizes=\"(max-width: 200px) 100vw, 200px\" \/>\t\t\t\t\t\t\t\t<\/a>\n\t\t\t\t\t\t\t\t\t\t\t\t\t\t\t<\/div>\n\t\t\t\t<\/div>\n\t\t\t\t\t<\/div>\n\t\t<\/div>\n\t\t\t\t<div class=\"elementor-column elementor-col-16 elementor-inner-column elementor-element elementor-element-dfc1c92 col\" data-id=\"dfc1c92\" data-element_type=\"column\" data-e-type=\"column\">\n\t\t\t<div class=\"elementor-widget-wrap elementor-element-populated\">\n\t\t\t\t\t\t<div class=\"elementor-element elementor-element-bd0183e elementor-widget elementor-widget-image\" data-id=\"bd0183e\" data-element_type=\"widget\" data-e-type=\"widget\" data-widget_type=\"image.default\">\n\t\t\t\t<div class=\"elementor-widget-container\">\n\t\t\t\t\t\t\t\t\t\t\t\t\t\t\t\t<a href=\"https:\/\/www.westminster.ac.uk\/\" target=\"_blank\" rel=\"nofollow noopener\">\n\t\t\t\t\t\t\t<img loading=\"lazy\" decoding=\"async\" width=\"220\" height=\"220\" src=\"https:\/\/ihdemu.com\/wp-content\/uploads\/2022\/11\/Instituto-Hispanico-de-Murcia-Colaboradores-University-of-Westminster.jpg\" class=\"attachment-full size-full wp-image-1524\" alt=\"Instituto Hispanico de Murcia - Colaboradores - University of Westminster\" srcset=\"https:\/\/ihdemu.com\/wp-content\/uploads\/2022\/11\/Instituto-Hispanico-de-Murcia-Colaboradores-University-of-Westminster.jpg 220w, https:\/\/ihdemu.com\/wp-content\/uploads\/2022\/11\/Instituto-Hispanico-de-Murcia-Colaboradores-University-of-Westminster-150x150.jpg 150w, https:\/\/ihdemu.com\/wp-content\/uploads\/2022\/11\/Instituto-Hispanico-de-Murcia-Colaboradores-University-of-Westminster-100x100.jpg 100w\" sizes=\"(max-width: 220px) 100vw, 220px\" \/>\t\t\t\t\t\t\t\t<\/a>\n\t\t\t\t\t\t\t\t\t\t\t\t\t\t\t<\/div>\n\t\t\t\t<\/div>\n\t\t\t\t\t<\/div>\n\t\t<\/div>\n\t\t\t\t\t<\/div>\n\t\t<\/section>\n\t\t\t\t<section class=\"elementor-section elementor-inner-section elementor-element elementor-element-ecac1cc logos elementor-section-boxed elementor-section-height-default elementor-section-height-default\" data-id=\"ecac1cc\" data-element_type=\"section\" data-e-type=\"section\">\n\t\t\t\t\t\t<div class=\"elementor-container elementor-column-gap-default\">\n\t\t\t\t\t<div class=\"elementor-column elementor-col-16 elementor-inner-column elementor-element elementor-element-60f0c64 col\" data-id=\"60f0c64\" data-element_type=\"column\" data-e-type=\"column\">\n\t\t\t<div class=\"elementor-widget-wrap elementor-element-populated\">\n\t\t\t\t\t\t<div class=\"elementor-element elementor-element-94ac790 elementor-widget elementor-widget-image\" data-id=\"94ac790\" data-element_type=\"widget\" data-e-type=\"widget\" data-widget_type=\"image.default\">\n\t\t\t\t<div class=\"elementor-widget-container\">\n\t\t\t\t\t\t\t\t\t\t\t\t\t\t\t\t<a href=\"https:\/\/www.universidadviu.com\/es\/\" target=\"_blank\" rel=\"nofollow noopener\">\n\t\t\t\t\t\t\t<img loading=\"lazy\" decoding=\"async\" width=\"200\" height=\"200\" src=\"https:\/\/ihdemu.com\/wp-content\/uploads\/2022\/11\/Instituto-Hispanico-de-Murcia-Colaboradores-VIU.jpg\" class=\"attachment-full size-full wp-image-1169\" alt=\"Instituto Hispanico de Murcia - Colaboradores - VIU\" srcset=\"https:\/\/ihdemu.com\/wp-content\/uploads\/2022\/11\/Instituto-Hispanico-de-Murcia-Colaboradores-VIU.jpg 200w, https:\/\/ihdemu.com\/wp-content\/uploads\/2022\/11\/Instituto-Hispanico-de-Murcia-Colaboradores-VIU-150x150.jpg 150w, https:\/\/ihdemu.com\/wp-content\/uploads\/2022\/11\/Instituto-Hispanico-de-Murcia-Colaboradores-VIU-100x100.jpg 100w\" sizes=\"(max-width: 200px) 100vw, 200px\" \/>\t\t\t\t\t\t\t\t<\/a>\n\t\t\t\t\t\t\t\t\t\t\t\t\t\t\t<\/div>\n\t\t\t\t<\/div>\n\t\t\t\t\t<\/div>\n\t\t<\/div>\n\t\t\t\t<div class=\"elementor-column elementor-col-16 elementor-inner-column elementor-element elementor-element-fa51bc1 col\" data-id=\"fa51bc1\" data-element_type=\"column\" data-e-type=\"column\">\n\t\t\t<div class=\"elementor-widget-wrap elementor-element-populated\">\n\t\t\t\t\t\t<div class=\"elementor-element elementor-element-59f4fa6 elementor-widget elementor-widget-image\" data-id=\"59f4fa6\" data-element_type=\"widget\" data-e-type=\"widget\" data-widget_type=\"image.default\">\n\t\t\t\t<div class=\"elementor-widget-container\">\n\t\t\t\t\t\t\t\t\t\t\t\t\t\t\t\t<a href=\"https:\/\/www.essex.ac.uk\/\" target=\"_blank\" rel=\"nofollow noopener\">\n\t\t\t\t\t\t\t<img loading=\"lazy\" decoding=\"async\" width=\"200\" height=\"200\" src=\"https:\/\/ihdemu.com\/wp-content\/uploads\/2022\/11\/Instituto-Hispanico-de-Murcia-Colaboradores-University-Of-Essex.jpg\" class=\"attachment-full size-full wp-image-1160\" alt=\"Instituto Hispanico de Murcia - Colaboradores - University Of Essex\" srcset=\"https:\/\/ihdemu.com\/wp-content\/uploads\/2022\/11\/Instituto-Hispanico-de-Murcia-Colaboradores-University-Of-Essex.jpg 200w, https:\/\/ihdemu.com\/wp-content\/uploads\/2022\/11\/Instituto-Hispanico-de-Murcia-Colaboradores-University-Of-Essex-150x150.jpg 150w, https:\/\/ihdemu.com\/wp-content\/uploads\/2022\/11\/Instituto-Hispanico-de-Murcia-Colaboradores-University-Of-Essex-100x100.jpg 100w\" sizes=\"(max-width: 200px) 100vw, 200px\" \/>\t\t\t\t\t\t\t\t<\/a>\n\t\t\t\t\t\t\t\t\t\t\t\t\t\t\t<\/div>\n\t\t\t\t<\/div>\n\t\t\t\t\t<\/div>\n\t\t<\/div>\n\t\t\t\t<div class=\"elementor-column elementor-col-16 elementor-inner-column elementor-element elementor-element-b603542 col\" data-id=\"b603542\" data-element_type=\"column\" data-e-type=\"column\">\n\t\t\t<div class=\"elementor-widget-wrap elementor-element-populated\">\n\t\t\t\t\t\t<div class=\"elementor-element elementor-element-d17d9c7 elementor-widget elementor-widget-image\" data-id=\"d17d9c7\" data-element_type=\"widget\" data-e-type=\"widget\" data-widget_type=\"image.default\">\n\t\t\t\t<div class=\"elementor-widget-container\">\n\t\t\t\t\t\t\t\t\t\t\t\t\t\t\t\t<a href=\"https:\/\/www.youthshare-project.org\/\" target=\"_blank\" rel=\"nofollow noopener\">\n\t\t\t\t\t\t\t<img loading=\"lazy\" decoding=\"async\" width=\"200\" height=\"200\" src=\"https:\/\/ihdemu.com\/wp-content\/uploads\/2022\/11\/Instituto-Hispanico-de-Murcia-Colaboradores-Youthshare.png\" class=\"attachment-full size-full wp-image-6071\" alt=\"Instituto Hispanico de Murcia - Colaboradores - Youthshare\" srcset=\"https:\/\/ihdemu.com\/wp-content\/uploads\/2022\/11\/Instituto-Hispanico-de-Murcia-Colaboradores-Youthshare.png 200w, https:\/\/ihdemu.com\/wp-content\/uploads\/2022\/11\/Instituto-Hispanico-de-Murcia-Colaboradores-Youthshare-150x150.png 150w, https:\/\/ihdemu.com\/wp-content\/uploads\/2022\/11\/Instituto-Hispanico-de-Murcia-Colaboradores-Youthshare-100x100.png 100w\" sizes=\"(max-width: 200px) 100vw, 200px\" \/>\t\t\t\t\t\t\t\t<\/a>\n\t\t\t\t\t\t\t\t\t\t\t\t\t\t\t<\/div>\n\t\t\t\t<\/div>\n\t\t\t\t\t<\/div>\n\t\t<\/div>\n\t\t\t\t<div class=\"elementor-column elementor-col-16 elementor-inner-column elementor-element elementor-element-915938a col\" data-id=\"915938a\" data-element_type=\"column\" data-e-type=\"column\">\n\t\t\t<div class=\"elementor-widget-wrap elementor-element-populated\">\n\t\t\t\t\t\t<div class=\"elementor-element elementor-element-b390f26 elementor-widget elementor-widget-image\" data-id=\"b390f26\" data-element_type=\"widget\" data-e-type=\"widget\" data-widget_type=\"image.default\">\n\t\t\t\t<div class=\"elementor-widget-container\">\n\t\t\t\t\t\t\t\t\t\t\t\t\t\t\t\t<a href=\"https:\/\/asociacionintegracion.wordpress.com\/\" target=\"_blank\" rel=\"nofollow noopener\">\n\t\t\t\t\t\t\t<img loading=\"lazy\" decoding=\"async\" width=\"200\" height=\"200\" src=\"https:\/\/ihdemu.com\/wp-content\/uploads\/2022\/11\/Instituto-Hispanico-de-Murcia-Colaboradores-AEII.jpg\" class=\"attachment-full size-full wp-image-1296\" alt=\"Instituto Hispanico de Murcia - Colaboradores - AEII\" srcset=\"https:\/\/ihdemu.com\/wp-content\/uploads\/2022\/11\/Instituto-Hispanico-de-Murcia-Colaboradores-AEII.jpg 200w, https:\/\/ihdemu.com\/wp-content\/uploads\/2022\/11\/Instituto-Hispanico-de-Murcia-Colaboradores-AEII-150x150.jpg 150w, https:\/\/ihdemu.com\/wp-content\/uploads\/2022\/11\/Instituto-Hispanico-de-Murcia-Colaboradores-AEII-100x100.jpg 100w\" sizes=\"(max-width: 200px) 100vw, 200px\" \/>\t\t\t\t\t\t\t\t<\/a>\n\t\t\t\t\t\t\t\t\t\t\t\t\t\t\t<\/div>\n\t\t\t\t<\/div>\n\t\t\t\t\t<\/div>\n\t\t<\/div>\n\t\t\t\t<div class=\"elementor-column elementor-col-16 elementor-inner-column elementor-element elementor-element-45ccb7b col\" data-id=\"45ccb7b\" data-element_type=\"column\" data-e-type=\"column\">\n\t\t\t<div class=\"elementor-widget-wrap elementor-element-populated\">\n\t\t\t\t\t\t<div class=\"elementor-element elementor-element-06ad241 elementor-widget elementor-widget-image\" data-id=\"06ad241\" data-element_type=\"widget\" data-e-type=\"widget\" data-widget_type=\"image.default\">\n\t\t\t\t<div class=\"elementor-widget-container\">\n\t\t\t\t\t\t\t\t\t\t\t\t\t\t\t\t<a href=\"https:\/\/www.mdx.ac.uk\/\" target=\"_blank\" rel=\"nofollow noopener\">\n\t\t\t\t\t\t\t<img loading=\"lazy\" decoding=\"async\" width=\"200\" height=\"200\" src=\"https:\/\/ihdemu.com\/wp-content\/uploads\/2022\/11\/Instituto-Hispanico-de-Murcia-Colaboradores-Middlesex-University.jpg\" class=\"attachment-full size-full wp-image-989\" alt=\"Instituto Hispanico de Murcia - Colaboradores - Middlesex University\" srcset=\"https:\/\/ihdemu.com\/wp-content\/uploads\/2022\/11\/Instituto-Hispanico-de-Murcia-Colaboradores-Middlesex-University.jpg 200w, https:\/\/ihdemu.com\/wp-content\/uploads\/2022\/11\/Instituto-Hispanico-de-Murcia-Colaboradores-Middlesex-University-150x150.jpg 150w, https:\/\/ihdemu.com\/wp-content\/uploads\/2022\/11\/Instituto-Hispanico-de-Murcia-Colaboradores-Middlesex-University-100x100.jpg 100w\" sizes=\"(max-width: 200px) 100vw, 200px\" \/>\t\t\t\t\t\t\t\t<\/a>\n\t\t\t\t\t\t\t\t\t\t\t\t\t\t\t<\/div>\n\t\t\t\t<\/div>\n\t\t\t\t\t<\/div>\n\t\t<\/div>\n\t\t\t\t<div class=\"elementor-column elementor-col-16 elementor-inner-column elementor-element elementor-element-80e284c col\" data-id=\"80e284c\" data-element_type=\"column\" data-e-type=\"column\">\n\t\t\t<div class=\"elementor-widget-wrap elementor-element-populated\">\n\t\t\t\t\t\t<div class=\"elementor-element elementor-element-3f126e4 elementor-widget elementor-widget-image\" data-id=\"3f126e4\" data-element_type=\"widget\" data-e-type=\"widget\" data-widget_type=\"image.default\">\n\t\t\t\t<div class=\"elementor-widget-container\">\n\t\t\t\t\t\t\t\t\t\t\t\t\t\t\t\t<a href=\"https:\/\/www.univ-toulouse.fr\/\" target=\"_blank\" rel=\"nofollow noopener\">\n\t\t\t\t\t\t\t<img loading=\"lazy\" decoding=\"async\" width=\"200\" height=\"200\" src=\"https:\/\/ihdemu.com\/wp-content\/uploads\/2022\/11\/Instituto-Hispanico-de-Murcia-Colaboradores-Universite-de-Toulouse.png\" class=\"attachment-full size-full wp-image-1287\" alt=\"Instituto Hispanico de Murcia - Colaboradores - Universite de Toulouse\" srcset=\"https:\/\/ihdemu.com\/wp-content\/uploads\/2022\/11\/Instituto-Hispanico-de-Murcia-Colaboradores-Universite-de-Toulouse.png 200w, https:\/\/ihdemu.com\/wp-content\/uploads\/2022\/11\/Instituto-Hispanico-de-Murcia-Colaboradores-Universite-de-Toulouse-150x150.png 150w, https:\/\/ihdemu.com\/wp-content\/uploads\/2022\/11\/Instituto-Hispanico-de-Murcia-Colaboradores-Universite-de-Toulouse-100x100.png 100w\" sizes=\"(max-width: 200px) 100vw, 200px\" \/>\t\t\t\t\t\t\t\t<\/a>\n\t\t\t\t\t\t\t\t\t\t\t\t\t\t\t<\/div>\n\t\t\t\t<\/div>\n\t\t\t\t\t<\/div>\n\t\t<\/div>\n\t\t\t\t\t<\/div>\n\t\t<\/section>\n\t\t\t\t<section class=\"elementor-section elementor-inner-section elementor-element elementor-element-f0fb535 logos elementor-section-boxed elementor-section-height-default elementor-section-height-default\" data-id=\"f0fb535\" data-element_type=\"section\" data-e-type=\"section\">\n\t\t\t\t\t\t<div class=\"elementor-container elementor-column-gap-default\">\n\t\t\t\t\t<div class=\"elementor-column elementor-col-16 elementor-inner-column elementor-element elementor-element-d363e3d col\" data-id=\"d363e3d\" data-element_type=\"column\" data-e-type=\"column\">\n\t\t\t<div class=\"elementor-widget-wrap elementor-element-populated\">\n\t\t\t\t\t\t<div class=\"elementor-element elementor-element-805702d elementor-widget elementor-widget-image\" data-id=\"805702d\" data-element_type=\"widget\" data-e-type=\"widget\" data-widget_type=\"image.default\">\n\t\t\t\t<div class=\"elementor-widget-container\">\n\t\t\t\t\t\t\t\t\t\t\t\t\t\t\t\t<a href=\"https:\/\/www.bristol.ac.uk\/\" target=\"_blank\" rel=\"nofollow noopener\">\n\t\t\t\t\t\t\t<img loading=\"lazy\" decoding=\"async\" width=\"200\" height=\"200\" src=\"https:\/\/ihdemu.com\/wp-content\/uploads\/2022\/11\/Instituto-Hispanico-de-Murcia-Colaboradores-University-Of-Bristol.jpg\" class=\"attachment-full size-full wp-image-1151\" alt=\"Instituto Hispanico de Murcia - Colaboradores - University Of Bristol\" srcset=\"https:\/\/ihdemu.com\/wp-content\/uploads\/2022\/11\/Instituto-Hispanico-de-Murcia-Colaboradores-University-Of-Bristol.jpg 200w, https:\/\/ihdemu.com\/wp-content\/uploads\/2022\/11\/Instituto-Hispanico-de-Murcia-Colaboradores-University-Of-Bristol-150x150.jpg 150w, https:\/\/ihdemu.com\/wp-content\/uploads\/2022\/11\/Instituto-Hispanico-de-Murcia-Colaboradores-University-Of-Bristol-100x100.jpg 100w\" sizes=\"(max-width: 200px) 100vw, 200px\" \/>\t\t\t\t\t\t\t\t<\/a>\n\t\t\t\t\t\t\t\t\t\t\t\t\t\t\t<\/div>\n\t\t\t\t<\/div>\n\t\t\t\t\t<\/div>\n\t\t<\/div>\n\t\t\t\t<div class=\"elementor-column elementor-col-16 elementor-inner-column elementor-element elementor-element-82a6e1a col\" data-id=\"82a6e1a\" data-element_type=\"column\" data-e-type=\"column\">\n\t\t\t<div class=\"elementor-widget-wrap elementor-element-populated\">\n\t\t\t\t\t\t<div class=\"elementor-element elementor-element-4447668 elementor-widget elementor-widget-image\" data-id=\"4447668\" data-element_type=\"widget\" data-e-type=\"widget\" data-widget_type=\"image.default\">\n\t\t\t\t<div class=\"elementor-widget-container\">\n\t\t\t\t\t\t\t\t\t\t\t\t\t\t\t\t<a href=\"https:\/\/nouveau.univ-brest.fr\/iut-quimper\/fr\/\" target=\"_blank\" rel=\"nofollow noopener\">\n\t\t\t\t\t\t\t<img loading=\"lazy\" decoding=\"async\" width=\"200\" height=\"200\" src=\"https:\/\/ihdemu.com\/wp-content\/uploads\/2022\/11\/Instituto-Hispanico-de-Murcia-Colaboradores-IUT.png\" class=\"attachment-full size-full wp-image-6240\" alt=\"Instituto Hispanico de Murcia - Colaboradores - IUT\" srcset=\"https:\/\/ihdemu.com\/wp-content\/uploads\/2022\/11\/Instituto-Hispanico-de-Murcia-Colaboradores-IUT.png 200w, https:\/\/ihdemu.com\/wp-content\/uploads\/2022\/11\/Instituto-Hispanico-de-Murcia-Colaboradores-IUT-150x150.png 150w, https:\/\/ihdemu.com\/wp-content\/uploads\/2022\/11\/Instituto-Hispanico-de-Murcia-Colaboradores-IUT-100x100.png 100w\" sizes=\"(max-width: 200px) 100vw, 200px\" \/>\t\t\t\t\t\t\t\t<\/a>\n\t\t\t\t\t\t\t\t\t\t\t\t\t\t\t<\/div>\n\t\t\t\t<\/div>\n\t\t\t\t\t<\/div>\n\t\t<\/div>\n\t\t\t\t<div class=\"elementor-column elementor-col-16 elementor-inner-column elementor-element elementor-element-a615f6c col\" data-id=\"a615f6c\" data-element_type=\"column\" data-e-type=\"column\">\n\t\t\t<div class=\"elementor-widget-wrap elementor-element-populated\">\n\t\t\t\t\t\t<div class=\"elementor-element elementor-element-b6659aa elementor-widget elementor-widget-image\" data-id=\"b6659aa\" data-element_type=\"widget\" data-e-type=\"widget\" data-widget_type=\"image.default\">\n\t\t\t\t<div class=\"elementor-widget-container\">\n\t\t\t\t\t\t\t\t\t\t\t\t\t\t\t\t<a href=\"https:\/\/www.univ-rennes.fr\/\" target=\"_blank\" rel=\"nofollow noopener\">\n\t\t\t\t\t\t\t<img loading=\"lazy\" decoding=\"async\" width=\"200\" height=\"200\" src=\"https:\/\/ihdemu.com\/wp-content\/uploads\/2022\/11\/Instituto-Hispanico-de-Murcia-Colaboradores-Rennes.png\" class=\"attachment-full size-full wp-image-6231\" alt=\"Instituto Hispanico de Murcia - Colaboradores - Rennes\" srcset=\"https:\/\/ihdemu.com\/wp-content\/uploads\/2022\/11\/Instituto-Hispanico-de-Murcia-Colaboradores-Rennes.png 200w, https:\/\/ihdemu.com\/wp-content\/uploads\/2022\/11\/Instituto-Hispanico-de-Murcia-Colaboradores-Rennes-150x150.png 150w, https:\/\/ihdemu.com\/wp-content\/uploads\/2022\/11\/Instituto-Hispanico-de-Murcia-Colaboradores-Rennes-100x100.png 100w\" sizes=\"(max-width: 200px) 100vw, 200px\" \/>\t\t\t\t\t\t\t\t<\/a>\n\t\t\t\t\t\t\t\t\t\t\t\t\t\t\t<\/div>\n\t\t\t\t<\/div>\n\t\t\t\t\t<\/div>\n\t\t<\/div>\n\t\t\t\t<div class=\"elementor-column elementor-col-16 elementor-inner-column elementor-element elementor-element-7153999 col\" data-id=\"7153999\" data-element_type=\"column\" data-e-type=\"column\">\n\t\t\t<div class=\"elementor-widget-wrap elementor-element-populated\">\n\t\t\t\t\t\t<div class=\"elementor-element elementor-element-efa8825 elementor-widget elementor-widget-image\" data-id=\"efa8825\" data-element_type=\"widget\" data-e-type=\"widget\" data-widget_type=\"image.default\">\n\t\t\t\t<div class=\"elementor-widget-container\">\n\t\t\t\t\t\t\t\t\t\t\t\t\t\t\t\t<a href=\"https:\/\/www.uniud.it\/it\" target=\"_blank\" rel=\"nofollow noopener\">\n\t\t\t\t\t\t\t<img loading=\"lazy\" decoding=\"async\" width=\"200\" height=\"200\" src=\"https:\/\/ihdemu.com\/wp-content\/uploads\/2022\/11\/Instituto-Hispanico-de-Murcia-Colaboradores-Universita-Udine.jpeg\" class=\"attachment-full size-full wp-image-1836\" alt=\"Instituto Hispanico de Murcia - Colaboradores - Universita Udine\" srcset=\"https:\/\/ihdemu.com\/wp-content\/uploads\/2022\/11\/Instituto-Hispanico-de-Murcia-Colaboradores-Universita-Udine.jpeg 200w, https:\/\/ihdemu.com\/wp-content\/uploads\/2022\/11\/Instituto-Hispanico-de-Murcia-Colaboradores-Universita-Udine-150x150.jpeg 150w, https:\/\/ihdemu.com\/wp-content\/uploads\/2022\/11\/Instituto-Hispanico-de-Murcia-Colaboradores-Universita-Udine-100x100.jpeg 100w\" sizes=\"(max-width: 200px) 100vw, 200px\" \/>\t\t\t\t\t\t\t\t<\/a>\n\t\t\t\t\t\t\t\t\t\t\t\t\t\t\t<\/div>\n\t\t\t\t<\/div>\n\t\t\t\t\t<\/div>\n\t\t<\/div>\n\t\t\t\t<div class=\"elementor-column elementor-col-16 elementor-inner-column elementor-element elementor-element-b87194f col\" data-id=\"b87194f\" data-element_type=\"column\" data-e-type=\"column\">\n\t\t\t<div class=\"elementor-widget-wrap elementor-element-populated\">\n\t\t\t\t\t\t<div class=\"elementor-element elementor-element-331687c elementor-widget elementor-widget-image\" data-id=\"331687c\" data-element_type=\"widget\" data-e-type=\"widget\" data-widget_type=\"image.default\">\n\t\t\t\t<div class=\"elementor-widget-container\">\n\t\t\t\t\t\t\t\t\t\t\t\t\t\t\t\t<a href=\"https:\/\/www.cyu.fr\/\" target=\"_blank\" rel=\"nofollow noopener\">\n\t\t\t\t\t\t\t<img loading=\"lazy\" decoding=\"async\" width=\"200\" height=\"200\" src=\"https:\/\/ihdemu.com\/wp-content\/uploads\/2022\/11\/Instituto-Hispanico-de-Murcia-Colaboradores-Cergy-Paris-Universite.jpeg\" class=\"attachment-full size-full wp-image-1683\" alt=\"Instituto Hispanico de Murcia - Colaboradores - Cergy Paris Universite\" srcset=\"https:\/\/ihdemu.com\/wp-content\/uploads\/2022\/11\/Instituto-Hispanico-de-Murcia-Colaboradores-Cergy-Paris-Universite.jpeg 200w, https:\/\/ihdemu.com\/wp-content\/uploads\/2022\/11\/Instituto-Hispanico-de-Murcia-Colaboradores-Cergy-Paris-Universite-150x150.jpeg 150w, https:\/\/ihdemu.com\/wp-content\/uploads\/2022\/11\/Instituto-Hispanico-de-Murcia-Colaboradores-Cergy-Paris-Universite-100x100.jpeg 100w\" sizes=\"(max-width: 200px) 100vw, 200px\" \/>\t\t\t\t\t\t\t\t<\/a>\n\t\t\t\t\t\t\t\t\t\t\t\t\t\t\t<\/div>\n\t\t\t\t<\/div>\n\t\t\t\t\t<\/div>\n\t\t<\/div>\n\t\t\t\t<div class=\"elementor-column elementor-col-16 elementor-inner-column elementor-element elementor-element-b60f721 col\" data-id=\"b60f721\" data-element_type=\"column\" data-e-type=\"column\">\n\t\t\t<div class=\"elementor-widget-wrap elementor-element-populated\">\n\t\t\t\t\t\t<div class=\"elementor-element elementor-element-208fedc elementor-widget elementor-widget-image\" data-id=\"208fedc\" data-element_type=\"widget\" data-e-type=\"widget\" data-widget_type=\"image.default\">\n\t\t\t\t<div class=\"elementor-widget-container\">\n\t\t\t\t\t\t\t\t\t\t\t\t\t\t\t\t<a href=\"https:\/\/www.uniss.it\/it\" target=\"_blank\" rel=\"nofollow noopener\">\n\t\t\t\t\t\t\t<img loading=\"lazy\" decoding=\"async\" width=\"200\" height=\"200\" src=\"https:\/\/ihdemu.com\/wp-content\/uploads\/2022\/11\/Instituto-Hispanico-de-Murcia-Colaboradores-Universita-di-Sassari.png\" class=\"attachment-full size-full wp-image-1800\" alt=\"Instituto Hispanico de Murcia - Colaboradores - Universita di Sassari\" srcset=\"https:\/\/ihdemu.com\/wp-content\/uploads\/2022\/11\/Instituto-Hispanico-de-Murcia-Colaboradores-Universita-di-Sassari.png 200w, https:\/\/ihdemu.com\/wp-content\/uploads\/2022\/11\/Instituto-Hispanico-de-Murcia-Colaboradores-Universita-di-Sassari-150x150.png 150w, https:\/\/ihdemu.com\/wp-content\/uploads\/2022\/11\/Instituto-Hispanico-de-Murcia-Colaboradores-Universita-di-Sassari-100x100.png 100w\" sizes=\"(max-width: 200px) 100vw, 200px\" \/>\t\t\t\t\t\t\t\t<\/a>\n\t\t\t\t\t\t\t\t\t\t\t\t\t\t\t<\/div>\n\t\t\t\t<\/div>\n\t\t\t\t\t<\/div>\n\t\t<\/div>\n\t\t\t\t\t<\/div>\n\t\t<\/section>\n\t\t\t\t<section class=\"elementor-section elementor-inner-section elementor-element elementor-element-43ad439 logos elementor-section-boxed elementor-section-height-default elementor-section-height-default\" data-id=\"43ad439\" data-element_type=\"section\" data-e-type=\"section\">\n\t\t\t\t\t\t<div class=\"elementor-container elementor-column-gap-default\">\n\t\t\t\t\t<div class=\"elementor-column elementor-col-16 elementor-inner-column elementor-element elementor-element-a547f85 col\" data-id=\"a547f85\" data-element_type=\"column\" data-e-type=\"column\">\n\t\t\t<div class=\"elementor-widget-wrap elementor-element-populated\">\n\t\t\t\t\t\t<div class=\"elementor-element elementor-element-e659860 elementor-widget elementor-widget-image\" data-id=\"e659860\" data-element_type=\"widget\" data-e-type=\"widget\" data-widget_type=\"image.default\">\n\t\t\t\t<div class=\"elementor-widget-container\">\n\t\t\t\t\t\t\t\t\t\t\t\t\t\t\t\t<a href=\"https:\/\/www.univ-larochelle.fr\/\" target=\"_blank\" rel=\"noopener\">\n\t\t\t\t\t\t\t<img loading=\"lazy\" decoding=\"async\" width=\"200\" height=\"200\" src=\"https:\/\/ihdemu.com\/wp-content\/uploads\/2022\/11\/Instituto-Hispanico-de-Murcia-Colaboradores-Universite-La-Rochelle.png\" class=\"attachment-full size-full wp-image-1515\" alt=\"Instituto Hispanico de Murcia - Colaboradores - Universite La Rochelle\" srcset=\"https:\/\/ihdemu.com\/wp-content\/uploads\/2022\/11\/Instituto-Hispanico-de-Murcia-Colaboradores-Universite-La-Rochelle.png 200w, https:\/\/ihdemu.com\/wp-content\/uploads\/2022\/11\/Instituto-Hispanico-de-Murcia-Colaboradores-Universite-La-Rochelle-150x150.png 150w, https:\/\/ihdemu.com\/wp-content\/uploads\/2022\/11\/Instituto-Hispanico-de-Murcia-Colaboradores-Universite-La-Rochelle-100x100.png 100w\" sizes=\"(max-width: 200px) 100vw, 200px\" \/>\t\t\t\t\t\t\t\t<\/a>\n\t\t\t\t\t\t\t\t\t\t\t\t\t\t\t<\/div>\n\t\t\t\t<\/div>\n\t\t\t\t\t<\/div>\n\t\t<\/div>\n\t\t\t\t<div class=\"elementor-column elementor-col-16 elementor-inner-column elementor-element elementor-element-1d1feab col\" data-id=\"1d1feab\" data-element_type=\"column\" data-e-type=\"column\">\n\t\t\t<div class=\"elementor-widget-wrap elementor-element-populated\">\n\t\t\t\t\t\t<div class=\"elementor-element elementor-element-6df7192 elementor-widget elementor-widget-image\" data-id=\"6df7192\" data-element_type=\"widget\" data-e-type=\"widget\" data-widget_type=\"image.default\">\n\t\t\t\t<div class=\"elementor-widget-container\">\n\t\t\t\t\t\t\t\t\t\t\t\t\t\t\t\t<a href=\"https:\/\/www.unisalento.it\/\" target=\"_blank\" rel=\"nofollow noopener\">\n\t\t\t\t\t\t\t<img loading=\"lazy\" decoding=\"async\" width=\"200\" height=\"200\" src=\"https:\/\/ihdemu.com\/wp-content\/uploads\/2022\/11\/Instituto-Hispanico-de-Murcia-Colaboradores-Universitas-Salento.jpg\" class=\"attachment-full size-full wp-image-1278\" alt=\"Instituto Hispanico de Murcia - Colaboradores - Universitas Salento\" srcset=\"https:\/\/ihdemu.com\/wp-content\/uploads\/2022\/11\/Instituto-Hispanico-de-Murcia-Colaboradores-Universitas-Salento.jpg 200w, https:\/\/ihdemu.com\/wp-content\/uploads\/2022\/11\/Instituto-Hispanico-de-Murcia-Colaboradores-Universitas-Salento-150x150.jpg 150w, https:\/\/ihdemu.com\/wp-content\/uploads\/2022\/11\/Instituto-Hispanico-de-Murcia-Colaboradores-Universitas-Salento-100x100.jpg 100w\" sizes=\"(max-width: 200px) 100vw, 200px\" \/>\t\t\t\t\t\t\t\t<\/a>\n\t\t\t\t\t\t\t\t\t\t\t\t\t\t\t<\/div>\n\t\t\t\t<\/div>\n\t\t\t\t\t<\/div>\n\t\t<\/div>\n\t\t\t\t<div class=\"elementor-column elementor-col-16 elementor-inner-column elementor-element elementor-element-65576a2 col\" data-id=\"65576a2\" data-element_type=\"column\" data-e-type=\"column\">\n\t\t\t<div class=\"elementor-widget-wrap elementor-element-populated\">\n\t\t\t\t\t\t<div class=\"elementor-element elementor-element-1279203 elementor-widget elementor-widget-image\" data-id=\"1279203\" data-element_type=\"widget\" data-e-type=\"widget\" data-widget_type=\"image.default\">\n\t\t\t\t<div class=\"elementor-widget-container\">\n\t\t\t\t\t\t\t\t\t\t\t\t\t\t\t\t<a href=\"https:\/\/www.unipd.it\/en\/\" target=\"_blank\" rel=\"nofollow noopener\">\n\t\t\t\t\t\t\t<img loading=\"lazy\" decoding=\"async\" width=\"200\" height=\"200\" src=\"https:\/\/ihdemu.com\/wp-content\/uploads\/2022\/11\/Instituto-Hispanico-de-Murcia-Colaboradores-Universita-di-Padova.png\" class=\"attachment-full size-full wp-image-1782\" alt=\"Instituto Hispanico de Murcia - Colaboradores - Universita di Padova\" srcset=\"https:\/\/ihdemu.com\/wp-content\/uploads\/2022\/11\/Instituto-Hispanico-de-Murcia-Colaboradores-Universita-di-Padova.png 200w, https:\/\/ihdemu.com\/wp-content\/uploads\/2022\/11\/Instituto-Hispanico-de-Murcia-Colaboradores-Universita-di-Padova-150x150.png 150w, https:\/\/ihdemu.com\/wp-content\/uploads\/2022\/11\/Instituto-Hispanico-de-Murcia-Colaboradores-Universita-di-Padova-100x100.png 100w\" sizes=\"(max-width: 200px) 100vw, 200px\" \/>\t\t\t\t\t\t\t\t<\/a>\n\t\t\t\t\t\t\t\t\t\t\t\t\t\t\t<\/div>\n\t\t\t\t<\/div>\n\t\t\t\t\t<\/div>\n\t\t<\/div>\n\t\t\t\t<div class=\"elementor-column elementor-col-16 elementor-inner-column elementor-element elementor-element-82b7d04 col\" data-id=\"82b7d04\" data-element_type=\"column\" data-e-type=\"column\">\n\t\t\t<div class=\"elementor-widget-wrap elementor-element-populated\">\n\t\t\t\t\t\t<div class=\"elementor-element elementor-element-398267c elementor-widget elementor-widget-image\" data-id=\"398267c\" data-element_type=\"widget\" data-e-type=\"widget\" data-widget_type=\"image.default\">\n\t\t\t\t<div class=\"elementor-widget-container\">\n\t\t\t\t\t\t\t\t\t\t\t\t\t\t\t\t<a href=\"https:\/\/www.unipi.it\/\" target=\"_blank\" rel=\"nofollow noopener\">\n\t\t\t\t\t\t\t<img loading=\"lazy\" decoding=\"async\" width=\"200\" height=\"200\" src=\"https:\/\/ihdemu.com\/wp-content\/uploads\/2022\/11\/Instituto-Hispanico-de-Murcia-Colaboradores-Universita-di-Pisa.png\" class=\"attachment-full size-full wp-image-1791\" alt=\"Instituto Hispanico de Murcia - Colaboradores - Universita di Pisa\" srcset=\"https:\/\/ihdemu.com\/wp-content\/uploads\/2022\/11\/Instituto-Hispanico-de-Murcia-Colaboradores-Universita-di-Pisa.png 200w, https:\/\/ihdemu.com\/wp-content\/uploads\/2022\/11\/Instituto-Hispanico-de-Murcia-Colaboradores-Universita-di-Pisa-150x150.png 150w, https:\/\/ihdemu.com\/wp-content\/uploads\/2022\/11\/Instituto-Hispanico-de-Murcia-Colaboradores-Universita-di-Pisa-100x100.png 100w\" sizes=\"(max-width: 200px) 100vw, 200px\" \/>\t\t\t\t\t\t\t\t<\/a>\n\t\t\t\t\t\t\t\t\t\t\t\t\t\t\t<\/div>\n\t\t\t\t<\/div>\n\t\t\t\t\t<\/div>\n\t\t<\/div>\n\t\t\t\t<div class=\"elementor-column elementor-col-16 elementor-inner-column elementor-element elementor-element-3dd254a col\" data-id=\"3dd254a\" data-element_type=\"column\" data-e-type=\"column\">\n\t\t\t<div class=\"elementor-widget-wrap elementor-element-populated\">\n\t\t\t\t\t\t<div class=\"elementor-element elementor-element-d55a610 elementor-widget elementor-widget-image\" data-id=\"d55a610\" data-element_type=\"widget\" data-e-type=\"widget\" data-widget_type=\"image.default\">\n\t\t\t\t<div class=\"elementor-widget-container\">\n\t\t\t\t\t\t\t\t\t\t\t\t\t\t\t\t<a href=\"https:\/\/www.uniurb.it\/\" target=\"_blank\" rel=\"nofollow noopener\">\n\t\t\t\t\t\t\t<img loading=\"lazy\" decoding=\"async\" width=\"200\" height=\"200\" src=\"https:\/\/ihdemu.com\/wp-content\/uploads\/2022\/11\/Instituto-Hispanico-de-Murcia-Colaboradores-Universita-di-Urbino.png\" class=\"attachment-full size-full wp-image-1809\" alt=\"Instituto Hispanico de Murcia - Colaboradores - Universita di Urbino\" srcset=\"https:\/\/ihdemu.com\/wp-content\/uploads\/2022\/11\/Instituto-Hispanico-de-Murcia-Colaboradores-Universita-di-Urbino.png 200w, https:\/\/ihdemu.com\/wp-content\/uploads\/2022\/11\/Instituto-Hispanico-de-Murcia-Colaboradores-Universita-di-Urbino-150x150.png 150w, https:\/\/ihdemu.com\/wp-content\/uploads\/2022\/11\/Instituto-Hispanico-de-Murcia-Colaboradores-Universita-di-Urbino-100x100.png 100w\" sizes=\"(max-width: 200px) 100vw, 200px\" \/>\t\t\t\t\t\t\t\t<\/a>\n\t\t\t\t\t\t\t\t\t\t\t\t\t\t\t<\/div>\n\t\t\t\t<\/div>\n\t\t\t\t\t<\/div>\n\t\t<\/div>\n\t\t\t\t<div class=\"elementor-column elementor-col-16 elementor-inner-column elementor-element elementor-element-cf484f8 col\" data-id=\"cf484f8\" data-element_type=\"column\" data-e-type=\"column\">\n\t\t\t<div class=\"elementor-widget-wrap elementor-element-populated\">\n\t\t\t\t\t\t<div class=\"elementor-element elementor-element-42b8cb7 elementor-widget elementor-widget-image\" data-id=\"42b8cb7\" data-element_type=\"widget\" data-e-type=\"widget\" data-widget_type=\"image.default\">\n\t\t\t\t<div class=\"elementor-widget-container\">\n\t\t\t\t\t\t\t\t\t\t\t\t\t\t\t\t<a href=\"https:\/\/www.univda.it\/\" target=\"_blank\" rel=\"nofollow noopener\">\n\t\t\t\t\t\t\t<img loading=\"lazy\" decoding=\"async\" width=\"200\" height=\"200\" src=\"https:\/\/ihdemu.com\/wp-content\/uploads\/2022\/11\/Instituto-Hispanico-de-Murcia-Colaboradores-Universita-della-Valle-Daosta.png\" class=\"attachment-full size-full wp-image-1115\" alt=\"Instituto Hispanico de Murcia - Colaboradores - Universita della Valle Daosta\" srcset=\"https:\/\/ihdemu.com\/wp-content\/uploads\/2022\/11\/Instituto-Hispanico-de-Murcia-Colaboradores-Universita-della-Valle-Daosta.png 200w, https:\/\/ihdemu.com\/wp-content\/uploads\/2022\/11\/Instituto-Hispanico-de-Murcia-Colaboradores-Universita-della-Valle-Daosta-150x150.png 150w, https:\/\/ihdemu.com\/wp-content\/uploads\/2022\/11\/Instituto-Hispanico-de-Murcia-Colaboradores-Universita-della-Valle-Daosta-100x100.png 100w\" sizes=\"(max-width: 200px) 100vw, 200px\" \/>\t\t\t\t\t\t\t\t<\/a>\n\t\t\t\t\t\t\t\t\t\t\t\t\t\t\t<\/div>\n\t\t\t\t<\/div>\n\t\t\t\t\t<\/div>\n\t\t<\/div>\n\t\t\t\t\t<\/div>\n\t\t<\/section>\n\t\t\t\t<section class=\"elementor-section elementor-inner-section elementor-element elementor-element-b5cf2fb logos elementor-section-boxed elementor-section-height-default elementor-section-height-default\" data-id=\"b5cf2fb\" data-element_type=\"section\" data-e-type=\"section\">\n\t\t\t\t\t\t<div class=\"elementor-container elementor-column-gap-default\">\n\t\t\t\t\t<div class=\"elementor-column elementor-col-16 elementor-inner-column elementor-element elementor-element-2153f42 col\" data-id=\"2153f42\" data-element_type=\"column\" data-e-type=\"column\">\n\t\t\t<div class=\"elementor-widget-wrap elementor-element-populated\">\n\t\t\t\t\t\t<div class=\"elementor-element elementor-element-edc44bd elementor-widget elementor-widget-image\" data-id=\"edc44bd\" data-element_type=\"widget\" data-e-type=\"widget\" data-widget_type=\"image.default\">\n\t\t\t\t<div class=\"elementor-widget-container\">\n\t\t\t\t\t\t\t\t\t\t\t\t\t\t\t\t<a href=\"https:\/\/www.uniroma1.it\/it\/\" target=\"_blank\" rel=\"nofollow noopener\">\n\t\t\t\t\t\t\t<img loading=\"lazy\" decoding=\"async\" width=\"200\" height=\"200\" src=\"https:\/\/ihdemu.com\/wp-content\/uploads\/2022\/11\/Instituto-Hispanico-de-Murcia-Colaboradores-Sapienza.png\" class=\"attachment-full size-full wp-image-6267\" alt=\"Instituto Hispanico de Murcia - Colaboradores - Sapienza\" srcset=\"https:\/\/ihdemu.com\/wp-content\/uploads\/2022\/11\/Instituto-Hispanico-de-Murcia-Colaboradores-Sapienza.png 200w, https:\/\/ihdemu.com\/wp-content\/uploads\/2022\/11\/Instituto-Hispanico-de-Murcia-Colaboradores-Sapienza-150x150.png 150w, https:\/\/ihdemu.com\/wp-content\/uploads\/2022\/11\/Instituto-Hispanico-de-Murcia-Colaboradores-Sapienza-100x100.png 100w\" sizes=\"(max-width: 200px) 100vw, 200px\" \/>\t\t\t\t\t\t\t\t<\/a>\n\t\t\t\t\t\t\t\t\t\t\t\t\t\t\t<\/div>\n\t\t\t\t<\/div>\n\t\t\t\t\t<\/div>\n\t\t<\/div>\n\t\t\t\t<div class=\"elementor-column elementor-col-16 elementor-inner-column elementor-element elementor-element-c203021 col\" data-id=\"c203021\" data-element_type=\"column\" data-e-type=\"column\">\n\t\t\t<div class=\"elementor-widget-wrap elementor-element-populated\">\n\t\t\t\t\t\t<div class=\"elementor-element elementor-element-645df29 elementor-widget elementor-widget-image\" data-id=\"645df29\" data-element_type=\"widget\" data-e-type=\"widget\" data-widget_type=\"image.default\">\n\t\t\t\t<div class=\"elementor-widget-container\">\n\t\t\t\t\t\t\t\t\t\t\t\t\t\t\t\t<a href=\"https:\/\/www.unior.it\/it\" target=\"_blank\" rel=\"nofollow noopener\">\n\t\t\t\t\t\t\t<img loading=\"lazy\" decoding=\"async\" width=\"200\" height=\"200\" src=\"https:\/\/ihdemu.com\/wp-content\/uploads\/2022\/11\/Instituto-Hispanico-de-Murcia-Colaboradores-Instituto-Neapolitani.jpg\" class=\"attachment-full size-full wp-image-1737\" alt=\"Instituto Hispanico de Murcia - Colaboradores - Instituto Neapolitani\" srcset=\"https:\/\/ihdemu.com\/wp-content\/uploads\/2022\/11\/Instituto-Hispanico-de-Murcia-Colaboradores-Instituto-Neapolitani.jpg 200w, https:\/\/ihdemu.com\/wp-content\/uploads\/2022\/11\/Instituto-Hispanico-de-Murcia-Colaboradores-Instituto-Neapolitani-150x150.jpg 150w, https:\/\/ihdemu.com\/wp-content\/uploads\/2022\/11\/Instituto-Hispanico-de-Murcia-Colaboradores-Instituto-Neapolitani-100x100.jpg 100w\" sizes=\"(max-width: 200px) 100vw, 200px\" \/>\t\t\t\t\t\t\t\t<\/a>\n\t\t\t\t\t\t\t\t\t\t\t\t\t\t\t<\/div>\n\t\t\t\t<\/div>\n\t\t\t\t\t<\/div>\n\t\t<\/div>\n\t\t\t\t<div class=\"elementor-column elementor-col-16 elementor-inner-column elementor-element elementor-element-567d45e col\" data-id=\"567d45e\" data-element_type=\"column\" data-e-type=\"column\">\n\t\t\t<div class=\"elementor-widget-wrap elementor-element-populated\">\n\t\t\t\t\t\t<div class=\"elementor-element elementor-element-6ca910b elementor-widget elementor-widget-image\" data-id=\"6ca910b\" data-element_type=\"widget\" data-e-type=\"widget\" data-widget_type=\"image.default\">\n\t\t\t\t<div class=\"elementor-widget-container\">\n\t\t\t\t\t\t\t\t\t\t\t\t\t\t\t\t<a href=\"https:\/\/www.uniroma3.it\/\" target=\"_blank\" rel=\"noopener\">\n\t\t\t\t\t\t\t<img loading=\"lazy\" decoding=\"async\" width=\"200\" height=\"200\" src=\"https:\/\/ihdemu.com\/wp-content\/uploads\/2022\/11\/Universita-Roma-Tre.png\" class=\"attachment-full size-full wp-image-1908\" alt=\"Universita Roma Tre\" srcset=\"https:\/\/ihdemu.com\/wp-content\/uploads\/2022\/11\/Universita-Roma-Tre.png 200w, https:\/\/ihdemu.com\/wp-content\/uploads\/2022\/11\/Universita-Roma-Tre-150x150.png 150w, https:\/\/ihdemu.com\/wp-content\/uploads\/2022\/11\/Universita-Roma-Tre-100x100.png 100w\" sizes=\"(max-width: 200px) 100vw, 200px\" \/>\t\t\t\t\t\t\t\t<\/a>\n\t\t\t\t\t\t\t\t\t\t\t\t\t\t\t<\/div>\n\t\t\t\t<\/div>\n\t\t\t\t\t<\/div>\n\t\t<\/div>\n\t\t\t\t<div class=\"elementor-column elementor-col-16 elementor-inner-column elementor-element elementor-element-6c2d731 col\" data-id=\"6c2d731\" data-element_type=\"column\" data-e-type=\"column\">\n\t\t\t<div class=\"elementor-widget-wrap elementor-element-populated\">\n\t\t\t\t\t\t<div class=\"elementor-element elementor-element-7091729 elementor-widget elementor-widget-image\" data-id=\"7091729\" data-element_type=\"widget\" data-e-type=\"widget\" data-widget_type=\"image.default\">\n\t\t\t\t<div class=\"elementor-widget-container\">\n\t\t\t\t\t\t\t\t\t\t\t\t\t\t\t\t<a href=\"http:\/\/www.unina.it\/home\" target=\"_blank\" rel=\"nofollow noopener\">\n\t\t\t\t\t\t\t<img loading=\"lazy\" decoding=\"async\" width=\"200\" height=\"200\" src=\"https:\/\/ihdemu.com\/wp-content\/uploads\/2022\/11\/Instituto-Hispanico-de-Murcia-Colaboradores-Napoles.png\" class=\"attachment-full size-full wp-image-6222\" alt=\"Instituto Hispanico de Murcia - Colaboradores - Napoles\" srcset=\"https:\/\/ihdemu.com\/wp-content\/uploads\/2022\/11\/Instituto-Hispanico-de-Murcia-Colaboradores-Napoles.png 200w, https:\/\/ihdemu.com\/wp-content\/uploads\/2022\/11\/Instituto-Hispanico-de-Murcia-Colaboradores-Napoles-150x150.png 150w, https:\/\/ihdemu.com\/wp-content\/uploads\/2022\/11\/Instituto-Hispanico-de-Murcia-Colaboradores-Napoles-100x100.png 100w\" sizes=\"(max-width: 200px) 100vw, 200px\" \/>\t\t\t\t\t\t\t\t<\/a>\n\t\t\t\t\t\t\t\t\t\t\t\t\t\t\t<\/div>\n\t\t\t\t<\/div>\n\t\t\t\t\t<\/div>\n\t\t<\/div>\n\t\t\t\t<div class=\"elementor-column elementor-col-16 elementor-inner-column elementor-element elementor-element-69b14c7 col\" data-id=\"69b14c7\" data-element_type=\"column\" data-e-type=\"column\">\n\t\t\t<div class=\"elementor-widget-wrap elementor-element-populated\">\n\t\t\t\t\t\t<div class=\"elementor-element elementor-element-ba79d52 elementor-widget elementor-widget-image\" data-id=\"ba79d52\" data-element_type=\"widget\" data-e-type=\"widget\" data-widget_type=\"image.default\">\n\t\t\t\t<div class=\"elementor-widget-container\">\n\t\t\t\t\t\t\t\t\t\t\t\t\t\t\t\t<a href=\"https:\/\/www.unipa.it\/\" target=\"_blank\" rel=\"nofollow noopener\">\n\t\t\t\t\t\t\t<img loading=\"lazy\" decoding=\"async\" width=\"200\" height=\"200\" src=\"https:\/\/ihdemu.com\/wp-content\/uploads\/2022\/11\/Instituto-Hispanico-de-Murcia-Colaboradores-Universita-di-Palermo.jpg\" class=\"attachment-full size-full wp-image-1133\" alt=\"Instituto Hispanico de Murcia - Colaboradores - Universita di Palermo\" srcset=\"https:\/\/ihdemu.com\/wp-content\/uploads\/2022\/11\/Instituto-Hispanico-de-Murcia-Colaboradores-Universita-di-Palermo.jpg 200w, https:\/\/ihdemu.com\/wp-content\/uploads\/2022\/11\/Instituto-Hispanico-de-Murcia-Colaboradores-Universita-di-Palermo-150x150.jpg 150w, https:\/\/ihdemu.com\/wp-content\/uploads\/2022\/11\/Instituto-Hispanico-de-Murcia-Colaboradores-Universita-di-Palermo-100x100.jpg 100w\" sizes=\"(max-width: 200px) 100vw, 200px\" \/>\t\t\t\t\t\t\t\t<\/a>\n\t\t\t\t\t\t\t\t\t\t\t\t\t\t\t<\/div>\n\t\t\t\t<\/div>\n\t\t\t\t\t<\/div>\n\t\t<\/div>\n\t\t\t\t<div class=\"elementor-column elementor-col-16 elementor-inner-column elementor-element elementor-element-17aba35 col\" data-id=\"17aba35\" data-element_type=\"column\" data-e-type=\"column\">\n\t\t\t<div class=\"elementor-widget-wrap elementor-element-populated\">\n\t\t\t\t\t\t<div class=\"elementor-element elementor-element-aece350 elementor-widget elementor-widget-image\" data-id=\"aece350\" data-element_type=\"widget\" data-e-type=\"widget\" data-widget_type=\"image.default\">\n\t\t\t\t<div class=\"elementor-widget-container\">\n\t\t\t\t\t\t\t\t\t\t\t\t\t\t\t\t<a href=\"https:\/\/www.unint.eu\/\" target=\"_blank\" rel=\"nofollow noopener\">\n\t\t\t\t\t\t\t<img loading=\"lazy\" decoding=\"async\" width=\"200\" height=\"200\" src=\"https:\/\/ihdemu.com\/wp-content\/uploads\/2022\/11\/Instituto-Hispanico-de-Murcia-Colaboradores-Roma.png\" class=\"attachment-full size-full wp-image-6276\" alt=\"Instituto Hispanico de Murcia - Colaboradores - Roma\" srcset=\"https:\/\/ihdemu.com\/wp-content\/uploads\/2022\/11\/Instituto-Hispanico-de-Murcia-Colaboradores-Roma.png 200w, https:\/\/ihdemu.com\/wp-content\/uploads\/2022\/11\/Instituto-Hispanico-de-Murcia-Colaboradores-Roma-150x150.png 150w, https:\/\/ihdemu.com\/wp-content\/uploads\/2022\/11\/Instituto-Hispanico-de-Murcia-Colaboradores-Roma-100x100.png 100w\" sizes=\"(max-width: 200px) 100vw, 200px\" \/>\t\t\t\t\t\t\t\t<\/a>\n\t\t\t\t\t\t\t\t\t\t\t\t\t\t\t<\/div>\n\t\t\t\t<\/div>\n\t\t\t\t\t<\/div>\n\t\t<\/div>\n\t\t\t\t\t<\/div>\n\t\t<\/section>\n\t\t\t\t<section class=\"elementor-section elementor-inner-section elementor-element elementor-element-15cfe19 logos elementor-section-boxed elementor-section-height-default elementor-section-height-default\" data-id=\"15cfe19\" data-element_type=\"section\" data-e-type=\"section\">\n\t\t\t\t\t\t<div class=\"elementor-container elementor-column-gap-default\">\n\t\t\t\t\t<div class=\"elementor-column elementor-col-16 elementor-inner-column elementor-element elementor-element-fa2d458 col\" data-id=\"fa2d458\" data-element_type=\"column\" data-e-type=\"column\">\n\t\t\t<div class=\"elementor-widget-wrap elementor-element-populated\">\n\t\t\t\t\t\t<div class=\"elementor-element elementor-element-e61e1b6 elementor-widget elementor-widget-image\" data-id=\"e61e1b6\" data-element_type=\"widget\" data-e-type=\"widget\" data-widget_type=\"image.default\">\n\t\t\t\t<div class=\"elementor-widget-container\">\n\t\t\t\t\t\t\t\t\t\t\t\t\t\t\t<img loading=\"lazy\" decoding=\"async\" width=\"200\" height=\"200\" src=\"https:\/\/ihdemu.com\/wp-content\/uploads\/2022\/11\/Instituto-Hispanico-de-Murcia-Colaboradores-Universita-Di-Foggia.png\" class=\"attachment-full size-full wp-image-1269\" alt=\"Instituto Hispanico de Murcia - Colaboradores - Universita Di Foggia\" srcset=\"https:\/\/ihdemu.com\/wp-content\/uploads\/2022\/11\/Instituto-Hispanico-de-Murcia-Colaboradores-Universita-Di-Foggia.png 200w, https:\/\/ihdemu.com\/wp-content\/uploads\/2022\/11\/Instituto-Hispanico-de-Murcia-Colaboradores-Universita-Di-Foggia-150x150.png 150w, https:\/\/ihdemu.com\/wp-content\/uploads\/2022\/11\/Instituto-Hispanico-de-Murcia-Colaboradores-Universita-Di-Foggia-100x100.png 100w\" sizes=\"(max-width: 200px) 100vw, 200px\" \/>\t\t\t\t\t\t\t\t\t\t\t\t\t\t\t<\/div>\n\t\t\t\t<\/div>\n\t\t\t\t\t<\/div>\n\t\t<\/div>\n\t\t\t\t<div class=\"elementor-column elementor-col-16 elementor-inner-column elementor-element elementor-element-0b8ede2 col\" data-id=\"0b8ede2\" data-element_type=\"column\" data-e-type=\"column\">\n\t\t\t<div class=\"elementor-widget-wrap elementor-element-populated\">\n\t\t\t\t\t\t<div class=\"elementor-element elementor-element-8aba46c elementor-widget elementor-widget-image\" data-id=\"8aba46c\" data-element_type=\"widget\" data-e-type=\"widget\" data-widget_type=\"image.default\">\n\t\t\t\t<div class=\"elementor-widget-container\">\n\t\t\t\t\t\t\t\t\t\t\t\t\t\t\t\t<a href=\"https:\/\/www.unive.it\/\" target=\"_blank\" rel=\"noopener\">\n\t\t\t\t\t\t\t<img loading=\"lazy\" decoding=\"async\" width=\"200\" height=\"200\" src=\"https:\/\/ihdemu.com\/wp-content\/uploads\/2022\/11\/Instituto-Hispanico-de-Murcia-Colaboradores-Foscari.png\" class=\"attachment-full size-full wp-image-881\" alt=\"Instituto Hispanico de Murcia - Colaboradores - Foscari\" srcset=\"https:\/\/ihdemu.com\/wp-content\/uploads\/2022\/11\/Instituto-Hispanico-de-Murcia-Colaboradores-Foscari.png 200w, https:\/\/ihdemu.com\/wp-content\/uploads\/2022\/11\/Instituto-Hispanico-de-Murcia-Colaboradores-Foscari-150x150.png 150w, https:\/\/ihdemu.com\/wp-content\/uploads\/2022\/11\/Instituto-Hispanico-de-Murcia-Colaboradores-Foscari-100x100.png 100w\" sizes=\"(max-width: 200px) 100vw, 200px\" \/>\t\t\t\t\t\t\t\t<\/a>\n\t\t\t\t\t\t\t\t\t\t\t\t\t\t\t<\/div>\n\t\t\t\t<\/div>\n\t\t\t\t\t<\/div>\n\t\t<\/div>\n\t\t\t\t<div class=\"elementor-column elementor-col-16 elementor-inner-column elementor-element elementor-element-2ac3a85 col\" data-id=\"2ac3a85\" data-element_type=\"column\" data-e-type=\"column\">\n\t\t\t<div class=\"elementor-widget-wrap elementor-element-populated\">\n\t\t\t\t\t\t<div class=\"elementor-element elementor-element-3371b92 elementor-widget elementor-widget-image\" data-id=\"3371b92\" data-element_type=\"widget\" data-e-type=\"widget\" data-widget_type=\"image.default\">\n\t\t\t\t<div class=\"elementor-widget-container\">\n\t\t\t\t\t\t\t\t\t\t\t\t\t\t\t\t<a href=\"https:\/\/www.unifi.it\/it\" target=\"_blank\" rel=\"nofollow noopener\">\n\t\t\t\t\t\t\t<img loading=\"lazy\" decoding=\"async\" width=\"233\" height=\"251\" src=\"https:\/\/ihdemu.com\/wp-content\/uploads\/2022\/11\/Instituto-Hispanico-de-Murcia-Colaboradores-Universitas-Fiorentina.jpg\" class=\"attachment-full size-full wp-image-1506\" alt=\"Instituto Hispanico de Murcia - Colaboradores - Universitas Fiorentina\" \/>\t\t\t\t\t\t\t\t<\/a>\n\t\t\t\t\t\t\t\t\t\t\t\t\t\t\t<\/div>\n\t\t\t\t<\/div>\n\t\t\t\t\t<\/div>\n\t\t<\/div>\n\t\t\t\t<div class=\"elementor-column elementor-col-16 elementor-inner-column elementor-element elementor-element-2bf263f col\" data-id=\"2bf263f\" data-element_type=\"column\" data-e-type=\"column\">\n\t\t\t<div class=\"elementor-widget-wrap elementor-element-populated\">\n\t\t\t\t\t\t<div class=\"elementor-element elementor-element-6467f0d elementor-widget elementor-widget-image\" data-id=\"6467f0d\" data-element_type=\"widget\" data-e-type=\"widget\" data-widget_type=\"image.default\">\n\t\t\t\t<div class=\"elementor-widget-container\">\n\t\t\t\t\t\t\t\t\t\t\t\t\t\t\t\t<a href=\"https:\/\/www.unimc.it\/it\" target=\"_blank\" rel=\"nofollow noopener\">\n\t\t\t\t\t\t\t<img loading=\"lazy\" decoding=\"async\" width=\"200\" height=\"200\" src=\"https:\/\/ihdemu.com\/wp-content\/uploads\/2022\/11\/Instituto-Hispanico-de-Murcia-Colaboradores-Universidad-Macerata.png\" class=\"attachment-full size-full wp-image-6089\" alt=\"Instituto Hispanico de Murcia - Colaboradores - Universidad Macerata\" srcset=\"https:\/\/ihdemu.com\/wp-content\/uploads\/2022\/11\/Instituto-Hispanico-de-Murcia-Colaboradores-Universidad-Macerata.png 200w, https:\/\/ihdemu.com\/wp-content\/uploads\/2022\/11\/Instituto-Hispanico-de-Murcia-Colaboradores-Universidad-Macerata-150x150.png 150w, https:\/\/ihdemu.com\/wp-content\/uploads\/2022\/11\/Instituto-Hispanico-de-Murcia-Colaboradores-Universidad-Macerata-100x100.png 100w\" sizes=\"(max-width: 200px) 100vw, 200px\" \/>\t\t\t\t\t\t\t\t<\/a>\n\t\t\t\t\t\t\t\t\t\t\t\t\t\t\t<\/div>\n\t\t\t\t<\/div>\n\t\t\t\t\t<\/div>\n\t\t<\/div>\n\t\t\t\t<div class=\"elementor-column elementor-col-16 elementor-inner-column elementor-element elementor-element-5cd8560 col\" data-id=\"5cd8560\" data-element_type=\"column\" data-e-type=\"column\">\n\t\t\t<div class=\"elementor-widget-wrap elementor-element-populated\">\n\t\t\t\t\t\t<div class=\"elementor-element elementor-element-a730a96 elementor-widget elementor-widget-image\" data-id=\"a730a96\" data-element_type=\"widget\" data-e-type=\"widget\" data-widget_type=\"image.default\">\n\t\t\t\t<div class=\"elementor-widget-container\">\n\t\t\t\t\t\t\t\t\t\t\t\t\t\t\t\t<a href=\"https:\/\/web.unica.it\/unica\/\" target=\"_blank\" rel=\"nofollow noopener\">\n\t\t\t\t\t\t\t<img loading=\"lazy\" decoding=\"async\" width=\"200\" height=\"200\" src=\"https:\/\/ihdemu.com\/wp-content\/uploads\/2022\/11\/Instituto-Hispanico-de-Murcia-Colaboradores-Universitas-Carallitana.jpg\" class=\"attachment-full size-full wp-image-1142\" alt=\"Instituto Hispanico de Murcia - Colaboradores - Universitas Carallitana\" srcset=\"https:\/\/ihdemu.com\/wp-content\/uploads\/2022\/11\/Instituto-Hispanico-de-Murcia-Colaboradores-Universitas-Carallitana.jpg 200w, https:\/\/ihdemu.com\/wp-content\/uploads\/2022\/11\/Instituto-Hispanico-de-Murcia-Colaboradores-Universitas-Carallitana-150x150.jpg 150w, https:\/\/ihdemu.com\/wp-content\/uploads\/2022\/11\/Instituto-Hispanico-de-Murcia-Colaboradores-Universitas-Carallitana-100x100.jpg 100w\" sizes=\"(max-width: 200px) 100vw, 200px\" \/>\t\t\t\t\t\t\t\t<\/a>\n\t\t\t\t\t\t\t\t\t\t\t\t\t\t\t<\/div>\n\t\t\t\t<\/div>\n\t\t\t\t\t<\/div>\n\t\t<\/div>\n\t\t\t\t<div class=\"elementor-column elementor-col-16 elementor-inner-column elementor-element elementor-element-94b610e col\" data-id=\"94b610e\" data-element_type=\"column\" data-e-type=\"column\">\n\t\t\t<div class=\"elementor-widget-wrap elementor-element-populated\">\n\t\t\t\t\t\t<div class=\"elementor-element elementor-element-9159366 elementor-widget elementor-widget-image\" data-id=\"9159366\" data-element_type=\"widget\" data-e-type=\"widget\" data-widget_type=\"image.default\">\n\t\t\t\t<div class=\"elementor-widget-container\">\n\t\t\t\t\t\t\t\t\t\t\t\t\t\t\t\t<a href=\"https:\/\/lumsa.it\/it\/home\" target=\"_blank\" rel=\"nofollow noopener\">\n\t\t\t\t\t\t\t<img loading=\"lazy\" decoding=\"async\" width=\"200\" height=\"200\" src=\"https:\/\/ihdemu.com\/wp-content\/uploads\/2022\/11\/Instituto-Hispanico-de-Murcia-Colaboradores-Lumsa-Universita.png\" class=\"attachment-full size-full wp-image-980\" alt=\"Instituto Hispanico de Murcia - Colaboradores - Lumsa Universita\" srcset=\"https:\/\/ihdemu.com\/wp-content\/uploads\/2022\/11\/Instituto-Hispanico-de-Murcia-Colaboradores-Lumsa-Universita.png 200w, https:\/\/ihdemu.com\/wp-content\/uploads\/2022\/11\/Instituto-Hispanico-de-Murcia-Colaboradores-Lumsa-Universita-150x150.png 150w, https:\/\/ihdemu.com\/wp-content\/uploads\/2022\/11\/Instituto-Hispanico-de-Murcia-Colaboradores-Lumsa-Universita-100x100.png 100w\" sizes=\"(max-width: 200px) 100vw, 200px\" \/>\t\t\t\t\t\t\t\t<\/a>\n\t\t\t\t\t\t\t\t\t\t\t\t\t\t\t<\/div>\n\t\t\t\t<\/div>\n\t\t\t\t\t<\/div>\n\t\t<\/div>\n\t\t\t\t\t<\/div>\n\t\t<\/section>\n\t\t\t\t<section class=\"elementor-section elementor-inner-section elementor-element elementor-element-1e8d472 logos elementor-section-boxed elementor-section-height-default elementor-section-height-default\" data-id=\"1e8d472\" data-element_type=\"section\" data-e-type=\"section\">\n\t\t\t\t\t\t<div class=\"elementor-container elementor-column-gap-default\">\n\t\t\t\t\t<div class=\"elementor-column elementor-col-16 elementor-inner-column elementor-element elementor-element-8675e02 col\" data-id=\"8675e02\" data-element_type=\"column\" data-e-type=\"column\">\n\t\t\t<div class=\"elementor-widget-wrap elementor-element-populated\">\n\t\t\t\t\t\t<div class=\"elementor-element elementor-element-6a9ccef elementor-widget elementor-widget-image\" data-id=\"6a9ccef\" data-element_type=\"widget\" data-e-type=\"widget\" data-widget_type=\"image.default\">\n\t\t\t\t<div class=\"elementor-widget-container\">\n\t\t\t\t\t\t\t\t\t\t\t\t\t\t\t\t<a href=\"https:\/\/www.univpm.it\/Entra\/\" target=\"_blank\" rel=\"nofollow noopener\">\n\t\t\t\t\t\t\t<img loading=\"lazy\" decoding=\"async\" width=\"200\" height=\"200\" src=\"https:\/\/ihdemu.com\/wp-content\/uploads\/2022\/11\/Instituto-Hispanico-de-Murcia-Colaboradores-Universita-Politecnica-delle-Marche.png\" class=\"attachment-full size-full wp-image-1827\" alt=\"Instituto Hispanico de Murcia - Colaboradores - Universita Politecnica delle Marche\" srcset=\"https:\/\/ihdemu.com\/wp-content\/uploads\/2022\/11\/Instituto-Hispanico-de-Murcia-Colaboradores-Universita-Politecnica-delle-Marche.png 200w, https:\/\/ihdemu.com\/wp-content\/uploads\/2022\/11\/Instituto-Hispanico-de-Murcia-Colaboradores-Universita-Politecnica-delle-Marche-150x150.png 150w, https:\/\/ihdemu.com\/wp-content\/uploads\/2022\/11\/Instituto-Hispanico-de-Murcia-Colaboradores-Universita-Politecnica-delle-Marche-100x100.png 100w\" sizes=\"(max-width: 200px) 100vw, 200px\" \/>\t\t\t\t\t\t\t\t<\/a>\n\t\t\t\t\t\t\t\t\t\t\t\t\t\t\t<\/div>\n\t\t\t\t<\/div>\n\t\t\t\t\t<\/div>\n\t\t<\/div>\n\t\t\t\t<div class=\"elementor-column elementor-col-16 elementor-inner-column elementor-element elementor-element-0c8215c col\" data-id=\"0c8215c\" data-element_type=\"column\" data-e-type=\"column\">\n\t\t\t<div class=\"elementor-widget-wrap elementor-element-populated\">\n\t\t\t\t\t\t<div class=\"elementor-element elementor-element-e0a3b90 elementor-widget elementor-widget-image\" data-id=\"e0a3b90\" data-element_type=\"widget\" data-e-type=\"widget\" data-widget_type=\"image.default\">\n\t\t\t\t<div class=\"elementor-widget-container\">\n\t\t\t\t\t\t\t\t\t\t\t\t\t\t\t\t<a href=\"https:\/\/www.univr.it\/it\/bienvenidos\" target=\"_blank\" rel=\"nofollow noopener\">\n\t\t\t\t\t\t\t<img loading=\"lazy\" decoding=\"async\" width=\"200\" height=\"200\" src=\"https:\/\/ihdemu.com\/wp-content\/uploads\/2022\/11\/Instituto-Hispanico-de-Murcia-Colaboradores-Universita-di-Verona.png\" class=\"attachment-full size-full wp-image-1818\" alt=\"Instituto Hispanico de Murcia - Colaboradores - Universita di Verona\" srcset=\"https:\/\/ihdemu.com\/wp-content\/uploads\/2022\/11\/Instituto-Hispanico-de-Murcia-Colaboradores-Universita-di-Verona.png 200w, https:\/\/ihdemu.com\/wp-content\/uploads\/2022\/11\/Instituto-Hispanico-de-Murcia-Colaboradores-Universita-di-Verona-150x150.png 150w, https:\/\/ihdemu.com\/wp-content\/uploads\/2022\/11\/Instituto-Hispanico-de-Murcia-Colaboradores-Universita-di-Verona-100x100.png 100w\" sizes=\"(max-width: 200px) 100vw, 200px\" \/>\t\t\t\t\t\t\t\t<\/a>\n\t\t\t\t\t\t\t\t\t\t\t\t\t\t\t<\/div>\n\t\t\t\t<\/div>\n\t\t\t\t\t<\/div>\n\t\t<\/div>\n\t\t\t\t<div class=\"elementor-column elementor-col-16 elementor-inner-column elementor-element elementor-element-843388d col\" data-id=\"843388d\" data-element_type=\"column\" data-e-type=\"column\">\n\t\t\t<div class=\"elementor-widget-wrap\">\n\t\t\t\t\t\t\t<\/div>\n\t\t<\/div>\n\t\t\t\t<div class=\"elementor-column elementor-col-16 elementor-inner-column elementor-element elementor-element-120b823 col\" data-id=\"120b823\" data-element_type=\"column\" data-e-type=\"column\">\n\t\t\t<div class=\"elementor-widget-wrap\">\n\t\t\t\t\t\t\t<\/div>\n\t\t<\/div>\n\t\t\t\t<div class=\"elementor-column elementor-col-16 elementor-inner-column elementor-element elementor-element-7107ac0 col\" data-id=\"7107ac0\" data-element_type=\"column\" data-e-type=\"column\">\n\t\t\t<div class=\"elementor-widget-wrap\">\n\t\t\t\t\t\t\t<\/div>\n\t\t<\/div>\n\t\t\t\t<div class=\"elementor-column elementor-col-16 elementor-inner-column elementor-element elementor-element-07fbb7a col\" data-id=\"07fbb7a\" data-element_type=\"column\" data-e-type=\"column\">\n\t\t\t<div class=\"elementor-widget-wrap\">\n\t\t\t\t\t\t\t<\/div>\n\t\t<\/div>\n\t\t\t\t\t<\/div>\n\t\t<\/section>\n\t\t\t\t\t<\/div>\n\t\t<\/div>\n\t\t\t\t\t<\/div>\n\t\t<\/section>\n\t\t\t\t<\/div>\n\t\t","protected":false},"excerpt":{"rendered":"<p>Instituto Hisp\u00e1nico von Murcia hat die Akkreditierung des Instituto Cervantes erhalten. Dies bedeutet, dass es die vom Akkreditierungssystem f\u00fcr Zentren des Instituto Cervantes festgelegten Bedingungen erf\u00fcllt und somit die einzige Internationale Akkreditierung erlangt, die ausschlie\u00dflich auf die Vermittlung von Spanisch als Fremdsprache spezialisiert ist. Dies sind, nicht in alphabetischer Reihenfolge, die Unternehmen, Universit\u00e4ten und Schulen, [&hellip;]<\/p>\n","protected":false},"author":1,"featured_media":16566,"parent":0,"menu_order":0,"comment_status":"closed","ping_status":"closed","template":"","meta":{"_acf_changed":false,"inline_featured_image":false,"site-sidebar-layout":"no-sidebar","site-content-layout":"page-builder","ast-site-content-layout":"default","site-content-style":"default","site-sidebar-style":"default","ast-global-header-display":"","ast-banner-title-visibility":"","ast-main-header-display":"","ast-hfb-above-header-display":"","ast-hfb-below-header-display":"","ast-hfb-mobile-header-display":"","site-post-title":"disabled","ast-breadcrumbs-content":"","ast-featured-img":"disabled","footer-sml-layout":"","ast-disable-related-posts":"","theme-transparent-header-meta":"default","adv-header-id-meta":"","stick-header-meta":"default","header-above-stick-meta":"","header-main-stick-meta":"","header-below-stick-meta":"","astra-migrate-meta-layouts":"default","ast-page-background-enabled":"default","ast-page-background-meta":{"desktop":{"background-color":"var(--ast-global-color-4)","background-image":"","background-repeat":"repeat","background-position":"center center","background-size":"auto","background-attachment":"scroll","background-type":"","background-media":"","overlay-type":"","overlay-color":"","overlay-opacity":"","overlay-gradient":""},"tablet":{"background-color":"","background-image":"","background-repeat":"repeat","background-position":"center center","background-size":"auto","background-attachment":"scroll","background-type":"","background-media":"","overlay-type":"","overlay-color":"","overlay-opacity":"","overlay-gradient":""},"mobile":{"background-color":"","background-image":"","background-repeat":"repeat","background-position":"center center","background-size":"auto","background-attachment":"scroll","background-type":"","background-media":"","overlay-type":"","overlay-color":"","overlay-opacity":"","overlay-gradient":""}},"ast-content-background-meta":{"desktop":{"background-color":"var(--ast-global-color-5)","background-image":"","background-repeat":"repeat","background-position":"center center","background-size":"auto","background-attachment":"scroll","background-type":"","background-media":"","overlay-type":"","overlay-color":"","overlay-opacity":"","overlay-gradient":""},"tablet":{"background-color":"var(--ast-global-color-5)","background-image":"","background-repeat":"repeat","background-position":"center center","background-size":"auto","background-attachment":"scroll","background-type":"","background-media":"","overlay-type":"","overlay-color":"","overlay-opacity":"","overlay-gradient":""},"mobile":{"background-color":"var(--ast-global-color-5)","background-image":"","background-repeat":"repeat","background-position":"center center","background-size":"auto","background-attachment":"scroll","background-type":"","background-media":"","overlay-type":"","overlay-color":"","overlay-opacity":"","overlay-gradient":""}},"footnotes":""},"class_list":["post-7266","page","type-page","status-publish","has-post-thumbnail","hentry"],"acf":[],"_links":{"self":[{"href":"https:\/\/ihdemu.com\/de\/wp-json\/wp\/v2\/pages\/7266","targetHints":{"allow":["GET"]}}],"collection":[{"href":"https:\/\/ihdemu.com\/de\/wp-json\/wp\/v2\/pages"}],"about":[{"href":"https:\/\/ihdemu.com\/de\/wp-json\/wp\/v2\/types\/page"}],"author":[{"embeddable":true,"href":"https:\/\/ihdemu.com\/de\/wp-json\/wp\/v2\/users\/1"}],"replies":[{"embeddable":true,"href":"https:\/\/ihdemu.com\/de\/wp-json\/wp\/v2\/comments?post=7266"}],"version-history":[{"count":4,"href":"https:\/\/ihdemu.com\/de\/wp-json\/wp\/v2\/pages\/7266\/revisions"}],"predecessor-version":[{"id":98748,"href":"https:\/\/ihdemu.com\/de\/wp-json\/wp\/v2\/pages\/7266\/revisions\/98748"}],"wp:featuredmedia":[{"embeddable":true,"href":"https:\/\/ihdemu.com\/de\/wp-json\/wp\/v2\/media\/16566"}],"wp:attachment":[{"href":"https:\/\/ihdemu.com\/de\/wp-json\/wp\/v2\/media?parent=7266"}],"curies":[{"name":"wp","href":"https:\/\/api.w.org\/{rel}","templated":true}]}}