{"id":15691,"date":"2022-11-27T17:38:19","date_gmt":"2022-11-27T16:38:19","guid":{"rendered":"https:\/\/ihdemu.com\/curso-espanol-bildungszeit\/"},"modified":"2024-11-11T19:07:31","modified_gmt":"2024-11-11T18:07:31","slug":"spanischkurse-bildungsurlaub-bildungszeit","status":"publish","type":"product","link":"https:\/\/ihdemu.com\/de\/spanischkurse-bildungsurlaub-bildungszeit\/","title":{"rendered":"Spanischkurse f\u00fcr Bildungsurlaub und Bildungszeit"},"content":{"rendered":"\t\t<div data-elementor-type=\"section\" data-elementor-id=\"50917\" class=\"elementor elementor-50917 elementor-49646\" data-elementor-post-type=\"elementor_library\">\n\t\t\t\t\t<section class=\"elementor-section elementor-top-section elementor-element elementor-element-de961db elementor-section-boxed elementor-section-height-default elementor-section-height-default\" data-id=\"de961db\" data-element_type=\"section\" data-e-type=\"section\">\n\t\t\t\t\t\t<div class=\"elementor-container elementor-column-gap-default\">\n\t\t\t\t\t<div class=\"elementor-column elementor-col-100 elementor-top-column elementor-element elementor-element-0988665\" data-id=\"0988665\" data-element_type=\"column\" data-e-type=\"column\">\n\t\t\t<div class=\"elementor-widget-wrap elementor-element-populated\">\n\t\t\t\t\t\t<div class=\"elementor-element elementor-element-2a3dec5 elementor-widget elementor-widget-text-editor\" data-id=\"2a3dec5\" data-element_type=\"widget\" data-e-type=\"widget\" data-widget_type=\"text-editor.default\">\n\t\t\t\t<div class=\"elementor-widget-container\">\n\t\t\t\t\t\t\t\t\t<p>Dieser <strong>Spanischkurs f\u00fcr Bildungsurlaub oder Bildungszeit<\/strong> bietet eine einzigartige Gelegenheit f\u00fcr deutsche Arbeitnehmer, ihr Spanischniveau zu verbessern. Verbessern Sie Ihr Spanisch in einem anerkannten Sprachkurs, der mit der Arbeit verbunden ist!<\/p><p>Wir sind seit \u00fcber 20 Jahren in der Sprachbranche t\u00e4tig und haben viel Erfahrung mit Bildungsurlaub. In anderen Bundesl\u00e4ndern wird er auch als \u201eBildungszeit\u201c, \u201eBildungsfreistellung\u201c oder \u201eArbeitnehmerweiterbildung\u201c bezeichnet.<\/p><p>Es handelt sich um einen <b>ma\u00dfgeschneiderten Kurs in Bezug auf Termine und Inhalte<\/b>, der sich auf die Verbesserung des H\u00f6rverst\u00e4ndnisses und der Anwendung der spanischen Sprache sowie auf den Erwerb kultureller und sozialer Kenntnisse konzentriert. Der Kurs wird in einer entspannten und freundlichen Atmosph\u00e4re durchgef\u00fchrt, mit einem Fokus auf Praxis und Interaktion.<\/p><p>Sie werden die M\u00f6glichkeit haben, Ihr H\u00f6rverst\u00e4ndnis zu verbessern, flie\u00dfend zu sprechen und pr\u00e4zise zu schreiben. Zudem werden Sie ein tiefes Verst\u00e4ndnis der spanischen Kultur und ihrer Br\u00e4uche erlangen. Dieser spezielle Kurs umfasst auch <b>unterhaltsame und praktische Aktivit\u00e4ten<\/b>, die Ihnen helfen, Ihr Verst\u00e4ndnis und Ihre Anwendung des Spanischen zu verbessern.<\/p><p>Am Ende werden Sie ein besseres Verst\u00e4ndnis der spanischen Sprache haben und mehr Selbstvertrauen beim Kommunizieren auf Spanisch besitzen.<\/p><p>Ach, und denken Sie daran, dass unsere Sprachkurse von den meisten deutschen Bundesl\u00e4ndern anerkannt sind.<\/p>\t\t\t\t\t\t\t\t<\/div>\n\t\t\t\t<\/div>\n\t\t\t\t<div class=\"elementor-element elementor-element-2bbb721 elementor-widget elementor-widget-heading\" data-id=\"2bbb721\" data-element_type=\"widget\" data-e-type=\"widget\" data-widget_type=\"heading.default\">\n\t\t\t\t<div class=\"elementor-widget-container\">\n\t\t\t\t\t<h2 class=\"elementor-heading-title elementor-size-default\">Welche Spanisch-Niveaus werden im Kurs angeboten?<\/h2>\t\t\t\t<\/div>\n\t\t\t\t<\/div>\n\t\t\t\t\t<\/div>\n\t\t<\/div>\n\t\t\t\t\t<\/div>\n\t\t<\/section>\n\t\t\t\t<section class=\"elementor-section elementor-top-section elementor-element elementor-element-7c840d4 elementor-section-boxed elementor-section-height-default elementor-section-height-default\" data-id=\"7c840d4\" data-element_type=\"section\" data-e-type=\"section\">\n\t\t\t\t\t\t<div class=\"elementor-container elementor-column-gap-default\">\n\t\t\t\t\t<div class=\"elementor-column elementor-col-33 elementor-top-column elementor-element elementor-element-1b0e2e8\" data-id=\"1b0e2e8\" data-element_type=\"column\" data-e-type=\"column\">\n\t\t\t<div class=\"elementor-widget-wrap elementor-element-populated\">\n\t\t\t\t\t\t<div class=\"elementor-element elementor-element-199ed9b elementor-widget elementor-widget-image\" data-id=\"199ed9b\" data-element_type=\"widget\" data-e-type=\"widget\" data-settings=\"{&quot;motion_fx_motion_fx_scrolling&quot;:&quot;yes&quot;,&quot;motion_fx_opacity_effect&quot;:&quot;yes&quot;,&quot;motion_fx_opacity_range&quot;:{&quot;unit&quot;:&quot;%&quot;,&quot;size&quot;:&quot;&quot;,&quot;sizes&quot;:{&quot;start&quot;:11,&quot;end&quot;:74}},&quot;motion_fx_opacity_direction&quot;:&quot;out-in&quot;,&quot;motion_fx_opacity_level&quot;:{&quot;unit&quot;:&quot;px&quot;,&quot;size&quot;:10,&quot;sizes&quot;:[]},&quot;motion_fx_devices&quot;:[&quot;desktop&quot;,&quot;tablet&quot;,&quot;mobile&quot;]}\" data-widget_type=\"image.default\">\n\t\t\t\t<div class=\"elementor-widget-container\">\n\t\t\t\t\t\t\t\t\t\t\t\t\t\t\t\t<a href=\"https:\/\/ihdemu.com\/wp-content\/uploads\/2023\/03\/Que-es-el-curso-Bildungsurlaub.png\" data-elementor-open-lightbox=\"yes\" data-elementor-lightbox-title=\"Qu\u00e9 es el curso Bildungsurlaub\" data-elementor-lightbox-description=\"Was ist der Bildungsurlaub-Kurs?\" data-e-action-hash=\"#elementor-action%3Aaction%3Dlightbox%26settings%3DeyJpZCI6NDk2MTksInVybCI6Imh0dHBzOlwvXC9paGRlbXUuY29tXC93cC1jb250ZW50XC91cGxvYWRzXC8yMDIzXC8wM1wvUXVlLWVzLWVsLWN1cnNvLUJpbGR1bmdzdXJsYXViLnBuZyJ9\">\n\t\t\t\t\t\t\t<img fetchpriority=\"high\" decoding=\"async\" width=\"1000\" height=\"344\" src=\"https:\/\/ihdemu.com\/wp-content\/uploads\/2023\/03\/Que-es-el-curso-Bildungsurlaub.png\" class=\"attachment-full size-full wp-image-49619\" alt=\"Was ist der Bildungsurlaub-Kurs?\" srcset=\"https:\/\/ihdemu.com\/wp-content\/uploads\/2023\/03\/Que-es-el-curso-Bildungsurlaub.png 1000w, https:\/\/ihdemu.com\/wp-content\/uploads\/2023\/03\/Que-es-el-curso-Bildungsurlaub-300x103.png 300w, https:\/\/ihdemu.com\/wp-content\/uploads\/2023\/03\/Que-es-el-curso-Bildungsurlaub-768x264.png 768w, https:\/\/ihdemu.com\/wp-content\/uploads\/2023\/03\/Que-es-el-curso-Bildungsurlaub-600x206.png 600w\" sizes=\"(max-width: 1000px) 100vw, 1000px\" \/>\t\t\t\t\t\t\t\t<\/a>\n\t\t\t\t\t\t\t\t\t\t\t\t\t\t\t<\/div>\n\t\t\t\t<\/div>\n\t\t\t\t\t<\/div>\n\t\t<\/div>\n\t\t\t\t<div class=\"elementor-column elementor-col-66 elementor-top-column elementor-element elementor-element-64852d7\" data-id=\"64852d7\" data-element_type=\"column\" data-e-type=\"column\">\n\t\t\t<div class=\"elementor-widget-wrap elementor-element-populated\">\n\t\t\t\t\t\t<div class=\"elementor-element elementor-element-7465088 elementor-widget elementor-widget-text-editor\" data-id=\"7465088\" data-element_type=\"widget\" data-e-type=\"widget\" data-widget_type=\"text-editor.default\">\n\t\t\t\t<div class=\"elementor-widget-container\">\n\t\t\t\t\t\t\t\t\t<p>Der Spanischkurs f\u00fcr Bildungsurlaub oder Bildungszeit bietet Unterricht f\u00fcr <b>alle Niveaus<\/b>, von Anf\u00e4ngern bis Fortgeschrittenen. Da es sich um einen <b>ma\u00dfgeschneiderten Kurs<\/b> in Bezug auf Termine und Inhalte handelt, k\u00f6nnen Sie das Niveau w\u00e4hlen, das am besten zu Ihren Bed\u00fcrfnissen und F\u00e4higkeiten passt.<\/p><p>Sagen Sie uns einfach, was Sie brauchen. So k\u00f6nnen Sie jederzeit im Laufe des Jahres beginnen, vorausgesetzt, Sie benachrichtigen uns rechtzeitig, damit wir es mit dem deutschen Bundesland, bei dem Sie es beantragen m\u00f6chten, organisieren k\u00f6nnen.<\/p>\t\t\t\t\t\t\t\t<\/div>\n\t\t\t\t<\/div>\n\t\t\t\t\t<\/div>\n\t\t<\/div>\n\t\t\t\t\t<\/div>\n\t\t<\/section>\n\t\t\t\t<section class=\"elementor-section elementor-top-section elementor-element elementor-element-f6a0dc5 elementor-section-boxed elementor-section-height-default elementor-section-height-default\" data-id=\"f6a0dc5\" data-element_type=\"section\" data-e-type=\"section\">\n\t\t\t\t\t\t<div class=\"elementor-container elementor-column-gap-default\">\n\t\t\t\t\t<div class=\"elementor-column elementor-col-100 elementor-top-column elementor-element elementor-element-739d502\" data-id=\"739d502\" data-element_type=\"column\" data-e-type=\"column\">\n\t\t\t<div class=\"elementor-widget-wrap elementor-element-populated\">\n\t\t\t\t\t\t<div class=\"elementor-element elementor-element-3af65c7 elementor-widget elementor-widget-heading\" data-id=\"3af65c7\" data-element_type=\"widget\" data-e-type=\"widget\" data-widget_type=\"heading.default\">\n\t\t\t\t<div class=\"elementor-widget-container\">\n\t\t\t\t\t<h2 class=\"elementor-heading-title elementor-size-default\">Was bedeutet genau Bildungsurlaub oder Bildungszeit?<\/h2>\t\t\t\t<\/div>\n\t\t\t\t<\/div>\n\t\t\t\t<div class=\"elementor-element elementor-element-c7c9c1f elementor-widget elementor-widget-text-editor\" data-id=\"c7c9c1f\" data-element_type=\"widget\" data-e-type=\"widget\" data-widget_type=\"text-editor.default\">\n\t\t\t\t<div class=\"elementor-widget-container\">\n\t\t\t\t\t\t\t\t\t<p>In einigen L\u00e4ndern haben Arbeitnehmer gesetzlich das Recht auf Bildungsurlaub. Der deutsche Bildungsurlaub und der franz\u00f6sische \u201eCompte personnel de formation\u201c k\u00f6nnen f\u00fcr die Teilnahme an einem Sprachimmersion-Programm genutzt werden.<\/p><p>W\u00f6rtlich bedeutet es \u201e<b>Bildungserlaubnis<\/b>\u201c. Es ist das gesetzliche Recht von Arbeitnehmern, bezahlte Freizeit vom Job zu nehmen, um an anerkannten Weiterbildungsma\u00dfnahmen teilzunehmen, d.h. eine vom Arbeitgeber genehmigte Abwesenheit f\u00fcr Bildungsstudien zur Schulung und Weiterentwicklung von Arbeitnehmern.<\/p><p>Deutsche Arbeitnehmer haben jedes Jahr Anspruch auf <b>5 Tage Urlaub<\/b>, um in einer anerkannten Schule zu studieren und dabei ihr Gehalt zu erhalten.<\/p>\t\t\t\t\t\t\t\t<\/div>\n\t\t\t\t<\/div>\n\t\t\t\t\t<\/div>\n\t\t<\/div>\n\t\t\t\t\t<\/div>\n\t\t<\/section>\n\t\t\t\t<section class=\"elementor-section elementor-top-section elementor-element elementor-element-f9363c3 elementor-section-boxed elementor-section-height-default elementor-section-height-default\" data-id=\"f9363c3\" data-element_type=\"section\" data-e-type=\"section\">\n\t\t\t\t\t\t<div class=\"elementor-container elementor-column-gap-default\">\n\t\t\t\t\t<div class=\"elementor-column elementor-col-100 elementor-top-column elementor-element elementor-element-bc39f81\" data-id=\"bc39f81\" data-element_type=\"column\" data-e-type=\"column\">\n\t\t\t<div class=\"elementor-widget-wrap elementor-element-populated\">\n\t\t\t\t\t\t<div class=\"elementor-element elementor-element-d8c1833 elementor-widget elementor-widget-heading\" data-id=\"d8c1833\" data-element_type=\"widget\" data-e-type=\"widget\" data-widget_type=\"heading.default\">\n\t\t\t\t<div class=\"elementor-widget-container\">\n\t\t\t\t\t<h2 class=\"elementor-heading-title elementor-size-default\">Was muss ich tun, um diesen Spanischkurs f\u00fcr Bildungsurlaub oder Bildungszeit zu beantragen?<\/h2>\t\t\t\t<\/div>\n\t\t\t\t<\/div>\n\t\t\t\t<div class=\"elementor-element elementor-element-e1b43d0 elementor-widget elementor-widget-text-editor\" data-id=\"e1b43d0\" data-element_type=\"widget\" data-e-type=\"widget\" data-widget_type=\"text-editor.default\">\n\t\t\t\t<div class=\"elementor-widget-container\">\n\t\t\t\t\t\t\t\t\t<p>Zuerst ist es wichtig, dass Sie mit Ihrem Arbeitgeber sprechen, um zu kl\u00e4ren, ob Ihre Teilnahme am Kurs m\u00f6glich ist. Danach kontaktieren Sie uns, um die Termine und Inhalte des Kurses zu koordinieren. Bitte beachten Sie, dass die Bildungsma\u00dfnahme mit ausreichendem Vorlauf, <b>mindestens 12 Wochen vor dem geplanten Kursbeginn<\/b>, beantragt werden muss.<\/p>\t\t\t\t\t\t\t\t<\/div>\n\t\t\t\t<\/div>\n\t\t\t\t\t<\/div>\n\t\t<\/div>\n\t\t\t\t\t<\/div>\n\t\t<\/section>\n\t\t\t\t<section class=\"elementor-section elementor-top-section elementor-element elementor-element-589ec32 elementor-section-boxed elementor-section-height-default elementor-section-height-default\" data-id=\"589ec32\" data-element_type=\"section\" data-e-type=\"section\">\n\t\t\t\t\t\t<div class=\"elementor-container elementor-column-gap-default\">\n\t\t\t\t\t<div class=\"elementor-column elementor-col-100 elementor-top-column elementor-element elementor-element-6aeadc3\" data-id=\"6aeadc3\" data-element_type=\"column\" data-e-type=\"column\">\n\t\t\t<div class=\"elementor-widget-wrap elementor-element-populated\">\n\t\t\t\t\t\t<div class=\"elementor-element elementor-element-f168ed8 elementor-widget elementor-widget-heading\" data-id=\"f168ed8\" data-element_type=\"widget\" data-e-type=\"widget\" data-widget_type=\"heading.default\">\n\t\t\t\t<div class=\"elementor-widget-container\">\n\t\t\t\t\t<h2 class=\"elementor-heading-title elementor-size-default\">Wie sieht das Kursprogramm aus?<\/h2>\t\t\t\t<\/div>\n\t\t\t\t<\/div>\n\t\t\t\t<div class=\"elementor-element elementor-element-fc1326c elementor-widget elementor-widget-text-editor\" data-id=\"fc1326c\" data-element_type=\"widget\" data-e-type=\"widget\" data-widget_type=\"text-editor.default\">\n\t\t\t\t<div class=\"elementor-widget-container\">\n\t\t\t\t\t\t\t\t\t<p>Hier ist ein <b>Beispiel<\/b> f\u00fcr den Inhalt, die Ziele und die Methodik eines <b>Musterkurses<\/b>. Denken Sie daran, dass wir einen Kurs speziell f\u00fcr Sie entwerfen werden.<\/p>\t\t\t\t\t\t\t\t<\/div>\n\t\t\t\t<\/div>\n\t\t\t\t\t<\/div>\n\t\t<\/div>\n\t\t\t\t\t<\/div>\n\t\t<\/section>\n\t\t\t\t<section class=\"elementor-section elementor-top-section elementor-element elementor-element-756ef38 elementor-section-boxed elementor-section-height-default elementor-section-height-default elementor-invisible\" data-id=\"756ef38\" data-element_type=\"section\" data-e-type=\"section\" data-settings=\"{&quot;animation&quot;:&quot;zoomInRight&quot;}\">\n\t\t\t\t\t\t<div class=\"elementor-container elementor-column-gap-default\">\n\t\t\t\t\t<div class=\"elementor-column elementor-col-25 elementor-top-column elementor-element elementor-element-e047cfc\" data-id=\"e047cfc\" data-element_type=\"column\" data-e-type=\"column\">\n\t\t\t<div class=\"elementor-widget-wrap elementor-element-populated\">\n\t\t\t\t\t\t<div class=\"elementor-element elementor-element-564f2e2 elementor-view-default elementor-position-block-start elementor-mobile-position-block-start elementor-widget elementor-widget-icon-box\" data-id=\"564f2e2\" data-element_type=\"widget\" data-e-type=\"widget\" data-widget_type=\"icon-box.default\">\n\t\t\t\t<div class=\"elementor-widget-container\">\n\t\t\t\t\t\t\t<div class=\"elementor-icon-box-wrapper\">\n\n\t\t\t\t\t\t<div class=\"elementor-icon-box-icon\">\n\t\t\t\t<a href=\"https:\/\/drive.google.com\/file\/d\/10xl-d47mCn-2JAfgncDZCAGPy2UkGL41\/view\" class=\"elementor-icon elementor-animation-pulse-grow\" tabindex=\"-1\" aria-label=\"Programm Niveau A2\" target=\"_blank\" rel=\"noopener\">\n\t\t\t\t<svg aria-hidden=\"true\" class=\"e-font-icon-svg e-fas-book-open\" viewBox=\"0 0 576 512\" xmlns=\"http:\/\/www.w3.org\/2000\/svg\"><path d=\"M542.22 32.05c-54.8 3.11-163.72 14.43-230.96 55.59-4.64 2.84-7.27 7.89-7.27 13.17v363.87c0 11.55 12.63 18.85 23.28 13.49 69.18-34.82 169.23-44.32 218.7-46.92 16.89-.89 30.02-14.43 30.02-30.66V62.75c.01-17.71-15.35-31.74-33.77-30.7zM264.73 87.64C197.5 46.48 88.58 35.17 33.78 32.05 15.36 31.01 0 45.04 0 62.75V400.6c0 16.24 13.13 29.78 30.02 30.66 49.49 2.6 149.59 12.11 218.77 46.95 10.62 5.35 23.21-1.94 23.21-13.46V100.63c0-5.29-2.62-10.14-7.27-12.99z\"><\/path><\/svg>\t\t\t\t<\/a>\n\t\t\t<\/div>\n\t\t\t\n\t\t\t\t\t\t<div class=\"elementor-icon-box-content\">\n\n\t\t\t\t\t\t\t\t\t<h3 class=\"elementor-icon-box-title\">\n\t\t\t\t\t\t<a href=\"https:\/\/drive.google.com\/file\/d\/10xl-d47mCn-2JAfgncDZCAGPy2UkGL41\/view\" target=\"_blank\" rel=\"noopener\">\n\t\t\t\t\t\t\tProgramm Niveau A2\t\t\t\t\t\t<\/a>\n\t\t\t\t\t<\/h3>\n\t\t\t\t\n\t\t\t\t\t\t\t\t\t<p class=\"elementor-icon-box-description\">\n\t\t\t\t\t\t1 Woche\t\t\t\t\t<\/p>\n\t\t\t\t\n\t\t\t<\/div>\n\t\t\t\n\t\t<\/div>\n\t\t\t\t\t\t<\/div>\n\t\t\t\t<\/div>\n\t\t\t\t\t<\/div>\n\t\t<\/div>\n\t\t\t\t<div class=\"elementor-column elementor-col-25 elementor-top-column elementor-element elementor-element-dde86bb\" data-id=\"dde86bb\" data-element_type=\"column\" data-e-type=\"column\">\n\t\t\t<div class=\"elementor-widget-wrap elementor-element-populated\">\n\t\t\t\t\t\t<div class=\"elementor-element elementor-element-012f93d elementor-view-default elementor-position-block-start elementor-mobile-position-block-start elementor-widget elementor-widget-icon-box\" data-id=\"012f93d\" data-element_type=\"widget\" data-e-type=\"widget\" data-widget_type=\"icon-box.default\">\n\t\t\t\t<div class=\"elementor-widget-container\">\n\t\t\t\t\t\t\t<div class=\"elementor-icon-box-wrapper\">\n\n\t\t\t\t\t\t<div class=\"elementor-icon-box-icon\">\n\t\t\t\t<a href=\"https:\/\/drive.google.com\/file\/d\/1ZRjG3wLIO3bkHBfnNWMwHEd5TKRIVoRz\/view\" class=\"elementor-icon elementor-animation-pulse-grow\" tabindex=\"-1\" aria-label=\"Programm Niveau A2\" target=\"_blank\" rel=\"noopener\">\n\t\t\t\t<svg aria-hidden=\"true\" class=\"e-font-icon-svg e-fas-book-open\" viewBox=\"0 0 576 512\" xmlns=\"http:\/\/www.w3.org\/2000\/svg\"><path d=\"M542.22 32.05c-54.8 3.11-163.72 14.43-230.96 55.59-4.64 2.84-7.27 7.89-7.27 13.17v363.87c0 11.55 12.63 18.85 23.28 13.49 69.18-34.82 169.23-44.32 218.7-46.92 16.89-.89 30.02-14.43 30.02-30.66V62.75c.01-17.71-15.35-31.74-33.77-30.7zM264.73 87.64C197.5 46.48 88.58 35.17 33.78 32.05 15.36 31.01 0 45.04 0 62.75V400.6c0 16.24 13.13 29.78 30.02 30.66 49.49 2.6 149.59 12.11 218.77 46.95 10.62 5.35 23.21-1.94 23.21-13.46V100.63c0-5.29-2.62-10.14-7.27-12.99z\"><\/path><\/svg>\t\t\t\t<\/a>\n\t\t\t<\/div>\n\t\t\t\n\t\t\t\t\t\t<div class=\"elementor-icon-box-content\">\n\n\t\t\t\t\t\t\t\t\t<h3 class=\"elementor-icon-box-title\">\n\t\t\t\t\t\t<a href=\"https:\/\/drive.google.com\/file\/d\/1ZRjG3wLIO3bkHBfnNWMwHEd5TKRIVoRz\/view\" target=\"_blank\" rel=\"noopener\">\n\t\t\t\t\t\t\tProgramm Niveau A2\t\t\t\t\t\t<\/a>\n\t\t\t\t\t<\/h3>\n\t\t\t\t\n\t\t\t\t\t\t\t\t\t<p class=\"elementor-icon-box-description\">\n\t\t\t\t\t\t2 Wochen\t\t\t\t\t<\/p>\n\t\t\t\t\n\t\t\t<\/div>\n\t\t\t\n\t\t<\/div>\n\t\t\t\t\t\t<\/div>\n\t\t\t\t<\/div>\n\t\t\t\t\t<\/div>\n\t\t<\/div>\n\t\t\t\t<div class=\"elementor-column elementor-col-25 elementor-top-column elementor-element elementor-element-d52caab\" data-id=\"d52caab\" data-element_type=\"column\" data-e-type=\"column\">\n\t\t\t<div class=\"elementor-widget-wrap elementor-element-populated\">\n\t\t\t\t\t\t<div class=\"elementor-element elementor-element-1aa1468 elementor-view-default elementor-position-block-start elementor-mobile-position-block-start elementor-widget elementor-widget-icon-box\" data-id=\"1aa1468\" data-element_type=\"widget\" data-e-type=\"widget\" data-widget_type=\"icon-box.default\">\n\t\t\t\t<div class=\"elementor-widget-container\">\n\t\t\t\t\t\t\t<div class=\"elementor-icon-box-wrapper\">\n\n\t\t\t\t\t\t<div class=\"elementor-icon-box-icon\">\n\t\t\t\t<a href=\"https:\/\/drive.google.com\/file\/d\/1Q2mE5Z7OI09whYo0LH7ascrEBp538ihM\/view\" class=\"elementor-icon elementor-animation-pulse-grow\" tabindex=\"-1\" aria-label=\"Programm Niveau B1\" target=\"_blank\" rel=\"noopener\">\n\t\t\t\t<svg aria-hidden=\"true\" class=\"e-font-icon-svg e-fas-book-open\" viewBox=\"0 0 576 512\" xmlns=\"http:\/\/www.w3.org\/2000\/svg\"><path d=\"M542.22 32.05c-54.8 3.11-163.72 14.43-230.96 55.59-4.64 2.84-7.27 7.89-7.27 13.17v363.87c0 11.55 12.63 18.85 23.28 13.49 69.18-34.82 169.23-44.32 218.7-46.92 16.89-.89 30.02-14.43 30.02-30.66V62.75c.01-17.71-15.35-31.74-33.77-30.7zM264.73 87.64C197.5 46.48 88.58 35.17 33.78 32.05 15.36 31.01 0 45.04 0 62.75V400.6c0 16.24 13.13 29.78 30.02 30.66 49.49 2.6 149.59 12.11 218.77 46.95 10.62 5.35 23.21-1.94 23.21-13.46V100.63c0-5.29-2.62-10.14-7.27-12.99z\"><\/path><\/svg>\t\t\t\t<\/a>\n\t\t\t<\/div>\n\t\t\t\n\t\t\t\t\t\t<div class=\"elementor-icon-box-content\">\n\n\t\t\t\t\t\t\t\t\t<h3 class=\"elementor-icon-box-title\">\n\t\t\t\t\t\t<a href=\"https:\/\/drive.google.com\/file\/d\/1Q2mE5Z7OI09whYo0LH7ascrEBp538ihM\/view\" target=\"_blank\" rel=\"noopener\">\n\t\t\t\t\t\t\tProgramm Niveau B1\t\t\t\t\t\t<\/a>\n\t\t\t\t\t<\/h3>\n\t\t\t\t\n\t\t\t\t\t\t\t\t\t<p class=\"elementor-icon-box-description\">\n\t\t\t\t\t\t1 Woche\t\t\t\t\t<\/p>\n\t\t\t\t\n\t\t\t<\/div>\n\t\t\t\n\t\t<\/div>\n\t\t\t\t\t\t<\/div>\n\t\t\t\t<\/div>\n\t\t\t\t\t<\/div>\n\t\t<\/div>\n\t\t\t\t<div class=\"elementor-column elementor-col-25 elementor-top-column elementor-element elementor-element-47db498\" data-id=\"47db498\" data-element_type=\"column\" data-e-type=\"column\">\n\t\t\t<div class=\"elementor-widget-wrap elementor-element-populated\">\n\t\t\t\t\t\t<div class=\"elementor-element elementor-element-a84ea66 elementor-view-default elementor-position-block-start elementor-mobile-position-block-start elementor-widget elementor-widget-icon-box\" data-id=\"a84ea66\" data-element_type=\"widget\" data-e-type=\"widget\" data-widget_type=\"icon-box.default\">\n\t\t\t\t<div class=\"elementor-widget-container\">\n\t\t\t\t\t\t\t<div class=\"elementor-icon-box-wrapper\">\n\n\t\t\t\t\t\t<div class=\"elementor-icon-box-icon\">\n\t\t\t\t<a href=\"https:\/\/drive.google.com\/file\/d\/176tQqD_dJn2xjvcxTbFZ-lYcS9lnS6gE\/view\" class=\"elementor-icon elementor-animation-pulse-grow\" tabindex=\"-1\" aria-label=\"Programm Niveau B2\" target=\"_blank\" rel=\"noopener\">\n\t\t\t\t<svg aria-hidden=\"true\" class=\"e-font-icon-svg e-fas-book-open\" viewBox=\"0 0 576 512\" xmlns=\"http:\/\/www.w3.org\/2000\/svg\"><path d=\"M542.22 32.05c-54.8 3.11-163.72 14.43-230.96 55.59-4.64 2.84-7.27 7.89-7.27 13.17v363.87c0 11.55 12.63 18.85 23.28 13.49 69.18-34.82 169.23-44.32 218.7-46.92 16.89-.89 30.02-14.43 30.02-30.66V62.75c.01-17.71-15.35-31.74-33.77-30.7zM264.73 87.64C197.5 46.48 88.58 35.17 33.78 32.05 15.36 31.01 0 45.04 0 62.75V400.6c0 16.24 13.13 29.78 30.02 30.66 49.49 2.6 149.59 12.11 218.77 46.95 10.62 5.35 23.21-1.94 23.21-13.46V100.63c0-5.29-2.62-10.14-7.27-12.99z\"><\/path><\/svg>\t\t\t\t<\/a>\n\t\t\t<\/div>\n\t\t\t\n\t\t\t\t\t\t<div class=\"elementor-icon-box-content\">\n\n\t\t\t\t\t\t\t\t\t<h3 class=\"elementor-icon-box-title\">\n\t\t\t\t\t\t<a href=\"https:\/\/drive.google.com\/file\/d\/176tQqD_dJn2xjvcxTbFZ-lYcS9lnS6gE\/view\" target=\"_blank\" rel=\"noopener\">\n\t\t\t\t\t\t\tProgramm Niveau B2\t\t\t\t\t\t<\/a>\n\t\t\t\t\t<\/h3>\n\t\t\t\t\n\t\t\t\t\t\t\t\t\t<p class=\"elementor-icon-box-description\">\n\t\t\t\t\t\t2 Wochen\t\t\t\t\t<\/p>\n\t\t\t\t\n\t\t\t<\/div>\n\t\t\t\n\t\t<\/div>\n\t\t\t\t\t\t<\/div>\n\t\t\t\t<\/div>\n\t\t\t\t\t<\/div>\n\t\t<\/div>\n\t\t\t\t\t<\/div>\n\t\t<\/section>\n\t\t\t\t<section class=\"elementor-section elementor-top-section elementor-element elementor-element-68d51be elementor-section-boxed elementor-section-height-default elementor-section-height-default\" data-id=\"68d51be\" data-element_type=\"section\" data-e-type=\"section\">\n\t\t\t\t\t\t<div class=\"elementor-container elementor-column-gap-default\">\n\t\t\t\t\t<div class=\"elementor-column elementor-col-100 elementor-top-column elementor-element elementor-element-1755903\" data-id=\"1755903\" data-element_type=\"column\" data-e-type=\"column\">\n\t\t\t<div class=\"elementor-widget-wrap elementor-element-populated\">\n\t\t\t\t\t\t<div class=\"elementor-element elementor-element-5e75be4 elementor-widget elementor-widget-heading\" data-id=\"5e75be4\" data-element_type=\"widget\" data-e-type=\"widget\" data-widget_type=\"heading.default\">\n\t\t\t\t<div class=\"elementor-widget-container\">\n\t\t\t\t\t<h2 class=\"elementor-heading-title elementor-size-default\">Was sind die Kriterien f\u00fcr die Akkreditierung einer Spanischschule?<\/h2>\t\t\t\t<\/div>\n\t\t\t\t<\/div>\n\t\t\t\t<div class=\"elementor-element elementor-element-28d06cc elementor-widget elementor-widget-text-editor\" data-id=\"28d06cc\" data-element_type=\"widget\" data-e-type=\"widget\" data-widget_type=\"text-editor.default\">\n\t\t\t\t<div class=\"elementor-widget-container\">\n\t\t\t\t\t\t\t\t\t<p>Die Kriterien variieren stark je nach Bundesland. Im Allgemeinen sind die Mindestanforderungen, dass ein Kurs von mindestens <b>30 Unterrichtsstunden pro Woche angeboten wird, dass Ziele, Inhalte und ein detaillierter Stundenplan bereitgestellt werden<\/b>.<\/p><p>Einige Bundesl\u00e4nder in Deutschland verlangen eine separate Anmeldung f\u00fcr jedes Niveau und jeden Standort der Sprachschule, w\u00e4hrend andere alle Niveaus und Standorte einer Sprachschule akzeptieren. In manchen Bundesl\u00e4ndern sind neben dem Sprachkurs auch einige Unterrichtseinheiten zur politischen Bildung vor Ort erforderlich.<\/p>\t\t\t\t\t\t\t\t<\/div>\n\t\t\t\t<\/div>\n\t\t\t\t\t<\/div>\n\t\t<\/div>\n\t\t\t\t\t<\/div>\n\t\t<\/section>\n\t\t\t\t<section class=\"elementor-section elementor-top-section elementor-element elementor-element-cf07a3f elementor-section-boxed elementor-section-height-default elementor-section-height-default\" data-id=\"cf07a3f\" data-element_type=\"section\" data-e-type=\"section\">\n\t\t\t\t\t\t<div class=\"elementor-container elementor-column-gap-default\">\n\t\t\t\t\t<div class=\"elementor-column elementor-col-100 elementor-top-column elementor-element elementor-element-98ba020\" data-id=\"98ba020\" data-element_type=\"column\" data-e-type=\"column\">\n\t\t\t<div class=\"elementor-widget-wrap elementor-element-populated\">\n\t\t\t\t\t\t<div class=\"elementor-element elementor-element-57078e0 elementor-widget elementor-widget-heading\" data-id=\"57078e0\" data-element_type=\"widget\" data-e-type=\"widget\" data-widget_type=\"heading.default\">\n\t\t\t\t<div class=\"elementor-widget-container\">\n\t\t\t\t\t<h2 class=\"elementor-heading-title elementor-size-default\">Wie k\u00f6nnen Sie von der Genehmigung f\u00fcr Bildungsurlaub oder Bildungszeit profitieren?<\/h2>\t\t\t\t<\/div>\n\t\t\t\t<\/div>\n\t\t\t\t<div class=\"elementor-element elementor-element-68f4494 elementor-widget elementor-widget-text-editor\" data-id=\"68f4494\" data-element_type=\"widget\" data-e-type=\"widget\" data-widget_type=\"text-editor.default\">\n\t\t\t\t<div class=\"elementor-widget-container\">\n\t\t\t\t\t\t\t\t\t<p>Das Instituto Hisp\u00e1nico de Murcia ist bereits in die Liste der <b>offiziell anerkannten Spanischschulen<\/b> aufgenommen worden, sodass deutsche Arbeitnehmer bezahlte Freistellung erhalten k\u00f6nnen, um an unserer Schule zu lernen.<\/p><p>Es stehen f\u00fcnf Tage pro Jahr oder zehn Tage alle zwei aufeinanderfolgenden Jahre f\u00fcr Bildung, berufliche Weiterbildung oder Qualifizierung f\u00fcr ehrenamtliche T\u00e4tigkeiten zur Verf\u00fcgung.<\/p><p>Bildungsurlaub ist daher ein <b>attraktives und aktuelles Instrument<\/b>, um den Anforderungen des lebenslangen Lernens gerecht zu werden, und stellt einen wichtigen Wettbewerbs- und Standortfaktor f\u00fcr deutsche Unternehmen dar.<\/p>\t\t\t\t\t\t\t\t<\/div>\n\t\t\t\t<\/div>\n\t\t\t\t\t<\/div>\n\t\t<\/div>\n\t\t\t\t\t<\/div>\n\t\t<\/section>\n\t\t\t\t<section class=\"elementor-section elementor-top-section elementor-element elementor-element-af8b7ee animated-slow elementor-section-boxed elementor-section-height-default elementor-section-height-default elementor-invisible\" data-id=\"af8b7ee\" data-element_type=\"section\" data-e-type=\"section\" data-settings=\"{&quot;animation&quot;:&quot;bounceInLeft&quot;}\">\n\t\t\t\t\t\t<div class=\"elementor-container elementor-column-gap-default\">\n\t\t\t\t\t<div class=\"elementor-column elementor-col-33 elementor-top-column elementor-element elementor-element-b986fee\" data-id=\"b986fee\" data-element_type=\"column\" data-e-type=\"column\">\n\t\t\t<div class=\"elementor-widget-wrap elementor-element-populated\">\n\t\t\t\t\t\t<div class=\"elementor-element elementor-element-463db2f elementor-hidden-mobile elementor-widget elementor-widget-image\" data-id=\"463db2f\" data-element_type=\"widget\" data-e-type=\"widget\" data-widget_type=\"image.default\">\n\t\t\t\t<div class=\"elementor-widget-container\">\n\t\t\t\t\t\t\t\t\t\t\t\t\t\t\t<img decoding=\"async\" width=\"1024\" height=\"768\" src=\"https:\/\/ihdemu.com\/wp-content\/uploads\/2023\/03\/Bildung-Alemania-Estudiantes-3-1024x768.jpg\" class=\"attachment-large size-large wp-image-50254\" alt=\"Studierende des Bildungsurlaub-Kurses\" srcset=\"https:\/\/ihdemu.com\/wp-content\/uploads\/2023\/03\/Bildung-Alemania-Estudiantes-3-1024x768.jpg 1024w, https:\/\/ihdemu.com\/wp-content\/uploads\/2023\/03\/Bildung-Alemania-Estudiantes-3-300x225.jpg 300w, https:\/\/ihdemu.com\/wp-content\/uploads\/2023\/03\/Bildung-Alemania-Estudiantes-3-768x576.jpg 768w, https:\/\/ihdemu.com\/wp-content\/uploads\/2023\/03\/Bildung-Alemania-Estudiantes-3-1536x1152.jpg 1536w, https:\/\/ihdemu.com\/wp-content\/uploads\/2023\/03\/Bildung-Alemania-Estudiantes-3-600x450.jpg 600w, https:\/\/ihdemu.com\/wp-content\/uploads\/2023\/03\/Bildung-Alemania-Estudiantes-3.jpg 1600w\" sizes=\"(max-width: 1024px) 100vw, 1024px\" \/>\t\t\t\t\t\t\t\t\t\t\t\t\t\t\t<\/div>\n\t\t\t\t<\/div>\n\t\t\t\t\t<\/div>\n\t\t<\/div>\n\t\t\t\t<div class=\"elementor-column elementor-col-33 elementor-top-column elementor-element elementor-element-5d70052\" data-id=\"5d70052\" data-element_type=\"column\" data-e-type=\"column\">\n\t\t\t<div class=\"elementor-widget-wrap elementor-element-populated\">\n\t\t\t\t\t\t<div class=\"elementor-element elementor-element-8eabde6 elementor-widget elementor-widget-image\" data-id=\"8eabde6\" data-element_type=\"widget\" data-e-type=\"widget\" data-widget_type=\"image.default\">\n\t\t\t\t<div class=\"elementor-widget-container\">\n\t\t\t\t\t\t\t\t\t\t\t\t\t\t\t<img decoding=\"async\" width=\"1024\" height=\"768\" src=\"https:\/\/ihdemu.com\/wp-content\/uploads\/2023\/03\/Bildung-Alemania-Estudiantes-2-1024x768.jpg\" class=\"attachment-large size-large wp-image-50245\" alt=\"Deutsche Studierende, die in Murcia studieren\" srcset=\"https:\/\/ihdemu.com\/wp-content\/uploads\/2023\/03\/Bildung-Alemania-Estudiantes-2-1024x768.jpg 1024w, https:\/\/ihdemu.com\/wp-content\/uploads\/2023\/03\/Bildung-Alemania-Estudiantes-2-300x225.jpg 300w, https:\/\/ihdemu.com\/wp-content\/uploads\/2023\/03\/Bildung-Alemania-Estudiantes-2-768x576.jpg 768w, https:\/\/ihdemu.com\/wp-content\/uploads\/2023\/03\/Bildung-Alemania-Estudiantes-2-1536x1152.jpg 1536w, https:\/\/ihdemu.com\/wp-content\/uploads\/2023\/03\/Bildung-Alemania-Estudiantes-2-600x450.jpg 600w, https:\/\/ihdemu.com\/wp-content\/uploads\/2023\/03\/Bildung-Alemania-Estudiantes-2.jpg 1600w\" sizes=\"(max-width: 1024px) 100vw, 1024px\" \/>\t\t\t\t\t\t\t\t\t\t\t\t\t\t\t<\/div>\n\t\t\t\t<\/div>\n\t\t\t\t\t<\/div>\n\t\t<\/div>\n\t\t\t\t<div class=\"elementor-column elementor-col-33 elementor-top-column elementor-element elementor-element-d9f9ea5\" data-id=\"d9f9ea5\" data-element_type=\"column\" data-e-type=\"column\">\n\t\t\t<div class=\"elementor-widget-wrap elementor-element-populated\">\n\t\t\t\t\t\t<div class=\"elementor-element elementor-element-0368779 elementor-hidden-mobile elementor-widget elementor-widget-image\" data-id=\"0368779\" data-element_type=\"widget\" data-e-type=\"widget\" data-widget_type=\"image.default\">\n\t\t\t\t<div class=\"elementor-widget-container\">\n\t\t\t\t\t\t\t\t\t\t\t\t\t\t\t<img loading=\"lazy\" decoding=\"async\" width=\"1024\" height=\"768\" src=\"https:\/\/ihdemu.com\/wp-content\/uploads\/2023\/03\/Bildung-Alemania-Estudiantes-1-1024x768.jpg\" class=\"attachment-large size-large wp-image-50236\" alt=\"Bildungsurlaub-Studierende aus Deutschland\" srcset=\"https:\/\/ihdemu.com\/wp-content\/uploads\/2023\/03\/Bildung-Alemania-Estudiantes-1-1024x768.jpg 1024w, https:\/\/ihdemu.com\/wp-content\/uploads\/2023\/03\/Bildung-Alemania-Estudiantes-1-300x225.jpg 300w, https:\/\/ihdemu.com\/wp-content\/uploads\/2023\/03\/Bildung-Alemania-Estudiantes-1-768x576.jpg 768w, https:\/\/ihdemu.com\/wp-content\/uploads\/2023\/03\/Bildung-Alemania-Estudiantes-1-1536x1152.jpg 1536w, https:\/\/ihdemu.com\/wp-content\/uploads\/2023\/03\/Bildung-Alemania-Estudiantes-1-600x450.jpg 600w, https:\/\/ihdemu.com\/wp-content\/uploads\/2023\/03\/Bildung-Alemania-Estudiantes-1.jpg 1600w\" sizes=\"(max-width: 1024px) 100vw, 1024px\" \/>\t\t\t\t\t\t\t\t\t\t\t\t\t\t\t<\/div>\n\t\t\t\t<\/div>\n\t\t\t\t\t<\/div>\n\t\t<\/div>\n\t\t\t\t\t<\/div>\n\t\t<\/section>\n\t\t\t\t<section class=\"elementor-section elementor-top-section elementor-element elementor-element-a38e5a7 elementor-section-boxed elementor-section-height-default elementor-section-height-default\" data-id=\"a38e5a7\" data-element_type=\"section\" data-e-type=\"section\">\n\t\t\t\t\t\t<div class=\"elementor-container elementor-column-gap-default\">\n\t\t\t\t\t<div class=\"elementor-column elementor-col-100 elementor-top-column elementor-element elementor-element-f406b98\" data-id=\"f406b98\" data-element_type=\"column\" data-e-type=\"column\">\n\t\t\t<div class=\"elementor-widget-wrap elementor-element-populated\">\n\t\t\t\t\t\t<div class=\"elementor-element elementor-element-2bd534f elementor-widget elementor-widget-heading\" data-id=\"2bd534f\" data-element_type=\"widget\" data-e-type=\"widget\" data-widget_type=\"heading.default\">\n\t\t\t\t<div class=\"elementor-widget-container\">\n\t\t\t\t\t<h2 class=\"elementor-heading-title elementor-size-default\">Wie k\u00f6nnen Sie diese Weiterbildung beantragen?<\/h2>\t\t\t\t<\/div>\n\t\t\t\t<\/div>\n\t\t\t\t<div class=\"elementor-element elementor-element-d931860 elementor-widget elementor-widget-text-editor\" data-id=\"d931860\" data-element_type=\"widget\" data-e-type=\"widget\" data-widget_type=\"text-editor.default\">\n\t\t\t\t<div class=\"elementor-widget-container\">\n\t\t\t\t\t\t\t\t\t<p>Ihren Vorgesetzten sollte Ihre <b>pers\u00f6nliche Entwicklung<\/b> wichtig sein, daher m\u00fcssen Sie mit ihnen sprechen und erkl\u00e4ren, dass die Verbesserung Ihrer Spanischkenntnisse, das Entdecken einer anderen Kultur und das Kennenlernen neuer Menschen einen weitaus positiveren Einfluss haben wird als typische Firmenfortbildungen und Teambuilding-\u00dcbungen.<\/p><p>In der Regel m\u00fcssen Sie sich registrieren, indem Sie das Programm und den Zeitplan des Kurses Ihrem Vorgesetzten oder der Personalabteilung vorlegen. Um Ihnen die richtigen Unterlagen zusenden zu k\u00f6nnen, m\u00fcssen wir Ihre Spanischkenntnisse bewerten.<\/p><p>Wenn Sie sich \u00fcber Ihr Niveau nicht sicher sind, k\u00f6nnen Sie unseren <b>Spanisch-Einstufungstest<\/b> \u2013 pers\u00f6nlich oder online \u2013 durchf\u00fchren, damit wir Sie in das richtige Niveau einordnen k\u00f6nnen. Sobald Sie sich angemeldet und die Kursgeb\u00fchr bezahlt haben, k\u00f6nnen wir Ihnen eine pers\u00f6nliche Anmeldebescheinigung ausstellen, die Sie wahrscheinlich f\u00fcr Ihren Arbeitgeber ben\u00f6tigen werden.<\/p>\t\t\t\t\t\t\t\t<\/div>\n\t\t\t\t<\/div>\n\t\t\t\t\t<\/div>\n\t\t<\/div>\n\t\t\t\t\t<\/div>\n\t\t<\/section>\n\t\t\t\t<section class=\"elementor-section elementor-top-section elementor-element elementor-element-1267e8f elementor-section-boxed elementor-section-height-default elementor-section-height-default\" data-id=\"1267e8f\" data-element_type=\"section\" data-e-type=\"section\">\n\t\t\t\t\t\t<div class=\"elementor-container elementor-column-gap-default\">\n\t\t\t\t\t<div class=\"elementor-column elementor-col-100 elementor-top-column elementor-element elementor-element-a286fb1\" data-id=\"a286fb1\" data-element_type=\"column\" data-e-type=\"column\">\n\t\t\t<div class=\"elementor-widget-wrap elementor-element-populated\">\n\t\t\t\t\t\t<div class=\"elementor-element elementor-element-cc9d2ef elementor-widget elementor-widget-heading\" data-id=\"cc9d2ef\" data-element_type=\"widget\" data-e-type=\"widget\" data-widget_type=\"heading.default\">\n\t\t\t\t<div class=\"elementor-widget-container\">\n\t\t\t\t\t<h2 class=\"elementor-heading-title elementor-size-default\">Welche Vorteile bietet Bildungsurlaub oder Bildungszeit?<\/h2>\t\t\t\t<\/div>\n\t\t\t\t<\/div>\n\t\t\t\t<div class=\"elementor-element elementor-element-6ee3500 elementor-widget elementor-widget-text-editor\" data-id=\"6ee3500\" data-element_type=\"widget\" data-e-type=\"widget\" data-widget_type=\"text-editor.default\">\n\t\t\t\t<div class=\"elementor-widget-container\">\n\t\t\t\t\t\t\t\t\t<p>Hier sind einige davon, obwohl es noch viele mehr gibt:<\/p><ul><li>Sie haben die M\u00f6glichkeit, an einem Spanischkurs in Murcia teilzunehmen, der perfekt zu Ihrer Arbeit passt.<\/li><li>Sie verbessern Ihre Sprachkenntnisse.<\/li><li>Sie k\u00f6nnen gleichzeitig arbeiten.<\/li><li>Es ist eine Investition in die pers\u00f6nliche Weiterentwicklung.<\/li><li>Es macht das Unternehmen wettbewerbsf\u00e4higer.<\/li><li>Es erh\u00f6ht die kulturelle Sensibilit\u00e4t des Unternehmens.<\/li><li>Die Organisation ist super einfach.<\/li><li>Es macht Sie zu einem attraktiveren Kandidaten.<\/li><li>Und vergessen Sie nicht, dass auch die Konkurrenz Ihres Unternehmens diese Kurse f\u00fcr ihre Mitarbeiter in Anspruch nimmt.<\/li><\/ul><p><strong>Und vergessen Sie nicht, dass auch die Konkurrenz Ihres Unternehmens solche Kurse f\u00fcr ihre Mitarbeiter anbietet.<\/strong><\/p>\t\t\t\t\t\t\t\t<\/div>\n\t\t\t\t<\/div>\n\t\t\t\t\t<\/div>\n\t\t<\/div>\n\t\t\t\t\t<\/div>\n\t\t<\/section>\n\t\t\t\t<section class=\"elementor-section elementor-top-section elementor-element elementor-element-3986a2c elementor-section-boxed elementor-section-height-default elementor-section-height-default\" data-id=\"3986a2c\" data-element_type=\"section\" data-e-type=\"section\">\n\t\t\t\t\t\t<div class=\"elementor-container elementor-column-gap-default\">\n\t\t\t\t\t<div class=\"elementor-column elementor-col-100 elementor-top-column elementor-element elementor-element-4bb2ee8\" data-id=\"4bb2ee8\" data-element_type=\"column\" data-e-type=\"column\">\n\t\t\t<div class=\"elementor-widget-wrap elementor-element-populated\">\n\t\t\t\t\t\t<div class=\"elementor-element elementor-element-e976ad3 elementor-widget elementor-widget-heading\" data-id=\"e976ad3\" data-element_type=\"widget\" data-e-type=\"widget\" data-widget_type=\"heading.default\">\n\t\t\t\t<div class=\"elementor-widget-container\">\n\t\t\t\t\t<h2 class=\"elementor-heading-title elementor-size-default\">Warum diese Kurse am Instituto Hisp\u00e1nico de Murcia belegen?<\/h2>\t\t\t\t<\/div>\n\t\t\t\t<\/div>\n\t\t\t\t<div class=\"elementor-element elementor-element-b801083 elementor-widget elementor-widget-text-editor\" data-id=\"b801083\" data-element_type=\"widget\" data-e-type=\"widget\" data-widget_type=\"text-editor.default\">\n\t\t\t\t<div class=\"elementor-widget-container\">\n\t\t\t\t\t\t\t\t\t<div class=\"flex-1 overflow-hidden\">\n<div class=\"react-scroll-to-bottom--css-rbqej-79elbk h-full dark:bg-gray-800\">\n<div class=\"react-scroll-to-bottom--css-rbqej-1n7m0yu\">\n<div class=\"flex flex-col items-center text-sm dark:bg-gray-800\">\n<div class=\"group w-full text-gray-800 dark:text-gray-100 border-b border-black\/10 dark:border-gray-900\/50 bg-gray-50 dark:bg-[#444654]\">\n<div class=\"text-base gap-4 md:gap-6 md:max-w-2xl lg:max-w-2xl xl:max-w-3xl p-4 md:py-6 flex lg:px-0 m-auto\">\n<div class=\"relative flex w-[calc(100%-50px)] flex-col gap-1 md:gap-3 lg:w-[calc(100%-115px)]\">\n<div class=\"flex flex-grow flex-col gap-3\">\n<div class=\"min-h-[20px] flex flex-col items-start gap-4 whitespace-pre-wrap\">\n<div class=\"markdown prose w-full break-words dark:prose-invert light\">\n<p>Durch <b>exzellenten Service<\/b> und ein breites Angebot an sportlichen und sozialen Aktivit\u00e4ten richtet sich dieser Kurs an alle Studierenden, die den spanischen Lebensstil kennenlernen m\u00f6chten, als w\u00e4ren sie Muttersprachler.<\/p>\n<p>Unsere Bildungsurlaub- oder Bildungszeit-Spanischkurse sind auf die praktische Anwendung der Sprache ausgelegt. Ziel ist es, Ihnen zu helfen, die vier Sprachkompetenzen (Sprechen, Verstehen, Lesen und Schreiben) durch Lehrmethoden zu entwickeln, die vor allem <b>kommunikative \u00dcbungen<\/b> nutzen.<\/p>\n<p>Es ist wichtig zu betonen, dass wir Ihnen w\u00e4hrend des gesamten Kurses unsere Verf\u00fcgbarkeit, Unterst\u00fctzung und Betreuung bieten, sowohl beim Erlernen der spanischen Sprache als auch bei der Anpassung an die Stadt und die spanische Kultur.<\/p>\n<p><b>Und denken Sie daran, dass unsere Schule von den meisten Bildungsministerien der deutschen Bundesl\u00e4nder anerkannt ist oder es schon einmal war.<\/b><\/p>\n<\/div>\n<\/div>\n<\/div>\n<\/div>\n<\/div>\n<\/div>\n<\/div>\n<\/div>\n<\/div>\n<\/div>\t\t\t\t\t\t\t\t<\/div>\n\t\t\t\t<\/div>\n\t\t\t\t\t<\/div>\n\t\t<\/div>\n\t\t\t\t\t<\/div>\n\t\t<\/section>\n\t\t\t\t<section class=\"elementor-section elementor-top-section elementor-element elementor-element-19661b6 elementor-section-boxed elementor-section-height-default elementor-section-height-default\" data-id=\"19661b6\" data-element_type=\"section\" data-e-type=\"section\">\n\t\t\t\t\t\t<div class=\"elementor-container elementor-column-gap-default\">\n\t\t\t\t\t<div class=\"elementor-column elementor-col-100 elementor-top-column elementor-element elementor-element-64c213e\" data-id=\"64c213e\" data-element_type=\"column\" data-e-type=\"column\">\n\t\t\t<div class=\"elementor-widget-wrap elementor-element-populated\">\n\t\t\t\t\t\t<div class=\"elementor-element elementor-element-b85a638 elementor-widget elementor-widget-heading\" data-id=\"b85a638\" data-element_type=\"widget\" data-e-type=\"widget\" data-widget_type=\"heading.default\">\n\t\t\t\t<div class=\"elementor-widget-container\">\n\t\t\t\t\t<h2 class=\"elementor-heading-title elementor-size-default\"><br>H\u00e4ufig gestellte Fragen zum Bildungsurlaub<\/h2>\t\t\t\t<\/div>\n\t\t\t\t<\/div>\n\t\t\t\t<div class=\"elementor-element elementor-element-e0490a7 elementor-widget elementor-widget-accordion\" data-id=\"e0490a7\" data-element_type=\"widget\" data-e-type=\"widget\" data-widget_type=\"accordion.default\">\n\t\t\t\t<div class=\"elementor-widget-container\">\n\t\t\t\t\t\t\t<div class=\"elementor-accordion\">\n\t\t\t\t\t\t\t<div class=\"elementor-accordion-item\">\n\t\t\t\t\t<div id=\"elementor-tab-title-2351\" class=\"elementor-tab-title\" data-tab=\"1\" role=\"button\" aria-controls=\"elementor-tab-content-2351\" aria-expanded=\"false\">\n\t\t\t\t\t\t\t\t\t\t\t\t\t<span class=\"elementor-accordion-icon elementor-accordion-icon-left\" aria-hidden=\"true\">\n\t\t\t\t\t\t\t\t\t\t\t\t\t\t\t<span class=\"elementor-accordion-icon-closed\"><svg class=\"e-font-icon-svg e-fas-plus\" viewBox=\"0 0 448 512\" xmlns=\"http:\/\/www.w3.org\/2000\/svg\"><path d=\"M416 208H272V64c0-17.67-14.33-32-32-32h-32c-17.67 0-32 14.33-32 32v144H32c-17.67 0-32 14.33-32 32v32c0 17.67 14.33 32 32 32h144v144c0 17.67 14.33 32 32 32h32c17.67 0 32-14.33 32-32V304h144c17.67 0 32-14.33 32-32v-32c0-17.67-14.33-32-32-32z\"><\/path><\/svg><\/span>\n\t\t\t\t\t\t\t\t<span class=\"elementor-accordion-icon-opened\"><svg class=\"e-font-icon-svg e-fas-minus\" viewBox=\"0 0 448 512\" xmlns=\"http:\/\/www.w3.org\/2000\/svg\"><path d=\"M416 208H32c-17.67 0-32 14.33-32 32v32c0 17.67 14.33 32 32 32h384c17.67 0 32-14.33 32-32v-32c0-17.67-14.33-32-32-32z\"><\/path><\/svg><\/span>\n\t\t\t\t\t\t\t\t\t\t\t\t\t\t<\/span>\n\t\t\t\t\t\t\t\t\t\t\t\t<a class=\"elementor-accordion-title\" tabindex=\"0\">Was muss ich tun, um diesen Spanischkurs f\u00fcr Bildungsurlaub oder Bildungszeit zu beantragen?<\/a>\n\t\t\t\t\t<\/div>\n\t\t\t\t\t<div id=\"elementor-tab-content-2351\" class=\"elementor-tab-content elementor-clearfix\" data-tab=\"1\" role=\"region\" aria-labelledby=\"elementor-tab-title-2351\"><p>Zuerst sollten Sie mit Ihrem Arbeitgeber sprechen, um die M\u00f6glichkeit zu kl\u00e4ren, ob er Ihrem Antrag zustimmt. Dann setzen Sie sich mit uns in Verbindung, um die Termine und Inhalte des Kurses festzulegen. Bitte beachten Sie, dass wir die Fortbildungsma\u00dfnahme rechtzeitig, <b>mindestens 12 Wochen vor Kursbeginn<\/b>, beantragen m\u00fcssen<\/p><\/div>\n\t\t\t\t<\/div>\n\t\t\t\t\t\t\t<div class=\"elementor-accordion-item\">\n\t\t\t\t\t<div id=\"elementor-tab-title-2352\" class=\"elementor-tab-title\" data-tab=\"2\" role=\"button\" aria-controls=\"elementor-tab-content-2352\" aria-expanded=\"false\">\n\t\t\t\t\t\t\t\t\t\t\t\t\t<span class=\"elementor-accordion-icon elementor-accordion-icon-left\" aria-hidden=\"true\">\n\t\t\t\t\t\t\t\t\t\t\t\t\t\t\t<span class=\"elementor-accordion-icon-closed\"><svg class=\"e-font-icon-svg e-fas-plus\" viewBox=\"0 0 448 512\" xmlns=\"http:\/\/www.w3.org\/2000\/svg\"><path d=\"M416 208H272V64c0-17.67-14.33-32-32-32h-32c-17.67 0-32 14.33-32 32v144H32c-17.67 0-32 14.33-32 32v32c0 17.67 14.33 32 32 32h144v144c0 17.67 14.33 32 32 32h32c17.67 0 32-14.33 32-32V304h144c17.67 0 32-14.33 32-32v-32c0-17.67-14.33-32-32-32z\"><\/path><\/svg><\/span>\n\t\t\t\t\t\t\t\t<span class=\"elementor-accordion-icon-opened\"><svg class=\"e-font-icon-svg e-fas-minus\" viewBox=\"0 0 448 512\" xmlns=\"http:\/\/www.w3.org\/2000\/svg\"><path d=\"M416 208H32c-17.67 0-32 14.33-32 32v32c0 17.67 14.33 32 32 32h384c17.67 0 32-14.33 32-32v-32c0-17.67-14.33-32-32-32z\"><\/path><\/svg><\/span>\n\t\t\t\t\t\t\t\t\t\t\t\t\t\t<\/span>\n\t\t\t\t\t\t\t\t\t\t\t\t<a class=\"elementor-accordion-title\" tabindex=\"0\">Welche Spanischniveaus werden im Kurs unterrichtet?<\/a>\n\t\t\t\t\t<\/div>\n\t\t\t\t\t<div id=\"elementor-tab-content-2352\" class=\"elementor-tab-content elementor-clearfix\" data-tab=\"2\" role=\"region\" aria-labelledby=\"elementor-tab-title-2352\"><p>Der Spanischkurs f\u00fcr Bildungszeit oder Bildungsurlaub bietet Unterricht f\u00fcr <strong>alle Niveaus<\/strong>, von Anf\u00e4nger bis Fortgeschrittene. Sie k\u00f6nnen das Niveau w\u00e4hlen, das am besten zu Ihren spezifischen Bed\u00fcrfnissen und Spanischkenntnissen passt.<\/p><\/div>\n\t\t\t\t<\/div>\n\t\t\t\t\t\t\t<div class=\"elementor-accordion-item\">\n\t\t\t\t\t<div id=\"elementor-tab-title-2353\" class=\"elementor-tab-title\" data-tab=\"3\" role=\"button\" aria-controls=\"elementor-tab-content-2353\" aria-expanded=\"false\">\n\t\t\t\t\t\t\t\t\t\t\t\t\t<span class=\"elementor-accordion-icon elementor-accordion-icon-left\" aria-hidden=\"true\">\n\t\t\t\t\t\t\t\t\t\t\t\t\t\t\t<span class=\"elementor-accordion-icon-closed\"><svg class=\"e-font-icon-svg e-fas-plus\" viewBox=\"0 0 448 512\" xmlns=\"http:\/\/www.w3.org\/2000\/svg\"><path d=\"M416 208H272V64c0-17.67-14.33-32-32-32h-32c-17.67 0-32 14.33-32 32v144H32c-17.67 0-32 14.33-32 32v32c0 17.67 14.33 32 32 32h144v144c0 17.67 14.33 32 32 32h32c17.67 0 32-14.33 32-32V304h144c17.67 0 32-14.33 32-32v-32c0-17.67-14.33-32-32-32z\"><\/path><\/svg><\/span>\n\t\t\t\t\t\t\t\t<span class=\"elementor-accordion-icon-opened\"><svg class=\"e-font-icon-svg e-fas-minus\" viewBox=\"0 0 448 512\" xmlns=\"http:\/\/www.w3.org\/2000\/svg\"><path d=\"M416 208H32c-17.67 0-32 14.33-32 32v32c0 17.67 14.33 32 32 32h384c17.67 0 32-14.33 32-32v-32c0-17.67-14.33-32-32-32z\"><\/path><\/svg><\/span>\n\t\t\t\t\t\t\t\t\t\t\t\t\t\t<\/span>\n\t\t\t\t\t\t\t\t\t\t\t\t<a class=\"elementor-accordion-title\" tabindex=\"0\">Wie viel kostet dieser Kurs?<\/a>\n\t\t\t\t\t<\/div>\n\t\t\t\t\t<div id=\"elementor-tab-content-2353\" class=\"elementor-tab-content elementor-clearfix\" data-tab=\"3\" role=\"region\" aria-labelledby=\"elementor-tab-title-2353\"><p>Der Spanischkurs f\u00fcr Bildungsurlaub oder Bildungszeit kostet <b>575 \u20ac pro Woche und 39 \u20ac Einschreibegeb\u00fchr <\/b>an unserer Schule. Diese Kosten umfassen die Geb\u00fchren f\u00fcr die Genehmigungsanfrage der Fortbildungsma\u00dfnahme beim entsprechenden deutschen Bundesland, die in einigen F\u00e4llen \u00fcber 100 \u20ac betragen kann. Es fallen keine weiteren Kosten f\u00fcr Sie an.<\/p><\/div>\n\t\t\t\t<\/div>\n\t\t\t\t\t\t\t\t\t\t<script type=\"application\/ld+json\">{\"@context\":\"https:\\\/\\\/schema.org\",\"@type\":\"FAQPage\",\"mainEntity\":[{\"@type\":\"Question\",\"name\":\"Was muss ich tun, um diesen Spanischkurs f\\u00fcr Bildungsurlaub oder Bildungszeit zu beantragen?\",\"acceptedAnswer\":{\"@type\":\"Answer\",\"text\":\"<p>Zuerst sollten Sie mit Ihrem Arbeitgeber sprechen, um die M\\u00f6glichkeit zu kl\\u00e4ren, ob er Ihrem Antrag zustimmt. Dann setzen Sie sich mit uns in Verbindung, um die Termine und Inhalte des Kurses festzulegen. Bitte beachten Sie, dass wir die Fortbildungsma\\u00dfnahme rechtzeitig, <b>mindestens 12 Wochen vor Kursbeginn<\\\/b>, beantragen m\\u00fcssen<\\\/p>\"}},{\"@type\":\"Question\",\"name\":\"Welche Spanischniveaus werden im Kurs unterrichtet?\",\"acceptedAnswer\":{\"@type\":\"Answer\",\"text\":\"<p>Der Spanischkurs f\\u00fcr Bildungszeit oder Bildungsurlaub bietet Unterricht f\\u00fcr <strong>alle Niveaus<\\\/strong>, von Anf\\u00e4nger bis Fortgeschrittene. Sie k\\u00f6nnen das Niveau w\\u00e4hlen, das am besten zu Ihren spezifischen Bed\\u00fcrfnissen und Spanischkenntnissen passt.<\\\/p>\"}},{\"@type\":\"Question\",\"name\":\"Wie viel kostet dieser Kurs?\",\"acceptedAnswer\":{\"@type\":\"Answer\",\"text\":\"<p>Der Spanischkurs f\\u00fcr Bildungsurlaub oder Bildungszeit kostet <b>575 \\u20ac pro Woche und 39 \\u20ac Einschreibegeb\\u00fchr <\\\/b>an unserer Schule. Diese Kosten umfassen die Geb\\u00fchren f\\u00fcr die Genehmigungsanfrage der Fortbildungsma\\u00dfnahme beim entsprechenden deutschen Bundesland, die in einigen F\\u00e4llen \\u00fcber 100 \\u20ac betragen kann. Es fallen keine weiteren Kosten f\\u00fcr Sie an.<\\\/p>\"}}]}<\/script>\n\t\t\t\t\t<\/div>\n\t\t\t\t\t\t<\/div>\n\t\t\t\t<\/div>\n\t\t\t\t\t<\/div>\n\t\t<\/div>\n\t\t\t\t\t<\/div>\n\t\t<\/section>\n\t\t\t\t<\/div>\n\t\t\n","protected":false},"excerpt":{"rendered":"[elementor-template id=\"50875\"]\n","protected":false},"featured_media":13208,"template":"","meta":{"_acf_changed":false,"inline_featured_image":false,"site-sidebar-layout":"default","site-content-layout":"default","ast-site-content-layout":"default","site-content-style":"default","site-sidebar-style":"default","ast-global-header-display":"","ast-banner-title-visibility":"","ast-main-header-display":"","ast-hfb-above-header-display":"","ast-hfb-below-header-display":"","ast-hfb-mobile-header-display":"","site-post-title":"","ast-breadcrumbs-content":"","ast-featured-img":"","footer-sml-layout":"","ast-disable-related-posts":"","theme-transparent-header-meta":"default","adv-header-id-meta":"","stick-header-meta":"default","header-above-stick-meta":"","header-main-stick-meta":"","header-below-stick-meta":"","astra-migrate-meta-layouts":"set","ast-page-background-enabled":"default","ast-page-background-meta":{"desktop":{"background-color":"var(--ast-global-color-4)","background-image":"","background-repeat":"repeat","background-position":"center center","background-size":"auto","background-attachment":"scroll","background-type":"","background-media":"","overlay-type":"","overlay-color":"","overlay-opacity":"","overlay-gradient":""},"tablet":{"background-color":"","background-image":"","background-repeat":"repeat","background-position":"center center","background-size":"auto","background-attachment":"scroll","background-type":"","background-media":"","overlay-type":"","overlay-color":"","overlay-opacity":"","overlay-gradient":""},"mobile":{"background-color":"","background-image":"","background-repeat":"repeat","background-position":"center center","background-size":"auto","background-attachment":"scroll","background-type":"","background-media":"","overlay-type":"","overlay-color":"","overlay-opacity":"","overlay-gradient":""}},"ast-content-background-meta":{"desktop":{"background-color":"var(--ast-global-color-5)","background-image":"","background-repeat":"repeat","background-position":"center center","background-size":"auto","background-attachment":"scroll","background-type":"","background-media":"","overlay-type":"","overlay-color":"","overlay-opacity":"","overlay-gradient":""},"tablet":{"background-color":"var(--ast-global-color-5)","background-image":"","background-repeat":"repeat","background-position":"center center","background-size":"auto","background-attachment":"scroll","background-type":"","background-media":"","overlay-type":"","overlay-color":"","overlay-opacity":"","overlay-gradient":""},"mobile":{"background-color":"var(--ast-global-color-5)","background-image":"","background-repeat":"repeat","background-position":"center center","background-size":"auto","background-attachment":"scroll","background-type":"","background-media":"","overlay-type":"","overlay-color":"","overlay-opacity":"","overlay-gradient":""}}},"product_brand":[],"product_cat":[609,201],"product_tag":[],"class_list":{"0":"post-15691","1":"product","2":"type-product","3":"status-publish","4":"has-post-thumbnail","6":"product_cat-general-de","7":"product_cat-sprachkurse-berufstaetige","8":"desktop-align-left","9":"tablet-align-left","10":"mobile-align-left","11":"ast-product-gallery-layout-horizontal-slider","12":"ast-product-gallery-with-no-image","13":"ast-product-single-variable","14":"ast-product-tabs-layout-horizontal","16":"first","17":"instock","18":"sale","19":"sold-individually","20":"taxable","21":"shipping-taxable","22":"purchasable","23":"product-type-variable","24":"has-default-attributes"},"acf":[],"_links":{"self":[{"href":"https:\/\/ihdemu.com\/de\/wp-json\/wp\/v2\/product\/15691","targetHints":{"allow":["GET"]}}],"collection":[{"href":"https:\/\/ihdemu.com\/de\/wp-json\/wp\/v2\/product"}],"about":[{"href":"https:\/\/ihdemu.com\/de\/wp-json\/wp\/v2\/types\/product"}],"wp:featuredmedia":[{"embeddable":true,"href":"https:\/\/ihdemu.com\/de\/wp-json\/wp\/v2\/media\/13208"}],"wp:attachment":[{"href":"https:\/\/ihdemu.com\/de\/wp-json\/wp\/v2\/media?parent=15691"}],"wp:term":[{"taxonomy":"product_brand","embeddable":true,"href":"https:\/\/ihdemu.com\/de\/wp-json\/wp\/v2\/product_brand?post=15691"},{"taxonomy":"product_cat","embeddable":true,"href":"https:\/\/ihdemu.com\/de\/wp-json\/wp\/v2\/product_cat?post=15691"},{"taxonomy":"product_tag","embeddable":true,"href":"https:\/\/ihdemu.com\/de\/wp-json\/wp\/v2\/product_tag?post=15691"}],"curies":[{"name":"wp","href":"https:\/\/api.w.org\/{rel}","templated":true}]}}