{"id":104274,"date":"2025-10-28T11:41:38","date_gmt":"2025-10-28T10:41:38","guid":{"rendered":"https:\/\/ihdemu.com\/curso-espanol-formacion-profesional\/"},"modified":"2026-04-28T11:51:10","modified_gmt":"2026-04-28T09:51:10","slug":"cours-espagnol-formation-professionnelle","status":"publish","type":"product","link":"https:\/\/ihdemu.com\/fr\/cours-espagnol-formation-professionnelle\/","title":{"rendered":"Cours d\u2019Espagnol + Formation Professionnelle (FP)"},"content":{"rendered":"\t\t<div data-elementor-type=\"page\" data-elementor-id=\"104281\" class=\"elementor elementor-104281 elementor-104217\" data-elementor-post-type=\"elementor_library\">\n\t\t\t\t\t\t<section class=\"elementor-section elementor-top-section elementor-element elementor-element-5e102fa elementor-section-boxed elementor-section-height-default elementor-section-height-default\" data-id=\"5e102fa\" data-element_type=\"section\" data-e-type=\"section\">\n\t\t\t\t\t\t<div class=\"elementor-container elementor-column-gap-default\">\n\t\t\t\t\t<div class=\"elementor-column elementor-col-100 elementor-top-column elementor-element elementor-element-a12bdfe\" data-id=\"a12bdfe\" data-element_type=\"column\" data-e-type=\"column\">\n\t\t\t<div class=\"elementor-widget-wrap elementor-element-populated\">\n\t\t\t\t\t\t<div class=\"elementor-element elementor-element-99b60cc elementor-widget elementor-widget-heading\" data-id=\"99b60cc\" data-element_type=\"widget\" data-e-type=\"widget\" data-widget_type=\"heading.default\">\n\t\t\t\t<div class=\"elementor-widget-container\">\n\t\t\t\t\t<h2 class=\"elementor-heading-title elementor-size-default\">\ud83c\uddea\ud83c\uddf8Phase 1 : cours d\u2019espagnol (6 mois) OPTIONNEL*<\/h2>\t\t\t\t<\/div>\n\t\t\t\t<\/div>\n\t\t\t\t<div class=\"elementor-element elementor-element-424ac4f elementor-widget elementor-widget-text-editor\" data-id=\"424ac4f\" data-element_type=\"widget\" data-e-type=\"widget\" data-widget_type=\"text-editor.default\">\n\t\t\t\t<div class=\"elementor-widget-container\">\n\t\t\t\t\t\t\t\t\t<ul><li><span style=\"font-style: inherit;\">D\u00e9part du niveau z\u00e9ro<\/span><\/li><li>Objectif : atteindre <a href=\"https:\/\/ihdemu.com\/fr\/examen-dele\/\" target=\"_blank\" rel=\"noopener\">B1.2 \/ B2.1<\/a><\/li><li>Pr\u00e9paration r\u00e9elle aux \u00e9tudes en espagnol<\/li><li>Environnement international<\/li><li><span style=\"text-decoration: underline;\">Disponible uniquement \u00e0 Murcie<\/span><\/li><\/ul><p><img decoding=\"async\" class=\"emoji\" role=\"img\" draggable=\"false\" src=\"https:\/\/s.w.org\/images\/core\/emoji\/17.0.2\/svg\/1f4cd.svg\" alt=\"\ud83d\udccd\" \/>Cours dispens\u00e9 par l\u2019Instituto Hisp\u00e1nico de Murcia, \u00e9cole <strong>accr\u00e9dit\u00e9e par l\u2019Instituto Cervantes<\/strong>, ce qui permet de demander un <strong>visa \u00e9tudiant<\/strong> sans probl\u00e8me. \u00c0 la fin de cette phase, un <strong>examen de niveau<\/strong> d\u00e9terminera si tu peux continuer en FP.<\/p><p><img decoding=\"async\" class=\"emoji\" role=\"img\" draggable=\"false\" src=\"https:\/\/s.w.org\/images\/core\/emoji\/17.0.2\/svg\/1f5d3.svg\" alt=\"\ud83d\uddd3\ufe0f\" \/> <strong>Dates :<\/strong><\/p><ul><li><p><strong>D\u00e9but :<\/strong> 01 mars<\/p><\/li><li><p><strong>Fin :<\/strong> fin ao\u00fbt<\/p><\/li><\/ul><p><strong>*SI TU AS UN NIVEAU BASIQUE D\u2019ESPAGNOL, CE COURS EST <span style=\"text-decoration: underline;\">OBLIGATOIRE<\/span><\/strong><\/p>\t\t\t\t\t\t\t\t<\/div>\n\t\t\t\t<\/div>\n\t\t\t\t<div class=\"elementor-element elementor-element-072543a elementor-widget-divider--view-line elementor-widget elementor-widget-divider\" data-id=\"072543a\" data-element_type=\"widget\" data-e-type=\"widget\" data-widget_type=\"divider.default\">\n\t\t\t\t<div class=\"elementor-widget-container\">\n\t\t\t\t\t\t\t<div class=\"elementor-divider\">\n\t\t\t<span class=\"elementor-divider-separator\">\n\t\t\t\t\t\t<\/span>\n\t\t<\/div>\n\t\t\t\t\t\t<\/div>\n\t\t\t\t<\/div>\n\t\t\t\t\t<\/div>\n\t\t<\/div>\n\t\t\t\t\t<\/div>\n\t\t<\/section>\n\t\t\t\t<section class=\"elementor-section elementor-top-section elementor-element elementor-element-bba567a elementor-section-boxed elementor-section-height-default elementor-section-height-default\" data-id=\"bba567a\" data-element_type=\"section\" data-e-type=\"section\">\n\t\t\t\t\t\t<div class=\"elementor-container elementor-column-gap-default\">\n\t\t\t\t\t<div class=\"elementor-column elementor-col-100 elementor-top-column elementor-element elementor-element-73922f7\" data-id=\"73922f7\" data-element_type=\"column\" data-e-type=\"column\">\n\t\t\t<div class=\"elementor-widget-wrap elementor-element-populated\">\n\t\t\t\t\t\t<div class=\"elementor-element elementor-element-0810dd8 elementor-widget elementor-widget-heading\" data-id=\"0810dd8\" data-element_type=\"widget\" data-e-type=\"widget\" data-widget_type=\"heading.default\">\n\t\t\t\t<div class=\"elementor-widget-container\">\n\t\t\t\t\t<h2 class=\"elementor-heading-title elementor-size-default\">\ud83d\udcbc Phase 2 : Cycle de Formation Professionnelle (FP) (2 ans)<\/h2>\t\t\t\t<\/div>\n\t\t\t\t<\/div>\n\t\t\t\t<div class=\"elementor-element elementor-element-e382513 elementor-widget elementor-widget-text-editor\" data-id=\"e382513\" data-element_type=\"widget\" data-e-type=\"widget\" data-widget_type=\"text-editor.default\">\n\t\t\t\t<div class=\"elementor-widget-container\">\n\t\t\t\t\t\t\t\t\t<p data-start=\"197\" data-end=\"380\">Une fois le cours d\u2019espagnol termin\u00e9, ou directement si tu as un niveau <a href=\"https:\/\/ihdemu.com\/fr\/examen-dele\/\" target=\"_blank\" rel=\"noopener\">DELE B2 certifi\u00e9<\/a>:<\/p><ul><li data-start=\"197\" data-end=\"380\">Acc\u00e8s aux cycles officiels de FP<\/li><li data-start=\"197\" data-end=\"380\">Formation pratique orient\u00e9e emploi<\/li><li data-start=\"197\" data-end=\"380\">Domaines disponibles : technologie, sant\u00e9, entreprise, \u2026<\/li><li data-start=\"197\" data-end=\"380\"><span style=\"text-decoration: underline;\">Disponible \u00e0 Murcie, Madrid, Barcelone, Valence et S\u00e9ville<\/span><\/li><li data-start=\"197\" data-end=\"380\"><strong>R\u00e9duction sp\u00e9ciale de 30%<\/strong><\/li><\/ul><p data-start=\"382\" data-end=\"410\"><img decoding=\"async\" class=\"emoji\" role=\"img\" draggable=\"false\" src=\"https:\/\/s.w.org\/images\/core\/emoji\/17.0.2\/svg\/1f5d3.svg\" alt=\"\ud83d\uddd3\ufe0f\" \/> <strong data-start=\"386\" data-end=\"410\">Dates du programme:<\/strong><\/p><ul><li><strong>D\u00e9but :<\/strong> d\u00e9but septembre<\/li><li><strong>Fin :<\/strong> fin juin<\/li><\/ul><p data-start=\"454\" data-end=\"661\"><img decoding=\"async\" class=\"emoji\" role=\"img\" draggable=\"false\" src=\"https:\/\/s.w.org\/images\/core\/emoji\/17.0.2\/svg\/1f4cd.svg\" alt=\"\ud83d\udccd\" \/>Ce cycle est d\u00e9velopp\u00e9 en collaboration avec des <strong>entreprises sp\u00e9cialis\u00e9es et homologu\u00e9es<\/strong> en FP.<\/p><p>Les formations durent entre <strong>1,5 et 2 ans<\/strong> selon le dipl\u00f4me choisi.<\/p><p>Voici nos propositions. Clique sur chacune pour plus de d\u00e9tails:<\/p><ul><li>Inscription<\/li><li>Prix<\/li><li>Annulations<\/li><li>Remboursement<\/li><li>Visas \u00e9tudiants<\/li><\/ul><p>Et si tu cherches <strong>une autre formation<\/strong>, contacte-nous.<\/p>\t\t\t\t\t\t\t\t<\/div>\n\t\t\t\t<\/div>\n\t\t\t\t<div class=\"elementor-element elementor-element-5b7b2f2 elementor-widget elementor-widget-shortcode\" data-id=\"5b7b2f2\" data-element_type=\"widget\" data-e-type=\"widget\" data-widget_type=\"shortcode.default\">\n\t\t\t\t<div class=\"elementor-widget-container\">\n\t\t\t\t\t\t\t<div class=\"elementor-shortcode\">\t\t<div data-elementor-type=\"page\" data-elementor-id=\"112276\" class=\"elementor elementor-112276 elementor-111240 elementor-111240\" data-elementor-post-type=\"elementor_library\">\n\t\t\t\t\t\t<section class=\"elementor-section elementor-top-section elementor-element elementor-element-e430b4b elementor-section-full_width elementor-section-height-default elementor-section-height-default\" data-id=\"e430b4b\" data-element_type=\"section\" data-e-type=\"section\" id=\"grados\">\n\t\t\t\t\t\t<div class=\"elementor-container elementor-column-gap-default\">\n\t\t\t\t\t<div class=\"elementor-column elementor-col-100 elementor-top-column elementor-element elementor-element-9a3581c\" data-id=\"9a3581c\" data-element_type=\"column\" data-e-type=\"column\">\n\t\t\t<div class=\"elementor-widget-wrap elementor-element-populated\">\n\t\t\t\t\t\t<section class=\"elementor-section elementor-inner-section elementor-element elementor-element-55fb167 cabecera-grados elementor-section-boxed elementor-section-height-default elementor-section-height-default\" data-id=\"55fb167\" data-element_type=\"section\" data-e-type=\"section\" data-settings=\"{&quot;background_background&quot;:&quot;classic&quot;,&quot;shape_divider_bottom&quot;:&quot;waves&quot;}\">\n\t\t\t\t\t<div class=\"elementor-shape elementor-shape-bottom\" aria-hidden=\"true\" data-negative=\"false\">\n\t\t\t<svg xmlns=\"http:\/\/www.w3.org\/2000\/svg\" viewBox=\"0 0 1000 100\" preserveAspectRatio=\"none\">\n\t<path class=\"elementor-shape-fill\" d=\"M421.9,6.5c22.6-2.5,51.5,0.4,75.5,5.3c23.6,4.9,70.9,23.5,100.5,35.7c75.8,32.2,133.7,44.5,192.6,49.7\n\tc23.6,2.1,48.7,3.5,103.4-2.5c54.7-6,106.2-25.6,106.2-25.6V0H0v30.3c0,0,72,32.6,158.4,30.5c39.2-0.7,92.8-6.7,134-22.4\n\tc21.2-8.1,52.2-18.2,79.7-24.2C399.3,7.9,411.6,7.5,421.9,6.5z\"\/>\n<\/svg>\t\t<\/div>\n\t\t\t\t\t<div class=\"elementor-container elementor-column-gap-default\">\n\t\t\t\t\t<div class=\"elementor-column elementor-col-100 elementor-inner-column elementor-element elementor-element-8f0a9ec\" data-id=\"8f0a9ec\" data-element_type=\"column\" data-e-type=\"column\">\n\t\t\t<div class=\"elementor-widget-wrap elementor-element-populated\">\n\t\t\t\t\t\t<div class=\"elementor-element elementor-element-e8443c8 elementor-widget elementor-widget-heading\" data-id=\"e8443c8\" data-element_type=\"widget\" data-e-type=\"widget\" data-widget_type=\"heading.default\">\n\t\t\t\t<div class=\"elementor-widget-container\">\n\t\t\t\t\t<h2 class=\"elementor-heading-title elementor-size-default\">Niveaux de formation professionnelle<\/h2>\t\t\t\t<\/div>\n\t\t\t\t<\/div>\n\t\t\t\t\t<\/div>\n\t\t<\/div>\n\t\t\t\t\t<\/div>\n\t\t<\/section>\n\t\t\t\t<section class=\"elementor-section elementor-inner-section elementor-element elementor-element-1e79657 elementor-section-boxed elementor-section-height-default elementor-section-height-default\" data-id=\"1e79657\" data-element_type=\"section\" data-e-type=\"section\">\n\t\t\t\t\t\t<div class=\"elementor-container elementor-column-gap-default\">\n\t\t\t\t\t<div class=\"elementor-column elementor-col-50 elementor-inner-column elementor-element elementor-element-fdb667e col1\" data-id=\"fdb667e\" data-element_type=\"column\" data-e-type=\"column\">\n\t\t\t<div class=\"elementor-widget-wrap elementor-element-populated\">\n\t\t\t\t\t\t<div class=\"elementor-element elementor-element-741fdef elementor-widget elementor-widget-heading\" data-id=\"741fdef\" data-element_type=\"widget\" data-e-type=\"widget\" data-widget_type=\"heading.default\">\n\t\t\t\t<div class=\"elementor-widget-container\">\n\t\t\t\t\t<h3 class=\"elementor-heading-title elementor-size-default\">Formation professionnelle sup\u00e9rieure\n<\/h3>\t\t\t\t<\/div>\n\t\t\t\t<\/div>\n\t\t\t\t<div class=\"elementor-element elementor-element-a1cc0a5 elementor-position-left elementor-position-top elementor-vertical-align-middle curso-grado elementor-widget elementor-widget-image-box\" data-id=\"a1cc0a5\" data-element_type=\"widget\" data-e-type=\"widget\" data-widget_type=\"image-box.default\">\n\t\t\t\t<div class=\"elementor-widget-container\">\n\t\t\t\t\t<div class=\"elementor-image-box-wrapper\"><figure class=\"elementor-image-box-img\"><a href=\"https:\/\/ihdemu.com\/fr\/cours-espagnol-technicien-pharmacie-parapharmacie\/\" tabindex=\"-1\"><img decoding=\"async\" width=\"123\" height=\"80\" src=\"https:\/\/ihdemu.com\/wp-content\/uploads\/2026\/03\/IHdeMU-FP-Grado-Superior-Farmacia-y-Parafarmacia.png\" class=\"attachment-full size-full wp-image-112295\" alt=\"IHdeMU - FP Grado Superior - Farmacia y Parafarmacia\" \/><\/a><\/figure><div class=\"elementor-image-box-content\"><h4 class=\"elementor-image-box-title\"><a href=\"https:\/\/ihdemu.com\/fr\/cours-espagnol-technicien-pharmacie-parapharmacie\/\">Pharmacie et parapharmacie<\/a><\/h4><\/div><\/div>\t\t\t\t<\/div>\n\t\t\t\t<\/div>\n\t\t\t\t<div class=\"elementor-element elementor-element-9a9abc2 elementor-position-left elementor-position-top elementor-vertical-align-middle curso-grado elementor-widget elementor-widget-image-box\" data-id=\"9a9abc2\" data-element_type=\"widget\" data-e-type=\"widget\" data-widget_type=\"image-box.default\">\n\t\t\t\t<div class=\"elementor-widget-container\">\n\t\t\t\t\t<div class=\"elementor-image-box-wrapper\"><figure class=\"elementor-image-box-img\"><a href=\"https:\/\/ihdemu.com\/fr\/cours-espagnol-superieur-administration-finance\/\" tabindex=\"-1\"><img decoding=\"async\" width=\"109\" height=\"80\" src=\"https:\/\/ihdemu.com\/wp-content\/uploads\/2026\/03\/IHdeMU-FP-Grado-Superior-Administracion-y-Finanzas.png\" class=\"attachment-full size-full wp-image-112296\" alt=\"IHdeMU - FP Grado Superior - Administracion y Finanzas\" \/><\/a><\/figure><div class=\"elementor-image-box-content\"><h4 class=\"elementor-image-box-title\"><a href=\"https:\/\/ihdemu.com\/fr\/cours-espagnol-superieur-administration-finance\/\">Administration et finance<\/a><\/h4><\/div><\/div>\t\t\t\t<\/div>\n\t\t\t\t<\/div>\n\t\t\t\t<div class=\"elementor-element elementor-element-e653fa2 elementor-position-left elementor-position-top elementor-vertical-align-middle curso-grado elementor-widget elementor-widget-image-box\" data-id=\"e653fa2\" data-element_type=\"widget\" data-e-type=\"widget\" data-widget_type=\"image-box.default\">\n\t\t\t\t<div class=\"elementor-widget-container\">\n\t\t\t\t\t<div class=\"elementor-image-box-wrapper\"><figure class=\"elementor-image-box-img\"><a href=\"https:\/\/ihdemu.com\/fr\/cours-espagnol-superieur-laboratoire-clinique-biomedical\/\" tabindex=\"-1\"><img decoding=\"async\" width=\"103\" height=\"80\" src=\"https:\/\/ihdemu.com\/wp-content\/uploads\/2026\/03\/IHdeMU-FP-Grado-Medio-Imagen-para-el-Diagnostico-y-Medicina-Nuclear.png\" class=\"attachment-full size-full wp-image-112297\" alt=\"IHdeMU - FP Grado Medio - Imagen para el Diagnostico y Medicina Nuclear\" \/><\/a><\/figure><div class=\"elementor-image-box-content\"><h4 class=\"elementor-image-box-title\"><a href=\"https:\/\/ihdemu.com\/fr\/cours-espagnol-superieur-laboratoire-clinique-biomedical\/\">Laboratoire Clinique et Biom\u00e9dical<\/a><\/h4><\/div><\/div>\t\t\t\t<\/div>\n\t\t\t\t<\/div>\n\t\t\t\t<div class=\"elementor-element elementor-element-7deb8f2 elementor-position-left elementor-position-top elementor-vertical-align-middle curso-grado elementor-widget elementor-widget-image-box\" data-id=\"7deb8f2\" data-element_type=\"widget\" data-e-type=\"widget\" data-widget_type=\"image-box.default\">\n\t\t\t\t<div class=\"elementor-widget-container\">\n\t\t\t\t\t<div class=\"elementor-image-box-wrapper\"><figure class=\"elementor-image-box-img\"><a href=\"https:\/\/ihdemu.com\/fr\/cours-espagnol-technicien-auxiliaires-infirmiers\/\" tabindex=\"-1\"><img loading=\"lazy\" decoding=\"async\" width=\"93\" height=\"80\" src=\"https:\/\/ihdemu.com\/wp-content\/uploads\/2026\/03\/IHdeMU-FP-Grado-Superior-Cuidados-Auxiliares-de-Enfermeria.png\" class=\"attachment-full size-full wp-image-112298\" alt=\"IHdeMU - FP Grado Superior - Cuidados Auxiliares de Enfermeria\" \/><\/a><\/figure><div class=\"elementor-image-box-content\"><h4 class=\"elementor-image-box-title\"><a href=\"https:\/\/ihdemu.com\/fr\/cours-espagnol-technicien-auxiliaires-infirmiers\/\">Auxiliaires infirmiers<\/a><\/h4><\/div><\/div>\t\t\t\t<\/div>\n\t\t\t\t<\/div>\n\t\t\t\t<div class=\"elementor-element elementor-element-1425e24 elementor-position-left elementor-position-top elementor-vertical-align-middle curso-grado elementor-widget elementor-widget-image-box\" data-id=\"1425e24\" data-element_type=\"widget\" data-e-type=\"widget\" data-widget_type=\"image-box.default\">\n\t\t\t\t<div class=\"elementor-widget-container\">\n\t\t\t\t\t<div class=\"elementor-image-box-wrapper\"><figure class=\"elementor-image-box-img\"><a href=\"https:\/\/ihdemu.com\/fr\/cours-despagnol-technicien-superieur-en-conditionnement-physique\/\" tabindex=\"-1\"><img loading=\"lazy\" decoding=\"async\" width=\"116\" height=\"80\" src=\"https:\/\/ihdemu.com\/wp-content\/uploads\/2026\/03\/IHdeMU-FP-Grado-Medio-Acondicionamiento-Fisico.png\" class=\"attachment-full size-full wp-image-112277\" alt=\"IHdeMU - FP Grado Medio - Acondicionamiento Fisico\" \/><\/a><\/figure><div class=\"elementor-image-box-content\"><h4 class=\"elementor-image-box-title\"><a href=\"https:\/\/ihdemu.com\/fr\/cours-despagnol-technicien-superieur-en-conditionnement-physique\/\">Conditionnement physique<\/a><\/h4><\/div><\/div>\t\t\t\t<\/div>\n\t\t\t\t<\/div>\n\t\t\t\t<div class=\"elementor-element elementor-element-682bbde elementor-position-left elementor-position-top elementor-vertical-align-middle curso-grado elementor-widget elementor-widget-image-box\" data-id=\"682bbde\" data-element_type=\"widget\" data-e-type=\"widget\" data-widget_type=\"image-box.default\">\n\t\t\t\t<div class=\"elementor-widget-container\">\n\t\t\t\t\t<div class=\"elementor-image-box-wrapper\"><figure class=\"elementor-image-box-img\"><a href=\"https:\/\/ihdemu.com\/fr\/cours-despagnol-technicien-superieur-en-automobile\/\" tabindex=\"-1\"><img loading=\"lazy\" decoding=\"async\" width=\"132\" height=\"80\" src=\"https:\/\/ihdemu.com\/wp-content\/uploads\/2026\/03\/IHdeMU-FP-Grado-Superior-Automocion-y-Electricidad.png\" class=\"attachment-full size-full wp-image-112299\" alt=\"IHdeMU - FP Grado Superior - Automocion y Electricidad\" \/><\/a><\/figure><div class=\"elementor-image-box-content\"><h4 class=\"elementor-image-box-title\"><a href=\"https:\/\/ihdemu.com\/fr\/cours-despagnol-technicien-superieur-en-automobile\/\">Automobile<\/a><\/h4><\/div><\/div>\t\t\t\t<\/div>\n\t\t\t\t<\/div>\n\t\t\t\t<div class=\"elementor-element elementor-element-e8de3e9 elementor-position-left elementor-position-top elementor-vertical-align-middle curso-grado elementor-widget elementor-widget-image-box\" data-id=\"e8de3e9\" data-element_type=\"widget\" data-e-type=\"widget\" data-widget_type=\"image-box.default\">\n\t\t\t\t<div class=\"elementor-widget-container\">\n\t\t\t\t\t<div class=\"elementor-image-box-wrapper\"><figure class=\"elementor-image-box-img\"><a href=\"https:\/\/ihdemu.com\/fr\/cours-espagnol-bts-daw-developpement-applications-web\/\" tabindex=\"-1\"><img loading=\"lazy\" decoding=\"async\" width=\"136\" height=\"80\" src=\"https:\/\/ihdemu.com\/wp-content\/uploads\/2026\/03\/IHdeMU-FP-Grado-Superior-Desarrollo-de-Aplicaciones-Web.png\" class=\"attachment-full size-full wp-image-112300\" alt=\"IHdeMU - FP Grado Superior - Desarrollo de Aplicaciones Web\" \/><\/a><\/figure><div class=\"elementor-image-box-content\"><h4 class=\"elementor-image-box-title\"><a href=\"https:\/\/ihdemu.com\/fr\/cours-espagnol-bts-daw-developpement-applications-web\/\">D\u00e9veloppement d\u2019applications web (DAW)<\/a><\/h4><\/div><\/div>\t\t\t\t<\/div>\n\t\t\t\t<\/div>\n\t\t\t\t<div class=\"elementor-element elementor-element-bd9858a elementor-position-left elementor-position-top elementor-vertical-align-middle curso-grado elementor-widget elementor-widget-image-box\" data-id=\"bd9858a\" data-element_type=\"widget\" data-e-type=\"widget\" data-widget_type=\"image-box.default\">\n\t\t\t\t<div class=\"elementor-widget-container\">\n\t\t\t\t\t<div class=\"elementor-image-box-wrapper\"><figure class=\"elementor-image-box-img\"><a href=\"https:\/\/ihdemu.com\/fr\/cours-espagnol-bts-developpement-applications-multiplateformes\/\" tabindex=\"-1\"><img loading=\"lazy\" decoding=\"async\" width=\"111\" height=\"80\" src=\"https:\/\/ihdemu.com\/wp-content\/uploads\/2026\/03\/IHdeMU-FP-Grado-Superior-Desarrollo-de-Aplicaciones-Multiplataforma.png\" class=\"attachment-full size-full wp-image-112301\" alt=\"IHdeMU - FP Grado Superior - Desarrollo de Aplicaciones Multiplataforma\" \/><\/a><\/figure><div class=\"elementor-image-box-content\"><h4 class=\"elementor-image-box-title\"><a href=\"https:\/\/ihdemu.com\/fr\/cours-espagnol-bts-developpement-applications-multiplateformes\/\">D\u00e9veloppement d\u2019applications multiplateformes<\/a><\/h4><\/div><\/div>\t\t\t\t<\/div>\n\t\t\t\t<\/div>\n\t\t\t\t<div class=\"elementor-element elementor-element-46ba1f0 elementor-position-left elementor-position-top elementor-vertical-align-middle curso-grado elementor-widget elementor-widget-image-box\" data-id=\"46ba1f0\" data-element_type=\"widget\" data-e-type=\"widget\" data-widget_type=\"image-box.default\">\n\t\t\t\t<div class=\"elementor-widget-container\">\n\t\t\t\t\t<div class=\"elementor-image-box-wrapper\"><figure class=\"elementor-image-box-img\"><a href=\"https:\/\/ihdemu.com\/fr\/cours-espagnol-bts-imagerie-medicale-medecine-nucleaire\/\" tabindex=\"-1\"><img loading=\"lazy\" decoding=\"async\" width=\"112\" height=\"80\" src=\"https:\/\/ihdemu.com\/wp-content\/uploads\/2026\/03\/IHdeMU-FP-Grado-Superior-Imagen-para-el-Diagnostico-y-Medicina-Nuclear.png\" class=\"attachment-full size-full wp-image-112302\" alt=\"IHdeMU - FP Grado Superior - Imagen para el Diagnostico y Medicina Nuclear\" \/><\/a><\/figure><div class=\"elementor-image-box-content\"><h4 class=\"elementor-image-box-title\"><a href=\"https:\/\/ihdemu.com\/fr\/cours-espagnol-bts-imagerie-medicale-medecine-nucleaire\/\">Imagerie m\u00e9dicale pour le diagnostic et la m\u00e9decine nucl\u00e9aire<\/a><\/h4><\/div><\/div>\t\t\t\t<\/div>\n\t\t\t\t<\/div>\n\t\t\t\t\t<\/div>\n\t\t<\/div>\n\t\t\t\t<div class=\"elementor-column elementor-col-50 elementor-inner-column elementor-element elementor-element-15163c0 col2\" data-id=\"15163c0\" data-element_type=\"column\" data-e-type=\"column\">\n\t\t\t<div class=\"elementor-widget-wrap elementor-element-populated\">\n\t\t\t\t\t\t<div class=\"elementor-element elementor-element-f3c30fb elementor-widget elementor-widget-heading\" data-id=\"f3c30fb\" data-element_type=\"widget\" data-e-type=\"widget\" data-widget_type=\"heading.default\">\n\t\t\t\t<div class=\"elementor-widget-container\">\n\t\t\t\t\t<h3 class=\"elementor-heading-title elementor-size-default\">Formation professionnelle interm\u00e9diaire\n<\/h3>\t\t\t\t<\/div>\n\t\t\t\t<\/div>\n\t\t\t\t<div class=\"elementor-element elementor-element-1959190 elementor-position-left elementor-position-top elementor-vertical-align-middle curso-grado elementor-widget elementor-widget-image-box\" data-id=\"1959190\" data-element_type=\"widget\" data-e-type=\"widget\" data-widget_type=\"image-box.default\">\n\t\t\t\t<div class=\"elementor-widget-container\">\n\t\t\t\t\t<div class=\"elementor-image-box-wrapper\"><figure class=\"elementor-image-box-img\"><a href=\"https:\/\/ihdemu.com\/fr\/cours-despagnol-technicien-superieur-en-guide-en-milieu-naturel-et-de-loisirs\/\" tabindex=\"-1\"><img loading=\"lazy\" decoding=\"async\" width=\"125\" height=\"80\" src=\"https:\/\/ihdemu.com\/wp-content\/uploads\/2026\/03\/IHdeMU-FP-Grado-Medio-Guia-en-Medio-Natural.png\" class=\"attachment-full size-full wp-image-112303\" alt=\"IHdeMU - FP Grado Medio - Guia en Medio Natural\" \/><\/a><\/figure><div class=\"elementor-image-box-content\"><h4 class=\"elementor-image-box-title\"><a href=\"https:\/\/ihdemu.com\/fr\/cours-despagnol-technicien-superieur-en-guide-en-milieu-naturel-et-de-loisirs\/\">Guide en milieu naturel et de loisirs<\/a><\/h4><\/div><\/div>\t\t\t\t<\/div>\n\t\t\t\t<\/div>\n\t\t\t\t<div class=\"elementor-element elementor-element-28853a4 elementor-position-left elementor-position-top elementor-vertical-align-middle curso-grado elementor-widget elementor-widget-image-box\" data-id=\"28853a4\" data-element_type=\"widget\" data-e-type=\"widget\" data-widget_type=\"image-box.default\">\n\t\t\t\t<div class=\"elementor-widget-container\">\n\t\t\t\t\t<div class=\"elementor-image-box-wrapper\"><figure class=\"elementor-image-box-img\"><a href=\"https:\/\/ihdemu.com\/fr\/cours-espagnol-technicien-urgences-sanitaires\/\" tabindex=\"-1\"><img loading=\"lazy\" decoding=\"async\" width=\"101\" height=\"80\" src=\"https:\/\/ihdemu.com\/wp-content\/uploads\/2026\/03\/IHdeMU-FP-Grado-Medio-Emergencias-Sanitarias.png\" class=\"attachment-full size-full wp-image-112305\" alt=\"IHdeMU - FP Grado Medio - Emergencias Sanitarias\" \/><\/a><\/figure><div class=\"elementor-image-box-content\"><h4 class=\"elementor-image-box-title\"><a href=\"https:\/\/ihdemu.com\/fr\/cours-espagnol-technicien-urgences-sanitaires\/\">Urgences sanitaires<\/a><\/h4><\/div><\/div>\t\t\t\t<\/div>\n\t\t\t\t<\/div>\n\t\t\t\t<div class=\"elementor-element elementor-element-27c05d9 elementor-position-left elementor-position-top elementor-vertical-align-middle curso-grado elementor-widget elementor-widget-image-box\" data-id=\"27c05d9\" data-element_type=\"widget\" data-e-type=\"widget\" data-widget_type=\"image-box.default\">\n\t\t\t\t<div class=\"elementor-widget-container\">\n\t\t\t\t\t<div class=\"elementor-image-box-wrapper\"><figure class=\"elementor-image-box-img\"><a href=\"https:\/\/ihdemu.com\/fr\/cours-despagnol-technicien-ambulancier-et-protection-civile\/\" tabindex=\"-1\"><img loading=\"lazy\" decoding=\"async\" width=\"101\" height=\"80\" src=\"https:\/\/ihdemu.com\/wp-content\/uploads\/2026\/03\/IHdeMU-FP-Grado-Medio-Emergencias-Sanitarias-y-Proteccion-Civil.png\" class=\"attachment-full size-full wp-image-112306\" alt=\"IHdeMU - FP Grado Medio - Emergencias Sanitarias y Proteccion Civil\" \/><\/a><\/figure><div class=\"elementor-image-box-content\"><h4 class=\"elementor-image-box-title\"><a href=\"https:\/\/ihdemu.com\/fr\/cours-despagnol-technicien-ambulancier-et-protection-civile\/\">Ambulancier et protection civile<\/a><\/h4><\/div><\/div>\t\t\t\t<\/div>\n\t\t\t\t<\/div>\n\t\t\t\t<div class=\"elementor-element elementor-element-26c84aa elementor-position-left elementor-position-top elementor-vertical-align-middle curso-grado elementor-widget elementor-widget-image-box\" data-id=\"26c84aa\" data-element_type=\"widget\" data-e-type=\"widget\" data-widget_type=\"image-box.default\">\n\t\t\t\t<div class=\"elementor-widget-container\">\n\t\t\t\t\t<div class=\"elementor-image-box-wrapper\"><figure class=\"elementor-image-box-img\"><a href=\"https:\/\/ihdemu.com\/fr\/cours-espagnol-bts-anatomie-pathologique-cytodiagnostic\/\" tabindex=\"-1\"><img loading=\"lazy\" decoding=\"async\" width=\"71\" height=\"80\" src=\"https:\/\/ihdemu.com\/wp-content\/uploads\/2026\/03\/IHdeMU-FP-Grado-Superior-Anatomia-Patologica-y-Citodiagnostico.png\" class=\"attachment-full size-full wp-image-112304\" alt=\"IHdeMU - FP Grado Superior - Anatomia Patologica y Citodiagnostico\" \/><\/a><\/figure><div class=\"elementor-image-box-content\"><h4 class=\"elementor-image-box-title\"><a href=\"https:\/\/ihdemu.com\/fr\/cours-espagnol-bts-anatomie-pathologique-cytodiagnostic\/\">Anatomie pathologique et cytodiagnostic<\/a><\/h4><\/div><\/div>\t\t\t\t<\/div>\n\t\t\t\t<\/div>\n\t\t\t\t<div class=\"elementor-element elementor-element-ec818cf elementor-position-left elementor-position-top elementor-vertical-align-middle curso-grado elementor-widget elementor-widget-image-box\" data-id=\"ec818cf\" data-element_type=\"widget\" data-e-type=\"widget\" data-widget_type=\"image-box.default\">\n\t\t\t\t<div class=\"elementor-widget-container\">\n\t\t\t\t\t<div class=\"elementor-image-box-wrapper\"><figure class=\"elementor-image-box-img\"><a href=\"https:\/\/ihdemu.com\/fr\/cours-espagnol-technicien-superieur-coordination-urgences-protection-civile\/\" tabindex=\"-1\"><img loading=\"lazy\" decoding=\"async\" width=\"85\" height=\"80\" src=\"https:\/\/ihdemu.com\/wp-content\/uploads\/2026\/03\/IHdeMU-FP-Grado-Medio-Coordinacion-de-Emergencias.png\" class=\"attachment-full size-full wp-image-112307\" alt=\"IHdeMU - FP Grado Medio - Coordinacion de Emergencias\" \/><\/a><\/figure><div class=\"elementor-image-box-content\"><h4 class=\"elementor-image-box-title\"><a href=\"https:\/\/ihdemu.com\/fr\/cours-espagnol-technicien-superieur-coordination-urgences-protection-civile\/\">Coordination des urgences et protection civile<\/a><\/h4><\/div><\/div>\t\t\t\t<\/div>\n\t\t\t\t<\/div>\n\t\t\t\t<div class=\"elementor-element elementor-element-0d93405 elementor-position-left elementor-position-top elementor-vertical-align-middle curso-grado elementor-widget elementor-widget-image-box\" data-id=\"0d93405\" data-element_type=\"widget\" data-e-type=\"widget\" data-widget_type=\"image-box.default\">\n\t\t\t\t<div class=\"elementor-widget-container\">\n\t\t\t\t\t<div class=\"elementor-image-box-wrapper\"><figure class=\"elementor-image-box-img\"><a href=\"https:\/\/ihdemu.com\/fr\/cours-espagnol-technicien-superieur-hygiene-bucco-dentaire\/\" tabindex=\"-1\"><img loading=\"lazy\" decoding=\"async\" width=\"99\" height=\"80\" src=\"https:\/\/ihdemu.com\/wp-content\/uploads\/2026\/03\/IHdeMU-FP-Grado-Medio-Higiene-Bucodental.png\" class=\"attachment-full size-full wp-image-112308\" alt=\"IHdeMU - FP Grado Medio - Higiene Bucodental\" \/><\/a><\/figure><div class=\"elementor-image-box-content\"><h4 class=\"elementor-image-box-title\"><a href=\"https:\/\/ihdemu.com\/fr\/cours-espagnol-technicien-superieur-hygiene-bucco-dentaire\/\">Hygi\u00e8ne bucco-dentaire<\/a><\/h4><\/div><\/div>\t\t\t\t<\/div>\n\t\t\t\t<\/div>\n\t\t\t\t<div class=\"elementor-element elementor-element-fb3dc03 elementor-position-left elementor-position-top elementor-vertical-align-middle curso-grado elementor-widget elementor-widget-image-box\" data-id=\"fb3dc03\" data-element_type=\"widget\" data-e-type=\"widget\" data-widget_type=\"image-box.default\">\n\t\t\t\t<div class=\"elementor-widget-container\">\n\t\t\t\t\t<div class=\"elementor-image-box-wrapper\"><figure class=\"elementor-image-box-img\"><a href=\"https:\/\/ihdemu.com\/fr\/cours-espagnol-technicien-superieur-protheses-dentaires\/\" tabindex=\"-1\"><img loading=\"lazy\" decoding=\"async\" width=\"100\" height=\"80\" src=\"https:\/\/ihdemu.com\/wp-content\/uploads\/2026\/03\/IHdeMU-FP-Grado-Medio-Protesis-Dentales.png\" class=\"attachment-full size-full wp-image-112309\" alt=\"IHdeMU - FP Grado Medio - Protesis Dentales\" \/><\/a><\/figure><div class=\"elementor-image-box-content\"><h4 class=\"elementor-image-box-title\"><a href=\"https:\/\/ihdemu.com\/fr\/cours-espagnol-technicien-superieur-protheses-dentaires\/\">Proth\u00e8ses dentaires<\/a><\/h4><\/div><\/div>\t\t\t\t<\/div>\n\t\t\t\t<\/div>\n\t\t\t\t\t<\/div>\n\t\t<\/div>\n\t\t\t\t\t<\/div>\n\t\t<\/section>\n\t\t\t\t\t<\/div>\n\t\t<\/div>\n\t\t\t\t\t<\/div>\n\t\t<\/section>\n\t\t\t\t<\/div>\n\t\t<\/div>\n\t\t\t\t\t\t<\/div>\n\t\t\t\t<\/div>\n\t\t\t\t<div class=\"elementor-element elementor-element-c2ca4a8 elementor-widget elementor-widget-text-editor\" data-id=\"c2ca4a8\" data-element_type=\"widget\" data-e-type=\"widget\" data-widget_type=\"text-editor.default\">\n\t\t\t\t<div class=\"elementor-widget-container\">\n\t\t\t\t\t\t\t\t\t<p style=\"text-align: center;\" data-start=\"1510\" data-end=\"1614\"><span style=\"text-decoration: underline;\"><strong data-start=\"1510\" data-end=\"1614\">TOUS LES DIPL\u00d4MES INCLUENT DES STAGES EN ENTREPRISE AVEC UNE FORTE PROBABILIT\u00c9 D\u2019EMBAUCHE<\/strong><\/span><\/p><p data-start=\"1616\" data-end=\"1631\"><strong data-start=\"1616\" data-end=\"1631\">En r\u00e9sum\u00e9 :<\/strong><\/p><p style=\"text-align: center;\" data-start=\"1633\" data-end=\"1764\">\ud83d\udcd8 <strong data-start=\"1636\" data-end=\"1669\">COURS D\u2019ESPAGNOL (avril\u2013ao\u00fbt) <span style=\"text-decoration: underline;\"><em>OPTIONNEL<\/em><\/span><\/strong> + \ud83c\udf93 <strong data-start=\"1675\" data-end=\"1721\">FORMATION PROFESSIONNELLE (septembre\u2013juin)<\/strong> + \ud83d\udcbc <strong data-start=\"1727\" data-end=\"1764\">EXP\u00c9RIENCE PROFESSIONNELLE R\u00c9ELLE<\/strong><\/p>\t\t\t\t\t\t\t\t<\/div>\n\t\t\t\t<\/div>\n\t\t\t\t<div class=\"elementor-element elementor-element-ce600c4 elementor-widget-divider--view-line elementor-widget elementor-widget-divider\" data-id=\"ce600c4\" data-element_type=\"widget\" data-e-type=\"widget\" data-widget_type=\"divider.default\">\n\t\t\t\t<div class=\"elementor-widget-container\">\n\t\t\t\t\t\t\t<div class=\"elementor-divider\">\n\t\t\t<span class=\"elementor-divider-separator\">\n\t\t\t\t\t\t<\/span>\n\t\t<\/div>\n\t\t\t\t\t\t<\/div>\n\t\t\t\t<\/div>\n\t\t\t\t\t<\/div>\n\t\t<\/div>\n\t\t\t\t\t<\/div>\n\t\t<\/section>\n\t\t\t\t<section class=\"elementor-section elementor-top-section elementor-element elementor-element-2cb44e3 elementor-section-boxed elementor-section-height-default elementor-section-height-default\" data-id=\"2cb44e3\" data-element_type=\"section\" data-e-type=\"section\">\n\t\t\t\t\t\t<div class=\"elementor-container elementor-column-gap-default\">\n\t\t\t\t\t<div class=\"elementor-column elementor-col-100 elementor-top-column elementor-element elementor-element-4d01c32\" data-id=\"4d01c32\" data-element_type=\"column\" data-e-type=\"column\">\n\t\t\t<div class=\"elementor-widget-wrap elementor-element-populated\">\n\t\t\t\t\t\t<div class=\"elementor-element elementor-element-4e1bace elementor-widget elementor-widget-heading\" data-id=\"4e1bace\" data-element_type=\"widget\" data-e-type=\"widget\" data-widget_type=\"heading.default\">\n\t\t\t\t<div class=\"elementor-widget-container\">\n\t\t\t\t\t<h2 class=\"elementor-heading-title elementor-size-default\">FP ou Universit\u00e9 ?<\/h2>\t\t\t\t<\/div>\n\t\t\t\t<\/div>\n\t\t\t\t\t<\/div>\n\t\t<\/div>\n\t\t\t\t\t<\/div>\n\t\t<\/section>\n\t\t\t\t<section class=\"elementor-section elementor-top-section elementor-element elementor-element-6745ad9 elementor-section-boxed elementor-section-height-default elementor-section-height-default\" data-id=\"6745ad9\" data-element_type=\"section\" data-e-type=\"section\">\n\t\t\t\t\t\t<div class=\"elementor-container elementor-column-gap-default\">\n\t\t\t\t\t<div class=\"elementor-column elementor-col-100 elementor-top-column elementor-element elementor-element-e053675\" data-id=\"e053675\" data-element_type=\"column\" data-e-type=\"column\">\n\t\t\t<div class=\"elementor-widget-wrap elementor-element-populated\">\n\t\t\t\t\t\t<div class=\"elementor-element elementor-element-11dcaef elementor-widget elementor-widget-text-editor\" data-id=\"11dcaef\" data-element_type=\"widget\" data-e-type=\"widget\" data-widget_type=\"text-editor.default\">\n\t\t\t\t<div class=\"elementor-widget-container\">\n\t\t\t\t\t\t\t\t\t<h3 data-start=\"769\" data-end=\"802\">\u00a0<\/h3><h3 data-start=\"483\" data-end=\"521\"><strong data-start=\"487\" data-end=\"521\">\ud83d\udcbc<\/strong><strong data-start=\"487\" data-end=\"521\">FORMATION PROFESSIONNELLE (FP)\u00a0<\/strong><\/h3><p>En r\u00e9sum\u00e9, si ton objectif <strong>est d\u2019entrer rapidement sur le march\u00e9 du travail<\/strong> avec une formation pratique et employable, la <strong>FP est la meilleure option.<\/strong><\/p><p>Si tu veux un parcours plus <strong>acad\u00e9mique<\/strong> et th\u00e9orique, <strong>l\u2019universit\u00e9<\/strong> est ton chemin.<\/p><p data-start=\"523\" data-end=\"540\">AVANTAGES :<\/p><ul><li data-start=\"523\" data-end=\"540\"><strong>Forte employabilit\u00e9<\/strong> (plus de <strong>40% des offres<\/strong> en Espagne concernent la FP)<\/li><li><strong>Formation pratique<\/strong> d\u00e8s le d\u00e9but<\/li><li><strong>Dur\u00e9e courte<\/strong> : 1,5 ou 2 ans<\/li><li><strong>M\u00e9tiers demand\u00e9s<\/strong>: sant\u00e9, informatique, \u00e9nergies renouvelables, administration, petite enfance, h\u00f4tellerie<\/li><li><strong>Possibilit\u00e9 de continuer \u00e0 l\u2019universit\u00e9<\/strong><\/li><li><strong>Co\u00fbt r\u00e9duit<\/strong> et retour sur investissement rapide<\/li><\/ul><p data-start=\"1131\" data-end=\"1152\">INCONV\u00c9NIENTS :<\/p><ul data-start=\"1153\" data-end=\"1411\"><li data-start=\"1153\" data-end=\"1297\"><p data-start=\"1155\" data-end=\"1297\">Moins adapt\u00e9 \u00e0 la recherche ou \u00e0 l\u2019enseignement universitaire<\/p><\/li><li data-start=\"1153\" data-end=\"1297\"><p data-start=\"1155\" data-end=\"1297\">Certaines limites de progression sans \u00e9tudes sup\u00e9rieures<\/p><\/li><\/ul><hr data-start=\"1413\" data-end=\"1416\" \/><h3 data-start=\"1418\" data-end=\"1439\"><strong data-start=\"1425\" data-end=\"1439\">\ud83c\udf93UNIVERSIT\u00c9<\/strong><\/h3><p>AVANTAGES :<\/p><ul><li>Formation <strong>plus th\u00e9orique et acad\u00e9mique<\/strong><\/li><li>Id\u00e9al pour les <strong>professions r\u00e9glement\u00e9es<\/strong> (m\u00e9decine, droit, architecture\u2026)<\/li><li>Acc\u00e8s \u00e0 la <strong>recherche<\/strong> et aux postes de direction<strong><br \/><\/strong><\/li><\/ul><p>INCONV\u00c9NIENTS :<strong><br \/><\/strong><\/p><ul><li><strong>Longue dur\u00e9e<\/strong> (minimum 4 ans)<\/li><li><strong>Peu de pratique<\/strong><\/li><li><strong>Insertion professionnelle plus lente<\/strong><\/li><\/ul><p>Si tu veux \u00e9tudier \u00e0 l\u2019universit\u00e9, nous proposons une <a href=\"https:\/\/ihdemu.com\/fr\/course-espagnol-preparation-selectividad-pce\/\" target=\"_blank\" rel=\"noopener\">pr\u00e9paration<\/a> appel\u00e9e <strong>SELECTIVIDAD.<\/strong><\/p>\t\t\t\t\t\t\t\t<\/div>\n\t\t\t\t<\/div>\n\t\t\t\t\t<\/div>\n\t\t<\/div>\n\t\t\t\t\t<\/div>\n\t\t<\/section>\n\t\t\t\t<section class=\"elementor-section elementor-top-section elementor-element elementor-element-b4e087c elementor-section-boxed elementor-section-height-default elementor-section-height-default\" data-id=\"b4e087c\" data-element_type=\"section\" data-e-type=\"section\">\n\t\t\t\t\t\t<div class=\"elementor-container elementor-column-gap-default\">\n\t\t\t\t\t<div class=\"elementor-column elementor-col-100 elementor-top-column elementor-element elementor-element-a6a5059\" data-id=\"a6a5059\" data-element_type=\"column\" data-e-type=\"column\">\n\t\t\t<div class=\"elementor-widget-wrap elementor-element-populated\">\n\t\t\t\t\t\t<div class=\"elementor-element elementor-element-5818b44 elementor-widget-divider--view-line elementor-widget elementor-widget-divider\" data-id=\"5818b44\" data-element_type=\"widget\" data-e-type=\"widget\" data-widget_type=\"divider.default\">\n\t\t\t\t<div class=\"elementor-widget-container\">\n\t\t\t\t\t\t\t<div class=\"elementor-divider\">\n\t\t\t<span class=\"elementor-divider-separator\">\n\t\t\t\t\t\t<\/span>\n\t\t<\/div>\n\t\t\t\t\t\t<\/div>\n\t\t\t\t<\/div>\n\t\t\t\t<div class=\"elementor-element elementor-element-7c374cd elementor-widget elementor-widget-heading\" data-id=\"7c374cd\" data-element_type=\"widget\" data-e-type=\"widget\" data-widget_type=\"heading.default\">\n\t\t\t\t<div class=\"elementor-widget-container\">\n\t\t\t\t\t<h2 class=\"elementor-heading-title elementor-size-default\">Questions fr\u00e9quentes sur le programme Espagnol + Formation Professionnelle<\/h2>\t\t\t\t<\/div>\n\t\t\t\t<\/div>\n\t\t\t\t<div class=\"elementor-element elementor-element-0be88ba elementor-widget elementor-widget-accordion\" data-id=\"0be88ba\" data-element_type=\"widget\" data-e-type=\"widget\" data-widget_type=\"accordion.default\">\n\t\t\t\t<div class=\"elementor-widget-container\">\n\t\t\t\t\t\t\t<div class=\"elementor-accordion\">\n\t\t\t\t\t\t\t<div class=\"elementor-accordion-item\">\n\t\t\t\t\t<div id=\"elementor-tab-title-1241\" class=\"elementor-tab-title\" data-tab=\"1\" role=\"button\" aria-controls=\"elementor-tab-content-1241\" aria-expanded=\"false\">\n\t\t\t\t\t\t\t\t\t\t\t\t\t<span class=\"elementor-accordion-icon elementor-accordion-icon-left\" aria-hidden=\"true\">\n\t\t\t\t\t\t\t\t\t\t\t\t\t\t\t<span class=\"elementor-accordion-icon-closed\"><svg class=\"e-font-icon-svg e-fas-plus\" viewBox=\"0 0 448 512\" xmlns=\"http:\/\/www.w3.org\/2000\/svg\"><path d=\"M416 208H272V64c0-17.67-14.33-32-32-32h-32c-17.67 0-32 14.33-32 32v144H32c-17.67 0-32 14.33-32 32v32c0 17.67 14.33 32 32 32h144v144c0 17.67 14.33 32 32 32h32c17.67 0 32-14.33 32-32V304h144c17.67 0 32-14.33 32-32v-32c0-17.67-14.33-32-32-32z\"><\/path><\/svg><\/span>\n\t\t\t\t\t\t\t\t<span class=\"elementor-accordion-icon-opened\"><svg class=\"e-font-icon-svg e-fas-minus\" viewBox=\"0 0 448 512\" xmlns=\"http:\/\/www.w3.org\/2000\/svg\"><path d=\"M416 208H32c-17.67 0-32 14.33-32 32v32c0 17.67 14.33 32 32 32h384c17.67 0 32-14.33 32-32v-32c0-17.67-14.33-32-32-32z\"><\/path><\/svg><\/span>\n\t\t\t\t\t\t\t\t\t\t\t\t\t\t<\/span>\n\t\t\t\t\t\t\t\t\t\t\t\t<a class=\"elementor-accordion-title\" tabindex=\"0\">En quoi consiste ce programme ?<\/a>\n\t\t\t\t\t<\/div>\n\t\t\t\t\t<div id=\"elementor-tab-content-1241\" class=\"elementor-tab-content elementor-clearfix\" data-tab=\"1\" role=\"region\" aria-labelledby=\"elementor-tab-title-1241\"><p>\ud83d\udcd8 Espagnol (6 mois, obligatoire si vous n\u2019avez pas le niveau B2 DELE) + \ud83c\udf93 Formation Professionnelle (1,5 ou 2 ans) + \ud83d\udcbc Exp\u00e9rience professionnelle r\u00e9elle<\/p><\/div>\n\t\t\t\t<\/div>\n\t\t\t\t\t\t\t<div class=\"elementor-accordion-item\">\n\t\t\t\t\t<div id=\"elementor-tab-title-1242\" class=\"elementor-tab-title\" data-tab=\"2\" role=\"button\" aria-controls=\"elementor-tab-content-1242\" aria-expanded=\"false\">\n\t\t\t\t\t\t\t\t\t\t\t\t\t<span class=\"elementor-accordion-icon elementor-accordion-icon-left\" aria-hidden=\"true\">\n\t\t\t\t\t\t\t\t\t\t\t\t\t\t\t<span class=\"elementor-accordion-icon-closed\"><svg class=\"e-font-icon-svg e-fas-plus\" viewBox=\"0 0 448 512\" xmlns=\"http:\/\/www.w3.org\/2000\/svg\"><path d=\"M416 208H272V64c0-17.67-14.33-32-32-32h-32c-17.67 0-32 14.33-32 32v144H32c-17.67 0-32 14.33-32 32v32c0 17.67 14.33 32 32 32h144v144c0 17.67 14.33 32 32 32h32c17.67 0 32-14.33 32-32V304h144c17.67 0 32-14.33 32-32v-32c0-17.67-14.33-32-32-32z\"><\/path><\/svg><\/span>\n\t\t\t\t\t\t\t\t<span class=\"elementor-accordion-icon-opened\"><svg class=\"e-font-icon-svg e-fas-minus\" viewBox=\"0 0 448 512\" xmlns=\"http:\/\/www.w3.org\/2000\/svg\"><path d=\"M416 208H32c-17.67 0-32 14.33-32 32v32c0 17.67 14.33 32 32 32h384c17.67 0 32-14.33 32-32v-32c0-17.67-14.33-32-32-32z\"><\/path><\/svg><\/span>\n\t\t\t\t\t\t\t\t\t\t\t\t\t\t<\/span>\n\t\t\t\t\t\t\t\t\t\t\t\t<a class=\"elementor-accordion-title\" tabindex=\"0\">Quel niveau d\u2019espagnol est requis ?<\/a>\n\t\t\t\t\t<\/div>\n\t\t\t\t\t<div id=\"elementor-tab-content-1242\" class=\"elementor-tab-content elementor-clearfix\" data-tab=\"2\" role=\"region\" aria-labelledby=\"elementor-tab-title-1242\"><p>Nous proposons un <strong>cours intensif de 6 mois (mars\u2013ao\u00fbt)<\/strong> pour atteindre le niveau <strong>B1 ou B2<\/strong> avant de commencer la FP en septembre. Si vous partez de z\u00e9ro ou d\u2019un niveau basique, ce cours est <strong>obligatoire.<\/strong><\/p><p>Sinon, vous devez fournir un certificat <a href=\"https:\/\/ihdemu.com\/fr\/examen-dele\/\" target=\"_blank\" rel=\"noopener\">DELE<\/a> pour commencer directement et b\u00e9n\u00e9ficier de la remise de 30 %.<\/p><\/div>\n\t\t\t\t<\/div>\n\t\t\t\t\t\t\t<div class=\"elementor-accordion-item\">\n\t\t\t\t\t<div id=\"elementor-tab-title-1243\" class=\"elementor-tab-title\" data-tab=\"3\" role=\"button\" aria-controls=\"elementor-tab-content-1243\" aria-expanded=\"false\">\n\t\t\t\t\t\t\t\t\t\t\t\t\t<span class=\"elementor-accordion-icon elementor-accordion-icon-left\" aria-hidden=\"true\">\n\t\t\t\t\t\t\t\t\t\t\t\t\t\t\t<span class=\"elementor-accordion-icon-closed\"><svg class=\"e-font-icon-svg e-fas-plus\" viewBox=\"0 0 448 512\" xmlns=\"http:\/\/www.w3.org\/2000\/svg\"><path d=\"M416 208H272V64c0-17.67-14.33-32-32-32h-32c-17.67 0-32 14.33-32 32v144H32c-17.67 0-32 14.33-32 32v32c0 17.67 14.33 32 32 32h144v144c0 17.67 14.33 32 32 32h32c17.67 0 32-14.33 32-32V304h144c17.67 0 32-14.33 32-32v-32c0-17.67-14.33-32-32-32z\"><\/path><\/svg><\/span>\n\t\t\t\t\t\t\t\t<span class=\"elementor-accordion-icon-opened\"><svg class=\"e-font-icon-svg e-fas-minus\" viewBox=\"0 0 448 512\" xmlns=\"http:\/\/www.w3.org\/2000\/svg\"><path d=\"M416 208H32c-17.67 0-32 14.33-32 32v32c0 17.67 14.33 32 32 32h384c17.67 0 32-14.33 32-32v-32c0-17.67-14.33-32-32-32z\"><\/path><\/svg><\/span>\n\t\t\t\t\t\t\t\t\t\t\t\t\t\t<\/span>\n\t\t\t\t\t\t\t\t\t\t\t\t<a class=\"elementor-accordion-title\" tabindex=\"0\">Vais-je recevoir un certificat d\u2019inscription ?<\/a>\n\t\t\t\t\t<\/div>\n\t\t\t\t\t<div id=\"elementor-tab-content-1243\" class=\"elementor-tab-content elementor-clearfix\" data-tab=\"3\" role=\"region\" aria-labelledby=\"elementor-tab-title-1243\"><p>Oui, vous recevrez <strong>deux certificats :<\/strong> un de l\u2019Institut Hispano de Murcie et un de l\u2019entreprise de formation professionnelle, n\u00e9cessaires pour la demande de visa.<\/p><\/div>\n\t\t\t\t<\/div>\n\t\t\t\t\t\t\t<div class=\"elementor-accordion-item\">\n\t\t\t\t\t<div id=\"elementor-tab-title-1244\" class=\"elementor-tab-title\" data-tab=\"4\" role=\"button\" aria-controls=\"elementor-tab-content-1244\" aria-expanded=\"false\">\n\t\t\t\t\t\t\t\t\t\t\t\t\t<span class=\"elementor-accordion-icon elementor-accordion-icon-left\" aria-hidden=\"true\">\n\t\t\t\t\t\t\t\t\t\t\t\t\t\t\t<span class=\"elementor-accordion-icon-closed\"><svg class=\"e-font-icon-svg e-fas-plus\" viewBox=\"0 0 448 512\" xmlns=\"http:\/\/www.w3.org\/2000\/svg\"><path d=\"M416 208H272V64c0-17.67-14.33-32-32-32h-32c-17.67 0-32 14.33-32 32v144H32c-17.67 0-32 14.33-32 32v32c0 17.67 14.33 32 32 32h144v144c0 17.67 14.33 32 32 32h32c17.67 0 32-14.33 32-32V304h144c17.67 0 32-14.33 32-32v-32c0-17.67-14.33-32-32-32z\"><\/path><\/svg><\/span>\n\t\t\t\t\t\t\t\t<span class=\"elementor-accordion-icon-opened\"><svg class=\"e-font-icon-svg e-fas-minus\" viewBox=\"0 0 448 512\" xmlns=\"http:\/\/www.w3.org\/2000\/svg\"><path d=\"M416 208H32c-17.67 0-32 14.33-32 32v32c0 17.67 14.33 32 32 32h384c17.67 0 32-14.33 32-32v-32c0-17.67-14.33-32-32-32z\"><\/path><\/svg><\/span>\n\t\t\t\t\t\t\t\t\t\t\t\t\t\t<\/span>\n\t\t\t\t\t\t\t\t\t\t\t\t<a class=\"elementor-accordion-title\" tabindex=\"0\">Puis-je demander un visa d\u2019\u00e9tudes ?<\/a>\n\t\t\t\t\t<\/div>\n\t\t\t\t\t<div id=\"elementor-tab-content-1244\" class=\"elementor-tab-content elementor-clearfix\" data-tab=\"4\" role=\"region\" aria-labelledby=\"elementor-tab-title-1244\"><p>Oui. L\u2019Institut Hispano de Murcie est <strong>accr\u00e9dit\u00e9 par l\u2019Institut Cervantes<\/strong>, ce qui permet de demander un <strong>visa d\u2019\u00e9tudes espagnol.<\/strong> Nous vous accompagnerons dans toute la proc\u00e9dure.<\/p><\/div>\n\t\t\t\t<\/div>\n\t\t\t\t\t\t\t<div class=\"elementor-accordion-item\">\n\t\t\t\t\t<div id=\"elementor-tab-title-1245\" class=\"elementor-tab-title\" data-tab=\"5\" role=\"button\" aria-controls=\"elementor-tab-content-1245\" aria-expanded=\"false\">\n\t\t\t\t\t\t\t\t\t\t\t\t\t<span class=\"elementor-accordion-icon elementor-accordion-icon-left\" aria-hidden=\"true\">\n\t\t\t\t\t\t\t\t\t\t\t\t\t\t\t<span class=\"elementor-accordion-icon-closed\"><svg class=\"e-font-icon-svg e-fas-plus\" viewBox=\"0 0 448 512\" xmlns=\"http:\/\/www.w3.org\/2000\/svg\"><path d=\"M416 208H272V64c0-17.67-14.33-32-32-32h-32c-17.67 0-32 14.33-32 32v144H32c-17.67 0-32 14.33-32 32v32c0 17.67 14.33 32 32 32h144v144c0 17.67 14.33 32 32 32h32c17.67 0 32-14.33 32-32V304h144c17.67 0 32-14.33 32-32v-32c0-17.67-14.33-32-32-32z\"><\/path><\/svg><\/span>\n\t\t\t\t\t\t\t\t<span class=\"elementor-accordion-icon-opened\"><svg class=\"e-font-icon-svg e-fas-minus\" viewBox=\"0 0 448 512\" xmlns=\"http:\/\/www.w3.org\/2000\/svg\"><path d=\"M416 208H32c-17.67 0-32 14.33-32 32v32c0 17.67 14.33 32 32 32h384c17.67 0 32-14.33 32-32v-32c0-17.67-14.33-32-32-32z\"><\/path><\/svg><\/span>\n\t\t\t\t\t\t\t\t\t\t\t\t\t\t<\/span>\n\t\t\t\t\t\t\t\t\t\t\t\t<a class=\"elementor-accordion-title\" tabindex=\"0\">Puis-je \u00e9tudier la FP dans d\u2019autres villes ?<\/a>\n\t\t\t\t\t<\/div>\n\t\t\t\t\t<div id=\"elementor-tab-content-1245\" class=\"elementor-tab-content elementor-clearfix\" data-tab=\"5\" role=\"region\" aria-labelledby=\"elementor-tab-title-1245\"><p>Le cours d\u2019espagnol se d\u00e9roule \u00e0 Murcie. La FP est disponible \u00e0 <span style=\"text-decoration: underline;\">Murcie, Madrid, Barcelone, Valence et S\u00e9ville.<\/span><\/p><\/div>\n\t\t\t\t<\/div>\n\t\t\t\t\t\t\t<div class=\"elementor-accordion-item\">\n\t\t\t\t\t<div id=\"elementor-tab-title-1246\" class=\"elementor-tab-title\" data-tab=\"6\" role=\"button\" aria-controls=\"elementor-tab-content-1246\" aria-expanded=\"false\">\n\t\t\t\t\t\t\t\t\t\t\t\t\t<span class=\"elementor-accordion-icon elementor-accordion-icon-left\" aria-hidden=\"true\">\n\t\t\t\t\t\t\t\t\t\t\t\t\t\t\t<span class=\"elementor-accordion-icon-closed\"><svg class=\"e-font-icon-svg e-fas-plus\" viewBox=\"0 0 448 512\" xmlns=\"http:\/\/www.w3.org\/2000\/svg\"><path d=\"M416 208H272V64c0-17.67-14.33-32-32-32h-32c-17.67 0-32 14.33-32 32v144H32c-17.67 0-32 14.33-32 32v32c0 17.67 14.33 32 32 32h144v144c0 17.67 14.33 32 32 32h32c17.67 0 32-14.33 32-32V304h144c17.67 0 32-14.33 32-32v-32c0-17.67-14.33-32-32-32z\"><\/path><\/svg><\/span>\n\t\t\t\t\t\t\t\t<span class=\"elementor-accordion-icon-opened\"><svg class=\"e-font-icon-svg e-fas-minus\" viewBox=\"0 0 448 512\" xmlns=\"http:\/\/www.w3.org\/2000\/svg\"><path d=\"M416 208H32c-17.67 0-32 14.33-32 32v32c0 17.67 14.33 32 32 32h384c17.67 0 32-14.33 32-32v-32c0-17.67-14.33-32-32-32z\"><\/path><\/svg><\/span>\n\t\t\t\t\t\t\t\t\t\t\t\t\t\t<\/span>\n\t\t\t\t\t\t\t\t\t\t\t\t<a class=\"elementor-accordion-title\" tabindex=\"0\">Sur le plan professionnel, FP ou universit\u00e9 ?<\/a>\n\t\t\t\t\t<\/div>\n\t\t\t\t\t<div id=\"elementor-tab-content-1246\" class=\"elementor-tab-content elementor-clearfix\" data-tab=\"6\" role=\"region\" aria-labelledby=\"elementor-tab-title-1246\"><p>Si l\u2019objectif est <strong>d\u2019entrer rapidement sur le march\u00e9 du travail<\/strong> avec une formation pratique et un fort taux d\u2019employabilit\u00e9, la <strong>FP est clairement la meilleure option.<\/strong><\/p><p>Si vous recherchez un parcours plus acad\u00e9mique et th\u00e9orique \u00e0 long terme, <strong>l\u2019universit\u00e9<\/strong> est la meilleure voie.<\/p><\/div>\n\t\t\t\t<\/div>\n\t\t\t\t\t\t\t\t\t\t<script type=\"application\/ld+json\">{\"@context\":\"https:\\\/\\\/schema.org\",\"@type\":\"FAQPage\",\"mainEntity\":[{\"@type\":\"Question\",\"name\":\"En quoi consiste ce programme ?\",\"acceptedAnswer\":{\"@type\":\"Answer\",\"text\":\"<p>\\ud83d\\udcd8 Espagnol (6 mois, obligatoire si vous n\\u2019avez pas le niveau B2 DELE) + \\ud83c\\udf93 Formation Professionnelle (1,5 ou 2 ans) + \\ud83d\\udcbc Exp\\u00e9rience professionnelle r\\u00e9elle<\\\/p>\"}},{\"@type\":\"Question\",\"name\":\"Quel niveau d\\u2019espagnol est requis ?\",\"acceptedAnswer\":{\"@type\":\"Answer\",\"text\":\"<p>Nous proposons un <strong>cours intensif de 6 mois (mars\\u2013ao\\u00fbt)<\\\/strong> pour atteindre le niveau <strong>B1 ou B2<\\\/strong> avant de commencer la FP en septembre. Si vous partez de z\\u00e9ro ou d\\u2019un niveau basique, ce cours est <strong>obligatoire.<\\\/strong><\\\/p><p>Sinon, vous devez fournir un certificat <a href=\\\"https:\\\/\\\/ihdemu.com\\\/fr\\\/examen-dele\\\/\\\" target=\\\"_blank\\\" rel=\\\"noopener\\\">DELE<\\\/a> pour commencer directement et b\\u00e9n\\u00e9ficier de la remise de 30 %.<\\\/p>\"}},{\"@type\":\"Question\",\"name\":\"Vais-je recevoir un certificat d\\u2019inscription ?\",\"acceptedAnswer\":{\"@type\":\"Answer\",\"text\":\"<p>Oui, vous recevrez <strong>deux certificats :<\\\/strong> un de l\\u2019Institut Hispano de Murcie et un de l\\u2019entreprise de formation professionnelle, n\\u00e9cessaires pour la demande de visa.<\\\/p>\"}},{\"@type\":\"Question\",\"name\":\"Puis-je demander un visa d\\u2019\\u00e9tudes ?\",\"acceptedAnswer\":{\"@type\":\"Answer\",\"text\":\"<p>Oui. L\\u2019Institut Hispano de Murcie est <strong>accr\\u00e9dit\\u00e9 par l\\u2019Institut Cervantes<\\\/strong>, ce qui permet de demander un <strong>visa d\\u2019\\u00e9tudes espagnol.<\\\/strong> Nous vous accompagnerons dans toute la proc\\u00e9dure.<\\\/p>\"}},{\"@type\":\"Question\",\"name\":\"Puis-je \\u00e9tudier la FP dans d\\u2019autres villes ?\",\"acceptedAnswer\":{\"@type\":\"Answer\",\"text\":\"<p>Le cours d\\u2019espagnol se d\\u00e9roule \\u00e0 Murcie. La FP est disponible \\u00e0 <span style=\\\"text-decoration: underline;\\\">Murcie, Madrid, Barcelone, Valence et S\\u00e9ville.<\\\/span><\\\/p>\"}},{\"@type\":\"Question\",\"name\":\"Sur le plan professionnel, FP ou universit\\u00e9 ?\",\"acceptedAnswer\":{\"@type\":\"Answer\",\"text\":\"<p>Si l\\u2019objectif est <strong>d\\u2019entrer rapidement sur le march\\u00e9 du travail<\\\/strong> avec une formation pratique et un fort taux d\\u2019employabilit\\u00e9, la <strong>FP est clairement la meilleure option.<\\\/strong><\\\/p><p>Si vous recherchez un parcours plus acad\\u00e9mique et th\\u00e9orique \\u00e0 long terme, <strong>l\\u2019universit\\u00e9<\\\/strong> est la meilleure voie.<\\\/p>\"}}]}<\/script>\n\t\t\t\t\t<\/div>\n\t\t\t\t\t\t<\/div>\n\t\t\t\t<\/div>\n\t\t\t\t<div class=\"elementor-element elementor-element-259b6ee elementor-widget elementor-widget-html\" data-id=\"259b6ee\" data-element_type=\"widget\" data-e-type=\"widget\" data-widget_type=\"html.default\">\n\t\t\t\t<div class=\"elementor-widget-container\">\n\t\t\t\t\t<style>\n    #impuestos{display:none;}\n<\/style>\t\t\t\t<\/div>\n\t\t\t\t<\/div>\n\t\t\t\t\t<\/div>\n\t\t<\/div>\n\t\t\t\t\t<\/div>\n\t\t<\/section>\n\t\t\t\t<\/div>\n\t\t\n","protected":false},"excerpt":{"rendered":"[elementor-template id=\"104289\"]\n","protected":false},"featured_media":104241,"template":"","meta":{"_acf_changed":false,"inline_featured_image":false,"site-sidebar-layout":"default","site-content-layout":"default","ast-site-content-layout":"default","site-content-style":"default","site-sidebar-style":"default","ast-global-header-display":"","ast-banner-title-visibility":"","ast-main-header-display":"","ast-hfb-above-header-display":"","ast-hfb-below-header-display":"","ast-hfb-mobile-header-display":"","site-post-title":"","ast-breadcrumbs-content":"","ast-featured-img":"","footer-sml-layout":"","ast-disable-related-posts":"","theme-transparent-header-meta":"default","adv-header-id-meta":"","stick-header-meta":"default","header-above-stick-meta":"","header-main-stick-meta":"","header-below-stick-meta":"","astra-migrate-meta-layouts":"set","ast-page-background-enabled":"default","ast-page-background-meta":{"desktop":{"background-color":"var(--ast-global-color-4)","background-image":"","background-repeat":"repeat","background-position":"center center","background-size":"auto","background-attachment":"scroll","background-type":"","background-media":"","overlay-type":"","overlay-color":"","overlay-opacity":"","overlay-gradient":""},"tablet":{"background-color":"","background-image":"","background-repeat":"repeat","background-position":"center center","background-size":"auto","background-attachment":"scroll","background-type":"","background-media":"","overlay-type":"","overlay-color":"","overlay-opacity":"","overlay-gradient":""},"mobile":{"background-color":"","background-image":"","background-repeat":"repeat","background-position":"center center","background-size":"auto","background-attachment":"scroll","background-type":"","background-media":"","overlay-type":"","overlay-color":"","overlay-opacity":"","overlay-gradient":""}},"ast-content-background-meta":{"desktop":{"background-color":"var(--ast-global-color-5)","background-image":"","background-repeat":"repeat","background-position":"center center","background-size":"auto","background-attachment":"scroll","background-type":"","background-media":"","overlay-type":"","overlay-color":"","overlay-opacity":"","overlay-gradient":""},"tablet":{"background-color":"var(--ast-global-color-5)","background-image":"","background-repeat":"repeat","background-position":"center center","background-size":"auto","background-attachment":"scroll","background-type":"","background-media":"","overlay-type":"","overlay-color":"","overlay-opacity":"","overlay-gradient":""},"mobile":{"background-color":"var(--ast-global-color-5)","background-image":"","background-repeat":"repeat","background-position":"center center","background-size":"auto","background-attachment":"scroll","background-type":"","background-media":"","overlay-type":"","overlay-color":"","overlay-opacity":"","overlay-gradient":""}}},"product_brand":[],"product_cat":[133,617],"product_tag":[],"class_list":{"0":"post-104274","1":"product","2":"type-product","3":"status-publish","4":"has-post-thumbnail","6":"product_cat-cours-examens-officiels","7":"product_cat-selectividad-fr","8":"desktop-align-left","9":"tablet-align-left","10":"mobile-align-left","11":"ast-product-gallery-layout-horizontal-slider","12":"ast-product-gallery-with-no-image","13":"ast-product-tabs-layout-horizontal","15":"first","16":"instock","17":"virtual","18":"taxable","19":"product-type-simple"},"acf":[],"_links":{"self":[{"href":"https:\/\/ihdemu.com\/fr\/wp-json\/wp\/v2\/product\/104274","targetHints":{"allow":["GET"]}}],"collection":[{"href":"https:\/\/ihdemu.com\/fr\/wp-json\/wp\/v2\/product"}],"about":[{"href":"https:\/\/ihdemu.com\/fr\/wp-json\/wp\/v2\/types\/product"}],"wp:featuredmedia":[{"embeddable":true,"href":"https:\/\/ihdemu.com\/fr\/wp-json\/wp\/v2\/media\/104241"}],"wp:attachment":[{"href":"https:\/\/ihdemu.com\/fr\/wp-json\/wp\/v2\/media?parent=104274"}],"wp:term":[{"taxonomy":"product_brand","embeddable":true,"href":"https:\/\/ihdemu.com\/fr\/wp-json\/wp\/v2\/product_brand?post=104274"},{"taxonomy":"product_cat","embeddable":true,"href":"https:\/\/ihdemu.com\/fr\/wp-json\/wp\/v2\/product_cat?post=104274"},{"taxonomy":"product_tag","embeddable":true,"href":"https:\/\/ihdemu.com\/fr\/wp-json\/wp\/v2\/product_tag?post=104274"}],"curies":[{"name":"wp","href":"https:\/\/api.w.org\/{rel}","templated":true}]}}