{"id":15454,"date":"2023-02-19T14:00:34","date_gmt":"2023-02-19T13:00:34","guid":{"rendered":"https:\/\/ihdemu.com\/curso-espanol-individual\/"},"modified":"2024-01-02T14:49:41","modified_gmt":"2024-01-02T13:49:41","slug":"cours-espagnol-individuel","status":"publish","type":"product","link":"https:\/\/ihdemu.com\/fr\/cours-espagnol-individuel\/","title":{"rendered":"Cours d&rsquo;espagnol Individuel"},"content":{"rendered":"\t\t<div data-elementor-type=\"section\" data-elementor-id=\"43263\" class=\"elementor elementor-43263 elementor-41538\" data-elementor-post-type=\"elementor_library\">\n\t\t\t\t\t<section class=\"elementor-section elementor-top-section elementor-element elementor-element-c6c7f44 elementor-section-boxed elementor-section-height-default elementor-section-height-default\" data-id=\"c6c7f44\" data-element_type=\"section\" data-e-type=\"section\">\n\t\t\t\t\t\t<div class=\"elementor-container elementor-column-gap-default\">\n\t\t\t\t\t<div class=\"elementor-column elementor-col-100 elementor-top-column elementor-element elementor-element-1945b88\" data-id=\"1945b88\" data-element_type=\"column\" data-e-type=\"column\">\n\t\t\t<div class=\"elementor-widget-wrap elementor-element-populated\">\n\t\t\t\t\t\t<div class=\"elementor-element elementor-element-56bdd71 elementor-widget elementor-widget-text-editor\" data-id=\"56bdd71\" data-element_type=\"widget\" data-e-type=\"widget\" data-widget_type=\"text-editor.default\">\n\t\t\t\t<div class=\"elementor-widget-container\">\n\t\t\t\t\t\t\t\t\t<p>Nous offrons un <strong>programme personnalis\u00e9 adapt\u00e9 aux besoins et aux capacit\u00e9s de chaque \u00e9l\u00e8ve<\/strong>, avec des cours priv\u00e9s et un apprentissage intensif. Avec ces cours, tu peux \u00e9galement te pr\u00e9parer aux examens DELE, reconnus par l&rsquo;Instituto Cervantes, et aux examens SIELE, et obtenir d&rsquo;excellents r\u00e9sultats.<\/p><p>Tu auras un <strong>professeur\u00a0pr\u00eat \u00e0 travailler avec toi individuellement<\/strong>; en d&rsquo;autres termes, tout le temps de cours sera consacr\u00e9 \u00e0 toi et \u00e0 tes besoins particuliers.<\/p><p>Les cours individuels te donnent l&rsquo;opportunit\u00e9 d&rsquo;\u00eatre motiv\u00e9, de te sentir plus important et de te pr\u00e9parer \u00e0 terminer le cours avec succ\u00e8s.<\/p>\t\t\t\t\t\t\t\t<\/div>\n\t\t\t\t<\/div>\n\t\t\t\t\t<\/div>\n\t\t<\/div>\n\t\t\t\t\t<\/div>\n\t\t<\/section>\n\t\t\t\t<section class=\"elementor-section elementor-top-section elementor-element elementor-element-82acc32 elementor-section-boxed elementor-section-height-default elementor-section-height-default\" data-id=\"82acc32\" data-element_type=\"section\" data-e-type=\"section\">\n\t\t\t\t\t\t<div class=\"elementor-container elementor-column-gap-default\">\n\t\t\t\t\t<div class=\"elementor-column elementor-col-100 elementor-top-column elementor-element elementor-element-787f7f7\" data-id=\"787f7f7\" data-element_type=\"column\" data-e-type=\"column\">\n\t\t\t<div class=\"elementor-widget-wrap elementor-element-populated\">\n\t\t\t\t\t\t<div class=\"elementor-element elementor-element-fd7be60 elementor-widget elementor-widget-heading\" data-id=\"fd7be60\" data-element_type=\"widget\" data-e-type=\"widget\" data-widget_type=\"heading.default\">\n\t\t\t\t<div class=\"elementor-widget-container\">\n\t\t\t\t\t<h2 class=\"elementor-heading-title elementor-size-default\">Quels sont les principaux avantages ?<\/h2>\t\t\t\t<\/div>\n\t\t\t\t<\/div>\n\t\t\t\t<div class=\"elementor-element elementor-element-f65c00e elementor-widget elementor-widget-text-editor\" data-id=\"f65c00e\" data-element_type=\"widget\" data-e-type=\"widget\" data-widget_type=\"text-editor.default\">\n\t\t\t\t<div class=\"elementor-widget-container\">\n\t\t\t\t\t\t\t\t\t<p>\u00c0 l&rsquo;\u00e9cole ou \u00e0 l&rsquo;universit\u00e9, nous sommes g\u00e9n\u00e9ralement enseign\u00e9s en grands groupes par un seul enseignant qui fixe le rythme pour tout le monde. C&rsquo;est simplement une n\u00e9cessit\u00e9 \u00e9conomique et cela a du sens pratique \u00e0 bien des \u00e9gards.<\/p><p>Mais alors que l&rsquo;apprentissage par les pairs (pratique \u00e9ducative dans laquelle les \u00e9tudiants interagissent avec d&rsquo;autres \u00e9tudiants pour atteindre des objectifs \u00e9ducatifs) est important et que faire partie d&rsquo;une classe peut \u00eatre amusant, les experts en \u00e9ducation conviennent que <strong>l&rsquo;apprentissage individuel est souvent plus efficace et b\u00e9n\u00e9fique<\/strong>.<\/p><p>En r\u00e9sum\u00e9 :<\/p><ul><li>Un professeur d&rsquo;espagnol <strong>uniquement pour toi<\/strong>, avec qui tu auras une interaction directe et qui s&rsquo;adaptera \u00e0 tes besoins.<\/li><li>Tu pourras avoir un <strong>suivi plus \u00e9troit<\/strong> de tes progr\u00e8s.<\/li><li><strong>Horaires et cours flexibles<\/strong>, avec possibilit\u00e9 de changer ou de reporter les cours si tu nous pr\u00e9viens 24 heures \u00e0 l&rsquo;avance.<\/li><li>Tu <strong>\u00e9viteras les distractions<\/strong> pendant la classe.<\/li><li><strong>Moins de stress<\/strong> et une ambiance plus agr\u00e9able. Il n&rsquo;y a pas de \u00ab\u00a0comp\u00e9tition\u00a0\u00bb avec d&rsquo;autres \u00e9tudiants.<\/li><li>Des <strong>prix abordables et des r\u00e9ductions <\/strong>importantes si tu r\u00e9serves un forfait d&rsquo;heures de cours.<\/li><\/ul>\t\t\t\t\t\t\t\t<\/div>\n\t\t\t\t<\/div>\n\t\t\t\t\t<\/div>\n\t\t<\/div>\n\t\t\t\t\t<\/div>\n\t\t<\/section>\n\t\t\t\t<section class=\"elementor-section elementor-top-section elementor-element elementor-element-778f77a elementor-section-boxed elementor-section-height-default elementor-section-height-default\" data-id=\"778f77a\" data-element_type=\"section\" data-e-type=\"section\">\n\t\t\t\t\t\t<div class=\"elementor-container elementor-column-gap-default\">\n\t\t\t\t\t<div class=\"elementor-column elementor-col-100 elementor-top-column elementor-element elementor-element-e1dad78\" data-id=\"e1dad78\" data-element_type=\"column\" data-e-type=\"column\">\n\t\t\t<div class=\"elementor-widget-wrap elementor-element-populated\">\n\t\t\t\t\t\t<div class=\"elementor-element elementor-element-0592a92 elementor-widget elementor-widget-heading\" data-id=\"0592a92\" data-element_type=\"widget\" data-e-type=\"widget\" data-widget_type=\"heading.default\">\n\t\t\t\t<div class=\"elementor-widget-container\">\n\t\t\t\t\t<h2 class=\"elementor-heading-title elementor-size-default\">Est-il pr\u00e9f\u00e9rable de prendre des cours d'espagnol individuels ou des cours en groupe ?<\/h2>\t\t\t\t<\/div>\n\t\t\t\t<\/div>\n\t\t\t\t<div class=\"elementor-element elementor-element-557b456 elementor-widget elementor-widget-text-editor\" data-id=\"557b456\" data-element_type=\"widget\" data-e-type=\"widget\" data-widget_type=\"text-editor.default\">\n\t\t\t\t<div class=\"elementor-widget-container\">\n\t\t\t\t\t\t\t\t\t<p>Dans un cadre individuel, ton professeur peut se concentrer sur tes <strong>besoins individuels<\/strong>. Cela cr\u00e9e un environnement de soutien o\u00f9 les zones d&rsquo;am\u00e9lioration sont plus facilement r\u00e9v\u00e9l\u00e9es. Cela signifie que les erreurs peuvent \u00eatre corrig\u00e9es imm\u00e9diatement.<\/p><p>Gr\u00e2ce aux cours individuels, nous t&rsquo;aiderons \u00e0 am\u00e9liorer ton d\u00e9veloppement d&rsquo;apprentissage. On dit que les \u00e9tudiants d&rsquo;espagnol qui prennent des cours individuels am\u00e9liorent consid\u00e9rablement leurs comp\u00e9tences par rapport aux \u00e9tudiants qui prennent des cours d&rsquo;espagnol en groupe.<\/p>\t\t\t\t\t\t\t\t<\/div>\n\t\t\t\t<\/div>\n\t\t\t\t\t<\/div>\n\t\t<\/div>\n\t\t\t\t\t<\/div>\n\t\t<\/section>\n\t\t\t\t<section class=\"elementor-section elementor-top-section elementor-element elementor-element-13cea0f elementor-section-boxed elementor-section-height-default elementor-section-height-default\" data-id=\"13cea0f\" data-element_type=\"section\" data-e-type=\"section\">\n\t\t\t\t\t\t<div class=\"elementor-container elementor-column-gap-default\">\n\t\t\t\t\t<div class=\"elementor-column elementor-col-100 elementor-top-column elementor-element elementor-element-47c5ba3\" data-id=\"47c5ba3\" data-element_type=\"column\" data-e-type=\"column\">\n\t\t\t<div class=\"elementor-widget-wrap elementor-element-populated\">\n\t\t\t\t\t\t<div class=\"elementor-element elementor-element-70b4d87 elementor-invisible elementor-widget elementor-widget-image\" data-id=\"70b4d87\" data-element_type=\"widget\" data-e-type=\"widget\" data-settings=\"{&quot;_animation&quot;:&quot;fadeInUp&quot;}\" data-widget_type=\"image.default\">\n\t\t\t\t<div class=\"elementor-widget-container\">\n\t\t\t\t\t\t\t\t\t\t\t\t\t\t\t\t<a href=\"https:\/\/ihdemu.com\/wp-content\/uploads\/2023\/02\/Estudiantes-curso-individual-Instituto-Hispanico-de-Murcia-1.jpg\" data-elementor-open-lightbox=\"yes\" data-elementor-lightbox-title=\"Estudiantes curso individual Instituto Hisp\u00e1nico de Murcia\" data-elementor-lightbox-description=\"\u00c9tudiants cours individuels Instituto Hisp\u00e1nico de Murcia\" data-e-action-hash=\"#elementor-action%3Aaction%3Dlightbox%26settings%3DeyJpZCI6NDE1NzAsInVybCI6Imh0dHBzOlwvXC9paGRlbXUuY29tXC93cC1jb250ZW50XC91cGxvYWRzXC8yMDIzXC8wMlwvRXN0dWRpYW50ZXMtY3Vyc28taW5kaXZpZHVhbC1JbnN0aXR1dG8tSGlzcGFuaWNvLWRlLU11cmNpYS0xLmpwZyJ9\">\n\t\t\t\t\t\t\t<img fetchpriority=\"high\" decoding=\"async\" width=\"1200\" height=\"300\" src=\"https:\/\/ihdemu.com\/wp-content\/uploads\/2023\/02\/Estudiantes-curso-individual-Instituto-Hispanico-de-Murcia-1.jpg\" class=\"attachment-full size-full wp-image-41570\" alt=\"\u00c9tudiants cours individuels Instituto Hisp\u00e1nico de Murcia\" srcset=\"https:\/\/ihdemu.com\/wp-content\/uploads\/2023\/02\/Estudiantes-curso-individual-Instituto-Hispanico-de-Murcia-1.jpg 1200w, https:\/\/ihdemu.com\/wp-content\/uploads\/2023\/02\/Estudiantes-curso-individual-Instituto-Hispanico-de-Murcia-1-300x75.jpg 300w, https:\/\/ihdemu.com\/wp-content\/uploads\/2023\/02\/Estudiantes-curso-individual-Instituto-Hispanico-de-Murcia-1-1024x256.jpg 1024w, https:\/\/ihdemu.com\/wp-content\/uploads\/2023\/02\/Estudiantes-curso-individual-Instituto-Hispanico-de-Murcia-1-768x192.jpg 768w, https:\/\/ihdemu.com\/wp-content\/uploads\/2023\/02\/Estudiantes-curso-individual-Instituto-Hispanico-de-Murcia-1-600x150.jpg 600w\" sizes=\"(max-width: 1200px) 100vw, 1200px\" \/>\t\t\t\t\t\t\t\t<\/a>\n\t\t\t\t\t\t\t\t\t\t\t\t\t\t\t<\/div>\n\t\t\t\t<\/div>\n\t\t\t\t\t<\/div>\n\t\t<\/div>\n\t\t\t\t\t<\/div>\n\t\t<\/section>\n\t\t\t\t<section class=\"elementor-section elementor-top-section elementor-element elementor-element-925f2f6 elementor-section-boxed elementor-section-height-default elementor-section-height-default\" data-id=\"925f2f6\" data-element_type=\"section\" data-e-type=\"section\">\n\t\t\t\t\t\t<div class=\"elementor-container elementor-column-gap-default\">\n\t\t\t\t\t<div class=\"elementor-column elementor-col-100 elementor-top-column elementor-element elementor-element-04bd0a5\" data-id=\"04bd0a5\" data-element_type=\"column\" data-e-type=\"column\">\n\t\t\t<div class=\"elementor-widget-wrap elementor-element-populated\">\n\t\t\t\t\t\t<div class=\"elementor-element elementor-element-cf2730b elementor-widget elementor-widget-text-editor\" data-id=\"cf2730b\" data-element_type=\"widget\" data-e-type=\"widget\" data-widget_type=\"text-editor.default\">\n\t\t\t\t<div class=\"elementor-widget-container\">\n\t\t\t\t\t\t\t\t\t<p>Tu verras qu&rsquo;il y a beaucoup plus d&rsquo;avantages que d&rsquo;inconv\u00e9nients \u00e0 prendre des cours individuels. Voici les plus importants :<\/p><h3 style=\"text-align: left;\">Avantages<\/h3><ul><li>Dans un cadre individuel, l&rsquo;\u00e9l\u00e8ve b\u00e9n\u00e9ficie de <strong>l&rsquo;attention constante du professeur<\/strong>, ce qui lui permet de parler et d&rsquo;\u00e9couter davantage en espagnol que dans une situation de groupe.<\/li><li>Les \u00e9tudiants peuvent contribuer davantage aux cours et <strong>se sentir impliqu\u00e9s dans le processus d&rsquo;apprentissage<\/strong> en apportant du mat\u00e9riel comme des livres, des chansons ou des articles de journaux locaux en classe.<\/li><li>Leurs points forts et leurs faiblesses sont abord\u00e9s de mani\u00e8re <strong>plus coh\u00e9rente et compl\u00e8te<\/strong> sans la concurrence d&rsquo;autres \u00e9l\u00e8ves pour le temps du professeur.<\/li><li>Il y a <strong>moins de contraintes de temps<\/strong>, ce qui permet aux \u00e9l\u00e8ves de progresser \u00e0 leur propre rythme sans se sentir press\u00e9s par les progr\u00e8s des autres \u00e9l\u00e8ves.<\/li><li>Selon la <em>M\u00e9thode Naturelle<\/em> sugg\u00e9r\u00e9e par le c\u00e9l\u00e8bre linguiste Stephen Krashen, les \u00e9tudiants acqui\u00e8rent mieux la langue gr\u00e2ce \u00e0 l&rsquo;input modifi\u00e9 du professeur. Cela signifie que le <strong>professeur adapte son langage au niveau de l&rsquo;\u00e9l\u00e8ve<\/strong>, et dans les cours individuels, le professeur peut maximiser la quantit\u00e9 et le type d&rsquo;informations pour b\u00e9n\u00e9ficier \u00e0 l&rsquo;\u00e9l\u00e8ve.<\/li><\/ul><h3 style=\"text-align: left;\">Inconv\u00e9nients<\/h3><ul><li>Il y a un potentiel d&rsquo;\u00e9puisement, car tu pourrais \u00eatre en constante interaction d&rsquo;une mani\u00e8re peu naturelle avec le professeur.<\/li><li>Il peut \u00eatre difficile de mesurer les progr\u00e8s sans d&rsquo;autres \u00e9tudiants avec qui les comparer et sans un plan d&rsquo;\u00e9tudes clair.<\/li><li>Le format du cours peut devenir monotone si le professeur n&rsquo;a pas confiance pour exp\u00e9rimenter avec des changements de rythme et de type d&rsquo;activit\u00e9. Ils pourraient supposer qu&rsquo;un \u00e9tudiant n&rsquo;est pas ouvert \u00e0 des activit\u00e9s telles que la dict\u00e9e, les chansons, se d\u00e9placer dans la classe, des exercices, etc.<\/li><\/ul>\t\t\t\t\t\t\t\t<\/div>\n\t\t\t\t<\/div>\n\t\t\t\t\t<\/div>\n\t\t<\/div>\n\t\t\t\t\t<\/div>\n\t\t<\/section>\n\t\t\t\t<section class=\"elementor-section elementor-top-section elementor-element elementor-element-07d41e3 elementor-section-boxed elementor-section-height-default elementor-section-height-default\" data-id=\"07d41e3\" data-element_type=\"section\" data-e-type=\"section\">\n\t\t\t\t\t\t<div class=\"elementor-container elementor-column-gap-default\">\n\t\t\t\t\t<div class=\"elementor-column elementor-col-100 elementor-top-column elementor-element elementor-element-2cb6a7f\" data-id=\"2cb6a7f\" data-element_type=\"column\" data-e-type=\"column\">\n\t\t\t<div class=\"elementor-widget-wrap elementor-element-populated\">\n\t\t\t\t\t\t<div class=\"elementor-element elementor-element-433614d elementor-widget elementor-widget-heading\" data-id=\"433614d\" data-element_type=\"widget\" data-e-type=\"widget\" data-widget_type=\"heading.default\">\n\t\t\t\t<div class=\"elementor-widget-container\">\n\t\t\t\t\t<h2 class=\"elementor-heading-title elementor-size-default\">\u00c0 quelle fr\u00e9quence devrais-tu avoir des cours individuels ?<\/h2>\t\t\t\t<\/div>\n\t\t\t\t<\/div>\n\t\t\t\t<div class=\"elementor-element elementor-element-de8ac76 elementor-widget elementor-widget-text-editor\" data-id=\"de8ac76\" data-element_type=\"widget\" data-e-type=\"widget\" data-widget_type=\"text-editor.default\">\n\t\t\t\t<div class=\"elementor-widget-container\">\n\t\t\t\t\t\t\t\t\t<p>Ce cours est parfait pour les personnes qui travaillent, \u00e9tudient ou ont des emplois du temps charg\u00e9s. L&rsquo;un des principaux avantages des cours individuels est leur <strong>flexibilit\u00e9<\/strong>.<\/p><p>Que voulons-nous dire par \u00ab flexibilit\u00e9 \u00bb ? Tu peux avoir autant de cours que tu as besoin chaque jour ou autant de jours par semaine que tu le souhaites, bien que <strong>nous ne recommandions pas plus de deux heures \u00e0 la fois<\/strong> sans pause car ton cerveau se met en veille et l&rsquo;apprentissage ralentit.<\/p><p>Cependant, \u00e0 premi\u00e8re vue, tu pourrais penser que le plus important est le nombre d&rsquo;heures de cours, mais <strong>il s&rsquo;agit de qualit\u00e9 plut\u00f4t que de quantit\u00e9<\/strong>. Ainsi, si tu as entre deux heures ou plus par jour avec ton professeur, rien ne peut te emp\u00eacher d&rsquo;atteindre tes objectifs.<\/p>\t\t\t\t\t\t\t\t<\/div>\n\t\t\t\t<\/div>\n\t\t\t\t\t<\/div>\n\t\t<\/div>\n\t\t\t\t\t<\/div>\n\t\t<\/section>\n\t\t\t\t<section class=\"elementor-section elementor-top-section elementor-element elementor-element-41cd342 elementor-section-boxed elementor-section-height-default elementor-section-height-default\" data-id=\"41cd342\" data-element_type=\"section\" data-e-type=\"section\">\n\t\t\t\t\t\t<div class=\"elementor-container elementor-column-gap-default\">\n\t\t\t\t\t<div class=\"elementor-column elementor-col-100 elementor-top-column elementor-element elementor-element-b796b57\" data-id=\"b796b57\" data-element_type=\"column\" data-e-type=\"column\">\n\t\t\t<div class=\"elementor-widget-wrap elementor-element-populated\">\n\t\t\t\t\t\t<div class=\"elementor-element elementor-element-187079d elementor-widget elementor-widget-heading\" data-id=\"187079d\" data-element_type=\"widget\" data-e-type=\"widget\" data-widget_type=\"heading.default\">\n\t\t\t\t<div class=\"elementor-widget-container\">\n\t\t\t\t\t<h2 class=\"elementor-heading-title elementor-size-default\">Comment les professeurs de l'Instituto Hisp\u00e1nico de Murcia enseignent l'espagnol?<\/h2>\t\t\t\t<\/div>\n\t\t\t\t<\/div>\n\t\t\t\t<div class=\"elementor-element elementor-element-f54f5ab elementor-widget elementor-widget-text-editor\" data-id=\"f54f5ab\" data-element_type=\"widget\" data-e-type=\"widget\" data-widget_type=\"text-editor.default\">\n\t\t\t\t<div class=\"elementor-widget-container\">\n\t\t\t\t\t\t\t\t\t<p>Nos professeurs sont des locuteurs natifs espagnols, exp\u00e9riment\u00e9s dans l&rsquo;enseignement de l&rsquo;espagnol comme langue \u00e9trang\u00e8re et examinateurs du DELE, l&rsquo;examen officiel de l&rsquo;Instituto Cervantes.<\/p><p>Bien qu&rsquo;il existe de nombreuses fa\u00e7ons d&rsquo;enseigner efficacement, nos professeurs ont plusieurs qualit\u00e9s en commun :<\/p><ul><li>Ils sont pr\u00e9par\u00e9s<\/li><li>Ils sont exp\u00e9riment\u00e9s<\/li><li>Ils fixent des attentes claires et \u00e9quitables<\/li><li>Ils ont une attitude positive<\/li><li>Ils sont patients avec les \u00e9l\u00e8ves et \u00e9valuent leur enseignement r\u00e9guli\u00e8rement.<\/li><li>En bref : <strong>ce sont de tr\u00e8s bons enseignants<\/strong>.<\/li><\/ul>\t\t\t\t\t\t\t\t<\/div>\n\t\t\t\t<\/div>\n\t\t\t\t\t<\/div>\n\t\t<\/div>\n\t\t\t\t\t<\/div>\n\t\t<\/section>\n\t\t\t\t<section class=\"elementor-section elementor-top-section elementor-element elementor-element-714788d elementor-section-boxed elementor-section-height-default elementor-section-height-default\" data-id=\"714788d\" data-element_type=\"section\" data-e-type=\"section\">\n\t\t\t\t\t\t<div class=\"elementor-container elementor-column-gap-default\">\n\t\t\t\t\t<div class=\"elementor-column elementor-col-100 elementor-top-column elementor-element elementor-element-f4f248d\" data-id=\"f4f248d\" data-element_type=\"column\" data-e-type=\"column\">\n\t\t\t<div class=\"elementor-widget-wrap elementor-element-populated\">\n\t\t\t\t\t\t<div class=\"elementor-element elementor-element-c9b7229 elementor-widget elementor-widget-heading\" data-id=\"c9b7229\" data-element_type=\"widget\" data-e-type=\"widget\" data-widget_type=\"heading.default\">\n\t\t\t\t<div class=\"elementor-widget-container\">\n\t\t\t\t\t<h2 class=\"elementor-heading-title elementor-size-default\">Et pourquoi devrais-tu choisir l'Instituto Hisp\u00e1nico de Murcia pour apprendre l'espagnol ?<\/h2>\t\t\t\t<\/div>\n\t\t\t\t<\/div>\n\t\t\t\t<div class=\"elementor-element elementor-element-6f3c86a elementor-invisible elementor-widget elementor-widget-text-editor\" data-id=\"6f3c86a\" data-element_type=\"widget\" data-e-type=\"widget\" data-settings=\"{&quot;_animation&quot;:&quot;fadeInRight&quot;}\" data-widget_type=\"text-editor.default\">\n\t\t\t\t<div class=\"elementor-widget-container\">\n\t\t\t\t\t\t\t\t\t<p>\u00c9tudier dans notre \u00e9cole internationale d&rsquo;espagnol te procurera la meilleure exp\u00e9rience d&rsquo;apprentissage de l&rsquo;espagnol possible. Pourquoi nous choisir ? Pour de nombreuses raisons, notamment :<\/p><ul style=\"font-size: 18px; font-style: normal;\"><li>Nous sommes <strong>accr\u00e9dit\u00e9s par l&rsquo;Instituto Cervantes<\/strong>, ce qui garantit la qualit\u00e9 de notre enseignement. Notre \u00e9cole est reconnue \u00e0 l&rsquo;international et engag\u00e9e dans la qualit\u00e9 et l&rsquo;am\u00e9lioration continue.<\/li><li style=\"font-weight: 400;\"><strong>Exp\u00e9rience<\/strong> : nous avons plus de 20 ans d&rsquo;exp\u00e9rience dans l&rsquo;enseignement de l&rsquo;espagnol \u00e0 des personnes du monde entier, de tous \u00e2ges, de toutes croyances, de tous sexes et de toutes races. Nous sommes ouverts \u00e0 TOUS sans discrimination.<\/li><li style=\"font-weight: 400;\">Nous avons une <strong>excellente \u00e9quipe et des professeurs hautement qualifi\u00e9s<\/strong> dans l&rsquo;enseignement de l&rsquo;espagnol comme langue \u00e9trang\u00e8re, ce qui garantit que nos \u00e9tudiants apprennent et am\u00e9liorent leur niveau d&rsquo;espagnol de mani\u00e8re efficace et naturelle.<\/li><li style=\"font-size: 18px; font-weight: 400;\">En tant que <strong>petite \u00e9cole<\/strong>, nous sommes en mesure de consacrer plus de temps et de ressources \u00e0 chaque \u00e9tudiant, ce qui nous permet d&rsquo;offrir une exp\u00e9rience d&rsquo;apprentissage personnalis\u00e9e et efficace.<\/li><li style=\"font-weight: 400;\">Nous sommes bas\u00e9s au <strong>centre de Murcia<\/strong>, ce qui facilite l&rsquo;acc\u00e8s \u00e0 nos \u00e9tudiants et leur permet de profiter de tout ce que cette belle ville a \u00e0 offrir.<\/li><li>Notre \u00e9cole est adapt\u00e9e pour les <strong>personnes \u00e0 mobilit\u00e9 r\u00e9duite<\/strong>.<\/li><li>Il y a une grande <strong>vari\u00e9t\u00e9 de cours<\/strong> le matin, l&rsquo;apr\u00e8s-midi et le soir, sauf le week-end, o\u00f9 nous allons \u00e0 la plage pour nous d\u00e9tendre et bronzer. De plus, de nombreux cours peuvent \u00eatre suivis <strong>en ligne<\/strong>.<\/li><li style=\"font-weight: 400;\">Nos <strong>prix sont tr\u00e8s comp\u00e9titifs<\/strong>.<\/li><\/ul><p>Il est \u00e9galement tr\u00e8s important de savoir que tr\u00e8s peu de personnes \u00e0 Murcie parlent anglais, donc tu auras beaucoup plus d&rsquo;opportunit\u00e9s de pratiquer l&rsquo;espagnol dans ta vie quotidienne. La pratique rend parfait, n&rsquo;est-ce pas ?<\/p><p>De plus, nous sommes fiers de nous appuyer sur la <strong>satisfaction de nos \u00e9tudiants comme la meilleure preuve de la qualit\u00e9<\/strong> de notre travail. \u00c0 la fin du cours, ils partagent leurs opinions tr\u00e8s positives sur nos r\u00e9seaux sociaux, ce qui d\u00e9montre le haut niveau de satisfaction qu&rsquo;ils \u00e9prouvent lors de leur apprentissage de l&rsquo;espagnol avec nous.<\/p><p>Gr\u00e2ce aux retours positifs de nos \u00e9tudiants internationaux, nous avons re\u00e7u une note moyenne de <strong>4,8 sur 5 \u00e9toiles dans les avis ind\u00e9pendants de Google<\/strong>. Cela nous motive \u00e0 continuer \u00e0 travailler avec d\u00e9vouement et engagement pour offrir la meilleure exp\u00e9rience d&rsquo;apprentissage de l&rsquo;espagnol.<\/p><p><strong>Nous avons h\u00e2te de te voir dans notre \u00e9cole !<\/strong><\/p>\t\t\t\t\t\t\t\t<\/div>\n\t\t\t\t<\/div>\n\t\t\t\t\t<\/div>\n\t\t<\/div>\n\t\t\t\t\t<\/div>\n\t\t<\/section>\n\t\t\t\t<section class=\"elementor-section elementor-top-section elementor-element elementor-element-a8a26de elementor-section-boxed elementor-section-height-default elementor-section-height-default\" data-id=\"a8a26de\" data-element_type=\"section\" data-e-type=\"section\">\n\t\t\t\t\t\t<div class=\"elementor-container elementor-column-gap-default\">\n\t\t\t\t\t<div class=\"elementor-column elementor-col-100 elementor-top-column elementor-element elementor-element-b2a410b\" data-id=\"b2a410b\" data-element_type=\"column\" data-e-type=\"column\">\n\t\t\t<div class=\"elementor-widget-wrap elementor-element-populated\">\n\t\t\t\t\t\t<div class=\"elementor-element elementor-element-5ccf668 elementor-widget elementor-widget-heading\" data-id=\"5ccf668\" data-element_type=\"widget\" data-e-type=\"widget\" data-widget_type=\"heading.default\">\n\t\t\t\t<div class=\"elementor-widget-container\">\n\t\t\t\t\t<h2 class=\"elementor-heading-title elementor-size-default\">Questions fr\u00e9quentes sur le cours d'espagnol individuel<\/h2>\t\t\t\t<\/div>\n\t\t\t\t<\/div>\n\t\t\t\t<div class=\"elementor-element elementor-element-5a4fa56 elementor-widget elementor-widget-accordion\" data-id=\"5a4fa56\" data-element_type=\"widget\" data-e-type=\"widget\" data-widget_type=\"accordion.default\">\n\t\t\t\t<div class=\"elementor-widget-container\">\n\t\t\t\t\t\t\t<div class=\"elementor-accordion\">\n\t\t\t\t\t\t\t<div class=\"elementor-accordion-item\">\n\t\t\t\t\t<div id=\"elementor-tab-title-9461\" class=\"elementor-tab-title\" data-tab=\"1\" role=\"button\" aria-controls=\"elementor-tab-content-9461\" aria-expanded=\"false\">\n\t\t\t\t\t\t\t\t\t\t\t\t\t<span class=\"elementor-accordion-icon elementor-accordion-icon-left\" aria-hidden=\"true\">\n\t\t\t\t\t\t\t\t\t\t\t\t\t\t\t<span class=\"elementor-accordion-icon-closed\"><svg class=\"e-font-icon-svg e-fas-plus\" viewBox=\"0 0 448 512\" xmlns=\"http:\/\/www.w3.org\/2000\/svg\"><path d=\"M416 208H272V64c0-17.67-14.33-32-32-32h-32c-17.67 0-32 14.33-32 32v144H32c-17.67 0-32 14.33-32 32v32c0 17.67 14.33 32 32 32h144v144c0 17.67 14.33 32 32 32h32c17.67 0 32-14.33 32-32V304h144c17.67 0 32-14.33 32-32v-32c0-17.67-14.33-32-32-32z\"><\/path><\/svg><\/span>\n\t\t\t\t\t\t\t\t<span class=\"elementor-accordion-icon-opened\"><svg class=\"e-font-icon-svg e-fas-minus\" viewBox=\"0 0 448 512\" xmlns=\"http:\/\/www.w3.org\/2000\/svg\"><path d=\"M416 208H32c-17.67 0-32 14.33-32 32v32c0 17.67 14.33 32 32 32h384c17.67 0 32-14.33 32-32v-32c0-17.67-14.33-32-32-32z\"><\/path><\/svg><\/span>\n\t\t\t\t\t\t\t\t\t\t\t\t\t\t<\/span>\n\t\t\t\t\t\t\t\t\t\t\t\t<a class=\"elementor-accordion-title\" tabindex=\"0\">Qui sont les enseignants du cours ?<\/a>\n\t\t\t\t\t<\/div>\n\t\t\t\t\t<div id=\"elementor-tab-content-9461\" class=\"elementor-tab-content elementor-clearfix\" data-tab=\"1\" role=\"region\" aria-labelledby=\"elementor-tab-title-9461\"><span style=\"font-weight: 400;\">Tes professeurs sont <strong>natifs<\/strong> de la langue espagnole, ont beaucoup <strong>d&rsquo;exp\u00e9rience dans l&rsquo;enseignement<\/strong> de l&rsquo;espagnol comme langue \u00e9trang\u00e8re et seront ravis de pouvoir t&rsquo;aider dans ton processus d&rsquo;apprentissage.<\/span><\/div>\n\t\t\t\t<\/div>\n\t\t\t\t\t\t\t<div class=\"elementor-accordion-item\">\n\t\t\t\t\t<div id=\"elementor-tab-title-9462\" class=\"elementor-tab-title\" data-tab=\"2\" role=\"button\" aria-controls=\"elementor-tab-content-9462\" aria-expanded=\"false\">\n\t\t\t\t\t\t\t\t\t\t\t\t\t<span class=\"elementor-accordion-icon elementor-accordion-icon-left\" aria-hidden=\"true\">\n\t\t\t\t\t\t\t\t\t\t\t\t\t\t\t<span class=\"elementor-accordion-icon-closed\"><svg class=\"e-font-icon-svg e-fas-plus\" viewBox=\"0 0 448 512\" xmlns=\"http:\/\/www.w3.org\/2000\/svg\"><path d=\"M416 208H272V64c0-17.67-14.33-32-32-32h-32c-17.67 0-32 14.33-32 32v144H32c-17.67 0-32 14.33-32 32v32c0 17.67 14.33 32 32 32h144v144c0 17.67 14.33 32 32 32h32c17.67 0 32-14.33 32-32V304h144c17.67 0 32-14.33 32-32v-32c0-17.67-14.33-32-32-32z\"><\/path><\/svg><\/span>\n\t\t\t\t\t\t\t\t<span class=\"elementor-accordion-icon-opened\"><svg class=\"e-font-icon-svg e-fas-minus\" viewBox=\"0 0 448 512\" xmlns=\"http:\/\/www.w3.org\/2000\/svg\"><path d=\"M416 208H32c-17.67 0-32 14.33-32 32v32c0 17.67 14.33 32 32 32h384c17.67 0 32-14.33 32-32v-32c0-17.67-14.33-32-32-32z\"><\/path><\/svg><\/span>\n\t\t\t\t\t\t\t\t\t\t\t\t\t\t<\/span>\n\t\t\t\t\t\t\t\t\t\t\t\t<a class=\"elementor-accordion-title\" tabindex=\"0\">Quel type de programme \u00e9ducatif proposez-vous ?<\/a>\n\t\t\t\t\t<\/div>\n\t\t\t\t\t<div id=\"elementor-tab-content-9462\" class=\"elementor-tab-content elementor-clearfix\" data-tab=\"2\" role=\"region\" aria-labelledby=\"elementor-tab-title-9462\"><span style=\"font-weight: 400;\">Nous proposons un<strong> programme personnalis\u00e9<\/strong> adapt\u00e9 aux <strong>besoins et aux comp\u00e9tences de chaque \u00e9l\u00e8ve<\/strong>, avec des cours particuliers et un apprentissage intensif. Vous ne perdrez pas de temps, nous vous l&rsquo;assurons.<\/span><\/div>\n\t\t\t\t<\/div>\n\t\t\t\t\t\t\t<div class=\"elementor-accordion-item\">\n\t\t\t\t\t<div id=\"elementor-tab-title-9463\" class=\"elementor-tab-title\" data-tab=\"3\" role=\"button\" aria-controls=\"elementor-tab-content-9463\" aria-expanded=\"false\">\n\t\t\t\t\t\t\t\t\t\t\t\t\t<span class=\"elementor-accordion-icon elementor-accordion-icon-left\" aria-hidden=\"true\">\n\t\t\t\t\t\t\t\t\t\t\t\t\t\t\t<span class=\"elementor-accordion-icon-closed\"><svg class=\"e-font-icon-svg e-fas-plus\" viewBox=\"0 0 448 512\" xmlns=\"http:\/\/www.w3.org\/2000\/svg\"><path d=\"M416 208H272V64c0-17.67-14.33-32-32-32h-32c-17.67 0-32 14.33-32 32v144H32c-17.67 0-32 14.33-32 32v32c0 17.67 14.33 32 32 32h144v144c0 17.67 14.33 32 32 32h32c17.67 0 32-14.33 32-32V304h144c17.67 0 32-14.33 32-32v-32c0-17.67-14.33-32-32-32z\"><\/path><\/svg><\/span>\n\t\t\t\t\t\t\t\t<span class=\"elementor-accordion-icon-opened\"><svg class=\"e-font-icon-svg e-fas-minus\" viewBox=\"0 0 448 512\" xmlns=\"http:\/\/www.w3.org\/2000\/svg\"><path d=\"M416 208H32c-17.67 0-32 14.33-32 32v32c0 17.67 14.33 32 32 32h384c17.67 0 32-14.33 32-32v-32c0-17.67-14.33-32-32-32z\"><\/path><\/svg><\/span>\n\t\t\t\t\t\t\t\t\t\t\t\t\t\t<\/span>\n\t\t\t\t\t\t\t\t\t\t\t\t<a class=\"elementor-accordion-title\" tabindex=\"0\">Quelles certifications puis-je obtenir \u00e0 la fin du cours ?<\/a>\n\t\t\t\t\t<\/div>\n\t\t\t\t\t<div id=\"elementor-tab-content-9463\" class=\"elementor-tab-content elementor-clearfix\" data-tab=\"3\" role=\"region\" aria-labelledby=\"elementor-tab-title-9463\"><span style=\"font-weight: 400;\">\u00c0 la fin du cours, vous recevrez un certificat de r\u00e9ussite et serez mieux pr\u00e9par\u00e9 pour <strong>obtenir la certification DELE<\/strong> (Dipl\u00f4me d&rsquo;Espagnol comme Langue \u00c9trang\u00e8re) reconnue par l&rsquo;Instituto Cervantes.<\/span><\/div>\n\t\t\t\t<\/div>\n\t\t\t\t\t\t\t\t\t\t<script type=\"application\/ld+json\">{\"@context\":\"https:\\\/\\\/schema.org\",\"@type\":\"FAQPage\",\"mainEntity\":[{\"@type\":\"Question\",\"name\":\"Qui sont les enseignants du cours ?\",\"acceptedAnswer\":{\"@type\":\"Answer\",\"text\":\"<span style=\\\"font-weight: 400;\\\">Tes professeurs sont <strong>natifs<\\\/strong> de la langue espagnole, ont beaucoup <strong>d&rsquo;exp\\u00e9rience dans l&rsquo;enseignement<\\\/strong> de l&rsquo;espagnol comme langue \\u00e9trang\\u00e8re et seront ravis de pouvoir t&rsquo;aider dans ton processus d&rsquo;apprentissage.<\\\/span>\"}},{\"@type\":\"Question\",\"name\":\"Quel type de programme \\u00e9ducatif proposez-vous ?\",\"acceptedAnswer\":{\"@type\":\"Answer\",\"text\":\"<span style=\\\"font-weight: 400;\\\">Nous proposons un<strong> programme personnalis\\u00e9<\\\/strong> adapt\\u00e9 aux <strong>besoins et aux comp\\u00e9tences de chaque \\u00e9l\\u00e8ve<\\\/strong>, avec des cours particuliers et un apprentissage intensif. Vous ne perdrez pas de temps, nous vous l&rsquo;assurons.<\\\/span>\"}},{\"@type\":\"Question\",\"name\":\"Quelles certifications puis-je obtenir \\u00e0 la fin du cours ?\",\"acceptedAnswer\":{\"@type\":\"Answer\",\"text\":\"<span style=\\\"font-weight: 400;\\\">\\u00c0 la fin du cours, vous recevrez un certificat de r\\u00e9ussite et serez mieux pr\\u00e9par\\u00e9 pour <strong>obtenir la certification DELE<\\\/strong> (Dipl\\u00f4me d&rsquo;Espagnol comme Langue \\u00c9trang\\u00e8re) reconnue par l&rsquo;Instituto Cervantes.<\\\/span>\"}}]}<\/script>\n\t\t\t\t\t<\/div>\n\t\t\t\t\t\t<\/div>\n\t\t\t\t<\/div>\n\t\t\t\t\t<\/div>\n\t\t<\/div>\n\t\t\t\t\t<\/div>\n\t\t<\/section>\n\t\t\t\t<\/div>\n\t\t\n","protected":false},"excerpt":{"rendered":"[elementor-template id=\"43255\"]\n","protected":false},"featured_media":13315,"template":"","meta":{"_acf_changed":false,"inline_featured_image":false,"site-sidebar-layout":"default","site-content-layout":"default","ast-site-content-layout":"default","site-content-style":"default","site-sidebar-style":"default","ast-global-header-display":"","ast-banner-title-visibility":"","ast-main-header-display":"","ast-hfb-above-header-display":"","ast-hfb-below-header-display":"","ast-hfb-mobile-header-display":"","site-post-title":"","ast-breadcrumbs-content":"","ast-featured-img":"","footer-sml-layout":"","ast-disable-related-posts":"","theme-transparent-header-meta":"default","adv-header-id-meta":"","stick-header-meta":"default","header-above-stick-meta":"","header-main-stick-meta":"","header-below-stick-meta":"","astra-migrate-meta-layouts":"set","ast-page-background-enabled":"default","ast-page-background-meta":{"desktop":{"background-color":"var(--ast-global-color-4)","background-image":"","background-repeat":"repeat","background-position":"center center","background-size":"auto","background-attachment":"scroll","background-type":"","background-media":"","overlay-type":"","overlay-color":"","overlay-opacity":"","overlay-gradient":""},"tablet":{"background-color":"","background-image":"","background-repeat":"repeat","background-position":"center center","background-size":"auto","background-attachment":"scroll","background-type":"","background-media":"","overlay-type":"","overlay-color":"","overlay-opacity":"","overlay-gradient":""},"mobile":{"background-color":"","background-image":"","background-repeat":"repeat","background-position":"center center","background-size":"auto","background-attachment":"scroll","background-type":"","background-media":"","overlay-type":"","overlay-color":"","overlay-opacity":"","overlay-gradient":""}},"ast-content-background-meta":{"desktop":{"background-color":"var(--ast-global-color-5)","background-image":"","background-repeat":"repeat","background-position":"center center","background-size":"auto","background-attachment":"scroll","background-type":"","background-media":"","overlay-type":"","overlay-color":"","overlay-opacity":"","overlay-gradient":""},"tablet":{"background-color":"var(--ast-global-color-5)","background-image":"","background-repeat":"repeat","background-position":"center center","background-size":"auto","background-attachment":"scroll","background-type":"","background-media":"","overlay-type":"","overlay-color":"","overlay-opacity":"","overlay-gradient":""},"mobile":{"background-color":"var(--ast-global-color-5)","background-image":"","background-repeat":"repeat","background-position":"center center","background-size":"auto","background-attachment":"scroll","background-type":"","background-media":"","overlay-type":"","overlay-color":"","overlay-opacity":"","overlay-gradient":""}}},"product_brand":[],"product_cat":[192,608,591],"product_tag":[],"class_list":{"0":"post-15454","1":"product","2":"type-product","3":"status-publish","4":"has-post-thumbnail","6":"product_cat-cours-espagnol-individuels","7":"product_cat-general-fr","8":"product_cat-grupo-fr","9":"desktop-align-left","10":"tablet-align-left","11":"mobile-align-left","12":"ast-product-gallery-layout-horizontal-slider","13":"ast-product-gallery-with-no-image","14":"ast-product-single-variable","15":"ast-product-tabs-layout-horizontal","17":"first","18":"instock","19":"sale","20":"featured","21":"sold-individually","22":"taxable","23":"shipping-taxable","24":"purchasable","25":"product-type-variable"},"acf":[],"_links":{"self":[{"href":"https:\/\/ihdemu.com\/fr\/wp-json\/wp\/v2\/product\/15454","targetHints":{"allow":["GET"]}}],"collection":[{"href":"https:\/\/ihdemu.com\/fr\/wp-json\/wp\/v2\/product"}],"about":[{"href":"https:\/\/ihdemu.com\/fr\/wp-json\/wp\/v2\/types\/product"}],"wp:featuredmedia":[{"embeddable":true,"href":"https:\/\/ihdemu.com\/fr\/wp-json\/wp\/v2\/media\/13315"}],"wp:attachment":[{"href":"https:\/\/ihdemu.com\/fr\/wp-json\/wp\/v2\/media?parent=15454"}],"wp:term":[{"taxonomy":"product_brand","embeddable":true,"href":"https:\/\/ihdemu.com\/fr\/wp-json\/wp\/v2\/product_brand?post=15454"},{"taxonomy":"product_cat","embeddable":true,"href":"https:\/\/ihdemu.com\/fr\/wp-json\/wp\/v2\/product_cat?post=15454"},{"taxonomy":"product_tag","embeddable":true,"href":"https:\/\/ihdemu.com\/fr\/wp-json\/wp\/v2\/product_tag?post=15454"}],"curies":[{"name":"wp","href":"https:\/\/api.w.org\/{rel}","templated":true}]}}