{"id":31275,"date":"2023-01-30T19:14:15","date_gmt":"2023-01-30T18:14:15","guid":{"rendered":"https:\/\/ihdemu.com\/?post_type=product&#038;p=31275"},"modified":"2024-08-13T14:47:54","modified_gmt":"2024-08-13T12:47:54","slug":"professori-spagnolo-ele","status":"publish","type":"product","link":"https:\/\/ihdemu.com\/it\/professori-spagnolo-ele\/","title":{"rendered":"Corso per professori di spagnolo ELE"},"content":{"rendered":"\t\t<div data-elementor-type=\"page\" data-elementor-id=\"52727\" class=\"elementor elementor-52727 elementor-51342\" data-elementor-post-type=\"elementor_library\">\n\t\t\t\t\t\t<section class=\"elementor-section elementor-top-section elementor-element elementor-element-5e1f640 elementor-section-boxed elementor-section-height-default elementor-section-height-default\" data-id=\"5e1f640\" data-element_type=\"section\" data-e-type=\"section\">\n\t\t\t\t\t\t<div class=\"elementor-container elementor-column-gap-default\">\n\t\t\t\t\t<div class=\"elementor-column elementor-col-100 elementor-top-column elementor-element elementor-element-8d7f67e\" data-id=\"8d7f67e\" data-element_type=\"column\" data-e-type=\"column\">\n\t\t\t<div class=\"elementor-widget-wrap elementor-element-populated\">\n\t\t\t\t\t\t<div class=\"elementor-element elementor-element-b75fa49 elementor-widget elementor-widget-text-editor\" data-id=\"b75fa49\" data-element_type=\"widget\" data-e-type=\"widget\" data-widget_type=\"text-editor.default\">\n\t\t\t\t<div class=\"elementor-widget-container\">\n\t\t\t\t\t\t\t\t\t<p>Questo corso di <strong>155 ore<\/strong> \u00e8 stato sviluppato dal Dott. Jos\u00e9 Luis Vega, insegnante di spagnolo per stranieri dell&#8217;Universit\u00e0 di Salamanca.<\/p><p>\u00c8 composto da <strong>35 ore di teoria e 120 ore di pratica<\/strong> con veri studenti di spagnolo che includono osservazione sotto la guida e il controllo di un professore\/tutore personale. Le 35 ore teoriche del corso possono essere svolte comodamente da casa e distribuite come si desidera.<\/p><p>Ci sono molti corsi per insegnanti di spagnolo ELE l\u00e0 fuori, ma <em>\u201cpochi hanno una componente pratica cos\u00ec importante e utile come questo\u2026\u201d<\/em>.<\/p><p>\u00c8 ci\u00f2 che dicono <strong>263<\/strong> studenti che hanno frequentato questo corso fino ad oggi, come Susana G. P., che di noi ha detto:<\/p>\t\t\t\t\t\t\t\t<\/div>\n\t\t\t\t<\/div>\n\t\t\t\t\t<\/div>\n\t\t<\/div>\n\t\t\t\t\t<\/div>\n\t\t<\/section>\n\t\t\t\t<section class=\"elementor-section elementor-top-section elementor-element elementor-element-8cd448b elementor-section-content-middle elementor-hidden-mobile elementor-section-boxed elementor-section-height-default elementor-section-height-default\" data-id=\"8cd448b\" data-element_type=\"section\" data-e-type=\"section\">\n\t\t\t\t\t\t<div class=\"elementor-container elementor-column-gap-no\">\n\t\t\t\t\t<div class=\"elementor-column elementor-col-100 elementor-top-column elementor-element elementor-element-112db02\" data-id=\"112db02\" data-element_type=\"column\" data-e-type=\"column\">\n\t\t\t<div class=\"elementor-widget-wrap elementor-element-populated\">\n\t\t\t\t\t\t<section class=\"elementor-section elementor-inner-section elementor-element elementor-element-e9d1d2e elementor-section-boxed elementor-section-height-default elementor-section-height-default\" data-id=\"e9d1d2e\" data-element_type=\"section\" data-e-type=\"section\">\n\t\t\t\t\t\t<div class=\"elementor-container elementor-column-gap-default\">\n\t\t\t\t\t<div class=\"elementor-column elementor-col-100 elementor-inner-column elementor-element elementor-element-8dbdcae\" data-id=\"8dbdcae\" data-element_type=\"column\" data-e-type=\"column\">\n\t\t\t<div class=\"elementor-widget-wrap elementor-element-populated\">\n\t\t\t\t\t\t<div class=\"elementor-element elementor-element-46a5a64 elementor-widget elementor-widget-testimonial\" data-id=\"46a5a64\" data-element_type=\"widget\" data-e-type=\"widget\" data-widget_type=\"testimonial.default\">\n\t\t\t\t<div class=\"elementor-widget-container\">\n\t\t\t\t\t\t\t<div class=\"elementor-testimonial-wrapper\">\n\t\t\t\t\t\t\t<div class=\"elementor-testimonial-content\">\"\u00c8 stata un'esperienza molto positiva e sono felice di aver fatto il corso. Seguire lo svolgimento delle lezioni e avere l'opportunit\u00e0 di impartire le lezioni da sola dopo, \u00e8 una grande opportunit\u00e0. Grazie\"<\/div>\n\t\t\t\n\t\t\t\t\t\t<div class=\"elementor-testimonial-meta elementor-has-image elementor-testimonial-image-position-aside\">\n\t\t\t\t<div class=\"elementor-testimonial-meta-inner\">\n\t\t\t\t\t\t\t\t\t\t\t<div class=\"elementor-testimonial-image\">\n\t\t\t\t\t\t\t<img fetchpriority=\"high\" decoding=\"async\" width=\"295\" height=\"288\" src=\"https:\/\/ihdemu.com\/wp-content\/uploads\/2023\/03\/Susana-Gallego-Pelegrin.jpg\" class=\"attachment-full size-full wp-image-51556\" alt=\"Esperienza professori ELE\" srcset=\"https:\/\/ihdemu.com\/wp-content\/uploads\/2023\/03\/Susana-Gallego-Pelegrin.jpg 295w, https:\/\/ihdemu.com\/wp-content\/uploads\/2023\/03\/Susana-Gallego-Pelegrin-50x50.jpg 50w\" sizes=\"(max-width: 295px) 100vw, 295px\" \/>\t\t\t\t\t\t<\/div>\n\t\t\t\t\t\n\t\t\t\t\t\t\t\t\t\t<div class=\"elementor-testimonial-details\">\n\t\t\t\t\t\t\t\t\t\t\t\t\t\t<div class=\"elementor-testimonial-name\">Susana G.<\/div>\n\t\t\t\t\t\t\t\t\t\t\t\t\t\t\t\t\t\t\t\t\t\t<div class=\"elementor-testimonial-job\">(Spagna)<\/div>\n\t\t\t\t\t\t\t\t\t\t\t\t\t<\/div>\n\t\t\t\t\t\t\t\t\t<\/div>\n\t\t\t<\/div>\n\t\t\t\t\t<\/div>\n\t\t\t\t\t\t<\/div>\n\t\t\t\t<\/div>\n\t\t\t\t\t<\/div>\n\t\t<\/div>\n\t\t\t\t\t<\/div>\n\t\t<\/section>\n\t\t\t\t\t<\/div>\n\t\t<\/div>\n\t\t\t\t\t<\/div>\n\t\t<\/section>\n\t\t\t\t<section class=\"elementor-section elementor-top-section elementor-element elementor-element-b9cf44f elementor-section-boxed elementor-section-height-default elementor-section-height-default\" data-id=\"b9cf44f\" data-element_type=\"section\" data-e-type=\"section\">\n\t\t\t\t\t\t<div class=\"elementor-container elementor-column-gap-default\">\n\t\t\t\t\t<div class=\"elementor-column elementor-col-100 elementor-top-column elementor-element elementor-element-3487727\" data-id=\"3487727\" data-element_type=\"column\" data-e-type=\"column\">\n\t\t\t<div class=\"elementor-widget-wrap elementor-element-populated\">\n\t\t\t\t\t\t<div class=\"elementor-element elementor-element-d6b1644 elementor-widget elementor-widget-heading\" data-id=\"d6b1644\" data-element_type=\"widget\" data-e-type=\"widget\" data-widget_type=\"heading.default\">\n\t\t\t\t<div class=\"elementor-widget-container\">\n\t\t\t\t\t<h2 class=\"elementor-heading-title elementor-size-default\">Che obiettivi ha questo corso?<\/h2>\t\t\t\t<\/div>\n\t\t\t\t<\/div>\n\t\t\t\t<div class=\"elementor-element elementor-element-2ab9424 elementor-widget elementor-widget-text-editor\" data-id=\"2ab9424\" data-element_type=\"widget\" data-e-type=\"widget\" data-widget_type=\"text-editor.default\">\n\t\t\t\t<div class=\"elementor-widget-container\">\n\t\t\t\t\t\t\t\t\t<p>Questo corso ha come obiettivo la <strong>presentazione e l&#8217;aggiornamento della metodologia<\/strong>, della teoria e della pratica dell&#8217;insegnamento dello spagnolo come lingua straniera.<\/p><p>Puntiamo a offrirti la possibilit\u00e0 di affacciarti su molteplici aspetti della pedagogia dello spagnolo come lingua straniera con la speranza di aprire nuovi orizzonti e suscitare interesse per i diversi aspetti, sempre complessi, del processo di insegnamento e apprendimento.<\/p>\t\t\t\t\t\t\t\t<\/div>\n\t\t\t\t<\/div>\n\t\t\t\t\t<\/div>\n\t\t<\/div>\n\t\t\t\t\t<\/div>\n\t\t<\/section>\n\t\t\t\t<section class=\"elementor-section elementor-top-section elementor-element elementor-element-4025a76 elementor-section-boxed elementor-section-height-default elementor-section-height-default\" data-id=\"4025a76\" data-element_type=\"section\" data-e-type=\"section\">\n\t\t\t\t\t\t<div class=\"elementor-container elementor-column-gap-default\">\n\t\t\t\t\t<div class=\"elementor-column elementor-col-100 elementor-top-column elementor-element elementor-element-eb9a6ea\" data-id=\"eb9a6ea\" data-element_type=\"column\" data-e-type=\"column\">\n\t\t\t<div class=\"elementor-widget-wrap elementor-element-populated\">\n\t\t\t\t\t\t<div class=\"elementor-element elementor-element-196a4d9 elementor-invisible elementor-widget elementor-widget-image\" data-id=\"196a4d9\" data-element_type=\"widget\" data-e-type=\"widget\" data-settings=\"{&quot;_animation&quot;:&quot;bounceIn&quot;}\" data-widget_type=\"image.default\">\n\t\t\t\t<div class=\"elementor-widget-container\">\n\t\t\t\t\t\t\t\t\t\t\t\t\t\t\t\t<a href=\"https:\/\/ihdemu.com\/wp-content\/uploads\/2023\/01\/Universidades-practicas-ELE.jpg\" data-elementor-open-lightbox=\"yes\" data-elementor-lightbox-title=\"Universidades pr\u00e1cticas ELE\" data-elementor-lightbox-description=\"Loghi universit\u00e0 per tirocinio\" data-e-action-hash=\"#elementor-action%3Aaction%3Dlightbox%26settings%3DeyJpZCI6MzEzNjYsInVybCI6Imh0dHBzOlwvXC9paGRlbXUuY29tXC93cC1jb250ZW50XC91cGxvYWRzXC8yMDIzXC8wMVwvVW5pdmVyc2lkYWRlcy1wcmFjdGljYXMtRUxFLmpwZyJ9\">\n\t\t\t\t\t\t\t<img decoding=\"async\" width=\"1100\" height=\"618\" src=\"https:\/\/ihdemu.com\/wp-content\/uploads\/2023\/01\/Universidades-practicas-ELE.jpg\" class=\"attachment-full size-full wp-image-31366\" alt=\"Loghi universit\u00e0 per tirocinio\" srcset=\"https:\/\/ihdemu.com\/wp-content\/uploads\/2023\/01\/Universidades-practicas-ELE.jpg 1100w, https:\/\/ihdemu.com\/wp-content\/uploads\/2023\/01\/Universidades-practicas-ELE-300x169.jpg 300w, https:\/\/ihdemu.com\/wp-content\/uploads\/2023\/01\/Universidades-practicas-ELE-1024x575.jpg 1024w, https:\/\/ihdemu.com\/wp-content\/uploads\/2023\/01\/Universidades-practicas-ELE-768x431.jpg 768w, https:\/\/ihdemu.com\/wp-content\/uploads\/2023\/01\/Universidades-practicas-ELE-600x337.jpg 600w\" sizes=\"(max-width: 1100px) 100vw, 1100px\" \/>\t\t\t\t\t\t\t\t<\/a>\n\t\t\t\t\t\t\t\t\t\t\t\t\t\t\t<\/div>\n\t\t\t\t<\/div>\n\t\t\t\t<div class=\"elementor-element elementor-element-cc39606 elementor-widget elementor-widget-heading\" data-id=\"cc39606\" data-element_type=\"widget\" data-e-type=\"widget\" data-widget_type=\"heading.default\">\n\t\t\t\t<div class=\"elementor-widget-container\">\n\t\t\t\t\t<h2 class=\"elementor-heading-title elementor-size-default\">In cosa si differenzia questo corso dagli altri organizzati in altri centri formativi?<\/h2>\t\t\t\t<\/div>\n\t\t\t\t<\/div>\n\t\t\t\t<div class=\"elementor-element elementor-element-552e7c1 elementor-widget elementor-widget-text-editor\" data-id=\"552e7c1\" data-element_type=\"widget\" data-e-type=\"widget\" data-widget_type=\"text-editor.default\">\n\t\t\t\t<div class=\"elementor-widget-container\">\n\t\t\t\t\t\t\t\t\t<p>La cosa pi\u00f9 importante? Che questo corso \u00e8 <strong>prevalentemente pratico<\/strong>. Questo componente \u00e8 monitorato molto da vicino da un professore del nostro team, quindi l&#8217;attenzione \u00e8 personalizzata.<\/p><p>Inoltre:<\/p><ul><li>Le pratiche si svolgono in piccoli gruppi con studenti internazionali.<\/li><li>Il costo \u00e8 molto inferiore rispetto a quelli che circolano in giro.<\/li><li>Avrai l&#8217;opportunit\u00e0 di incontrare altri insegnanti di ELE esperti, risolvere dubbi e condividere esperienze ed aneddoti.<\/li><li>E ricorda che abbiamo accordi educativi con prestigiose universit\u00e0 che vedrai di seguito per consentire ai loro studenti del Master ELE di svolgere le relative pratiche nella nostra scuola.<\/li><\/ul>\t\t\t\t\t\t\t\t<\/div>\n\t\t\t\t<\/div>\n\t\t\t\t\t<\/div>\n\t\t<\/div>\n\t\t\t\t\t<\/div>\n\t\t<\/section>\n\t\t\t\t<section class=\"elementor-section elementor-top-section elementor-element elementor-element-70e964a elementor-section-boxed elementor-section-height-default elementor-section-height-default\" data-id=\"70e964a\" data-element_type=\"section\" data-e-type=\"section\">\n\t\t\t\t\t\t<div class=\"elementor-container elementor-column-gap-default\">\n\t\t\t\t\t<div class=\"elementor-column elementor-col-100 elementor-top-column elementor-element elementor-element-39bb45e\" data-id=\"39bb45e\" data-element_type=\"column\" data-e-type=\"column\">\n\t\t\t<div class=\"elementor-widget-wrap elementor-element-populated\">\n\t\t\t\t\t\t<div class=\"elementor-element elementor-element-ab6af7c elementor-widget elementor-widget-heading\" data-id=\"ab6af7c\" data-element_type=\"widget\" data-e-type=\"widget\" data-widget_type=\"heading.default\">\n\t\t\t\t<div class=\"elementor-widget-container\">\n\t\t\t\t\t<h2 class=\"elementor-heading-title elementor-size-default\">Direttore del corso<\/h2>\t\t\t\t<\/div>\n\t\t\t\t<\/div>\n\t\t\t\t<div class=\"elementor-element elementor-element-0940713 elementor-widget elementor-widget-text-editor\" data-id=\"0940713\" data-element_type=\"widget\" data-e-type=\"widget\" data-widget_type=\"text-editor.default\">\n\t\t\t\t<div class=\"elementor-widget-container\">\n\t\t\t\t\t\t\t\t\t<p>D. Jos\u00e9 Luis Vega, Professore dei Corsi Internazionali dell&#8217;Universit\u00e0 di Salamanca.<\/p>\t\t\t\t\t\t\t\t<\/div>\n\t\t\t\t<\/div>\n\t\t\t\t\t<\/div>\n\t\t<\/div>\n\t\t\t\t\t<\/div>\n\t\t<\/section>\n\t\t\t\t<section class=\"elementor-section elementor-top-section elementor-element elementor-element-c98e0d0 elementor-section-boxed elementor-section-height-default elementor-section-height-default\" data-id=\"c98e0d0\" data-element_type=\"section\" data-e-type=\"section\">\n\t\t\t\t\t\t<div class=\"elementor-container elementor-column-gap-default\">\n\t\t\t\t\t<div class=\"elementor-column elementor-col-100 elementor-top-column elementor-element elementor-element-ffa56be\" data-id=\"ffa56be\" data-element_type=\"column\" data-e-type=\"column\">\n\t\t\t<div class=\"elementor-widget-wrap elementor-element-populated\">\n\t\t\t\t\t\t<div class=\"elementor-element elementor-element-4e2ca8f elementor-widget elementor-widget-heading\" data-id=\"4e2ca8f\" data-element_type=\"widget\" data-e-type=\"widget\" data-widget_type=\"heading.default\">\n\t\t\t\t<div class=\"elementor-widget-container\">\n\t\t\t\t\t<h2 class=\"elementor-heading-title elementor-size-default\">Costo e pagamento<\/h2>\t\t\t\t<\/div>\n\t\t\t\t<\/div>\n\t\t\t\t<div class=\"elementor-element elementor-element-d1b164c elementor-widget elementor-widget-text-editor\" data-id=\"d1b164c\" data-element_type=\"widget\" data-e-type=\"widget\" data-widget_type=\"text-editor.default\">\n\t\t\t\t<div class=\"elementor-widget-container\">\n\t\t\t\t\t\t\t\t\t<p><strong>575 \u20ac, pi\u00f9 39 \u20ac di tasse di iscrizione e apertura pratica<\/strong>. Non sono inclusi i costi di spedizione del materiale, se richiesti, e non sono ammessi pagamenti rateali. Il pagamento pu\u00f2 essere effettuato presso il nostro ufficio, con carta di credito in modo sicuro sul nostro sito web o tramite bonifico bancario a:<\/p><ul><li>Banca: SABADELL<\/li><li>Indirizzo: Calle Salzillo, 7, Murcia 30001 (Spagna)<\/li><li>Nome: Instituto Hisp\u00e1nico de Murcia S.L.<\/li><li>IBAN: ES63 0081-1162-37-0001121814<\/li><li>BIC: BSAB ESBB<\/li><li>Causale: CURSO ELE<\/li><\/ul>\t\t\t\t\t\t\t\t<\/div>\n\t\t\t\t<\/div>\n\t\t\t\t\t<\/div>\n\t\t<\/div>\n\t\t\t\t\t<\/div>\n\t\t<\/section>\n\t\t\t\t<section class=\"elementor-section elementor-top-section elementor-element elementor-element-afc1503 elementor-section-boxed elementor-section-height-default elementor-section-height-default\" data-id=\"afc1503\" data-element_type=\"section\" data-e-type=\"section\">\n\t\t\t\t\t\t<div class=\"elementor-container elementor-column-gap-default\">\n\t\t\t\t\t<div class=\"elementor-column elementor-col-100 elementor-top-column elementor-element elementor-element-3a50623\" data-id=\"3a50623\" data-element_type=\"column\" data-e-type=\"column\">\n\t\t\t<div class=\"elementor-widget-wrap elementor-element-populated\">\n\t\t\t\t\t\t<div class=\"elementor-element elementor-element-7641788 elementor-invisible elementor-widget elementor-widget-image\" data-id=\"7641788\" data-element_type=\"widget\" data-e-type=\"widget\" data-settings=\"{&quot;_animation&quot;:&quot;fadeInLeft&quot;}\" data-widget_type=\"image.default\">\n\t\t\t\t<div class=\"elementor-widget-container\">\n\t\t\t\t\t\t\t\t\t\t\t\t\t\t\t\t<a href=\"https:\/\/ihdemu.com\/wp-content\/uploads\/2023\/03\/Profesores-practicas-curso-ELE.jpg\" data-elementor-open-lightbox=\"yes\" data-elementor-lightbox-title=\"Profesores pr\u00e1cticas curso ELE\" data-elementor-lightbox-description=\"Collage professori ELE\" data-e-action-hash=\"#elementor-action%3Aaction%3Dlightbox%26settings%3DeyJpZCI6NTEzNjcsInVybCI6Imh0dHBzOlwvXC9paGRlbXUuY29tXC93cC1jb250ZW50XC91cGxvYWRzXC8yMDIzXC8wM1wvUHJvZmVzb3Jlcy1wcmFjdGljYXMtY3Vyc28tRUxFLmpwZyJ9\">\n\t\t\t\t\t\t\t<img decoding=\"async\" width=\"1200\" height=\"300\" src=\"https:\/\/ihdemu.com\/wp-content\/uploads\/2023\/03\/Profesores-practicas-curso-ELE.jpg\" class=\"attachment-full size-full wp-image-51367\" alt=\"Collage professori ELE\" srcset=\"https:\/\/ihdemu.com\/wp-content\/uploads\/2023\/03\/Profesores-practicas-curso-ELE.jpg 1200w, https:\/\/ihdemu.com\/wp-content\/uploads\/2023\/03\/Profesores-practicas-curso-ELE-300x75.jpg 300w, https:\/\/ihdemu.com\/wp-content\/uploads\/2023\/03\/Profesores-practicas-curso-ELE-1024x256.jpg 1024w, https:\/\/ihdemu.com\/wp-content\/uploads\/2023\/03\/Profesores-practicas-curso-ELE-768x192.jpg 768w, https:\/\/ihdemu.com\/wp-content\/uploads\/2023\/03\/Profesores-practicas-curso-ELE-600x150.jpg 600w\" sizes=\"(max-width: 1200px) 100vw, 1200px\" \/>\t\t\t\t\t\t\t\t<\/a>\n\t\t\t\t\t\t\t\t\t\t\t\t\t\t\t<\/div>\n\t\t\t\t<\/div>\n\t\t\t\t\t<\/div>\n\t\t<\/div>\n\t\t\t\t\t<\/div>\n\t\t<\/section>\n\t\t\t\t<section class=\"elementor-section elementor-top-section elementor-element elementor-element-e42a631 elementor-section-boxed elementor-section-height-default elementor-section-height-default elementor-invisible\" data-id=\"e42a631\" data-element_type=\"section\" data-e-type=\"section\" data-settings=\"{&quot;animation&quot;:&quot;slideInUp&quot;}\">\n\t\t\t\t\t\t<div class=\"elementor-container elementor-column-gap-default\">\n\t\t\t\t\t<div class=\"elementor-column elementor-col-100 elementor-top-column elementor-element elementor-element-5c086f5\" data-id=\"5c086f5\" data-element_type=\"column\" data-e-type=\"column\">\n\t\t\t<div class=\"elementor-widget-wrap elementor-element-populated\">\n\t\t\t\t\t\t<div class=\"elementor-element elementor-element-2aaa272 elementor-widget elementor-widget-heading\" data-id=\"2aaa272\" data-element_type=\"widget\" data-e-type=\"widget\" data-widget_type=\"heading.default\">\n\t\t\t\t<div class=\"elementor-widget-container\">\n\t\t\t\t\t<h2 class=\"elementor-heading-title elementor-size-default\">Quali sono i contenuti?<\/h2>\t\t\t\t<\/div>\n\t\t\t\t<\/div>\n\t\t\t\t<div class=\"elementor-element elementor-element-b0488b8 elementor-widget elementor-widget-text-editor\" data-id=\"b0488b8\" data-element_type=\"widget\" data-e-type=\"widget\" data-widget_type=\"text-editor.default\">\n\t\t\t\t<div class=\"elementor-widget-container\">\n\t\t\t\t\t\t\t\t\t<div class=\"flex-1 overflow-hidden\"><div class=\"react-scroll-to-bottom--css-upgjc-79elbk h-full dark:bg-gray-800\"><div class=\"react-scroll-to-bottom--css-upgjc-1n7m0yu\"><div class=\"flex flex-col items-center text-sm dark:bg-gray-800\"><div class=\"group w-full text-gray-800 dark:text-gray-100 border-b border-black\/10 dark:border-gray-900\/50 bg-gray-50 dark:bg-[#444654]\"><div class=\"text-base gap-4 md:gap-6 md:max-w-2xl lg:max-w-2xl xl:max-w-3xl p-4 md:py-6 flex lg:px-0 m-auto\"><div class=\"relative flex w-[calc(100%-50px)] flex-col gap-1 md:gap-3 lg:w-[calc(100%-115px)]\"><div class=\"flex flex-grow flex-col gap-3\"><div class=\"min-h-[20px] flex flex-col items-start gap-4 whitespace-pre-wrap\"><div class=\"markdown prose w-full break-words dark:prose-invert light\"><p>Il corso per insegnanti di spagnolo come lingua straniera affronter\u00e0 argomenti come la pianificazione delle lezioni, l&#8217;insegnamento della grammatica, l&#8217;insegnamento della pronuncia, l&#8217;insegnamento della comprensione orale e l&#8217;insegnamento della comprensione scritta.<\/p><p>Inoltre, verranno affrontati argomenti relativi alla valutazione, all&#8217;uso di materiali didattici e all&#8217;insegnamento della cultura spagnola. In sintesi:<\/p><ul><li>Informazioni generali sull&#8217;insegnamento dello spagnolo come lingua straniera.<\/li><li>Informazioni sul quadro di riferimento europeo.<\/li><li>D.E.L.E. (Diploma di spagnolo come lingua straniera).<\/li><li>Approcci utilizzati in ELE a partire dalle diverse correnti linguistiche.<\/li><li>Concetto di competenza.<\/li><li>Diverse abilit\u00e0 utilizzate nella classe di spagnolo.<\/li><li>Importanza della componente culturale.<\/li><li>Uso di diversi materiali: video, cassette, giornali, ecc.<\/li><li>Valutazione e commenti a riguardo.<\/li><li>Pratiche con insegnanti esperti.<\/li><\/ul><\/div><\/div><\/div><\/div><\/div><\/div><\/div><\/div><\/div><\/div>\t\t\t\t\t\t\t\t<\/div>\n\t\t\t\t<\/div>\n\t\t\t\t\t<\/div>\n\t\t<\/div>\n\t\t\t\t\t<\/div>\n\t\t<\/section>\n\t\t\t\t<section class=\"elementor-section elementor-top-section elementor-element elementor-element-0b7db75 elementor-section-boxed elementor-section-height-default elementor-section-height-default elementor-invisible\" data-id=\"0b7db75\" data-element_type=\"section\" data-e-type=\"section\" data-settings=\"{&quot;animation&quot;:&quot;slideInUp&quot;}\">\n\t\t\t\t\t\t<div class=\"elementor-container elementor-column-gap-default\">\n\t\t\t\t\t<div class=\"elementor-column elementor-col-100 elementor-top-column elementor-element elementor-element-e0f3113\" data-id=\"e0f3113\" data-element_type=\"column\" data-e-type=\"column\">\n\t\t\t<div class=\"elementor-widget-wrap elementor-element-populated\">\n\t\t\t\t\t\t<div class=\"elementor-element elementor-element-cf784e4 elementor-widget elementor-widget-heading\" data-id=\"cf784e4\" data-element_type=\"widget\" data-e-type=\"widget\" data-widget_type=\"heading.default\">\n\t\t\t\t<div class=\"elementor-widget-container\">\n\t\t\t\t\t<h2 class=\"elementor-heading-title elementor-size-default\">A chi \u00e8 destinato?<\/h2>\t\t\t\t<\/div>\n\t\t\t\t<\/div>\n\t\t\t\t<div class=\"elementor-element elementor-element-74d7d2b elementor-widget elementor-widget-text-editor\" data-id=\"74d7d2b\" data-element_type=\"widget\" data-e-type=\"widget\" data-widget_type=\"text-editor.default\">\n\t\t\t\t<div class=\"elementor-widget-container\">\n\t\t\t\t\t\t\t\t\t<p>Il corso \u00e8 destinato a&nbsp;<strong>laureati in spagnolo, studenti di altre Filologie<\/strong> &#8211; anche se \u00e8 aperto a studenti di altre carriere &#8211; sia nazionali che stranieri, anche con <strong>scarsa o nulla esperienza sul campo<\/strong>. Si tenga presente che si tratta di un <strong>corso introduttivo al mondo dell&#8217;insegnamento della lingua spagnola per stranieri<\/strong>.<\/p>\n<p>Nel caso degli studenti stranieri, dovranno dimostrare una conoscenza dello spagnolo equivalente al livello C1 secondo il MCER.<\/p>\t\t\t\t\t\t\t\t<\/div>\n\t\t\t\t<\/div>\n\t\t\t\t\t<\/div>\n\t\t<\/div>\n\t\t\t\t\t<\/div>\n\t\t<\/section>\n\t\t\t\t<section class=\"elementor-section elementor-top-section elementor-element elementor-element-ec11608 elementor-section-boxed elementor-section-height-default elementor-section-height-default elementor-invisible\" data-id=\"ec11608\" data-element_type=\"section\" data-e-type=\"section\" data-settings=\"{&quot;animation&quot;:&quot;slideInUp&quot;}\">\n\t\t\t\t\t\t<div class=\"elementor-container elementor-column-gap-default\">\n\t\t\t\t\t<div class=\"elementor-column elementor-col-100 elementor-top-column elementor-element elementor-element-8ae858e\" data-id=\"8ae858e\" data-element_type=\"column\" data-e-type=\"column\">\n\t\t\t<div class=\"elementor-widget-wrap elementor-element-populated\">\n\t\t\t\t\t\t<div class=\"elementor-element elementor-element-dd73457 elementor-widget elementor-widget-heading\" data-id=\"dd73457\" data-element_type=\"widget\" data-e-type=\"widget\" data-widget_type=\"heading.default\">\n\t\t\t\t<div class=\"elementor-widget-container\">\n\t\t\t\t\t<h2 class=\"elementor-heading-title elementor-size-default\">Quali benefici otterrai?<\/h2>\t\t\t\t<\/div>\n\t\t\t\t<\/div>\n\t\t\t\t<div class=\"elementor-element elementor-element-e5c6b56 elementor-widget elementor-widget-text-editor\" data-id=\"e5c6b56\" data-element_type=\"widget\" data-e-type=\"widget\" data-widget_type=\"text-editor.default\">\n\t\t\t\t<div class=\"elementor-widget-container\">\n\t\t\t\t\t\t\t\t\t<p>Completando il corso per insegnanti di ELE acquisirai una migliore comprensione dei principi e delle pratiche dell&#8217;insegnamento dello spagnolo come lingua straniera. Avrai anche l&#8217;opportunit\u00e0 di <strong>incontrare altri insegnanti esperti di ELE<\/strong>, risolvere dubbi e condividere esperienze ed aneddoti.<\/p><p>Naturalmente, riceverai un <strong>certificato di partecipazione e rendimento<\/strong> e sarai inserito in una borsa di lavoro per far parte del team didattico dell&#8217;Instituto Hisp\u00e1nico di Murcia, nel caso in cui ci siano posti vacanti o si debba espandere il personale, con un contratto a tempo indeterminato, 14 mensilit\u00e0 all&#8217;anno e ferie.<\/p>\t\t\t\t\t\t\t\t<\/div>\n\t\t\t\t<\/div>\n\t\t\t\t\t<\/div>\n\t\t<\/div>\n\t\t\t\t\t<\/div>\n\t\t<\/section>\n\t\t\t\t<section class=\"elementor-section elementor-top-section elementor-element elementor-element-47b5c2e elementor-section-boxed elementor-section-height-default elementor-section-height-default\" data-id=\"47b5c2e\" data-element_type=\"section\" data-e-type=\"section\">\n\t\t\t\t\t\t<div class=\"elementor-container elementor-column-gap-default\">\n\t\t\t\t\t<div class=\"elementor-column elementor-col-50 elementor-top-column elementor-element elementor-element-ea0b86c\" data-id=\"ea0b86c\" data-element_type=\"column\" data-e-type=\"column\">\n\t\t\t<div class=\"elementor-widget-wrap elementor-element-populated\">\n\t\t\t\t\t\t<div class=\"elementor-element elementor-element-38a5012 elementor-widget elementor-widget-image\" data-id=\"38a5012\" data-element_type=\"widget\" data-e-type=\"widget\" data-widget_type=\"image.default\">\n\t\t\t\t<div class=\"elementor-widget-container\">\n\t\t\t\t\t\t\t\t\t\t\t\t\t\t\t<img loading=\"lazy\" decoding=\"async\" width=\"1024\" height=\"683\" src=\"https:\/\/ihdemu.com\/wp-content\/uploads\/2023\/03\/Curso-Profesores-ELE-en-Murcia-1-1-1-1024x683.jpg\" class=\"attachment-large size-large wp-image-52863\" alt=\"\" srcset=\"https:\/\/ihdemu.com\/wp-content\/uploads\/2023\/03\/Curso-Profesores-ELE-en-Murcia-1-1-1-1024x683.jpg 1024w, https:\/\/ihdemu.com\/wp-content\/uploads\/2023\/03\/Curso-Profesores-ELE-en-Murcia-1-1-1-300x200.jpg 300w, https:\/\/ihdemu.com\/wp-content\/uploads\/2023\/03\/Curso-Profesores-ELE-en-Murcia-1-1-1-768x513.jpg 768w, https:\/\/ihdemu.com\/wp-content\/uploads\/2023\/03\/Curso-Profesores-ELE-en-Murcia-1-1-1-600x400.jpg 600w, https:\/\/ihdemu.com\/wp-content\/uploads\/2023\/03\/Curso-Profesores-ELE-en-Murcia-1-1-1.jpg 1500w\" sizes=\"(max-width: 1024px) 100vw, 1024px\" \/>\t\t\t\t\t\t\t\t\t\t\t\t\t\t\t<\/div>\n\t\t\t\t<\/div>\n\t\t\t\t\t<\/div>\n\t\t<\/div>\n\t\t\t\t<div class=\"elementor-column elementor-col-50 elementor-top-column elementor-element elementor-element-7ed4875\" data-id=\"7ed4875\" data-element_type=\"column\" data-e-type=\"column\">\n\t\t\t<div class=\"elementor-widget-wrap elementor-element-populated\">\n\t\t\t\t\t\t<div class=\"elementor-element elementor-element-2f5a9ad elementor-widget elementor-widget-heading\" data-id=\"2f5a9ad\" data-element_type=\"widget\" data-e-type=\"widget\" data-widget_type=\"heading.default\">\n\t\t\t\t<div class=\"elementor-widget-container\">\n\t\t\t\t\t<h2 class=\"elementor-heading-title elementor-size-default\">Accreditazione\u200b<\/h2>\t\t\t\t<\/div>\n\t\t\t\t<\/div>\n\t\t\t\t<div class=\"elementor-element elementor-element-a38861e elementor-widget elementor-widget-text-editor\" data-id=\"a38861e\" data-element_type=\"widget\" data-e-type=\"widget\" data-widget_type=\"text-editor.default\">\n\t\t\t\t<div class=\"elementor-widget-container\">\n\t\t\t\t\t\t\t\t\t<p>Se sarai valutato positivamente al termine del corso, riceverai un certificato di partecipazione rilasciato dall&#8217;Instituto Hisp\u00e1nico di Murcia. Questa attivit\u00e0 non \u00e8 una qualifica ufficiale, quindi non comporter\u00e0 crediti.<\/p><p>In ogni caso, i diplomi e i certificati rilasciati nei nostri corsi sono riconosciuti da istituzioni nazionali e internazionali di ogni tipo.<\/p>\t\t\t\t\t\t\t\t<\/div>\n\t\t\t\t<\/div>\n\t\t\t\t<div class=\"elementor-element elementor-element-4767479 elementor-widget elementor-widget-heading\" data-id=\"4767479\" data-element_type=\"widget\" data-e-type=\"widget\" data-widget_type=\"heading.default\">\n\t\t\t\t<div class=\"elementor-widget-container\">\n\t\t\t\t\t<h2 class=\"elementor-heading-title elementor-size-default\">Durata<\/h2>\t\t\t\t<\/div>\n\t\t\t\t<\/div>\n\t\t\t\t<div class=\"elementor-element elementor-element-14f497e elementor-widget elementor-widget-text-editor\" data-id=\"14f497e\" data-element_type=\"widget\" data-e-type=\"widget\" data-widget_type=\"text-editor.default\">\n\t\t\t\t<div class=\"elementor-widget-container\">\n\t\t\t\t\t\t\t\t\t<p>Il corso \u00e8 composto da 155 ore: <strong>35 ore teoriche<\/strong> che lo studente pu\u00f2 distribuire a propria scelta poich\u00e9 sono in modalit\u00e0 virtuale, e <strong>120 ore di lezione in presenza e di pratica<\/strong>; l&#8217;orario di queste ore dovr\u00e0 essere concordato con il responsabile del corso presso l&#8217;Istituto Hisp\u00e1nico di Murcia.<\/p>\t\t\t\t\t\t\t\t<\/div>\n\t\t\t\t<\/div>\n\t\t\t\t\t<\/div>\n\t\t<\/div>\n\t\t\t\t\t<\/div>\n\t\t<\/section>\n\t\t\t\t<section class=\"elementor-section elementor-top-section elementor-element elementor-element-a38beac elementor-section-boxed elementor-section-height-default elementor-section-height-default elementor-invisible\" data-id=\"a38beac\" data-element_type=\"section\" data-e-type=\"section\" data-settings=\"{&quot;animation&quot;:&quot;slideInUp&quot;}\">\n\t\t\t\t\t\t<div class=\"elementor-container elementor-column-gap-default\">\n\t\t\t\t\t<div class=\"elementor-column elementor-col-100 elementor-top-column elementor-element elementor-element-8ab7a44\" data-id=\"8ab7a44\" data-element_type=\"column\" data-e-type=\"column\">\n\t\t\t<div class=\"elementor-widget-wrap elementor-element-populated\">\n\t\t\t\t\t\t<div class=\"elementor-element elementor-element-388cf08 elementor-widget elementor-widget-heading\" data-id=\"388cf08\" data-element_type=\"widget\" data-e-type=\"widget\" data-widget_type=\"heading.default\">\n\t\t\t\t<div class=\"elementor-widget-container\">\n\t\t\t\t\t<h2 class=\"elementor-heading-title elementor-size-default\">Organizzazione<\/h2>\t\t\t\t<\/div>\n\t\t\t\t<\/div>\n\t\t\t\t<div class=\"elementor-element elementor-element-4dba6c5 elementor-widget elementor-widget-text-editor\" data-id=\"4dba6c5\" data-element_type=\"widget\" data-e-type=\"widget\" data-widget_type=\"text-editor.default\">\n\t\t\t\t<div class=\"elementor-widget-container\">\n\t\t\t\t\t\t\t\t\t<p>Instituto Hisp\u00e1nico de Murcia e Instituto Hisp\u00e1nico de Salamanca.<\/p>\t\t\t\t\t\t\t\t<\/div>\n\t\t\t\t<\/div>\n\t\t\t\t<div class=\"elementor-element elementor-element-abcd310 elementor-widget elementor-widget-heading\" data-id=\"abcd310\" data-element_type=\"widget\" data-e-type=\"widget\" data-widget_type=\"heading.default\">\n\t\t\t\t<div class=\"elementor-widget-container\">\n\t\t\t\t\t<h2 class=\"elementor-heading-title elementor-size-default\">Iscrizione e informazioni<\/h2>\t\t\t\t<\/div>\n\t\t\t\t<\/div>\n\t\t\t\t<div class=\"elementor-element elementor-element-9679796 elementor-widget elementor-widget-text-editor\" data-id=\"9679796\" data-element_type=\"widget\" data-e-type=\"widget\" data-widget_type=\"text-editor.default\">\n\t\t\t\t<div class=\"elementor-widget-container\">\n\t\t\t\t\t\t\t\t\t<p>Mettiti in contatto con noi presso i nostri uffici dalle&nbsp;9:00 alle 14:00 o dalle 17:00 alle 20:30 presso:<\/p>\n<ul>\n<li>INSTITUTO HISP\u00c1NICO DE MURCIA&nbsp;<\/li>\n<li>C\/ Enrique Villar, 13, 1\u00ba (accanto&nbsp; al Teatro Circo).&nbsp;<\/li>\n<li>30008 \u2013 Murcia.&nbsp;<\/li>\n<li>Tel: 968 900 325 o info @ ihmurcia.es<\/li>\n<\/ul>\t\t\t\t\t\t\t\t<\/div>\n\t\t\t\t<\/div>\n\t\t\t\t\t<\/div>\n\t\t<\/div>\n\t\t\t\t\t<\/div>\n\t\t<\/section>\n\t\t\t\t<section class=\"elementor-section elementor-top-section elementor-element elementor-element-3f4ce14 elementor-section-boxed elementor-section-height-default elementor-section-height-default elementor-invisible\" data-id=\"3f4ce14\" data-element_type=\"section\" data-e-type=\"section\" data-settings=\"{&quot;animation&quot;:&quot;slideInUp&quot;}\">\n\t\t\t\t\t\t<div class=\"elementor-container elementor-column-gap-default\">\n\t\t\t\t\t<div class=\"elementor-column elementor-col-100 elementor-top-column elementor-element elementor-element-761d5af\" data-id=\"761d5af\" data-element_type=\"column\" data-e-type=\"column\">\n\t\t\t<div class=\"elementor-widget-wrap elementor-element-populated\">\n\t\t\t\t\t\t<div class=\"elementor-element elementor-element-71052c7 elementor-widget elementor-widget-heading\" data-id=\"71052c7\" data-element_type=\"widget\" data-e-type=\"widget\" data-widget_type=\"heading.default\">\n\t\t\t\t<div class=\"elementor-widget-container\">\n\t\t\t\t\t<h2 class=\"elementor-heading-title elementor-size-default\">Borse di studio<\/h2>\t\t\t\t<\/div>\n\t\t\t\t<\/div>\n\t\t\t\t<div class=\"elementor-element elementor-element-bd57b97 elementor-widget elementor-widget-text-editor\" data-id=\"bd57b97\" data-element_type=\"widget\" data-e-type=\"widget\" data-widget_type=\"text-editor.default\">\n\t\t\t\t<div class=\"elementor-widget-container\">\n\t\t\t\t\t\t\t\t\t<p>In passato sono state offerte borse di studio per le prime 10 iscrizioni. Ad oggi hanno frequentato il corso pi\u00f9 di 200 studenti, con eccellenti risultati accademici e valutazioni da parte di <strong>tutti i partecipanti senza eccezione<\/strong>.<\/p>\t\t\t\t\t\t\t\t<\/div>\n\t\t\t\t<\/div>\n\t\t\t\t\t<\/div>\n\t\t<\/div>\n\t\t\t\t\t<\/div>\n\t\t<\/section>\n\t\t\t\t<section class=\"elementor-section elementor-top-section elementor-element elementor-element-9c6a7de elementor-section-boxed elementor-section-height-default elementor-section-height-default elementor-invisible\" data-id=\"9c6a7de\" data-element_type=\"section\" data-e-type=\"section\" data-settings=\"{&quot;animation&quot;:&quot;slideInUp&quot;}\">\n\t\t\t\t\t\t<div class=\"elementor-container elementor-column-gap-default\">\n\t\t\t\t\t<div class=\"elementor-column elementor-col-100 elementor-top-column elementor-element elementor-element-f996adf\" data-id=\"f996adf\" data-element_type=\"column\" data-e-type=\"column\">\n\t\t\t<div class=\"elementor-widget-wrap elementor-element-populated\">\n\t\t\t\t\t\t<div class=\"elementor-element elementor-element-1d321d9 elementor-widget elementor-widget-heading\" data-id=\"1d321d9\" data-element_type=\"widget\" data-e-type=\"widget\" data-widget_type=\"heading.default\">\n\t\t\t\t<div class=\"elementor-widget-container\">\n\t\t\t\t\t<h2 class=\"elementor-heading-title elementor-size-default\">Annullamento<\/h2>\t\t\t\t<\/div>\n\t\t\t\t<\/div>\n\t\t\t\t<div class=\"elementor-element elementor-element-e002983 elementor-widget elementor-widget-text-editor\" data-id=\"e002983\" data-element_type=\"widget\" data-e-type=\"widget\" data-widget_type=\"text-editor.default\">\n\t\t\t\t<div class=\"elementor-widget-container\">\n\t\t\t\t\t\t\t\t\t<p>In caso di cancellazione dell&#8217;iscrizione da parte del partecipante, <strong>non verr\u00e0 effettuato alcun rimborso<\/strong> dell&#8217;importo pagato.<\/p>\t\t\t\t\t\t\t\t<\/div>\n\t\t\t\t<\/div>\n\t\t\t\t\t<\/div>\n\t\t<\/div>\n\t\t\t\t\t<\/div>\n\t\t<\/section>\n\t\t\t\t<section class=\"elementor-section elementor-top-section elementor-element elementor-element-af39174 elementor-section-boxed elementor-section-height-default elementor-section-height-default elementor-invisible\" data-id=\"af39174\" data-element_type=\"section\" data-e-type=\"section\" data-settings=\"{&quot;animation&quot;:&quot;slideInUp&quot;}\">\n\t\t\t\t\t\t<div class=\"elementor-container elementor-column-gap-default\">\n\t\t\t\t\t<div class=\"elementor-column elementor-col-100 elementor-top-column elementor-element elementor-element-2ca466f\" data-id=\"2ca466f\" data-element_type=\"column\" data-e-type=\"column\">\n\t\t\t<div class=\"elementor-widget-wrap elementor-element-populated\">\n\t\t\t\t\t\t<div class=\"elementor-element elementor-element-9b30063 elementor-widget elementor-widget-heading\" data-id=\"9b30063\" data-element_type=\"widget\" data-e-type=\"widget\" data-widget_type=\"heading.default\">\n\t\t\t\t<div class=\"elementor-widget-container\">\n\t\t\t\t\t<h2 class=\"elementor-heading-title elementor-size-default\">Voglio conoscere i miei prof!<\/h2>\t\t\t\t<\/div>\n\t\t\t\t<\/div>\n\t\t\t\t<div class=\"elementor-element elementor-element-9c09925 elementor-widget elementor-widget-text-editor\" data-id=\"9c09925\" data-element_type=\"widget\" data-e-type=\"widget\" data-widget_type=\"text-editor.default\">\n\t\t\t\t<div class=\"elementor-widget-container\">\n\t\t\t\t\t\t\t\t\t<p>Bene, eccoli. Sono molto simpatici:<\/p>\t\t\t\t\t\t\t\t<\/div>\n\t\t\t\t<\/div>\n\t\t\t\t\t<\/div>\n\t\t<\/div>\n\t\t\t\t\t<\/div>\n\t\t<\/section>\n\t\t\t\t<section class=\"elementor-section elementor-top-section elementor-element elementor-element-9bfd14a elementor-section-boxed elementor-section-height-default elementor-section-height-default\" data-id=\"9bfd14a\" data-element_type=\"section\" data-e-type=\"section\">\n\t\t\t\t\t\t<div class=\"elementor-container elementor-column-gap-default\">\n\t\t\t\t\t<div class=\"elementor-column elementor-col-33 elementor-top-column elementor-element elementor-element-434e803\" data-id=\"434e803\" data-element_type=\"column\" data-e-type=\"column\">\n\t\t\t<div class=\"elementor-widget-wrap elementor-element-populated\">\n\t\t\t\t\t\t<div class=\"elementor-element elementor-element-c86ba2b elementor-widget elementor-widget-video\" data-id=\"c86ba2b\" data-element_type=\"widget\" data-e-type=\"widget\" data-settings=\"{&quot;youtube_url&quot;:&quot;https:\\\/\\\/youtu.be\\\/cKMNKXXyh7M&quot;,&quot;video_type&quot;:&quot;youtube&quot;,&quot;controls&quot;:&quot;yes&quot;}\" data-widget_type=\"video.default\">\n\t\t\t\t<div class=\"elementor-widget-container\">\n\t\t\t\t\t\t\t<div class=\"elementor-wrapper elementor-open-inline\">\n\t\t\t<div class=\"elementor-video\"><\/div>\t\t<\/div>\n\t\t\t\t\t\t<\/div>\n\t\t\t\t<\/div>\n\t\t\t\t\t<\/div>\n\t\t<\/div>\n\t\t\t\t<div class=\"elementor-column elementor-col-33 elementor-top-column elementor-element elementor-element-e79539b\" data-id=\"e79539b\" data-element_type=\"column\" data-e-type=\"column\">\n\t\t\t<div class=\"elementor-widget-wrap elementor-element-populated\">\n\t\t\t\t\t\t<div class=\"elementor-element elementor-element-82a7ba6 elementor-widget elementor-widget-video\" data-id=\"82a7ba6\" data-element_type=\"widget\" data-e-type=\"widget\" data-settings=\"{&quot;youtube_url&quot;:&quot;https:\\\/\\\/youtu.be\\\/fKggwezBfrU&quot;,&quot;video_type&quot;:&quot;youtube&quot;,&quot;controls&quot;:&quot;yes&quot;}\" data-widget_type=\"video.default\">\n\t\t\t\t<div class=\"elementor-widget-container\">\n\t\t\t\t\t\t\t<div class=\"elementor-wrapper elementor-open-inline\">\n\t\t\t<div class=\"elementor-video\"><\/div>\t\t<\/div>\n\t\t\t\t\t\t<\/div>\n\t\t\t\t<\/div>\n\t\t\t\t\t<\/div>\n\t\t<\/div>\n\t\t\t\t<div class=\"elementor-column elementor-col-33 elementor-top-column elementor-element elementor-element-d175346\" data-id=\"d175346\" data-element_type=\"column\" data-e-type=\"column\">\n\t\t\t<div class=\"elementor-widget-wrap elementor-element-populated\">\n\t\t\t\t\t\t<div class=\"elementor-element elementor-element-d481320 elementor-widget elementor-widget-video\" data-id=\"d481320\" data-element_type=\"widget\" data-e-type=\"widget\" data-settings=\"{&quot;youtube_url&quot;:&quot;https:\\\/\\\/youtu.be\\\/2eqmxSaJ-uA&quot;,&quot;video_type&quot;:&quot;youtube&quot;,&quot;controls&quot;:&quot;yes&quot;}\" data-widget_type=\"video.default\">\n\t\t\t\t<div class=\"elementor-widget-container\">\n\t\t\t\t\t\t\t<div class=\"elementor-wrapper elementor-open-inline\">\n\t\t\t<div class=\"elementor-video\"><\/div>\t\t<\/div>\n\t\t\t\t\t\t<\/div>\n\t\t\t\t<\/div>\n\t\t\t\t\t<\/div>\n\t\t<\/div>\n\t\t\t\t\t<\/div>\n\t\t<\/section>\n\t\t\t\t<section class=\"elementor-section elementor-top-section elementor-element elementor-element-86d08e9 elementor-section-boxed elementor-section-height-default elementor-section-height-default\" data-id=\"86d08e9\" data-element_type=\"section\" data-e-type=\"section\">\n\t\t\t\t\t\t<div class=\"elementor-container elementor-column-gap-default\">\n\t\t\t\t\t<div class=\"elementor-column elementor-col-100 elementor-top-column elementor-element elementor-element-41d1b56\" data-id=\"41d1b56\" data-element_type=\"column\" data-e-type=\"column\">\n\t\t\t<div class=\"elementor-widget-wrap elementor-element-populated\">\n\t\t\t\t\t\t<div class=\"elementor-element elementor-element-7cac357 elementor-widget elementor-widget-heading\" data-id=\"7cac357\" data-element_type=\"widget\" data-e-type=\"widget\" data-widget_type=\"heading.default\">\n\t\t\t\t<div class=\"elementor-widget-container\">\n\t\t\t\t\t<h2 class=\"elementor-heading-title elementor-size-default\">Domande frequenti sul corso per insegnanti di Spagnolo come Lingua Straniera (ELE)<\/h2>\t\t\t\t<\/div>\n\t\t\t\t<\/div>\n\t\t\t\t<div class=\"elementor-element elementor-element-181ac64 elementor-widget elementor-widget-accordion\" data-id=\"181ac64\" data-element_type=\"widget\" data-e-type=\"widget\" data-widget_type=\"accordion.default\">\n\t\t\t\t<div class=\"elementor-widget-container\">\n\t\t\t\t\t\t\t<div class=\"elementor-accordion\">\n\t\t\t\t\t\t\t<div class=\"elementor-accordion-item\">\n\t\t\t\t\t<div id=\"elementor-tab-title-2521\" class=\"elementor-tab-title\" data-tab=\"1\" role=\"button\" aria-controls=\"elementor-tab-content-2521\" aria-expanded=\"false\">\n\t\t\t\t\t\t\t\t\t\t\t\t\t<span class=\"elementor-accordion-icon elementor-accordion-icon-left\" aria-hidden=\"true\">\n\t\t\t\t\t\t\t\t\t\t\t\t\t\t\t<span class=\"elementor-accordion-icon-closed\"><svg class=\"e-font-icon-svg e-fas-plus\" viewBox=\"0 0 448 512\" xmlns=\"http:\/\/www.w3.org\/2000\/svg\"><path d=\"M416 208H272V64c0-17.67-14.33-32-32-32h-32c-17.67 0-32 14.33-32 32v144H32c-17.67 0-32 14.33-32 32v32c0 17.67 14.33 32 32 32h144v144c0 17.67 14.33 32 32 32h32c17.67 0 32-14.33 32-32V304h144c17.67 0 32-14.33 32-32v-32c0-17.67-14.33-32-32-32z\"><\/path><\/svg><\/span>\n\t\t\t\t\t\t\t\t<span class=\"elementor-accordion-icon-opened\"><svg class=\"e-font-icon-svg e-fas-minus\" viewBox=\"0 0 448 512\" xmlns=\"http:\/\/www.w3.org\/2000\/svg\"><path d=\"M416 208H32c-17.67 0-32 14.33-32 32v32c0 17.67 14.33 32 32 32h384c17.67 0 32-14.33 32-32v-32c0-17.67-14.33-32-32-32z\"><\/path><\/svg><\/span>\n\t\t\t\t\t\t\t\t\t\t\t\t\t\t<\/span>\n\t\t\t\t\t\t\t\t\t\t\t\t<a class=\"elementor-accordion-title\" tabindex=\"0\">Quando comincia il corso?<\/a>\n\t\t\t\t\t<\/div>\n\t\t\t\t\t<div id=\"elementor-tab-content-2521\" class=\"elementor-tab-content elementor-clearfix\" data-tab=\"1\" role=\"region\" aria-labelledby=\"elementor-tab-title-2521\"><p>Il primo luned\u00ec di ogni mese durante tutto l&#8217;anno.<\/p><\/div>\n\t\t\t\t<\/div>\n\t\t\t\t\t\t\t<div class=\"elementor-accordion-item\">\n\t\t\t\t\t<div id=\"elementor-tab-title-2522\" class=\"elementor-tab-title\" data-tab=\"2\" role=\"button\" aria-controls=\"elementor-tab-content-2522\" aria-expanded=\"false\">\n\t\t\t\t\t\t\t\t\t\t\t\t\t<span class=\"elementor-accordion-icon elementor-accordion-icon-left\" aria-hidden=\"true\">\n\t\t\t\t\t\t\t\t\t\t\t\t\t\t\t<span class=\"elementor-accordion-icon-closed\"><svg class=\"e-font-icon-svg e-fas-plus\" viewBox=\"0 0 448 512\" xmlns=\"http:\/\/www.w3.org\/2000\/svg\"><path d=\"M416 208H272V64c0-17.67-14.33-32-32-32h-32c-17.67 0-32 14.33-32 32v144H32c-17.67 0-32 14.33-32 32v32c0 17.67 14.33 32 32 32h144v144c0 17.67 14.33 32 32 32h32c17.67 0 32-14.33 32-32V304h144c17.67 0 32-14.33 32-32v-32c0-17.67-14.33-32-32-32z\"><\/path><\/svg><\/span>\n\t\t\t\t\t\t\t\t<span class=\"elementor-accordion-icon-opened\"><svg class=\"e-font-icon-svg e-fas-minus\" viewBox=\"0 0 448 512\" xmlns=\"http:\/\/www.w3.org\/2000\/svg\"><path d=\"M416 208H32c-17.67 0-32 14.33-32 32v32c0 17.67 14.33 32 32 32h384c17.67 0 32-14.33 32-32v-32c0-17.67-14.33-32-32-32z\"><\/path><\/svg><\/span>\n\t\t\t\t\t\t\t\t\t\t\t\t\t\t<\/span>\n\t\t\t\t\t\t\t\t\t\t\t\t<a class=\"elementor-accordion-title\" tabindex=\"0\">Posso frequentare questo corso se non sono filologo?<\/a>\n\t\t\t\t\t<\/div>\n\t\t\t\t\t<div id=\"elementor-tab-content-2522\" class=\"elementor-tab-content elementor-clearfix\" data-tab=\"2\" role=\"region\" aria-labelledby=\"elementor-tab-title-2522\"><p>Naturalmente, anche se molti dei concetti presenti nella parte teorica potrebbero essere sconosciuti e la loro comprensione potrebbe essere difficoltosa. Tuttavia, <strong>\u00e8 richiesto il possesso di un titolo universitario<\/strong> per iscriversi a questo corso.<\/p><\/div>\n\t\t\t\t<\/div>\n\t\t\t\t\t\t\t<div class=\"elementor-accordion-item\">\n\t\t\t\t\t<div id=\"elementor-tab-title-2523\" class=\"elementor-tab-title\" data-tab=\"3\" role=\"button\" aria-controls=\"elementor-tab-content-2523\" aria-expanded=\"false\">\n\t\t\t\t\t\t\t\t\t\t\t\t\t<span class=\"elementor-accordion-icon elementor-accordion-icon-left\" aria-hidden=\"true\">\n\t\t\t\t\t\t\t\t\t\t\t\t\t\t\t<span class=\"elementor-accordion-icon-closed\"><svg class=\"e-font-icon-svg e-fas-plus\" viewBox=\"0 0 448 512\" xmlns=\"http:\/\/www.w3.org\/2000\/svg\"><path d=\"M416 208H272V64c0-17.67-14.33-32-32-32h-32c-17.67 0-32 14.33-32 32v144H32c-17.67 0-32 14.33-32 32v32c0 17.67 14.33 32 32 32h144v144c0 17.67 14.33 32 32 32h32c17.67 0 32-14.33 32-32V304h144c17.67 0 32-14.33 32-32v-32c0-17.67-14.33-32-32-32z\"><\/path><\/svg><\/span>\n\t\t\t\t\t\t\t\t<span class=\"elementor-accordion-icon-opened\"><svg class=\"e-font-icon-svg e-fas-minus\" viewBox=\"0 0 448 512\" xmlns=\"http:\/\/www.w3.org\/2000\/svg\"><path d=\"M416 208H32c-17.67 0-32 14.33-32 32v32c0 17.67 14.33 32 32 32h384c17.67 0 32-14.33 32-32v-32c0-17.67-14.33-32-32-32z\"><\/path><\/svg><\/span>\n\t\t\t\t\t\t\t\t\t\t\t\t\t\t<\/span>\n\t\t\t\t\t\t\t\t\t\t\t\t<a class=\"elementor-accordion-title\" tabindex=\"0\">Di quale materiale disporr\u00f2?<\/a>\n\t\t\t\t\t<\/div>\n\t\t\t\t\t<div id=\"elementor-tab-content-2523\" class=\"elementor-tab-content elementor-clearfix\" data-tab=\"3\" role=\"region\" aria-labelledby=\"elementor-tab-title-2523\"><p>Ti invieremo un&#8217;email con il materiale del corso e la valutazione, che dovrai restituirci una volta risposto alle domande. Puoi farlo in un documento Word o in PDF.<\/p><\/div>\n\t\t\t\t<\/div>\n\t\t\t\t\t\t\t<div class=\"elementor-accordion-item\">\n\t\t\t\t\t<div id=\"elementor-tab-title-2524\" class=\"elementor-tab-title\" data-tab=\"4\" role=\"button\" aria-controls=\"elementor-tab-content-2524\" aria-expanded=\"false\">\n\t\t\t\t\t\t\t\t\t\t\t\t\t<span class=\"elementor-accordion-icon elementor-accordion-icon-left\" aria-hidden=\"true\">\n\t\t\t\t\t\t\t\t\t\t\t\t\t\t\t<span class=\"elementor-accordion-icon-closed\"><svg class=\"e-font-icon-svg e-fas-plus\" viewBox=\"0 0 448 512\" xmlns=\"http:\/\/www.w3.org\/2000\/svg\"><path d=\"M416 208H272V64c0-17.67-14.33-32-32-32h-32c-17.67 0-32 14.33-32 32v144H32c-17.67 0-32 14.33-32 32v32c0 17.67 14.33 32 32 32h144v144c0 17.67 14.33 32 32 32h32c17.67 0 32-14.33 32-32V304h144c17.67 0 32-14.33 32-32v-32c0-17.67-14.33-32-32-32z\"><\/path><\/svg><\/span>\n\t\t\t\t\t\t\t\t<span class=\"elementor-accordion-icon-opened\"><svg class=\"e-font-icon-svg e-fas-minus\" viewBox=\"0 0 448 512\" xmlns=\"http:\/\/www.w3.org\/2000\/svg\"><path d=\"M416 208H32c-17.67 0-32 14.33-32 32v32c0 17.67 14.33 32 32 32h384c17.67 0 32-14.33 32-32v-32c0-17.67-14.33-32-32-32z\"><\/path><\/svg><\/span>\n\t\t\t\t\t\t\t\t\t\t\t\t\t\t<\/span>\n\t\t\t\t\t\t\t\t\t\t\t\t<a class=\"elementor-accordion-title\" tabindex=\"0\">Come mi organizzo le ore della parte teorica?<\/a>\n\t\t\t\t\t<\/div>\n\t\t\t\t\t<div id=\"elementor-tab-content-2524\" class=\"elementor-tab-content elementor-clearfix\" data-tab=\"4\" role=\"region\" aria-labelledby=\"elementor-tab-title-2524\"><p>Come preferisci e come ti \u00e8 pi\u00f9 comodo. Ti chiediamo solo di comunicarci per iscritto quanto tempo pensi di avere bisogno per consegnarci l&#8217;elaborato, e ricorda che questa parte la puoi fare a casa o dove ritieni pi\u00f9 opportuno, e non hai bisogno di una connessione internet per farlo.<\/p><p>Non appena ci invii la valutazione, potremo iniziare a valutare la tua disponibilit\u00e0 e quella dei nostri corsi per concordare una data. Preferiamo che sia il prima possibile dopo aver completato la parte teorica e aver ricevuto la valutazione corretta, senza interruzioni e con l&#8217;impegno serio di rispettare le scadenze stabilite, ma non possiamo stabilire una data fissa fino al momento opportuno.<\/p><p>Con &#8220;senza interruzioni&#8221; intendiamo che non ha alcun senso fare, ad esempio, una settimana di pratica, poi alcuni giorni liberi, quindi un&#8217;altra settimana, poi altri giorni separati&#8230;<\/p><p>Ricorda, e questo \u00e8 molto importante, che farai parte di un gruppo di classe ed \u00e8 illogico e completamente antipedagogico fare le tue pratiche in parti, settimane o giorni separati. Se hai bisogno di completare la tua parte pratica il prima possibile, comunicacelo al momento dell&#8217;iscrizione e lo terremo in considerazione.<\/p><\/div>\n\t\t\t\t<\/div>\n\t\t\t\t\t\t\t<div class=\"elementor-accordion-item\">\n\t\t\t\t\t<div id=\"elementor-tab-title-2525\" class=\"elementor-tab-title\" data-tab=\"5\" role=\"button\" aria-controls=\"elementor-tab-content-2525\" aria-expanded=\"false\">\n\t\t\t\t\t\t\t\t\t\t\t\t\t<span class=\"elementor-accordion-icon elementor-accordion-icon-left\" aria-hidden=\"true\">\n\t\t\t\t\t\t\t\t\t\t\t\t\t\t\t<span class=\"elementor-accordion-icon-closed\"><svg class=\"e-font-icon-svg e-fas-plus\" viewBox=\"0 0 448 512\" xmlns=\"http:\/\/www.w3.org\/2000\/svg\"><path d=\"M416 208H272V64c0-17.67-14.33-32-32-32h-32c-17.67 0-32 14.33-32 32v144H32c-17.67 0-32 14.33-32 32v32c0 17.67 14.33 32 32 32h144v144c0 17.67 14.33 32 32 32h32c17.67 0 32-14.33 32-32V304h144c17.67 0 32-14.33 32-32v-32c0-17.67-14.33-32-32-32z\"><\/path><\/svg><\/span>\n\t\t\t\t\t\t\t\t<span class=\"elementor-accordion-icon-opened\"><svg class=\"e-font-icon-svg e-fas-minus\" viewBox=\"0 0 448 512\" xmlns=\"http:\/\/www.w3.org\/2000\/svg\"><path d=\"M416 208H32c-17.67 0-32 14.33-32 32v32c0 17.67 14.33 32 32 32h384c17.67 0 32-14.33 32-32v-32c0-17.67-14.33-32-32-32z\"><\/path><\/svg><\/span>\n\t\t\t\t\t\t\t\t\t\t\t\t\t\t<\/span>\n\t\t\t\t\t\t\t\t\t\t\t\t<a class=\"elementor-accordion-title\" tabindex=\"0\">Imparer\u00f2 la grammatica spagnola in questo corso?<\/a>\n\t\t\t\t\t<\/div>\n\t\t\t\t\t<div id=\"elementor-tab-content-2525\" class=\"elementor-tab-content elementor-clearfix\" data-tab=\"5\" role=\"region\" aria-labelledby=\"elementor-tab-title-2525\"><p>No, si tratta di un corso introduttivo all&#8217;insegnamento dello spagnolo come lingua straniera.<\/p><p>Non ti insegniamo la grammatica, <strong>ti insegniamo come insegnarla<\/strong> &#8211; anche se sembra un gioco di parole.<\/p><\/div>\n\t\t\t\t<\/div>\n\t\t\t\t\t\t\t<div class=\"elementor-accordion-item\">\n\t\t\t\t\t<div id=\"elementor-tab-title-2526\" class=\"elementor-tab-title\" data-tab=\"6\" role=\"button\" aria-controls=\"elementor-tab-content-2526\" aria-expanded=\"false\">\n\t\t\t\t\t\t\t\t\t\t\t\t\t<span class=\"elementor-accordion-icon elementor-accordion-icon-left\" aria-hidden=\"true\">\n\t\t\t\t\t\t\t\t\t\t\t\t\t\t\t<span class=\"elementor-accordion-icon-closed\"><svg class=\"e-font-icon-svg e-fas-plus\" viewBox=\"0 0 448 512\" xmlns=\"http:\/\/www.w3.org\/2000\/svg\"><path d=\"M416 208H272V64c0-17.67-14.33-32-32-32h-32c-17.67 0-32 14.33-32 32v144H32c-17.67 0-32 14.33-32 32v32c0 17.67 14.33 32 32 32h144v144c0 17.67 14.33 32 32 32h32c17.67 0 32-14.33 32-32V304h144c17.67 0 32-14.33 32-32v-32c0-17.67-14.33-32-32-32z\"><\/path><\/svg><\/span>\n\t\t\t\t\t\t\t\t<span class=\"elementor-accordion-icon-opened\"><svg class=\"e-font-icon-svg e-fas-minus\" viewBox=\"0 0 448 512\" xmlns=\"http:\/\/www.w3.org\/2000\/svg\"><path d=\"M416 208H32c-17.67 0-32 14.33-32 32v32c0 17.67 14.33 32 32 32h384c17.67 0 32-14.33 32-32v-32c0-17.67-14.33-32-32-32z\"><\/path><\/svg><\/span>\n\t\t\t\t\t\t\t\t\t\t\t\t\t\t<\/span>\n\t\t\t\t\t\t\t\t\t\t\t\t<a class=\"elementor-accordion-title\" tabindex=\"0\">Quando far\u00f2 la parte pratica?<\/a>\n\t\t\t\t\t<\/div>\n\t\t\t\t\t<div id=\"elementor-tab-content-2526\" class=\"elementor-tab-content elementor-clearfix\" data-tab=\"6\" role=\"region\" aria-labelledby=\"elementor-tab-title-2526\"><p>Non appena ci invii la valutazione, potremo iniziare a valutare la tua disponibilit\u00e0 e quella dei nostri corsi per concordare una data. Preferiamo che sia il prima possibile dopo aver completato la parte teorica e aver ricevuto la valutazione corretta, senza interruzioni e con l&#8217;impegno serio di rispettare le scadenze stabilite, ma non possiamo stabilire una data fissa fino al momento opportuno.<\/p><p>Con &#8220;senza interruzioni&#8221; intendiamo che non ha alcun senso fare, ad esempio, una settimana di pratica, poi alcuni giorni liberi, quindi un&#8217;altra settimana, poi altri giorni separati&#8230;<\/p><p>Ricorda, e questo \u00e8 molto importante, che farai parte di un gruppo di classe ed \u00e8 illogico e completamente antipedagogico fare le tue pratiche in parti, settimane o giorni separati. Se hai bisogno di completare la tua parte pratica il prima possibile, comunicacelo al momento dell&#8217;iscrizione e lo terremo in considerazione.<\/p><\/div>\n\t\t\t\t<\/div>\n\t\t\t\t\t\t\t<div class=\"elementor-accordion-item\">\n\t\t\t\t\t<div id=\"elementor-tab-title-2527\" class=\"elementor-tab-title\" data-tab=\"7\" role=\"button\" aria-controls=\"elementor-tab-content-2527\" aria-expanded=\"false\">\n\t\t\t\t\t\t\t\t\t\t\t\t\t<span class=\"elementor-accordion-icon elementor-accordion-icon-left\" aria-hidden=\"true\">\n\t\t\t\t\t\t\t\t\t\t\t\t\t\t\t<span class=\"elementor-accordion-icon-closed\"><svg class=\"e-font-icon-svg e-fas-plus\" viewBox=\"0 0 448 512\" xmlns=\"http:\/\/www.w3.org\/2000\/svg\"><path d=\"M416 208H272V64c0-17.67-14.33-32-32-32h-32c-17.67 0-32 14.33-32 32v144H32c-17.67 0-32 14.33-32 32v32c0 17.67 14.33 32 32 32h144v144c0 17.67 14.33 32 32 32h32c17.67 0 32-14.33 32-32V304h144c17.67 0 32-14.33 32-32v-32c0-17.67-14.33-32-32-32z\"><\/path><\/svg><\/span>\n\t\t\t\t\t\t\t\t<span class=\"elementor-accordion-icon-opened\"><svg class=\"e-font-icon-svg e-fas-minus\" viewBox=\"0 0 448 512\" xmlns=\"http:\/\/www.w3.org\/2000\/svg\"><path d=\"M416 208H32c-17.67 0-32 14.33-32 32v32c0 17.67 14.33 32 32 32h384c17.67 0 32-14.33 32-32v-32c0-17.67-14.33-32-32-32z\"><\/path><\/svg><\/span>\n\t\t\t\t\t\t\t\t\t\t\t\t\t\t<\/span>\n\t\t\t\t\t\t\t\t\t\t\t\t<a class=\"elementor-accordion-title\" tabindex=\"0\">Quanto dura questa parte?<\/a>\n\t\t\t\t\t<\/div>\n\t\t\t\t\t<div id=\"elementor-tab-content-2527\" class=\"elementor-tab-content elementor-clearfix\" data-tab=\"7\" role=\"region\" aria-labelledby=\"elementor-tab-title-2527\"><p>La parte pratica dura <strong>120 ore<\/strong>, quindi l&#8217;idea \u00e8 che ti unisca a uno dei nostri corsi intensivi di lingua spagnola (20 lezioni settimanali, dal luned\u00ec al venerd\u00ec dalle 10:00 alle 13:30) in modo da finire in <strong>sei\u00a0settimane<\/strong>.<\/p><p>Se la tua disponibilit\u00e0 non te lo permette, potremo valutare altre possibilit\u00e0, ma la prima \u00e8 quella pi\u00f9 consigliata perch\u00e9 altrimenti il corso sarebbe troppo prolungato nel tempo. Tieni presente che non sempre abbiamo lezioni nel pomeriggio, ad esempio, durante l&#8217;estate.<\/p><\/div>\n\t\t\t\t<\/div>\n\t\t\t\t\t\t\t<div class=\"elementor-accordion-item\">\n\t\t\t\t\t<div id=\"elementor-tab-title-2528\" class=\"elementor-tab-title\" data-tab=\"8\" role=\"button\" aria-controls=\"elementor-tab-content-2528\" aria-expanded=\"false\">\n\t\t\t\t\t\t\t\t\t\t\t\t\t<span class=\"elementor-accordion-icon elementor-accordion-icon-left\" aria-hidden=\"true\">\n\t\t\t\t\t\t\t\t\t\t\t\t\t\t\t<span class=\"elementor-accordion-icon-closed\"><svg class=\"e-font-icon-svg e-fas-plus\" viewBox=\"0 0 448 512\" xmlns=\"http:\/\/www.w3.org\/2000\/svg\"><path d=\"M416 208H272V64c0-17.67-14.33-32-32-32h-32c-17.67 0-32 14.33-32 32v144H32c-17.67 0-32 14.33-32 32v32c0 17.67 14.33 32 32 32h144v144c0 17.67 14.33 32 32 32h32c17.67 0 32-14.33 32-32V304h144c17.67 0 32-14.33 32-32v-32c0-17.67-14.33-32-32-32z\"><\/path><\/svg><\/span>\n\t\t\t\t\t\t\t\t<span class=\"elementor-accordion-icon-opened\"><svg class=\"e-font-icon-svg e-fas-minus\" viewBox=\"0 0 448 512\" xmlns=\"http:\/\/www.w3.org\/2000\/svg\"><path d=\"M416 208H32c-17.67 0-32 14.33-32 32v32c0 17.67 14.33 32 32 32h384c17.67 0 32-14.33 32-32v-32c0-17.67-14.33-32-32-32z\"><\/path><\/svg><\/span>\n\t\t\t\t\t\t\t\t\t\t\t\t\t\t<\/span>\n\t\t\t\t\t\t\t\t\t\t\t\t<a class=\"elementor-accordion-title\" tabindex=\"0\">Quanto dura questa parte?<\/a>\n\t\t\t\t\t<\/div>\n\t\t\t\t\t<div id=\"elementor-tab-content-2528\" class=\"elementor-tab-content elementor-clearfix\" data-tab=\"8\" role=\"region\" aria-labelledby=\"elementor-tab-title-2528\"><p>La parte pratica dura <strong>60 ore<\/strong>, quindi l&#8217;idea \u00e8 che ti unisca a uno dei nostri corsi intensivi di lingua spagnola (20 lezioni settimanali, dal luned\u00ec al venerd\u00ec dalle 10:00 alle 13:30) in modo da finire in <strong>tre settimane<\/strong>.<\/p><p>Se la tua disponibilit\u00e0 non te lo permette, potremo valutare altre possibilit\u00e0, ma la prima \u00e8 quella pi\u00f9 consigliata perch\u00e9 altrimenti il corso sarebbe troppo prolungato nel tempo. Tieni presente che non sempre abbiamo lezioni nel pomeriggio, ad esempio, durante l&#8217;estate.<\/p><\/div>\n\t\t\t\t<\/div>\n\t\t\t\t\t\t\t<div class=\"elementor-accordion-item\">\n\t\t\t\t\t<div id=\"elementor-tab-title-2529\" class=\"elementor-tab-title\" data-tab=\"9\" role=\"button\" aria-controls=\"elementor-tab-content-2529\" aria-expanded=\"false\">\n\t\t\t\t\t\t\t\t\t\t\t\t\t<span class=\"elementor-accordion-icon elementor-accordion-icon-left\" aria-hidden=\"true\">\n\t\t\t\t\t\t\t\t\t\t\t\t\t\t\t<span class=\"elementor-accordion-icon-closed\"><svg class=\"e-font-icon-svg e-fas-plus\" viewBox=\"0 0 448 512\" xmlns=\"http:\/\/www.w3.org\/2000\/svg\"><path d=\"M416 208H272V64c0-17.67-14.33-32-32-32h-32c-17.67 0-32 14.33-32 32v144H32c-17.67 0-32 14.33-32 32v32c0 17.67 14.33 32 32 32h144v144c0 17.67 14.33 32 32 32h32c17.67 0 32-14.33 32-32V304h144c17.67 0 32-14.33 32-32v-32c0-17.67-14.33-32-32-32z\"><\/path><\/svg><\/span>\n\t\t\t\t\t\t\t\t<span class=\"elementor-accordion-icon-opened\"><svg class=\"e-font-icon-svg e-fas-minus\" viewBox=\"0 0 448 512\" xmlns=\"http:\/\/www.w3.org\/2000\/svg\"><path d=\"M416 208H32c-17.67 0-32 14.33-32 32v32c0 17.67 14.33 32 32 32h384c17.67 0 32-14.33 32-32v-32c0-17.67-14.33-32-32-32z\"><\/path><\/svg><\/span>\n\t\t\t\t\t\t\t\t\t\t\t\t\t\t<\/span>\n\t\t\t\t\t\t\t\t\t\t\t\t<a class=\"elementor-accordion-title\" tabindex=\"0\">La parte pratica si fa di mattina o di pomeriggio?<\/a>\n\t\t\t\t\t<\/div>\n\t\t\t\t\t<div id=\"elementor-tab-content-2529\" class=\"elementor-tab-content elementor-clearfix\" data-tab=\"9\" role=\"region\" aria-labelledby=\"elementor-tab-title-2529\"><p>Principalmente al mattino, ma anche al pomeriggio \u00e8 possibile, sebbene non sempre; dipende dalla disponibilit\u00e0 dei corsi.<\/p><p>Come nella risposta precedente, consigliamo sempre il mattino con l&#8217;orario dalle 10:00 alle 13:30 dal luned\u00ec al venerd\u00ec, ma potrebbero esserci altre opzioni.<\/p><\/div>\n\t\t\t\t<\/div>\n\t\t\t\t\t\t\t<div class=\"elementor-accordion-item\">\n\t\t\t\t\t<div id=\"elementor-tab-title-25210\" class=\"elementor-tab-title\" data-tab=\"10\" role=\"button\" aria-controls=\"elementor-tab-content-25210\" aria-expanded=\"false\">\n\t\t\t\t\t\t\t\t\t\t\t\t\t<span class=\"elementor-accordion-icon elementor-accordion-icon-left\" aria-hidden=\"true\">\n\t\t\t\t\t\t\t\t\t\t\t\t\t\t\t<span class=\"elementor-accordion-icon-closed\"><svg class=\"e-font-icon-svg e-fas-plus\" viewBox=\"0 0 448 512\" xmlns=\"http:\/\/www.w3.org\/2000\/svg\"><path d=\"M416 208H272V64c0-17.67-14.33-32-32-32h-32c-17.67 0-32 14.33-32 32v144H32c-17.67 0-32 14.33-32 32v32c0 17.67 14.33 32 32 32h144v144c0 17.67 14.33 32 32 32h32c17.67 0 32-14.33 32-32V304h144c17.67 0 32-14.33 32-32v-32c0-17.67-14.33-32-32-32z\"><\/path><\/svg><\/span>\n\t\t\t\t\t\t\t\t<span class=\"elementor-accordion-icon-opened\"><svg class=\"e-font-icon-svg e-fas-minus\" viewBox=\"0 0 448 512\" xmlns=\"http:\/\/www.w3.org\/2000\/svg\"><path d=\"M416 208H32c-17.67 0-32 14.33-32 32v32c0 17.67 14.33 32 32 32h384c17.67 0 32-14.33 32-32v-32c0-17.67-14.33-32-32-32z\"><\/path><\/svg><\/span>\n\t\t\t\t\t\t\t\t\t\t\t\t\t\t<\/span>\n\t\t\t\t\t\t\t\t\t\t\t\t<a class=\"elementor-accordion-title\" tabindex=\"0\">C'\u00e8 qualche problema se ci metto qualche mese a completare il corso?<\/a>\n\t\t\t\t\t<\/div>\n\t\t\t\t\t<div id=\"elementor-tab-content-25210\" class=\"elementor-tab-content elementor-clearfix\" data-tab=\"10\" role=\"region\" aria-labelledby=\"elementor-tab-title-25210\"><p>Nessuno, ma ti preghiamo di comunicarcelo per iscritto per tenerlo in considerazione. Detto ci\u00f2, se passano pi\u00f9 di <strong>TRE MESI<\/strong> dalla consegna della valutazione e la realizzazione delle pratiche senza avere tue notizie, il tuo corso verr\u00e0 <strong>cancellato<\/strong> per ovvie ragioni.<\/p><p>Capisco che questo tempo sia sufficiente per comunicarci eventuali anomalie.<\/p><\/div>\n\t\t\t\t<\/div>\n\t\t\t\t\t\t\t<div class=\"elementor-accordion-item\">\n\t\t\t\t\t<div id=\"elementor-tab-title-25211\" class=\"elementor-tab-title\" data-tab=\"11\" role=\"button\" aria-controls=\"elementor-tab-content-25211\" aria-expanded=\"false\">\n\t\t\t\t\t\t\t\t\t\t\t\t\t<span class=\"elementor-accordion-icon elementor-accordion-icon-left\" aria-hidden=\"true\">\n\t\t\t\t\t\t\t\t\t\t\t\t\t\t\t<span class=\"elementor-accordion-icon-closed\"><svg class=\"e-font-icon-svg e-fas-plus\" viewBox=\"0 0 448 512\" xmlns=\"http:\/\/www.w3.org\/2000\/svg\"><path d=\"M416 208H272V64c0-17.67-14.33-32-32-32h-32c-17.67 0-32 14.33-32 32v144H32c-17.67 0-32 14.33-32 32v32c0 17.67 14.33 32 32 32h144v144c0 17.67 14.33 32 32 32h32c17.67 0 32-14.33 32-32V304h144c17.67 0 32-14.33 32-32v-32c0-17.67-14.33-32-32-32z\"><\/path><\/svg><\/span>\n\t\t\t\t\t\t\t\t<span class=\"elementor-accordion-icon-opened\"><svg class=\"e-font-icon-svg e-fas-minus\" viewBox=\"0 0 448 512\" xmlns=\"http:\/\/www.w3.org\/2000\/svg\"><path d=\"M416 208H32c-17.67 0-32 14.33-32 32v32c0 17.67 14.33 32 32 32h384c17.67 0 32-14.33 32-32v-32c0-17.67-14.33-32-32-32z\"><\/path><\/svg><\/span>\n\t\t\t\t\t\t\t\t\t\t\t\t\t\t<\/span>\n\t\t\t\t\t\t\t\t\t\t\t\t<a class=\"elementor-accordion-title\" tabindex=\"0\">Bisogna fare questo corso per insegnare all'Instituto Hisp\u00e1nico di Murcia?<\/a>\n\t\t\t\t\t<\/div>\n\t\t\t\t\t<div id=\"elementor-tab-content-25211\" class=\"elementor-tab-content elementor-clearfix\" data-tab=\"11\" role=\"region\" aria-labelledby=\"elementor-tab-title-25211\"><p><strong>Assolutamente no<\/strong>; abbiamo insegnanti in pianta stabile che non hanno fatto questo corso. Detto questo, ti ricordiamo che disponiamo di un <strong>dossier<\/strong> per future assunzioni dove includiamo le persone che hanno completato con successo il corso e con le quali contiamo per ampliare il nostro personale o fare sostituzioni dei nostri insegnanti.<\/p><p>Siamo sempre alla ricerca di persone con <strong>esperienza nel nostro team<\/strong>.<\/p><\/div>\n\t\t\t\t<\/div>\n\t\t\t\t\t\t\t<div class=\"elementor-accordion-item\">\n\t\t\t\t\t<div id=\"elementor-tab-title-25212\" class=\"elementor-tab-title\" data-tab=\"12\" role=\"button\" aria-controls=\"elementor-tab-content-25212\" aria-expanded=\"false\">\n\t\t\t\t\t\t\t\t\t\t\t\t\t<span class=\"elementor-accordion-icon elementor-accordion-icon-left\" aria-hidden=\"true\">\n\t\t\t\t\t\t\t\t\t\t\t\t\t\t\t<span class=\"elementor-accordion-icon-closed\"><svg class=\"e-font-icon-svg e-fas-plus\" viewBox=\"0 0 448 512\" xmlns=\"http:\/\/www.w3.org\/2000\/svg\"><path d=\"M416 208H272V64c0-17.67-14.33-32-32-32h-32c-17.67 0-32 14.33-32 32v144H32c-17.67 0-32 14.33-32 32v32c0 17.67 14.33 32 32 32h144v144c0 17.67 14.33 32 32 32h32c17.67 0 32-14.33 32-32V304h144c17.67 0 32-14.33 32-32v-32c0-17.67-14.33-32-32-32z\"><\/path><\/svg><\/span>\n\t\t\t\t\t\t\t\t<span class=\"elementor-accordion-icon-opened\"><svg class=\"e-font-icon-svg e-fas-minus\" viewBox=\"0 0 448 512\" xmlns=\"http:\/\/www.w3.org\/2000\/svg\"><path d=\"M416 208H32c-17.67 0-32 14.33-32 32v32c0 17.67 14.33 32 32 32h384c17.67 0 32-14.33 32-32v-32c0-17.67-14.33-32-32-32z\"><\/path><\/svg><\/span>\n\t\t\t\t\t\t\t\t\t\t\t\t\t\t<\/span>\n\t\t\t\t\t\t\t\t\t\t\t\t<a class=\"elementor-accordion-title\" tabindex=\"0\">Trover\u00f2 lavoro con questo corso?<\/a>\n\t\t\t\t\t<\/div>\n\t\t\t\t\t<div id=\"elementor-tab-content-25212\" class=\"elementor-tab-content elementor-clearfix\" data-tab=\"12\" role=\"region\" aria-labelledby=\"elementor-tab-title-25212\"><p>Certo che ti aiuter\u00e0, ma non possiamo mentirti dicendo che troverai lavoro subito dopo aver completato il corso. Questo ha un <strong>componente pratico molto importante<\/strong> che ti aiuter\u00e0 nella tua formazione come insegnante e, quindi, nella ricerca di lavoro.<\/p><p>Non ci sono molti corsi sul mercato con un componente pratico cos\u00ec forte come il nostro; considera che avrai lavorato con studenti internazionali di spagnolo e che questo verr\u00e0 molto apprezzato quando cercherai lavoro.<\/p><\/div>\n\t\t\t\t<\/div>\n\t\t\t\t\t\t\t<div class=\"elementor-accordion-item\">\n\t\t\t\t\t<div id=\"elementor-tab-title-25213\" class=\"elementor-tab-title\" data-tab=\"13\" role=\"button\" aria-controls=\"elementor-tab-content-25213\" aria-expanded=\"false\">\n\t\t\t\t\t\t\t\t\t\t\t\t\t<span class=\"elementor-accordion-icon elementor-accordion-icon-left\" aria-hidden=\"true\">\n\t\t\t\t\t\t\t\t\t\t\t\t\t\t\t<span class=\"elementor-accordion-icon-closed\"><svg class=\"e-font-icon-svg e-fas-plus\" viewBox=\"0 0 448 512\" xmlns=\"http:\/\/www.w3.org\/2000\/svg\"><path d=\"M416 208H272V64c0-17.67-14.33-32-32-32h-32c-17.67 0-32 14.33-32 32v144H32c-17.67 0-32 14.33-32 32v32c0 17.67 14.33 32 32 32h144v144c0 17.67 14.33 32 32 32h32c17.67 0 32-14.33 32-32V304h144c17.67 0 32-14.33 32-32v-32c0-17.67-14.33-32-32-32z\"><\/path><\/svg><\/span>\n\t\t\t\t\t\t\t\t<span class=\"elementor-accordion-icon-opened\"><svg class=\"e-font-icon-svg e-fas-minus\" viewBox=\"0 0 448 512\" xmlns=\"http:\/\/www.w3.org\/2000\/svg\"><path d=\"M416 208H32c-17.67 0-32 14.33-32 32v32c0 17.67 14.33 32 32 32h384c17.67 0 32-14.33 32-32v-32c0-17.67-14.33-32-32-32z\"><\/path><\/svg><\/span>\n\t\t\t\t\t\t\t\t\t\t\t\t\t\t<\/span>\n\t\t\t\t\t\t\t\t\t\t\t\t<a class=\"elementor-accordion-title\" tabindex=\"0\">L'attestato che ricever\u00f2 dal Instituto Hisp\u00e1nico de Murcia \u00e8 ufficiale?<\/a>\n\t\t\t\t\t<\/div>\n\t\t\t\t\t<div id=\"elementor-tab-content-25213\" class=\"elementor-tab-content elementor-clearfix\" data-tab=\"13\" role=\"region\" aria-labelledby=\"elementor-tab-title-25213\"><p>L&#8217;Instituto Hisp\u00e1nico de Murcia \u00e8 un&#8217;azienda privata senza alcun legame con l&#8217;insegnamento pubblico, e non essendo un corso organizzato o impartito dall&#8217;Istituto Cervantes, ovviamente non \u00e8 neanche omologato da esso. Quindi, <strong>la risposta \u00e8 no<\/strong>.<\/p><p>Detto ci\u00f2, il nostro titolo ha lo stesso valore di quello di <strong>qualsiasi altra azienda privata<\/strong> a livello nazionale e internazionale e i diplomi e certificati rilasciati nei nostri corsi sono riconosciuti da tutte le istituzioni.<\/p><\/div>\n\t\t\t\t<\/div>\n\t\t\t\t\t\t\t\t\t\t<script type=\"application\/ld+json\">{\"@context\":\"https:\\\/\\\/schema.org\",\"@type\":\"FAQPage\",\"mainEntity\":[{\"@type\":\"Question\",\"name\":\"Quando comincia il corso?\",\"acceptedAnswer\":{\"@type\":\"Answer\",\"text\":\"<p>Il primo luned\\u00ec di ogni mese durante tutto l&#8217;anno.<\\\/p>\"}},{\"@type\":\"Question\",\"name\":\"Posso frequentare questo corso se non sono filologo?\",\"acceptedAnswer\":{\"@type\":\"Answer\",\"text\":\"<p>Naturalmente, anche se molti dei concetti presenti nella parte teorica potrebbero essere sconosciuti e la loro comprensione potrebbe essere difficoltosa. Tuttavia, <strong>\\u00e8 richiesto il possesso di un titolo universitario<\\\/strong> per iscriversi a questo corso.<\\\/p>\"}},{\"@type\":\"Question\",\"name\":\"Di quale materiale disporr\\u00f2?\",\"acceptedAnswer\":{\"@type\":\"Answer\",\"text\":\"<p>Ti invieremo un&#8217;email con il materiale del corso e la valutazione, che dovrai restituirci una volta risposto alle domande. Puoi farlo in un documento Word o in PDF.<\\\/p>\"}},{\"@type\":\"Question\",\"name\":\"Come mi organizzo le ore della parte teorica?\",\"acceptedAnswer\":{\"@type\":\"Answer\",\"text\":\"<p>Come preferisci e come ti \\u00e8 pi\\u00f9 comodo. Ti chiediamo solo di comunicarci per iscritto quanto tempo pensi di avere bisogno per consegnarci l&#8217;elaborato, e ricorda che questa parte la puoi fare a casa o dove ritieni pi\\u00f9 opportuno, e non hai bisogno di una connessione internet per farlo.<\\\/p><p>Non appena ci invii la valutazione, potremo iniziare a valutare la tua disponibilit\\u00e0 e quella dei nostri corsi per concordare una data. Preferiamo che sia il prima possibile dopo aver completato la parte teorica e aver ricevuto la valutazione corretta, senza interruzioni e con l&#8217;impegno serio di rispettare le scadenze stabilite, ma non possiamo stabilire una data fissa fino al momento opportuno.<\\\/p><p>Con &#8220;senza interruzioni&#8221; intendiamo che non ha alcun senso fare, ad esempio, una settimana di pratica, poi alcuni giorni liberi, quindi un&#8217;altra settimana, poi altri giorni separati&#8230;<\\\/p><p>Ricorda, e questo \\u00e8 molto importante, che farai parte di un gruppo di classe ed \\u00e8 illogico e completamente antipedagogico fare le tue pratiche in parti, settimane o giorni separati. Se hai bisogno di completare la tua parte pratica il prima possibile, comunicacelo al momento dell&#8217;iscrizione e lo terremo in considerazione.<\\\/p>\"}},{\"@type\":\"Question\",\"name\":\"Imparer\\u00f2 la grammatica spagnola in questo corso?\",\"acceptedAnswer\":{\"@type\":\"Answer\",\"text\":\"<p>No, si tratta di un corso introduttivo all&#8217;insegnamento dello spagnolo come lingua straniera.<\\\/p><p>Non ti insegniamo la grammatica, <strong>ti insegniamo come insegnarla<\\\/strong> &#8211; anche se sembra un gioco di parole.<\\\/p>\"}},{\"@type\":\"Question\",\"name\":\"Quando far\\u00f2 la parte pratica?\",\"acceptedAnswer\":{\"@type\":\"Answer\",\"text\":\"<p>Non appena ci invii la valutazione, potremo iniziare a valutare la tua disponibilit\\u00e0 e quella dei nostri corsi per concordare una data. Preferiamo che sia il prima possibile dopo aver completato la parte teorica e aver ricevuto la valutazione corretta, senza interruzioni e con l&#8217;impegno serio di rispettare le scadenze stabilite, ma non possiamo stabilire una data fissa fino al momento opportuno.<\\\/p><p>Con &#8220;senza interruzioni&#8221; intendiamo che non ha alcun senso fare, ad esempio, una settimana di pratica, poi alcuni giorni liberi, quindi un&#8217;altra settimana, poi altri giorni separati&#8230;<\\\/p><p>Ricorda, e questo \\u00e8 molto importante, che farai parte di un gruppo di classe ed \\u00e8 illogico e completamente antipedagogico fare le tue pratiche in parti, settimane o giorni separati. Se hai bisogno di completare la tua parte pratica il prima possibile, comunicacelo al momento dell&#8217;iscrizione e lo terremo in considerazione.<\\\/p>\"}},{\"@type\":\"Question\",\"name\":\"Quanto dura questa parte?\",\"acceptedAnswer\":{\"@type\":\"Answer\",\"text\":\"<p>La parte pratica dura <strong>120 ore<\\\/strong>, quindi l&#8217;idea \\u00e8 che ti unisca a uno dei nostri corsi intensivi di lingua spagnola (20 lezioni settimanali, dal luned\\u00ec al venerd\\u00ec dalle 10:00 alle 13:30) in modo da finire in <strong>sei\\u00a0settimane<\\\/strong>.<\\\/p><p>Se la tua disponibilit\\u00e0 non te lo permette, potremo valutare altre possibilit\\u00e0, ma la prima \\u00e8 quella pi\\u00f9 consigliata perch\\u00e9 altrimenti il corso sarebbe troppo prolungato nel tempo. Tieni presente che non sempre abbiamo lezioni nel pomeriggio, ad esempio, durante l&#8217;estate.<\\\/p>\"}},{\"@type\":\"Question\",\"name\":\"Quanto dura questa parte?\",\"acceptedAnswer\":{\"@type\":\"Answer\",\"text\":\"<p>La parte pratica dura <strong>60 ore<\\\/strong>, quindi l&#8217;idea \\u00e8 che ti unisca a uno dei nostri corsi intensivi di lingua spagnola (20 lezioni settimanali, dal luned\\u00ec al venerd\\u00ec dalle 10:00 alle 13:30) in modo da finire in <strong>tre settimane<\\\/strong>.<\\\/p><p>Se la tua disponibilit\\u00e0 non te lo permette, potremo valutare altre possibilit\\u00e0, ma la prima \\u00e8 quella pi\\u00f9 consigliata perch\\u00e9 altrimenti il corso sarebbe troppo prolungato nel tempo. Tieni presente che non sempre abbiamo lezioni nel pomeriggio, ad esempio, durante l&#8217;estate.<\\\/p>\"}},{\"@type\":\"Question\",\"name\":\"La parte pratica si fa di mattina o di pomeriggio?\",\"acceptedAnswer\":{\"@type\":\"Answer\",\"text\":\"<p>Principalmente al mattino, ma anche al pomeriggio \\u00e8 possibile, sebbene non sempre; dipende dalla disponibilit\\u00e0 dei corsi.<\\\/p><p>Come nella risposta precedente, consigliamo sempre il mattino con l&#8217;orario dalle 10:00 alle 13:30 dal luned\\u00ec al venerd\\u00ec, ma potrebbero esserci altre opzioni.<\\\/p>\"}},{\"@type\":\"Question\",\"name\":\"C'\\u00e8 qualche problema se ci metto qualche mese a completare il corso?\",\"acceptedAnswer\":{\"@type\":\"Answer\",\"text\":\"<p>Nessuno, ma ti preghiamo di comunicarcelo per iscritto per tenerlo in considerazione. Detto ci\\u00f2, se passano pi\\u00f9 di <strong>TRE MESI<\\\/strong> dalla consegna della valutazione e la realizzazione delle pratiche senza avere tue notizie, il tuo corso verr\\u00e0 <strong>cancellato<\\\/strong> per ovvie ragioni.<\\\/p><p>Capisco che questo tempo sia sufficiente per comunicarci eventuali anomalie.<\\\/p>\"}},{\"@type\":\"Question\",\"name\":\"Bisogna fare questo corso per insegnare all'Instituto Hisp\\u00e1nico di Murcia?\",\"acceptedAnswer\":{\"@type\":\"Answer\",\"text\":\"<p><strong>Assolutamente no<\\\/strong>; abbiamo insegnanti in pianta stabile che non hanno fatto questo corso. Detto questo, ti ricordiamo che disponiamo di un <strong>dossier<\\\/strong> per future assunzioni dove includiamo le persone che hanno completato con successo il corso e con le quali contiamo per ampliare il nostro personale o fare sostituzioni dei nostri insegnanti.<\\\/p><p>Siamo sempre alla ricerca di persone con <strong>esperienza nel nostro team<\\\/strong>.<\\\/p>\"}},{\"@type\":\"Question\",\"name\":\"Trover\\u00f2 lavoro con questo corso?\",\"acceptedAnswer\":{\"@type\":\"Answer\",\"text\":\"<p>Certo che ti aiuter\\u00e0, ma non possiamo mentirti dicendo che troverai lavoro subito dopo aver completato il corso. Questo ha un <strong>componente pratico molto importante<\\\/strong> che ti aiuter\\u00e0 nella tua formazione come insegnante e, quindi, nella ricerca di lavoro.<\\\/p><p>Non ci sono molti corsi sul mercato con un componente pratico cos\\u00ec forte come il nostro; considera che avrai lavorato con studenti internazionali di spagnolo e che questo verr\\u00e0 molto apprezzato quando cercherai lavoro.<\\\/p>\"}},{\"@type\":\"Question\",\"name\":\"L'attestato che ricever\\u00f2 dal Instituto Hisp\\u00e1nico de Murcia \\u00e8 ufficiale?\",\"acceptedAnswer\":{\"@type\":\"Answer\",\"text\":\"<p>L&#8217;Instituto Hisp\\u00e1nico de Murcia \\u00e8 un&#8217;azienda privata senza alcun legame con l&#8217;insegnamento pubblico, e non essendo un corso organizzato o impartito dall&#8217;Istituto Cervantes, ovviamente non \\u00e8 neanche omologato da esso. Quindi, <strong>la risposta \\u00e8 no<\\\/strong>.<\\\/p><p>Detto ci\\u00f2, il nostro titolo ha lo stesso valore di quello di <strong>qualsiasi altra azienda privata<\\\/strong> a livello nazionale e internazionale e i diplomi e certificati rilasciati nei nostri corsi sono riconosciuti da tutte le istituzioni.<\\\/p>\"}}]}<\/script>\n\t\t\t\t\t<\/div>\n\t\t\t\t\t\t<\/div>\n\t\t\t\t<\/div>\n\t\t\t\t\t<\/div>\n\t\t<\/div>\n\t\t\t\t\t<\/div>\n\t\t<\/section>\n\t\t\t\t<\/div>\n\t\t\n","protected":false},"excerpt":{"rendered":"[elementor-template id=\"52722\"]\n","protected":false},"featured_media":31334,"template":"","meta":{"_acf_changed":false,"inline_featured_image":false,"site-sidebar-layout":"default","site-content-layout":"default","ast-site-content-layout":"default","site-content-style":"default","site-sidebar-style":"default","ast-global-header-display":"","ast-banner-title-visibility":"","ast-main-header-display":"","ast-hfb-above-header-display":"","ast-hfb-below-header-display":"","ast-hfb-mobile-header-display":"","site-post-title":"","ast-breadcrumbs-content":"","ast-featured-img":"","footer-sml-layout":"","ast-disable-related-posts":"","theme-transparent-header-meta":"default","adv-header-id-meta":"","stick-header-meta":"default","header-above-stick-meta":"","header-main-stick-meta":"","header-below-stick-meta":"","astra-migrate-meta-layouts":"set","ast-page-background-enabled":"default","ast-page-background-meta":{"desktop":{"background-color":"var(--ast-global-color-4)","background-image":"","background-repeat":"repeat","background-position":"center center","background-size":"auto","background-attachment":"scroll","background-type":"","background-media":"","overlay-type":"","overlay-color":"","overlay-opacity":"","overlay-gradient":""},"tablet":{"background-color":"","background-image":"","background-repeat":"repeat","background-position":"center center","background-size":"auto","background-attachment":"scroll","background-type":"","background-media":"","overlay-type":"","overlay-color":"","overlay-opacity":"","overlay-gradient":""},"mobile":{"background-color":"","background-image":"","background-repeat":"repeat","background-position":"center center","background-size":"auto","background-attachment":"scroll","background-type":"","background-media":"","overlay-type":"","overlay-color":"","overlay-opacity":"","overlay-gradient":""}},"ast-content-background-meta":{"desktop":{"background-color":"var(--ast-global-color-5)","background-image":"","background-repeat":"repeat","background-position":"center center","background-size":"auto","background-attachment":"scroll","background-type":"","background-media":"","overlay-type":"","overlay-color":"","overlay-opacity":"","overlay-gradient":""},"tablet":{"background-color":"var(--ast-global-color-5)","background-image":"","background-repeat":"repeat","background-position":"center center","background-size":"auto","background-attachment":"scroll","background-type":"","background-media":"","overlay-type":"","overlay-color":"","overlay-opacity":"","overlay-gradient":""},"mobile":{"background-color":"var(--ast-global-color-5)","background-image":"","background-repeat":"repeat","background-position":"center center","background-size":"auto","background-attachment":"scroll","background-type":"","background-media":"","overlay-type":"","overlay-color":"","overlay-opacity":"","overlay-gradient":""}}},"product_brand":[],"product_cat":[200,610],"product_tag":[],"class_list":{"0":"post-31275","1":"product","2":"type-product","3":"status-publish","4":"has-post-thumbnail","6":"product_cat-corsi-lingue-professionisti","7":"product_cat-general-it","8":"desktop-align-left","9":"tablet-align-left","10":"mobile-align-left","11":"ast-product-gallery-layout-horizontal-slider","12":"ast-product-gallery-with-no-image","13":"ast-product-single-variable","14":"ast-product-tabs-layout-horizontal","16":"first","17":"instock","18":"sale","19":"sold-individually","20":"taxable","21":"shipping-taxable","22":"purchasable","23":"product-type-variable","24":"has-default-attributes"},"acf":[],"_links":{"self":[{"href":"https:\/\/ihdemu.com\/it\/wp-json\/wp\/v2\/product\/31275","targetHints":{"allow":["GET"]}}],"collection":[{"href":"https:\/\/ihdemu.com\/it\/wp-json\/wp\/v2\/product"}],"about":[{"href":"https:\/\/ihdemu.com\/it\/wp-json\/wp\/v2\/types\/product"}],"wp:featuredmedia":[{"embeddable":true,"href":"https:\/\/ihdemu.com\/it\/wp-json\/wp\/v2\/media\/31334"}],"wp:attachment":[{"href":"https:\/\/ihdemu.com\/it\/wp-json\/wp\/v2\/media?parent=31275"}],"wp:term":[{"taxonomy":"product_brand","embeddable":true,"href":"https:\/\/ihdemu.com\/it\/wp-json\/wp\/v2\/product_brand?post=31275"},{"taxonomy":"product_cat","embeddable":true,"href":"https:\/\/ihdemu.com\/it\/wp-json\/wp\/v2\/product_cat?post=31275"},{"taxonomy":"product_tag","embeddable":true,"href":"https:\/\/ihdemu.com\/it\/wp-json\/wp\/v2\/product_tag?post=31275"}],"curies":[{"name":"wp","href":"https:\/\/api.w.org\/{rel}","templated":true}]}}