{"id":31276,"date":"2023-01-30T19:14:15","date_gmt":"2023-01-30T18:14:15","guid":{"rendered":"https:\/\/ihdemu.com\/?post_type=product&#038;p=31276"},"modified":"2024-08-13T15:22:44","modified_gmt":"2024-08-13T13:22:44","slug":"trening-nauczycieli-ele","status":"publish","type":"product","link":"https:\/\/ihdemu.com\/pl\/trening-nauczycieli-ele\/","title":{"rendered":"Trening dla nauczycieli kursu hiszpa\u0144skiego ELE"},"content":{"rendered":"\t\t<div data-elementor-type=\"page\" data-elementor-id=\"52830\" class=\"elementor elementor-52830 elementor-51342\" data-elementor-post-type=\"elementor_library\">\n\t\t\t\t\t\t<section class=\"elementor-section elementor-top-section elementor-element elementor-element-5e1f640 elementor-section-boxed elementor-section-height-default elementor-section-height-default\" data-id=\"5e1f640\" data-element_type=\"section\" data-e-type=\"section\">\n\t\t\t\t\t\t<div class=\"elementor-container elementor-column-gap-default\">\n\t\t\t\t\t<div class=\"elementor-column elementor-col-100 elementor-top-column elementor-element elementor-element-8d7f67e\" data-id=\"8d7f67e\" data-element_type=\"column\" data-e-type=\"column\">\n\t\t\t<div class=\"elementor-widget-wrap elementor-element-populated\">\n\t\t\t\t\t\t<div class=\"elementor-element elementor-element-b75fa49 elementor-widget elementor-widget-text-editor\" data-id=\"b75fa49\" data-element_type=\"widget\" data-e-type=\"widget\" data-widget_type=\"text-editor.default\">\n\t\t\t\t<div class=\"elementor-widget-container\">\n\t\t\t\t\t\t\t\t\t<p>Ten <strong>155-godzinny<\/strong> kurs zosta\u0142 opracowany przez Jos\u00e9 Luisa Vega, profesora j\u0119zyka hiszpa\u0144skiego dla obcokrajowc\u00f3w na Universidad de Salamanca.<\/p><p>Sk\u0142ada si\u0119 z <strong>35 godzin teorii i 120 godzin praktyki<\/strong> z prawdziwymi uczniami\u00a0 Hiszpa\u0144skiego, kt\u00f3re obejmuj\u0105 obserwacj\u0119 pod opiek\u0105 i nadzorem osobistego nauczyciela\/korepetytora. Teoretyczne 35 godzin kursu mo\u017cesz odby\u0107 we w\u0142asnym domu i roz\u0142o\u017cy\u0107 je w dowolny spos\u00f3b.<\/p><p>Istnieje wiele kurs\u00f3w dla nauczycieli j\u0119zyka hiszpa\u0144skiego ELE, ale \u201e<em>niewiele z nich ma tak wa\u017cny i u\u017cyteczny element praktyczny jak ten\u2026\u201d.<\/em><\/p><p>To to, co m\u00f3wi\u0105 <b>263 studenci<\/b>, kt\u00f3rzy wzi\u0119li udzia\u0142 w tym kursie do tej pory, jak Susana G. P., kt\u00f3ra powiedzia\u0142a:<\/p>\t\t\t\t\t\t\t\t<\/div>\n\t\t\t\t<\/div>\n\t\t\t\t\t<\/div>\n\t\t<\/div>\n\t\t\t\t\t<\/div>\n\t\t<\/section>\n\t\t\t\t<section class=\"elementor-section elementor-top-section elementor-element elementor-element-8cd448b elementor-section-content-middle elementor-hidden-mobile elementor-section-boxed elementor-section-height-default elementor-section-height-default\" data-id=\"8cd448b\" data-element_type=\"section\" data-e-type=\"section\">\n\t\t\t\t\t\t<div class=\"elementor-container elementor-column-gap-no\">\n\t\t\t\t\t<div class=\"elementor-column elementor-col-100 elementor-top-column elementor-element elementor-element-112db02\" data-id=\"112db02\" data-element_type=\"column\" data-e-type=\"column\">\n\t\t\t<div class=\"elementor-widget-wrap elementor-element-populated\">\n\t\t\t\t\t\t<section class=\"elementor-section elementor-inner-section elementor-element elementor-element-e9d1d2e elementor-section-boxed elementor-section-height-default elementor-section-height-default\" data-id=\"e9d1d2e\" data-element_type=\"section\" data-e-type=\"section\">\n\t\t\t\t\t\t<div class=\"elementor-container elementor-column-gap-default\">\n\t\t\t\t\t<div class=\"elementor-column elementor-col-100 elementor-inner-column elementor-element elementor-element-8dbdcae\" data-id=\"8dbdcae\" data-element_type=\"column\" data-e-type=\"column\">\n\t\t\t<div class=\"elementor-widget-wrap elementor-element-populated\">\n\t\t\t\t\t\t<div class=\"elementor-element elementor-element-46a5a64 elementor-widget elementor-widget-testimonial\" data-id=\"46a5a64\" data-element_type=\"widget\" data-e-type=\"widget\" data-widget_type=\"testimonial.default\">\n\t\t\t\t<div class=\"elementor-widget-container\">\n\t\t\t\t\t\t\t<div class=\"elementor-testimonial-wrapper\">\n\t\t\t\t\t\t\t<div class=\"elementor-testimonial-content\">\"To by\u0142o bardzo pozytywne do\u015bwiadczenie i jestem zachwycona, \u017ce \u200b\u200bwzi\u0119\u0142am udzia\u0142 w kursie. Obserwowanie przebiegu lekcji i mo\u017cliwo\u015b\u0107 samodzielnego prowadzenia zaj\u0119\u0107 po ich zako\u0144czeniu to \u015bwietna okazja. Dzi\u0119kuj\u0119\"<\/div>\n\t\t\t\n\t\t\t\t\t\t<div class=\"elementor-testimonial-meta elementor-has-image elementor-testimonial-image-position-aside\">\n\t\t\t\t<div class=\"elementor-testimonial-meta-inner\">\n\t\t\t\t\t\t\t\t\t\t\t<div class=\"elementor-testimonial-image\">\n\t\t\t\t\t\t\t<img fetchpriority=\"high\" decoding=\"async\" width=\"295\" height=\"288\" src=\"https:\/\/ihdemu.com\/wp-content\/uploads\/2023\/03\/Susana-Gallego-Pelegrin.jpg\" class=\"attachment-full size-full wp-image-51556\" alt=\"Esperienza professori ELE\" srcset=\"https:\/\/ihdemu.com\/wp-content\/uploads\/2023\/03\/Susana-Gallego-Pelegrin.jpg 295w, https:\/\/ihdemu.com\/wp-content\/uploads\/2023\/03\/Susana-Gallego-Pelegrin-50x50.jpg 50w\" sizes=\"(max-width: 295px) 100vw, 295px\" \/>\t\t\t\t\t\t<\/div>\n\t\t\t\t\t\n\t\t\t\t\t\t\t\t\t\t<div class=\"elementor-testimonial-details\">\n\t\t\t\t\t\t\t\t\t\t\t\t\t\t<div class=\"elementor-testimonial-name\">Susana G.<\/div>\n\t\t\t\t\t\t\t\t\t\t\t\t\t\t\t\t\t\t\t\t\t\t<div class=\"elementor-testimonial-job\">(Hiszpania)<\/div>\n\t\t\t\t\t\t\t\t\t\t\t\t\t<\/div>\n\t\t\t\t\t\t\t\t\t<\/div>\n\t\t\t<\/div>\n\t\t\t\t\t<\/div>\n\t\t\t\t\t\t<\/div>\n\t\t\t\t<\/div>\n\t\t\t\t\t<\/div>\n\t\t<\/div>\n\t\t\t\t\t<\/div>\n\t\t<\/section>\n\t\t\t\t\t<\/div>\n\t\t<\/div>\n\t\t\t\t\t<\/div>\n\t\t<\/section>\n\t\t\t\t<section class=\"elementor-section elementor-top-section elementor-element elementor-element-b9cf44f elementor-section-boxed elementor-section-height-default elementor-section-height-default\" data-id=\"b9cf44f\" data-element_type=\"section\" data-e-type=\"section\">\n\t\t\t\t\t\t<div class=\"elementor-container elementor-column-gap-default\">\n\t\t\t\t\t<div class=\"elementor-column elementor-col-100 elementor-top-column elementor-element elementor-element-3487727\" data-id=\"3487727\" data-element_type=\"column\" data-e-type=\"column\">\n\t\t\t<div class=\"elementor-widget-wrap elementor-element-populated\">\n\t\t\t\t\t\t<div class=\"elementor-element elementor-element-d6b1644 elementor-widget elementor-widget-heading\" data-id=\"d6b1644\" data-element_type=\"widget\" data-e-type=\"widget\" data-widget_type=\"heading.default\">\n\t\t\t\t<div class=\"elementor-widget-container\">\n\t\t\t\t\t<h2 class=\"elementor-heading-title elementor-size-default\">Jakie cele ma ten kurs?<\/h2>\t\t\t\t<\/div>\n\t\t\t\t<\/div>\n\t\t\t\t<div class=\"elementor-element elementor-element-2ab9424 elementor-widget elementor-widget-text-editor\" data-id=\"2ab9424\" data-element_type=\"widget\" data-e-type=\"widget\" data-widget_type=\"text-editor.default\">\n\t\t\t\t<div class=\"elementor-widget-container\">\n\t\t\t\t\t\t\t\t\t<p>Kurs ma na celu <strong>przedstawienie i aktualizacj\u0119 metodologii,<\/strong> teorii i praktyki nauczania j\u0119zyka hiszpa\u0144skiego jako j\u0119zyka obcego.<\/p><p>Zamierzamy zaoferowa\u0107 Ci mo\u017cliwo\u015b\u0107 rzucenia okiem na wiele aspekt\u00f3w pedagogiki j\u0119zyka hiszpa\u0144skiego jako j\u0119zyka obcego z nadziej\u0105 na otwarcie nowych horyzont\u00f3w i wzbudzenie zainteresowania r\u00f3\u017cnymi aspektami, zawsze z\u0142o\u017conymi, procesu nauczania i uczenia si\u0119.<\/p>\t\t\t\t\t\t\t\t<\/div>\n\t\t\t\t<\/div>\n\t\t\t\t\t<\/div>\n\t\t<\/div>\n\t\t\t\t\t<\/div>\n\t\t<\/section>\n\t\t\t\t<section class=\"elementor-section elementor-top-section elementor-element elementor-element-4025a76 elementor-section-boxed elementor-section-height-default elementor-section-height-default\" data-id=\"4025a76\" data-element_type=\"section\" data-e-type=\"section\">\n\t\t\t\t\t\t<div class=\"elementor-container elementor-column-gap-default\">\n\t\t\t\t\t<div class=\"elementor-column elementor-col-100 elementor-top-column elementor-element elementor-element-eb9a6ea\" data-id=\"eb9a6ea\" data-element_type=\"column\" data-e-type=\"column\">\n\t\t\t<div class=\"elementor-widget-wrap elementor-element-populated\">\n\t\t\t\t\t\t<div class=\"elementor-element elementor-element-196a4d9 elementor-invisible elementor-widget elementor-widget-image\" data-id=\"196a4d9\" data-element_type=\"widget\" data-e-type=\"widget\" data-settings=\"{&quot;_animation&quot;:&quot;bounceIn&quot;}\" data-widget_type=\"image.default\">\n\t\t\t\t<div class=\"elementor-widget-container\">\n\t\t\t\t\t\t\t\t\t\t\t\t\t\t\t\t<a href=\"https:\/\/ihdemu.com\/wp-content\/uploads\/2023\/01\/Universidades-practicas-ELE.jpg\" data-elementor-open-lightbox=\"yes\" data-elementor-lightbox-title=\"Universidades pr\u00e1cticas ELE\" data-elementor-lightbox-description=\"Universidades pr\u00e1cticas ELE\" data-e-action-hash=\"#elementor-action%3Aaction%3Dlightbox%26settings%3DeyJpZCI6MzEzNjcsInVybCI6Imh0dHBzOlwvXC9paGRlbXUuY29tXC93cC1jb250ZW50XC91cGxvYWRzXC8yMDIzXC8wMVwvVW5pdmVyc2lkYWRlcy1wcmFjdGljYXMtRUxFLmpwZyJ9\">\n\t\t\t\t\t\t\t<img decoding=\"async\" width=\"1100\" height=\"618\" src=\"https:\/\/ihdemu.com\/wp-content\/uploads\/2023\/01\/Universidades-practicas-ELE.jpg\" class=\"attachment-full size-full wp-image-31367\" alt=\"Universidades pr\u00e1cticas ELE\" srcset=\"https:\/\/ihdemu.com\/wp-content\/uploads\/2023\/01\/Universidades-practicas-ELE.jpg 1100w, https:\/\/ihdemu.com\/wp-content\/uploads\/2023\/01\/Universidades-practicas-ELE-300x169.jpg 300w, https:\/\/ihdemu.com\/wp-content\/uploads\/2023\/01\/Universidades-practicas-ELE-1024x575.jpg 1024w, https:\/\/ihdemu.com\/wp-content\/uploads\/2023\/01\/Universidades-practicas-ELE-768x431.jpg 768w, https:\/\/ihdemu.com\/wp-content\/uploads\/2023\/01\/Universidades-practicas-ELE-600x337.jpg 600w\" sizes=\"(max-width: 1100px) 100vw, 1100px\" \/>\t\t\t\t\t\t\t\t<\/a>\n\t\t\t\t\t\t\t\t\t\t\t\t\t\t\t<\/div>\n\t\t\t\t<\/div>\n\t\t\t\t<div class=\"elementor-element elementor-element-cc39606 elementor-widget elementor-widget-heading\" data-id=\"cc39606\" data-element_type=\"widget\" data-e-type=\"widget\" data-widget_type=\"heading.default\">\n\t\t\t\t<div class=\"elementor-widget-container\">\n\t\t\t\t\t<h2 class=\"elementor-heading-title elementor-size-default\">Czym ten kurs r\u00f3\u017cni si\u0119 od innych organizowanych przez inne o\u015brodki szkoleniowe?<\/h2>\t\t\t\t<\/div>\n\t\t\t\t<\/div>\n\t\t\t\t<div class=\"elementor-element elementor-element-552e7c1 elementor-widget elementor-widget-text-editor\" data-id=\"552e7c1\" data-element_type=\"widget\" data-e-type=\"widget\" data-widget_type=\"text-editor.default\">\n\t\t\t\t<div class=\"elementor-widget-container\">\n\t\t\t\t\t\t\t\t\t<p>Najwa\u017cniejsze? Pod tym wzgl\u0119dem ten kurs jest <strong>wybitnie praktyczny<\/strong>. Ten komponent jest \u015bci\u015ble monitorowany przez nauczyciela z naszego zespo\u0142u, wi\u0119c uwaga jest spersonalizowana.<\/p><p>Ponadto:<\/p><ul><li>Praktyki odbywaj\u0105 si\u0119 w ma\u0142ych grupach ze studentami zagranicznymi.<\/li><li>Koszt jest znacznie ni\u017cszy ni\u017c kt\u00f3rykolwiek z nich.<\/li><li>B\u0119dziesz mia\u0142 okazj\u0119 pozna\u0107 innych do\u015bwiadczonych nauczycieli ELE, odpowiedzie\u0107 na pytania oraz podzieli\u0107 si\u0119 do\u015bwiadczeniami i anegdotami.<\/li><li>I pami\u0119taj, \u017ce mamy umowy edukacyjne z presti\u017cowymi uniwersytetami, kt\u00f3re zobaczysz poni\u017cej, aby studenci ich studi\u00f3w magisterskich ELE mogli odby\u0107 odpowiednie sta\u017ce w naszej szkole.<\/li><\/ul>\t\t\t\t\t\t\t\t<\/div>\n\t\t\t\t<\/div>\n\t\t\t\t\t<\/div>\n\t\t<\/div>\n\t\t\t\t\t<\/div>\n\t\t<\/section>\n\t\t\t\t<section class=\"elementor-section elementor-top-section elementor-element elementor-element-70e964a elementor-section-boxed elementor-section-height-default elementor-section-height-default\" data-id=\"70e964a\" data-element_type=\"section\" data-e-type=\"section\">\n\t\t\t\t\t\t<div class=\"elementor-container elementor-column-gap-default\">\n\t\t\t\t\t<div class=\"elementor-column elementor-col-100 elementor-top-column elementor-element elementor-element-39bb45e\" data-id=\"39bb45e\" data-element_type=\"column\" data-e-type=\"column\">\n\t\t\t<div class=\"elementor-widget-wrap elementor-element-populated\">\n\t\t\t\t\t\t<div class=\"elementor-element elementor-element-ab6af7c elementor-widget elementor-widget-heading\" data-id=\"ab6af7c\" data-element_type=\"widget\" data-e-type=\"widget\" data-widget_type=\"heading.default\">\n\t\t\t\t<div class=\"elementor-widget-container\">\n\t\t\t\t\t<h2 class=\"elementor-heading-title elementor-size-default\">Kierunek i realizacja<\/h2>\t\t\t\t<\/div>\n\t\t\t\t<\/div>\n\t\t\t\t<div class=\"elementor-element elementor-element-0940713 elementor-widget elementor-widget-text-editor\" data-id=\"0940713\" data-element_type=\"widget\" data-e-type=\"widget\" data-widget_type=\"text-editor.default\">\n\t\t\t\t<div class=\"elementor-widget-container\">\n\t\t\t\t\t\t\t\t\t<p>Dr. Jos\u00e9 Luis Vega, Profesor kurs\u00f3w mi\u0119dzynarodowych na Universidad de Salamanca.<\/p>\t\t\t\t\t\t\t\t<\/div>\n\t\t\t\t<\/div>\n\t\t\t\t\t<\/div>\n\t\t<\/div>\n\t\t\t\t\t<\/div>\n\t\t<\/section>\n\t\t\t\t<section class=\"elementor-section elementor-top-section elementor-element elementor-element-c98e0d0 elementor-section-boxed elementor-section-height-default elementor-section-height-default\" data-id=\"c98e0d0\" data-element_type=\"section\" data-e-type=\"section\">\n\t\t\t\t\t\t<div class=\"elementor-container elementor-column-gap-default\">\n\t\t\t\t\t<div class=\"elementor-column elementor-col-100 elementor-top-column elementor-element elementor-element-ffa56be\" data-id=\"ffa56be\" data-element_type=\"column\" data-e-type=\"column\">\n\t\t\t<div class=\"elementor-widget-wrap elementor-element-populated\">\n\t\t\t\t\t\t<div class=\"elementor-element elementor-element-4e2ca8f elementor-widget elementor-widget-heading\" data-id=\"4e2ca8f\" data-element_type=\"widget\" data-e-type=\"widget\" data-widget_type=\"heading.default\">\n\t\t\t\t<div class=\"elementor-widget-container\">\n\t\t\t\t\t<h2 class=\"elementor-heading-title elementor-size-default\">Kwota i p\u0142atno\u015b\u0107<\/h2>\t\t\t\t<\/div>\n\t\t\t\t<\/div>\n\t\t\t\t<div class=\"elementor-element elementor-element-d1b164c elementor-widget elementor-widget-text-editor\" data-id=\"d1b164c\" data-element_type=\"widget\" data-e-type=\"widget\" data-widget_type=\"text-editor.default\">\n\t\t\t\t<div class=\"elementor-widget-container\">\n\t\t\t\t\t\t\t\t\t<p><strong>575 \u20ac, plus op\u0142ata rejestracyjna w wysoko\u015bci 39 \u20ac<\/strong>. Koszty przesy\u0142ki materia\u0142\u00f3w poczt\u0105 nie s\u0105 uwzgl\u0119dnione, je\u015bli jest to wymagane, oraz nie akceptujemy p\u0142atno\u015bci odroczonej. P\u0142atno\u015b\u0107 mo\u017cna dokona\u0107 w naszym biurze, kart\u0105 kredytow\u0105 za pomoc\u0105 bezpiecznej p\u0142atno\u015bci na naszej stronie internetowej lub przelewem bankowym na:<\/p><ul><li>Bank: SABADELL<\/li><li>Adres: Calle Salzillo, 7, Murcia 30001 (Hiszpania)<\/li><li>Nazwa: Instituto Hisp\u00e1nico de Murcia S.L.<\/li><li>IBAN: ES63 0081-1162-37-0001121814<\/li><li>BIC: BSAB ESBB<\/li><li>Tytu\u0142: CURSO ELE<\/li><\/ul>\t\t\t\t\t\t\t\t<\/div>\n\t\t\t\t<\/div>\n\t\t\t\t\t<\/div>\n\t\t<\/div>\n\t\t\t\t\t<\/div>\n\t\t<\/section>\n\t\t\t\t<section class=\"elementor-section elementor-top-section elementor-element elementor-element-afc1503 elementor-section-boxed elementor-section-height-default elementor-section-height-default\" data-id=\"afc1503\" data-element_type=\"section\" data-e-type=\"section\">\n\t\t\t\t\t\t<div class=\"elementor-container elementor-column-gap-default\">\n\t\t\t\t\t<div class=\"elementor-column elementor-col-100 elementor-top-column elementor-element elementor-element-3a50623\" data-id=\"3a50623\" data-element_type=\"column\" data-e-type=\"column\">\n\t\t\t<div class=\"elementor-widget-wrap elementor-element-populated\">\n\t\t\t\t\t\t<div class=\"elementor-element elementor-element-7641788 elementor-invisible elementor-widget elementor-widget-image\" data-id=\"7641788\" data-element_type=\"widget\" data-e-type=\"widget\" data-settings=\"{&quot;_animation&quot;:&quot;fadeInLeft&quot;}\" data-widget_type=\"image.default\">\n\t\t\t\t<div class=\"elementor-widget-container\">\n\t\t\t\t\t\t\t\t\t\t\t\t\t\t\t\t<a href=\"https:\/\/ihdemu.com\/wp-content\/uploads\/2023\/03\/Profesores-practicas-curso-ELE.jpg\" data-elementor-open-lightbox=\"yes\" data-elementor-lightbox-title=\"Profesores pr\u00e1cticas curso ELE\" data-elementor-lightbox-description=\"Profesores pr\u00e1cticas curso ELE\" data-e-action-hash=\"#elementor-action%3Aaction%3Dlightbox%26settings%3DeyJpZCI6NTEzNjgsInVybCI6Imh0dHBzOlwvXC9paGRlbXUuY29tXC93cC1jb250ZW50XC91cGxvYWRzXC8yMDIzXC8wM1wvUHJvZmVzb3Jlcy1wcmFjdGljYXMtY3Vyc28tRUxFLmpwZyJ9\">\n\t\t\t\t\t\t\t<img decoding=\"async\" width=\"1200\" height=\"300\" src=\"https:\/\/ihdemu.com\/wp-content\/uploads\/2023\/03\/Profesores-practicas-curso-ELE.jpg\" class=\"attachment-full size-full wp-image-51368\" alt=\"Profesores pr\u00e1cticas curso ELE\" srcset=\"https:\/\/ihdemu.com\/wp-content\/uploads\/2023\/03\/Profesores-practicas-curso-ELE.jpg 1200w, https:\/\/ihdemu.com\/wp-content\/uploads\/2023\/03\/Profesores-practicas-curso-ELE-300x75.jpg 300w, https:\/\/ihdemu.com\/wp-content\/uploads\/2023\/03\/Profesores-practicas-curso-ELE-1024x256.jpg 1024w, https:\/\/ihdemu.com\/wp-content\/uploads\/2023\/03\/Profesores-practicas-curso-ELE-768x192.jpg 768w, https:\/\/ihdemu.com\/wp-content\/uploads\/2023\/03\/Profesores-practicas-curso-ELE-600x150.jpg 600w\" sizes=\"(max-width: 1200px) 100vw, 1200px\" \/>\t\t\t\t\t\t\t\t<\/a>\n\t\t\t\t\t\t\t\t\t\t\t\t\t\t\t<\/div>\n\t\t\t\t<\/div>\n\t\t\t\t\t<\/div>\n\t\t<\/div>\n\t\t\t\t\t<\/div>\n\t\t<\/section>\n\t\t\t\t<section class=\"elementor-section elementor-top-section elementor-element elementor-element-e42a631 elementor-section-boxed elementor-section-height-default elementor-section-height-default elementor-invisible\" data-id=\"e42a631\" data-element_type=\"section\" data-e-type=\"section\" data-settings=\"{&quot;animation&quot;:&quot;slideInUp&quot;}\">\n\t\t\t\t\t\t<div class=\"elementor-container elementor-column-gap-default\">\n\t\t\t\t\t<div class=\"elementor-column elementor-col-100 elementor-top-column elementor-element elementor-element-5c086f5\" data-id=\"5c086f5\" data-element_type=\"column\" data-e-type=\"column\">\n\t\t\t<div class=\"elementor-widget-wrap elementor-element-populated\">\n\t\t\t\t\t\t<div class=\"elementor-element elementor-element-2aaa272 elementor-widget elementor-widget-heading\" data-id=\"2aaa272\" data-element_type=\"widget\" data-e-type=\"widget\" data-widget_type=\"heading.default\">\n\t\t\t\t<div class=\"elementor-widget-container\">\n\t\t\t\t\t<h2 class=\"elementor-heading-title elementor-size-default\">Jaka jest zawarto\u015b\u0107?<\/h2>\t\t\t\t<\/div>\n\t\t\t\t<\/div>\n\t\t\t\t<div class=\"elementor-element elementor-element-b0488b8 elementor-widget elementor-widget-text-editor\" data-id=\"b0488b8\" data-element_type=\"widget\" data-e-type=\"widget\" data-widget_type=\"text-editor.default\">\n\t\t\t\t<div class=\"elementor-widget-container\">\n\t\t\t\t\t\t\t\t\t<p>Kurs dla nauczycieli j\u0119zyka hiszpa\u0144skiego jako obcego obejmie tematy takie jak planowanie lekcji, nauczanie gramatyki, nauczanie wymowy, nauczanie rozumienia ze s\u0142uchu i nauczanie rozumienia czytanego tekstu.<\/p><p>B\u0119d\u0105 r\u00f3wnie\u017c omawiane tematy zwi\u0105zane z <strong>ocenianiem, wykorzystaniem materia\u0142\u00f3w dydaktycznych i nauczaniem kultury hiszpa\u0144skiej.<\/strong> Podsumowuj\u0105c:<\/p><p>Og\u00f3lne informacje na temat nauczania hiszpa\u0144skiego jako j\u0119zyka obcego.<\/p><ul><li>Informacje na temat europejskiego ramowego opisu kwalifikacji.<\/li><li>D.E.L.E. (dyplom z j\u0119zyka hiszpa\u0144skiego jako obcego).<\/li><li>Podej\u015bcia wykorzystywane w nauczaniu hiszpa\u0144skiego jako j\u0119zyka obcego na podstawie r\u00f3\u017cnych teorii j\u0119zykowych.<\/li><li>Poj\u0119cie kompetencji.<\/li><li>R\u00f3\u017cne umiej\u0119tno\u015bci wykorzystywane na lekcjach hiszpa\u0144skiego.<\/li><li>Znaczenie sk\u0142adnika kulturowego.<\/li><li>Wykorzystanie r\u00f3\u017cnych materia\u0142\u00f3w: wideo, kasety, gazety itp.<\/li><li>Ocenianie i komentarze na ten temat.<\/li><li>\u0106wiczenia praktyczne z do\u015bwiadczonymi nauczycielami.<\/li><\/ul>\t\t\t\t\t\t\t\t<\/div>\n\t\t\t\t<\/div>\n\t\t\t\t\t<\/div>\n\t\t<\/div>\n\t\t\t\t\t<\/div>\n\t\t<\/section>\n\t\t\t\t<section class=\"elementor-section elementor-top-section elementor-element elementor-element-0b7db75 elementor-section-boxed elementor-section-height-default elementor-section-height-default elementor-invisible\" data-id=\"0b7db75\" data-element_type=\"section\" data-e-type=\"section\" data-settings=\"{&quot;animation&quot;:&quot;slideInUp&quot;}\">\n\t\t\t\t\t\t<div class=\"elementor-container elementor-column-gap-default\">\n\t\t\t\t\t<div class=\"elementor-column elementor-col-100 elementor-top-column elementor-element elementor-element-e0f3113\" data-id=\"e0f3113\" data-element_type=\"column\" data-e-type=\"column\">\n\t\t\t<div class=\"elementor-widget-wrap elementor-element-populated\">\n\t\t\t\t\t\t<div class=\"elementor-element elementor-element-cf784e4 elementor-widget elementor-widget-heading\" data-id=\"cf784e4\" data-element_type=\"widget\" data-e-type=\"widget\" data-widget_type=\"heading.default\">\n\t\t\t\t<div class=\"elementor-widget-container\">\n\t\t\t\t\t<h2 class=\"elementor-heading-title elementor-size-default\">Dla kogo jest?<\/h2>\t\t\t\t<\/div>\n\t\t\t\t<\/div>\n\t\t\t\t<div class=\"elementor-element elementor-element-74d7d2b elementor-widget elementor-widget-text-editor\" data-id=\"74d7d2b\" data-element_type=\"widget\" data-e-type=\"widget\" data-widget_type=\"text-editor.default\">\n\t\t\t\t<div class=\"elementor-widget-container\">\n\t\t\t\t\t\t\t\t\t<p>Kurs przeznaczony jest <strong>dla absolwent\u00f3w hiszpa\u0144skich,<\/strong> <strong>student\u00f3w r\u00f3\u017cnych filologii<\/strong> &#8211; cho\u0107 jest otwarty dla student\u00f3w innych zawod\u00f3w &#8211; zar\u00f3wno krajowych, jak i zagranicznych, nawet z <strong>niewielkim lub \u017cadnym do\u015bwiadczeniem w tej dziedzinie<\/strong>. Pami\u0119taj, \u017ce jest to <strong>kurs wprowadzaj\u0105cy w \u015bwiat nauczania hiszpa\u0144skiego dla obcokrajowc\u00f3w.<\/strong><\/p><p>W przypadku student\u00f3w zagranicznych musz\u0105 wykaza\u0107 si\u0119 znajomo\u015bci\u0105 j\u0119zyka hiszpa\u0144skiego na poziomie C1 wed\u0142ug ESKOJ.<\/p>\t\t\t\t\t\t\t\t<\/div>\n\t\t\t\t<\/div>\n\t\t\t\t\t<\/div>\n\t\t<\/div>\n\t\t\t\t\t<\/div>\n\t\t<\/section>\n\t\t\t\t<section class=\"elementor-section elementor-top-section elementor-element elementor-element-ec11608 elementor-section-boxed elementor-section-height-default elementor-section-height-default elementor-invisible\" data-id=\"ec11608\" data-element_type=\"section\" data-e-type=\"section\" data-settings=\"{&quot;animation&quot;:&quot;slideInUp&quot;}\">\n\t\t\t\t\t\t<div class=\"elementor-container elementor-column-gap-default\">\n\t\t\t\t\t<div class=\"elementor-column elementor-col-100 elementor-top-column elementor-element elementor-element-8ae858e\" data-id=\"8ae858e\" data-element_type=\"column\" data-e-type=\"column\">\n\t\t\t<div class=\"elementor-widget-wrap elementor-element-populated\">\n\t\t\t\t\t\t<div class=\"elementor-element elementor-element-dd73457 elementor-widget elementor-widget-heading\" data-id=\"dd73457\" data-element_type=\"widget\" data-e-type=\"widget\" data-widget_type=\"heading.default\">\n\t\t\t\t<div class=\"elementor-widget-container\">\n\t\t\t\t\t<h2 class=\"elementor-heading-title elementor-size-default\">Jakie korzy\u015bci zyskasz?<\/h2>\t\t\t\t<\/div>\n\t\t\t\t<\/div>\n\t\t\t\t<div class=\"elementor-element elementor-element-e5c6b56 elementor-widget elementor-widget-text-editor\" data-id=\"e5c6b56\" data-element_type=\"widget\" data-e-type=\"widget\" data-widget_type=\"text-editor.default\">\n\t\t\t\t<div class=\"elementor-widget-container\">\n\t\t\t\t\t\t\t\t\t<p>Uko\u0144czenie kursu dla nauczycieli ELE pozwoli lepiej zrozumie\u0107 zasady i praktyki nauczania hiszpa\u0144skiego jako j\u0119zyka obcego. B\u0119dziesz mia\u0142 r\u00f3wnie\u017c okazj\u0119 <strong>pozna\u0107 innych do\u015bwiadczonych nauczycieli ELE,<\/strong> odpowiedzie\u0107 na pytania oraz podzieli\u0107 si\u0119 do\u015bwiadczeniami i anegdotami.<\/p><p>Oczywi\u015bcie b\u0119dziesz mie\u0107 <strong>za\u015bwiadczenie o obecno\u015bci i osi\u0105gni\u0119ciach<\/strong>, a tak\u017ce wejdziesz do banku pracy, aby by\u0107 cz\u0119\u015bci\u0105 zespo\u0142u dydaktycznego Instituto Hisp\u00e1nico de Murcia w przypadku obsadzenia wakat\u00f3w lub rozszerzenia personelu, z umow\u0105 na czas nieokre\u015blony, 14 roczne p\u0142atno\u015bci i urlopy.<\/p>\t\t\t\t\t\t\t\t<\/div>\n\t\t\t\t<\/div>\n\t\t\t\t\t<\/div>\n\t\t<\/div>\n\t\t\t\t\t<\/div>\n\t\t<\/section>\n\t\t\t\t<section class=\"elementor-section elementor-top-section elementor-element elementor-element-2c08c82 elementor-section-boxed elementor-section-height-default elementor-section-height-default\" data-id=\"2c08c82\" data-element_type=\"section\" data-e-type=\"section\">\n\t\t\t\t\t\t<div class=\"elementor-container elementor-column-gap-default\">\n\t\t\t\t\t<div class=\"elementor-column elementor-col-50 elementor-top-column elementor-element elementor-element-14b5552\" data-id=\"14b5552\" data-element_type=\"column\" data-e-type=\"column\">\n\t\t\t<div class=\"elementor-widget-wrap elementor-element-populated\">\n\t\t\t\t\t\t<div class=\"elementor-element elementor-element-58bd86c elementor-widget elementor-widget-image\" data-id=\"58bd86c\" data-element_type=\"widget\" data-e-type=\"widget\" data-widget_type=\"image.default\">\n\t\t\t\t<div class=\"elementor-widget-container\">\n\t\t\t\t\t\t\t\t\t\t\t\t\t\t\t<img loading=\"lazy\" decoding=\"async\" width=\"1024\" height=\"683\" src=\"https:\/\/ihdemu.com\/wp-content\/uploads\/2023\/03\/Curso-Profesores-ELE-en-Murcia-1-1-1-1024x683.jpg\" class=\"attachment-large size-large wp-image-52870\" alt=\"\" srcset=\"https:\/\/ihdemu.com\/wp-content\/uploads\/2023\/03\/Curso-Profesores-ELE-en-Murcia-1-1-1-1024x683.jpg 1024w, https:\/\/ihdemu.com\/wp-content\/uploads\/2023\/03\/Curso-Profesores-ELE-en-Murcia-1-1-1-300x200.jpg 300w, https:\/\/ihdemu.com\/wp-content\/uploads\/2023\/03\/Curso-Profesores-ELE-en-Murcia-1-1-1-768x513.jpg 768w, https:\/\/ihdemu.com\/wp-content\/uploads\/2023\/03\/Curso-Profesores-ELE-en-Murcia-1-1-1-600x400.jpg 600w, https:\/\/ihdemu.com\/wp-content\/uploads\/2023\/03\/Curso-Profesores-ELE-en-Murcia-1-1-1.jpg 1500w\" sizes=\"(max-width: 1024px) 100vw, 1024px\" \/>\t\t\t\t\t\t\t\t\t\t\t\t\t\t\t<\/div>\n\t\t\t\t<\/div>\n\t\t\t\t\t<\/div>\n\t\t<\/div>\n\t\t\t\t<div class=\"elementor-column elementor-col-50 elementor-top-column elementor-element elementor-element-5ab4762\" data-id=\"5ab4762\" data-element_type=\"column\" data-e-type=\"column\">\n\t\t\t<div class=\"elementor-widget-wrap elementor-element-populated\">\n\t\t\t\t\t\t<div class=\"elementor-element elementor-element-5e9a04b elementor-widget elementor-widget-heading\" data-id=\"5e9a04b\" data-element_type=\"widget\" data-e-type=\"widget\" data-widget_type=\"heading.default\">\n\t\t\t\t<div class=\"elementor-widget-container\">\n\t\t\t\t\t<h2 class=\"elementor-heading-title elementor-size-default\">Akredytacja<\/h2>\t\t\t\t<\/div>\n\t\t\t\t<\/div>\n\t\t\t\t<div class=\"elementor-element elementor-element-d45d63a elementor-widget elementor-widget-text-editor\" data-id=\"d45d63a\" data-element_type=\"widget\" data-e-type=\"widget\" data-widget_type=\"text-editor.default\">\n\t\t\t\t<div class=\"elementor-widget-container\">\n\t\t\t\t\t\t\t\t\t<p>Je\u015bli po ocenie kursu zosta\u0142e\u015b zakwalifikowany, otrzymasz certyfikat uczestnictwa wystawiony przez Instituto Hisp\u00e1nico de Murcia. Ta aktywno\u015b\u0107 nie jest oficjalnym stopniem, wi\u0119c nie da ci punkt\u00f3w.<\/p><p>W ka\u017cdym razie dyplomy i certyfikaty wydawane na naszych kursach s\u0105 uznawane przez wszelkiego rodzaju instytucje krajowe i mi\u0119dzynarodowe.<\/p>\t\t\t\t\t\t\t\t<\/div>\n\t\t\t\t<\/div>\n\t\t\t\t<div class=\"elementor-element elementor-element-468a7b9 elementor-widget elementor-widget-heading\" data-id=\"468a7b9\" data-element_type=\"widget\" data-e-type=\"widget\" data-widget_type=\"heading.default\">\n\t\t\t\t<div class=\"elementor-widget-container\">\n\t\t\t\t\t<h2 class=\"elementor-heading-title elementor-size-default\">Czas trwania<\/h2>\t\t\t\t<\/div>\n\t\t\t\t<\/div>\n\t\t\t\t<div class=\"elementor-element elementor-element-b54d444 elementor-widget elementor-widget-text-editor\" data-id=\"b54d444\" data-element_type=\"widget\" data-e-type=\"widget\" data-widget_type=\"text-editor.default\">\n\t\t\t\t<div class=\"elementor-widget-container\">\n\t\t\t\t\t\t\t\t\t<p>Sk\u0142ada si\u0119 z 95-godzinnego kursu: <strong>35 godzin teoretycznych<\/strong>, kt\u00f3re student rozdziela wed\u0142ug w\u0142asnego uznania, poniewa\u017c jest to komponent wirtualny, oraz <strong>120 godzin bezpo\u015brednich i praktycznych;<\/strong> ich harmonogram musi by\u0107 uzgodniony z osob\u0105 odpowiedzialn\u0105 za kurs w Instituto Hisp\u00e1nico de Murcia.<\/p>\t\t\t\t\t\t\t\t<\/div>\n\t\t\t\t<\/div>\n\t\t\t\t\t<\/div>\n\t\t<\/div>\n\t\t\t\t\t<\/div>\n\t\t<\/section>\n\t\t\t\t<section class=\"elementor-section elementor-top-section elementor-element elementor-element-a38beac elementor-section-boxed elementor-section-height-default elementor-section-height-default elementor-invisible\" data-id=\"a38beac\" data-element_type=\"section\" data-e-type=\"section\" data-settings=\"{&quot;animation&quot;:&quot;slideInUp&quot;}\">\n\t\t\t\t\t\t<div class=\"elementor-container elementor-column-gap-default\">\n\t\t\t\t\t<div class=\"elementor-column elementor-col-100 elementor-top-column elementor-element elementor-element-8ab7a44\" data-id=\"8ab7a44\" data-element_type=\"column\" data-e-type=\"column\">\n\t\t\t<div class=\"elementor-widget-wrap elementor-element-populated\">\n\t\t\t\t\t\t<div class=\"elementor-element elementor-element-388cf08 elementor-widget elementor-widget-heading\" data-id=\"388cf08\" data-element_type=\"widget\" data-e-type=\"widget\" data-widget_type=\"heading.default\">\n\t\t\t\t<div class=\"elementor-widget-container\">\n\t\t\t\t\t<h2 class=\"elementor-heading-title elementor-size-default\">Organizacja<\/h2>\t\t\t\t<\/div>\n\t\t\t\t<\/div>\n\t\t\t\t<div class=\"elementor-element elementor-element-4dba6c5 elementor-widget elementor-widget-text-editor\" data-id=\"4dba6c5\" data-element_type=\"widget\" data-e-type=\"widget\" data-widget_type=\"text-editor.default\">\n\t\t\t\t<div class=\"elementor-widget-container\">\n\t\t\t\t\t\t\t\t\t<p>Instituto Hisp\u00e1nico de Murcia i Instituto Hisp\u00e1nico de Salamanca.<\/p>\t\t\t\t\t\t\t\t<\/div>\n\t\t\t\t<\/div>\n\t\t\t\t<div class=\"elementor-element elementor-element-abcd310 elementor-widget elementor-widget-heading\" data-id=\"abcd310\" data-element_type=\"widget\" data-e-type=\"widget\" data-widget_type=\"heading.default\">\n\t\t\t\t<div class=\"elementor-widget-container\">\n\t\t\t\t\t<h2 class=\"elementor-heading-title elementor-size-default\">Rejestracja i informacje<\/h2>\t\t\t\t<\/div>\n\t\t\t\t<\/div>\n\t\t\t\t<div class=\"elementor-element elementor-element-9679796 elementor-widget elementor-widget-text-editor\" data-id=\"9679796\" data-element_type=\"widget\" data-e-type=\"widget\" data-widget_type=\"text-editor.default\">\n\t\t\t\t<div class=\"elementor-widget-container\">\n\t\t\t\t\t\t\t\t\t<p>Skontaktuj si\u0119 z nami w naszym biurze od 9:00 do 14:00 lub od 17:00 do 20:30 pod adresem:<\/p><ul><li>INSTITUTO HISP\u00c1NICO DE MURCIA\u00a0<\/li><li>C\/ Enrique Villar, 13, 1\u00ba (zaraz obok Teatro Circo).\u00a0<\/li><li>30008 \u2013 Murcia.\u00a0<\/li><li>Tel: 968 900 325 lub info @ ihmurcia.es<\/li><\/ul>\t\t\t\t\t\t\t\t<\/div>\n\t\t\t\t<\/div>\n\t\t\t\t\t<\/div>\n\t\t<\/div>\n\t\t\t\t\t<\/div>\n\t\t<\/section>\n\t\t\t\t<section class=\"elementor-section elementor-top-section elementor-element elementor-element-3f4ce14 elementor-section-boxed elementor-section-height-default elementor-section-height-default elementor-invisible\" data-id=\"3f4ce14\" data-element_type=\"section\" data-e-type=\"section\" data-settings=\"{&quot;animation&quot;:&quot;slideInUp&quot;}\">\n\t\t\t\t\t\t<div class=\"elementor-container elementor-column-gap-default\">\n\t\t\t\t\t<div class=\"elementor-column elementor-col-100 elementor-top-column elementor-element elementor-element-761d5af\" data-id=\"761d5af\" data-element_type=\"column\" data-e-type=\"column\">\n\t\t\t<div class=\"elementor-widget-wrap elementor-element-populated\">\n\t\t\t\t\t\t<div class=\"elementor-element elementor-element-71052c7 elementor-widget elementor-widget-heading\" data-id=\"71052c7\" data-element_type=\"widget\" data-e-type=\"widget\" data-widget_type=\"heading.default\">\n\t\t\t\t<div class=\"elementor-widget-container\">\n\t\t\t\t\t<h2 class=\"elementor-heading-title elementor-size-default\">Stypendia<\/h2>\t\t\t\t<\/div>\n\t\t\t\t<\/div>\n\t\t\t\t<div class=\"elementor-element elementor-element-bd57b97 elementor-widget elementor-widget-text-editor\" data-id=\"bd57b97\" data-element_type=\"widget\" data-e-type=\"widget\" data-widget_type=\"text-editor.default\">\n\t\t\t\t<div class=\"elementor-widget-container\">\n\t\t\t\t\t\t\t\t\t<p>Stypendia przyznano 10 pierwszym rejestracjom. Do tej pory ponad 200 student\u00f3w wzi\u0119\u0142o udzia\u0142 w kursie, z doskona\u0142ymi wynikami w nauce i ocen\u0105 <strong>wszystkich uczestnik\u00f3w bez wyj\u0105tku.<\/strong><\/p>\t\t\t\t\t\t\t\t<\/div>\n\t\t\t\t<\/div>\n\t\t\t\t\t<\/div>\n\t\t<\/div>\n\t\t\t\t\t<\/div>\n\t\t<\/section>\n\t\t\t\t<section class=\"elementor-section elementor-top-section elementor-element elementor-element-9c6a7de elementor-section-boxed elementor-section-height-default elementor-section-height-default elementor-invisible\" data-id=\"9c6a7de\" data-element_type=\"section\" data-e-type=\"section\" data-settings=\"{&quot;animation&quot;:&quot;slideInUp&quot;}\">\n\t\t\t\t\t\t<div class=\"elementor-container elementor-column-gap-default\">\n\t\t\t\t\t<div class=\"elementor-column elementor-col-100 elementor-top-column elementor-element elementor-element-f996adf\" data-id=\"f996adf\" data-element_type=\"column\" data-e-type=\"column\">\n\t\t\t<div class=\"elementor-widget-wrap elementor-element-populated\">\n\t\t\t\t\t\t<div class=\"elementor-element elementor-element-1d321d9 elementor-widget elementor-widget-heading\" data-id=\"1d321d9\" data-element_type=\"widget\" data-e-type=\"widget\" data-widget_type=\"heading.default\">\n\t\t\t\t<div class=\"elementor-widget-container\">\n\t\t\t\t\t<h2 class=\"elementor-heading-title elementor-size-default\">Anulowanie<\/h2>\t\t\t\t<\/div>\n\t\t\t\t<\/div>\n\t\t\t\t<div class=\"elementor-element elementor-element-e002983 elementor-widget elementor-widget-text-editor\" data-id=\"e002983\" data-element_type=\"widget\" data-e-type=\"widget\" data-widget_type=\"text-editor.default\">\n\t\t\t\t<div class=\"elementor-widget-container\">\n\t\t\t\t\t\t\t\t\t<p>W przypadku anulowania rejestracji przez uczestnika, wp\u0142acona kwota <strong>nie podlega zwrotowi.<\/strong><\/p>\t\t\t\t\t\t\t\t<\/div>\n\t\t\t\t<\/div>\n\t\t\t\t\t<\/div>\n\t\t<\/div>\n\t\t\t\t\t<\/div>\n\t\t<\/section>\n\t\t\t\t<section class=\"elementor-section elementor-top-section elementor-element elementor-element-af39174 elementor-section-boxed elementor-section-height-default elementor-section-height-default elementor-invisible\" data-id=\"af39174\" data-element_type=\"section\" data-e-type=\"section\" data-settings=\"{&quot;animation&quot;:&quot;slideInUp&quot;}\">\n\t\t\t\t\t\t<div class=\"elementor-container elementor-column-gap-default\">\n\t\t\t\t\t<div class=\"elementor-column elementor-col-100 elementor-top-column elementor-element elementor-element-2ca466f\" data-id=\"2ca466f\" data-element_type=\"column\" data-e-type=\"column\">\n\t\t\t<div class=\"elementor-widget-wrap elementor-element-populated\">\n\t\t\t\t\t\t<div class=\"elementor-element elementor-element-9b30063 elementor-widget elementor-widget-heading\" data-id=\"9b30063\" data-element_type=\"widget\" data-e-type=\"widget\" data-widget_type=\"heading.default\">\n\t\t\t\t<div class=\"elementor-widget-container\">\n\t\t\t\t\t<h2 class=\"elementor-heading-title elementor-size-default\">Chc\u0119 pozna\u0107 moich nauczycieli!<\/h2>\t\t\t\t<\/div>\n\t\t\t\t<\/div>\n\t\t\t\t<div class=\"elementor-element elementor-element-9c09925 elementor-widget elementor-widget-text-editor\" data-id=\"9c09925\" data-element_type=\"widget\" data-e-type=\"widget\" data-widget_type=\"text-editor.default\">\n\t\t\t\t<div class=\"elementor-widget-container\">\n\t\t\t\t\t\t\t\t\t<p>Dobrze, oto oni:<\/p>\t\t\t\t\t\t\t\t<\/div>\n\t\t\t\t<\/div>\n\t\t\t\t\t<\/div>\n\t\t<\/div>\n\t\t\t\t\t<\/div>\n\t\t<\/section>\n\t\t\t\t<section class=\"elementor-section elementor-top-section elementor-element elementor-element-9bfd14a elementor-section-boxed elementor-section-height-default elementor-section-height-default\" data-id=\"9bfd14a\" data-element_type=\"section\" data-e-type=\"section\">\n\t\t\t\t\t\t<div class=\"elementor-container elementor-column-gap-default\">\n\t\t\t\t\t<div class=\"elementor-column elementor-col-33 elementor-top-column elementor-element elementor-element-434e803\" data-id=\"434e803\" data-element_type=\"column\" data-e-type=\"column\">\n\t\t\t<div class=\"elementor-widget-wrap elementor-element-populated\">\n\t\t\t\t\t\t<div class=\"elementor-element elementor-element-c86ba2b elementor-widget elementor-widget-video\" data-id=\"c86ba2b\" data-element_type=\"widget\" data-e-type=\"widget\" data-settings=\"{&quot;youtube_url&quot;:&quot;https:\\\/\\\/youtu.be\\\/cKMNKXXyh7M&quot;,&quot;video_type&quot;:&quot;youtube&quot;,&quot;controls&quot;:&quot;yes&quot;}\" data-widget_type=\"video.default\">\n\t\t\t\t<div class=\"elementor-widget-container\">\n\t\t\t\t\t\t\t<div class=\"elementor-wrapper elementor-open-inline\">\n\t\t\t<div class=\"elementor-video\"><\/div>\t\t<\/div>\n\t\t\t\t\t\t<\/div>\n\t\t\t\t<\/div>\n\t\t\t\t\t<\/div>\n\t\t<\/div>\n\t\t\t\t<div class=\"elementor-column elementor-col-33 elementor-top-column elementor-element elementor-element-e79539b\" data-id=\"e79539b\" data-element_type=\"column\" data-e-type=\"column\">\n\t\t\t<div class=\"elementor-widget-wrap elementor-element-populated\">\n\t\t\t\t\t\t<div class=\"elementor-element elementor-element-82a7ba6 elementor-widget elementor-widget-video\" data-id=\"82a7ba6\" data-element_type=\"widget\" data-e-type=\"widget\" data-settings=\"{&quot;youtube_url&quot;:&quot;https:\\\/\\\/youtu.be\\\/fKggwezBfrU&quot;,&quot;video_type&quot;:&quot;youtube&quot;,&quot;controls&quot;:&quot;yes&quot;}\" data-widget_type=\"video.default\">\n\t\t\t\t<div class=\"elementor-widget-container\">\n\t\t\t\t\t\t\t<div class=\"elementor-wrapper elementor-open-inline\">\n\t\t\t<div class=\"elementor-video\"><\/div>\t\t<\/div>\n\t\t\t\t\t\t<\/div>\n\t\t\t\t<\/div>\n\t\t\t\t\t<\/div>\n\t\t<\/div>\n\t\t\t\t<div class=\"elementor-column elementor-col-33 elementor-top-column elementor-element elementor-element-d175346\" data-id=\"d175346\" data-element_type=\"column\" data-e-type=\"column\">\n\t\t\t<div class=\"elementor-widget-wrap elementor-element-populated\">\n\t\t\t\t\t\t<div class=\"elementor-element elementor-element-d481320 elementor-widget elementor-widget-video\" data-id=\"d481320\" data-element_type=\"widget\" data-e-type=\"widget\" data-settings=\"{&quot;youtube_url&quot;:&quot;https:\\\/\\\/youtu.be\\\/2eqmxSaJ-uA&quot;,&quot;video_type&quot;:&quot;youtube&quot;,&quot;controls&quot;:&quot;yes&quot;}\" data-widget_type=\"video.default\">\n\t\t\t\t<div class=\"elementor-widget-container\">\n\t\t\t\t\t\t\t<div class=\"elementor-wrapper elementor-open-inline\">\n\t\t\t<div class=\"elementor-video\"><\/div>\t\t<\/div>\n\t\t\t\t\t\t<\/div>\n\t\t\t\t<\/div>\n\t\t\t\t\t<\/div>\n\t\t<\/div>\n\t\t\t\t\t<\/div>\n\t\t<\/section>\n\t\t\t\t<section class=\"elementor-section elementor-top-section elementor-element elementor-element-86d08e9 elementor-section-boxed elementor-section-height-default elementor-section-height-default\" data-id=\"86d08e9\" data-element_type=\"section\" data-e-type=\"section\">\n\t\t\t\t\t\t<div class=\"elementor-container elementor-column-gap-default\">\n\t\t\t\t\t<div class=\"elementor-column elementor-col-100 elementor-top-column elementor-element elementor-element-41d1b56\" data-id=\"41d1b56\" data-element_type=\"column\" data-e-type=\"column\">\n\t\t\t<div class=\"elementor-widget-wrap elementor-element-populated\">\n\t\t\t\t\t\t<div class=\"elementor-element elementor-element-7cac357 elementor-widget elementor-widget-heading\" data-id=\"7cac357\" data-element_type=\"widget\" data-e-type=\"widget\" data-widget_type=\"heading.default\">\n\t\t\t\t<div class=\"elementor-widget-container\">\n\t\t\t\t\t<h2 class=\"elementor-heading-title elementor-size-default\">Najcz\u0119\u015bciej zadawane pytania dotycz\u0105ce kursu dla nauczycieli ELE<\/h2>\t\t\t\t<\/div>\n\t\t\t\t<\/div>\n\t\t\t\t<div class=\"elementor-element elementor-element-181ac64 elementor-widget elementor-widget-accordion\" data-id=\"181ac64\" data-element_type=\"widget\" data-e-type=\"widget\" data-widget_type=\"accordion.default\">\n\t\t\t\t<div class=\"elementor-widget-container\">\n\t\t\t\t\t\t\t<div class=\"elementor-accordion\">\n\t\t\t\t\t\t\t<div class=\"elementor-accordion-item\">\n\t\t\t\t\t<div id=\"elementor-tab-title-2521\" class=\"elementor-tab-title\" data-tab=\"1\" role=\"button\" aria-controls=\"elementor-tab-content-2521\" aria-expanded=\"false\">\n\t\t\t\t\t\t\t\t\t\t\t\t\t<span class=\"elementor-accordion-icon elementor-accordion-icon-left\" aria-hidden=\"true\">\n\t\t\t\t\t\t\t\t\t\t\t\t\t\t\t<span class=\"elementor-accordion-icon-closed\"><svg class=\"e-font-icon-svg e-fas-plus\" viewBox=\"0 0 448 512\" xmlns=\"http:\/\/www.w3.org\/2000\/svg\"><path d=\"M416 208H272V64c0-17.67-14.33-32-32-32h-32c-17.67 0-32 14.33-32 32v144H32c-17.67 0-32 14.33-32 32v32c0 17.67 14.33 32 32 32h144v144c0 17.67 14.33 32 32 32h32c17.67 0 32-14.33 32-32V304h144c17.67 0 32-14.33 32-32v-32c0-17.67-14.33-32-32-32z\"><\/path><\/svg><\/span>\n\t\t\t\t\t\t\t\t<span class=\"elementor-accordion-icon-opened\"><svg class=\"e-font-icon-svg e-fas-minus\" viewBox=\"0 0 448 512\" xmlns=\"http:\/\/www.w3.org\/2000\/svg\"><path d=\"M416 208H32c-17.67 0-32 14.33-32 32v32c0 17.67 14.33 32 32 32h384c17.67 0 32-14.33 32-32v-32c0-17.67-14.33-32-32-32z\"><\/path><\/svg><\/span>\n\t\t\t\t\t\t\t\t\t\t\t\t\t\t<\/span>\n\t\t\t\t\t\t\t\t\t\t\t\t<a class=\"elementor-accordion-title\" tabindex=\"0\">Kiedy zaczyna si\u0119 kurs?<\/a>\n\t\t\t\t\t<\/div>\n\t\t\t\t\t<div id=\"elementor-tab-content-2521\" class=\"elementor-tab-content elementor-clearfix\" data-tab=\"1\" role=\"region\" aria-labelledby=\"elementor-tab-title-2521\">Pierwszy poniedzia\u0142ek ka\u017cdego miesi\u0105ca przez ca\u0142y rok.<\/div>\n\t\t\t\t<\/div>\n\t\t\t\t\t\t\t<div class=\"elementor-accordion-item\">\n\t\t\t\t\t<div id=\"elementor-tab-title-2522\" class=\"elementor-tab-title\" data-tab=\"2\" role=\"button\" aria-controls=\"elementor-tab-content-2522\" aria-expanded=\"false\">\n\t\t\t\t\t\t\t\t\t\t\t\t\t<span class=\"elementor-accordion-icon elementor-accordion-icon-left\" aria-hidden=\"true\">\n\t\t\t\t\t\t\t\t\t\t\t\t\t\t\t<span class=\"elementor-accordion-icon-closed\"><svg class=\"e-font-icon-svg e-fas-plus\" viewBox=\"0 0 448 512\" xmlns=\"http:\/\/www.w3.org\/2000\/svg\"><path d=\"M416 208H272V64c0-17.67-14.33-32-32-32h-32c-17.67 0-32 14.33-32 32v144H32c-17.67 0-32 14.33-32 32v32c0 17.67 14.33 32 32 32h144v144c0 17.67 14.33 32 32 32h32c17.67 0 32-14.33 32-32V304h144c17.67 0 32-14.33 32-32v-32c0-17.67-14.33-32-32-32z\"><\/path><\/svg><\/span>\n\t\t\t\t\t\t\t\t<span class=\"elementor-accordion-icon-opened\"><svg class=\"e-font-icon-svg e-fas-minus\" viewBox=\"0 0 448 512\" xmlns=\"http:\/\/www.w3.org\/2000\/svg\"><path d=\"M416 208H32c-17.67 0-32 14.33-32 32v32c0 17.67 14.33 32 32 32h384c17.67 0 32-14.33 32-32v-32c0-17.67-14.33-32-32-32z\"><\/path><\/svg><\/span>\n\t\t\t\t\t\t\t\t\t\t\t\t\t\t<\/span>\n\t\t\t\t\t\t\t\t\t\t\t\t<a class=\"elementor-accordion-title\" tabindex=\"0\">Czy mog\u0119 odby\u0107 kurs nie b\u0119d\u0105c filologiem?<\/a>\n\t\t\t\t\t<\/div>\n\t\t\t\t\t<div id=\"elementor-tab-content-2522\" class=\"elementor-tab-content elementor-clearfix\" data-tab=\"2\" role=\"region\" aria-labelledby=\"elementor-tab-title-2522\"><p>Oczywi\u015bcie, cho\u0107 wiele poj\u0119\u0107 pojawiaj\u0105cych si\u0119 w cz\u0119\u015bci teoretycznej mo\u017ce by\u0107 nieznanych i trudnych do zrozumienia. Jednak studia<strong> s\u0105 wymagane<\/strong> do zapisania si\u0119 na ten kurs.<\/p><\/div>\n\t\t\t\t<\/div>\n\t\t\t\t\t\t\t<div class=\"elementor-accordion-item\">\n\t\t\t\t\t<div id=\"elementor-tab-title-2523\" class=\"elementor-tab-title\" data-tab=\"3\" role=\"button\" aria-controls=\"elementor-tab-content-2523\" aria-expanded=\"false\">\n\t\t\t\t\t\t\t\t\t\t\t\t\t<span class=\"elementor-accordion-icon elementor-accordion-icon-left\" aria-hidden=\"true\">\n\t\t\t\t\t\t\t\t\t\t\t\t\t\t\t<span class=\"elementor-accordion-icon-closed\"><svg class=\"e-font-icon-svg e-fas-plus\" viewBox=\"0 0 448 512\" xmlns=\"http:\/\/www.w3.org\/2000\/svg\"><path d=\"M416 208H272V64c0-17.67-14.33-32-32-32h-32c-17.67 0-32 14.33-32 32v144H32c-17.67 0-32 14.33-32 32v32c0 17.67 14.33 32 32 32h144v144c0 17.67 14.33 32 32 32h32c17.67 0 32-14.33 32-32V304h144c17.67 0 32-14.33 32-32v-32c0-17.67-14.33-32-32-32z\"><\/path><\/svg><\/span>\n\t\t\t\t\t\t\t\t<span class=\"elementor-accordion-icon-opened\"><svg class=\"e-font-icon-svg e-fas-minus\" viewBox=\"0 0 448 512\" xmlns=\"http:\/\/www.w3.org\/2000\/svg\"><path d=\"M416 208H32c-17.67 0-32 14.33-32 32v32c0 17.67 14.33 32 32 32h384c17.67 0 32-14.33 32-32v-32c0-17.67-14.33-32-32-32z\"><\/path><\/svg><\/span>\n\t\t\t\t\t\t\t\t\t\t\t\t\t\t<\/span>\n\t\t\t\t\t\t\t\t\t\t\t\t<a class=\"elementor-accordion-title\" tabindex=\"0\">Jak d\u0142uga jest ta cz\u0119\u015b\u0107?<\/a>\n\t\t\t\t\t<\/div>\n\t\t\t\t\t<div id=\"elementor-tab-content-2523\" class=\"elementor-tab-content elementor-clearfix\" data-tab=\"3\" role=\"region\" aria-labelledby=\"elementor-tab-title-2523\"><p>Cz\u0119\u015b\u0107 praktyczna obejmuje <strong>120 godzin,<\/strong> wi\u0119c je\u015bli zapiszesz si\u0119 na jeden z naszych intensywnych kurs\u00f3w j\u0119zyka hiszpa\u0144skiego (20 lekcji tygodniowo, od poniedzia\u0142ku do pi\u0105tku w godzinach 10:00-13:30), sko\u0144czysz<strong> za sze<\/strong><span class=\"Y2IQFc\" lang=\"pl\"><strong>\u015b\u0107 tygodni<\/strong>.<\/span><\/p><p>Je\u015bli Twoja dyspozycyjno\u015b\u0107 na to nie pozwala, mo\u017cemy wynegocjowa\u0107 inne mo\u017cliwo\u015bci, ale pierwsza jest najbardziej zalecana, poniewa\u017c w przeciwnym razie Tw\u00f3j kurs trwa\u0142by zbyt d\u0142ugo. Pami\u0119taj, \u017ce nie zawsze mamy zaj\u0119cia po po\u0142udniu, na przyk\u0142ad latem.<\/p><\/div>\n\t\t\t\t<\/div>\n\t\t\t\t\t\t\t<div class=\"elementor-accordion-item\">\n\t\t\t\t\t<div id=\"elementor-tab-title-2524\" class=\"elementor-tab-title\" data-tab=\"4\" role=\"button\" aria-controls=\"elementor-tab-content-2524\" aria-expanded=\"false\">\n\t\t\t\t\t\t\t\t\t\t\t\t\t<span class=\"elementor-accordion-icon elementor-accordion-icon-left\" aria-hidden=\"true\">\n\t\t\t\t\t\t\t\t\t\t\t\t\t\t\t<span class=\"elementor-accordion-icon-closed\"><svg class=\"e-font-icon-svg e-fas-plus\" viewBox=\"0 0 448 512\" xmlns=\"http:\/\/www.w3.org\/2000\/svg\"><path d=\"M416 208H272V64c0-17.67-14.33-32-32-32h-32c-17.67 0-32 14.33-32 32v144H32c-17.67 0-32 14.33-32 32v32c0 17.67 14.33 32 32 32h144v144c0 17.67 14.33 32 32 32h32c17.67 0 32-14.33 32-32V304h144c17.67 0 32-14.33 32-32v-32c0-17.67-14.33-32-32-32z\"><\/path><\/svg><\/span>\n\t\t\t\t\t\t\t\t<span class=\"elementor-accordion-icon-opened\"><svg class=\"e-font-icon-svg e-fas-minus\" viewBox=\"0 0 448 512\" xmlns=\"http:\/\/www.w3.org\/2000\/svg\"><path d=\"M416 208H32c-17.67 0-32 14.33-32 32v32c0 17.67 14.33 32 32 32h384c17.67 0 32-14.33 32-32v-32c0-17.67-14.33-32-32-32z\"><\/path><\/svg><\/span>\n\t\t\t\t\t\t\t\t\t\t\t\t\t\t<\/span>\n\t\t\t\t\t\t\t\t\t\t\t\t<a class=\"elementor-accordion-title\" tabindex=\"0\">Jakie materia\u0142y b\u0119d\u0119 mie\u0107?<\/a>\n\t\t\t\t\t<\/div>\n\t\t\t\t\t<div id=\"elementor-tab-content-2524\" class=\"elementor-tab-content elementor-clearfix\" data-tab=\"4\" role=\"region\" aria-labelledby=\"elementor-tab-title-2524\"><p>Wy\u015blemy Ci wiadomo\u015b\u0107 e-mail z materia\u0142ami szkoleniowymi i ocen\u0105, kt\u00f3r\u0105 b\u0119dziesz musia\u0142 odes\u0142a\u0107 po udzieleniu odpowiedzi na pytania. Mo\u017cesz to zrobi\u0107 w dokumencie Word lub w pdf.<\/p><\/div>\n\t\t\t\t<\/div>\n\t\t\t\t\t\t\t<div class=\"elementor-accordion-item\">\n\t\t\t\t\t<div id=\"elementor-tab-title-2525\" class=\"elementor-tab-title\" data-tab=\"5\" role=\"button\" aria-controls=\"elementor-tab-content-2525\" aria-expanded=\"false\">\n\t\t\t\t\t\t\t\t\t\t\t\t\t<span class=\"elementor-accordion-icon elementor-accordion-icon-left\" aria-hidden=\"true\">\n\t\t\t\t\t\t\t\t\t\t\t\t\t\t\t<span class=\"elementor-accordion-icon-closed\"><svg class=\"e-font-icon-svg e-fas-plus\" viewBox=\"0 0 448 512\" xmlns=\"http:\/\/www.w3.org\/2000\/svg\"><path d=\"M416 208H272V64c0-17.67-14.33-32-32-32h-32c-17.67 0-32 14.33-32 32v144H32c-17.67 0-32 14.33-32 32v32c0 17.67 14.33 32 32 32h144v144c0 17.67 14.33 32 32 32h32c17.67 0 32-14.33 32-32V304h144c17.67 0 32-14.33 32-32v-32c0-17.67-14.33-32-32-32z\"><\/path><\/svg><\/span>\n\t\t\t\t\t\t\t\t<span class=\"elementor-accordion-icon-opened\"><svg class=\"e-font-icon-svg e-fas-minus\" viewBox=\"0 0 448 512\" xmlns=\"http:\/\/www.w3.org\/2000\/svg\"><path d=\"M416 208H32c-17.67 0-32 14.33-32 32v32c0 17.67 14.33 32 32 32h384c17.67 0 32-14.33 32-32v-32c0-17.67-14.33-32-32-32z\"><\/path><\/svg><\/span>\n\t\t\t\t\t\t\t\t\t\t\t\t\t\t<\/span>\n\t\t\t\t\t\t\t\t\t\t\t\t<a class=\"elementor-accordion-title\" tabindex=\"0\">Jak roz\u0142o\u017cy\u0107 godziny cz\u0119\u015bci teoretycznej?<\/a>\n\t\t\t\t\t<\/div>\n\t\t\t\t\t<div id=\"elementor-tab-content-2525\" class=\"elementor-tab-content elementor-clearfix\" data-tab=\"5\" role=\"region\" aria-labelledby=\"elementor-tab-title-2525\"><p>Jak chcesz i wedle uznania. Prosimy tylko o poinformowanie nas na pi\u015bmie, ile czasu Twoim zdaniem b\u0119dziesz potrzebowa\u0107 na przedstawienie nam oceny, i nie zapominaj, \u017ce mo\u017cesz to zrobi\u0107 w domu lub w dowolnym miejscu, kt\u00f3re uznasz za dogodne i nie potrzebujesz internetu dla tego.<\/p><\/div>\n\t\t\t\t<\/div>\n\t\t\t\t\t\t\t<div class=\"elementor-accordion-item\">\n\t\t\t\t\t<div id=\"elementor-tab-title-2526\" class=\"elementor-tab-title\" data-tab=\"6\" role=\"button\" aria-controls=\"elementor-tab-content-2526\" aria-expanded=\"false\">\n\t\t\t\t\t\t\t\t\t\t\t\t\t<span class=\"elementor-accordion-icon elementor-accordion-icon-left\" aria-hidden=\"true\">\n\t\t\t\t\t\t\t\t\t\t\t\t\t\t\t<span class=\"elementor-accordion-icon-closed\"><svg class=\"e-font-icon-svg e-fas-plus\" viewBox=\"0 0 448 512\" xmlns=\"http:\/\/www.w3.org\/2000\/svg\"><path d=\"M416 208H272V64c0-17.67-14.33-32-32-32h-32c-17.67 0-32 14.33-32 32v144H32c-17.67 0-32 14.33-32 32v32c0 17.67 14.33 32 32 32h144v144c0 17.67 14.33 32 32 32h32c17.67 0 32-14.33 32-32V304h144c17.67 0 32-14.33 32-32v-32c0-17.67-14.33-32-32-32z\"><\/path><\/svg><\/span>\n\t\t\t\t\t\t\t\t<span class=\"elementor-accordion-icon-opened\"><svg class=\"e-font-icon-svg e-fas-minus\" viewBox=\"0 0 448 512\" xmlns=\"http:\/\/www.w3.org\/2000\/svg\"><path d=\"M416 208H32c-17.67 0-32 14.33-32 32v32c0 17.67 14.33 32 32 32h384c17.67 0 32-14.33 32-32v-32c0-17.67-14.33-32-32-32z\"><\/path><\/svg><\/span>\n\t\t\t\t\t\t\t\t\t\t\t\t\t\t<\/span>\n\t\t\t\t\t\t\t\t\t\t\t\t<a class=\"elementor-accordion-title\" tabindex=\"0\">Czy na tym kursie naucz\u0119 si\u0119 gramatyki hiszpa\u0144skiej?<\/a>\n\t\t\t\t\t<\/div>\n\t\t\t\t\t<div id=\"elementor-tab-content-2526\" class=\"elementor-tab-content elementor-clearfix\" data-tab=\"6\" role=\"region\" aria-labelledby=\"elementor-tab-title-2526\"><p>Nie, jest to kurs wprowadzaj\u0105cy do nauczania j\u0119zyka hiszpa\u0144skiego jako j\u0119zyka obcego.<\/p><p>Nie uczymy Ci\u0119 gramatyki, <strong>uczymy Ci\u0119, jak jej uczy\u0107<\/strong> \u2013 nawet je\u015bli brzmi to jak \u0142amaniec j\u0119zykowy.<\/p><\/div>\n\t\t\t\t<\/div>\n\t\t\t\t\t\t\t<div class=\"elementor-accordion-item\">\n\t\t\t\t\t<div id=\"elementor-tab-title-2527\" class=\"elementor-tab-title\" data-tab=\"7\" role=\"button\" aria-controls=\"elementor-tab-content-2527\" aria-expanded=\"false\">\n\t\t\t\t\t\t\t\t\t\t\t\t\t<span class=\"elementor-accordion-icon elementor-accordion-icon-left\" aria-hidden=\"true\">\n\t\t\t\t\t\t\t\t\t\t\t\t\t\t\t<span class=\"elementor-accordion-icon-closed\"><svg class=\"e-font-icon-svg e-fas-plus\" viewBox=\"0 0 448 512\" xmlns=\"http:\/\/www.w3.org\/2000\/svg\"><path d=\"M416 208H272V64c0-17.67-14.33-32-32-32h-32c-17.67 0-32 14.33-32 32v144H32c-17.67 0-32 14.33-32 32v32c0 17.67 14.33 32 32 32h144v144c0 17.67 14.33 32 32 32h32c17.67 0 32-14.33 32-32V304h144c17.67 0 32-14.33 32-32v-32c0-17.67-14.33-32-32-32z\"><\/path><\/svg><\/span>\n\t\t\t\t\t\t\t\t<span class=\"elementor-accordion-icon-opened\"><svg class=\"e-font-icon-svg e-fas-minus\" viewBox=\"0 0 448 512\" xmlns=\"http:\/\/www.w3.org\/2000\/svg\"><path d=\"M416 208H32c-17.67 0-32 14.33-32 32v32c0 17.67 14.33 32 32 32h384c17.67 0 32-14.33 32-32v-32c0-17.67-14.33-32-32-32z\"><\/path><\/svg><\/span>\n\t\t\t\t\t\t\t\t\t\t\t\t\t\t<\/span>\n\t\t\t\t\t\t\t\t\t\t\t\t<a class=\"elementor-accordion-title\" tabindex=\"0\">Kiedy wykonam cz\u0119\u015b\u0107 praktyczn\u0105?<\/a>\n\t\t\t\t\t<\/div>\n\t\t\t\t\t<div id=\"elementor-tab-content-2527\" class=\"elementor-tab-content elementor-clearfix\" data-tab=\"7\" role=\"region\" aria-labelledby=\"elementor-tab-title-2527\"><p><strong>Jak tylko wy\u015blesz nam ewaluacj\u0119,<\/strong> mo\u017cemy zacz\u0105\u0107 sprawdza\u0107 Twoj\u0105 dost\u0119pno\u015b\u0107 i dost\u0119pno\u015b\u0107 naszych kurs\u00f3w, aby uzgodni\u0107 dat\u0119. Wolimy, aby by\u0142o to jak najszybciej po zako\u0144czeniu cz\u0119\u015bci teoretycznej i otrzymaniu poprawionej oceny, bez przerw iz powa\u017cnym zaanga\u017cowaniem w dotrzymanie ustalonych termin\u00f3w, ale nie mo\u017cemy ustali\u0107 konkretnego terminu, dop\u00f3ki nie nadejdzie ten moment.<\/p><p>M\u00f3wi\u0105c \u201ebez przerw\u201d mamy na my\u015bli to, \u017ce nie ma sensu robi\u0107 np. tygodnia praktyki, potem kilka dni wolnego, potem kolejny tydzie\u0144, potem kolejne dni\u2026<\/p><p>Pami\u0119taj, i to jest bardzo wa\u017cne, \u017ce b\u0119dziesz cz\u0119\u015bci\u0105 grupy klasowej i \u017ce jest nielogiczne i ca\u0142kowicie <strong>antypedagogiczne, aby\u015b wykonywa\u0142 swoje praktyki w cz\u0119\u015bciach,<\/strong> tygodniach lub pojedynczych dniach. Je\u015bli chcesz jak najszybciej uko\u0144czy\u0107 cz\u0119\u015b\u0107 praktyczn\u0105, poinformuj nas o tym podczas rejestracji, a we\u017amiemy to pod uwag\u0119.<\/p><\/div>\n\t\t\t\t<\/div>\n\t\t\t\t\t\t\t<div class=\"elementor-accordion-item\">\n\t\t\t\t\t<div id=\"elementor-tab-title-2528\" class=\"elementor-tab-title\" data-tab=\"8\" role=\"button\" aria-controls=\"elementor-tab-content-2528\" aria-expanded=\"false\">\n\t\t\t\t\t\t\t\t\t\t\t\t\t<span class=\"elementor-accordion-icon elementor-accordion-icon-left\" aria-hidden=\"true\">\n\t\t\t\t\t\t\t\t\t\t\t\t\t\t\t<span class=\"elementor-accordion-icon-closed\"><svg class=\"e-font-icon-svg e-fas-plus\" viewBox=\"0 0 448 512\" xmlns=\"http:\/\/www.w3.org\/2000\/svg\"><path d=\"M416 208H272V64c0-17.67-14.33-32-32-32h-32c-17.67 0-32 14.33-32 32v144H32c-17.67 0-32 14.33-32 32v32c0 17.67 14.33 32 32 32h144v144c0 17.67 14.33 32 32 32h32c17.67 0 32-14.33 32-32V304h144c17.67 0 32-14.33 32-32v-32c0-17.67-14.33-32-32-32z\"><\/path><\/svg><\/span>\n\t\t\t\t\t\t\t\t<span class=\"elementor-accordion-icon-opened\"><svg class=\"e-font-icon-svg e-fas-minus\" viewBox=\"0 0 448 512\" xmlns=\"http:\/\/www.w3.org\/2000\/svg\"><path d=\"M416 208H32c-17.67 0-32 14.33-32 32v32c0 17.67 14.33 32 32 32h384c17.67 0 32-14.33 32-32v-32c0-17.67-14.33-32-32-32z\"><\/path><\/svg><\/span>\n\t\t\t\t\t\t\t\t\t\t\t\t\t\t<\/span>\n\t\t\t\t\t\t\t\t\t\t\t\t<a class=\"elementor-accordion-title\" tabindex=\"0\">Czy praktyki odbywaj\u0105 si\u0119 rano czy po po\u0142udniu?<\/a>\n\t\t\t\t\t<\/div>\n\t\t\t\t\t<div id=\"elementor-tab-content-2528\" class=\"elementor-tab-content elementor-clearfix\" data-tab=\"8\" role=\"region\" aria-labelledby=\"elementor-tab-title-2528\"><p><strong>G\u0142\u00f3wnie rano,<\/strong> ale po po\u0142udniu te\u017c si\u0119 da, cho\u0107 nie zawsze; To zale\u017cy od dost\u0119pno\u015bci kurs\u00f3w.<\/p><p>Tak jak w poprzedniej odpowiedzi, zawsze polecamy rano w godzinach od 10:00 do 13:30 od poniedzia\u0142ku do pi\u0105tku, cho\u0107 mog\u0105 by\u0107 inne opcje.<\/p><\/div>\n\t\t\t\t<\/div>\n\t\t\t\t\t\t\t<div class=\"elementor-accordion-item\">\n\t\t\t\t\t<div id=\"elementor-tab-title-2529\" class=\"elementor-tab-title\" data-tab=\"9\" role=\"button\" aria-controls=\"elementor-tab-content-2529\" aria-expanded=\"false\">\n\t\t\t\t\t\t\t\t\t\t\t\t\t<span class=\"elementor-accordion-icon elementor-accordion-icon-left\" aria-hidden=\"true\">\n\t\t\t\t\t\t\t\t\t\t\t\t\t\t\t<span class=\"elementor-accordion-icon-closed\"><svg class=\"e-font-icon-svg e-fas-plus\" viewBox=\"0 0 448 512\" xmlns=\"http:\/\/www.w3.org\/2000\/svg\"><path d=\"M416 208H272V64c0-17.67-14.33-32-32-32h-32c-17.67 0-32 14.33-32 32v144H32c-17.67 0-32 14.33-32 32v32c0 17.67 14.33 32 32 32h144v144c0 17.67 14.33 32 32 32h32c17.67 0 32-14.33 32-32V304h144c17.67 0 32-14.33 32-32v-32c0-17.67-14.33-32-32-32z\"><\/path><\/svg><\/span>\n\t\t\t\t\t\t\t\t<span class=\"elementor-accordion-icon-opened\"><svg class=\"e-font-icon-svg e-fas-minus\" viewBox=\"0 0 448 512\" xmlns=\"http:\/\/www.w3.org\/2000\/svg\"><path d=\"M416 208H32c-17.67 0-32 14.33-32 32v32c0 17.67 14.33 32 32 32h384c17.67 0 32-14.33 32-32v-32c0-17.67-14.33-32-32-32z\"><\/path><\/svg><\/span>\n\t\t\t\t\t\t\t\t\t\t\t\t\t\t<\/span>\n\t\t\t\t\t\t\t\t\t\t\t\t<a class=\"elementor-accordion-title\" tabindex=\"0\">Czy to problem, je\u015bli uko\u0144czenie kursu zajmie mi kilka miesi\u0119cy?<\/a>\n\t\t\t\t\t<\/div>\n\t\t\t\t\t<div id=\"elementor-tab-content-2529\" class=\"elementor-tab-content elementor-clearfix\" data-tab=\"9\" role=\"region\" aria-labelledby=\"elementor-tab-title-2529\"><p>Brak, po prostu daj nam zna\u0107 na pi\u015bmie, aby wzi\u0105\u0107 to pod uwag\u0119. To powiedziawszy, je\u015bli up\u0142ynie wi\u0119cej ni\u017c <strong>TRZY MIESI\u0104CE<\/strong> mi\u0119dzy dostarczeniem oceny a zako\u0144czeniem sta\u017cu bez kontaktu z Tob\u0105, Tw\u00f3j kurs <strong>zostanie odwo\u0142any<\/strong> z oczywistych powod\u00f3w.<\/p><p>Rozumiemy, \u017ce ten czas wystarczy, aby powiadomi\u0107 nas o jakiejkolwiek anomalii.<\/p><\/div>\n\t\t\t\t<\/div>\n\t\t\t\t\t\t\t<div class=\"elementor-accordion-item\">\n\t\t\t\t\t<div id=\"elementor-tab-title-25210\" class=\"elementor-tab-title\" data-tab=\"10\" role=\"button\" aria-controls=\"elementor-tab-content-25210\" aria-expanded=\"false\">\n\t\t\t\t\t\t\t\t\t\t\t\t\t<span class=\"elementor-accordion-icon elementor-accordion-icon-left\" aria-hidden=\"true\">\n\t\t\t\t\t\t\t\t\t\t\t\t\t\t\t<span class=\"elementor-accordion-icon-closed\"><svg class=\"e-font-icon-svg e-fas-plus\" viewBox=\"0 0 448 512\" xmlns=\"http:\/\/www.w3.org\/2000\/svg\"><path d=\"M416 208H272V64c0-17.67-14.33-32-32-32h-32c-17.67 0-32 14.33-32 32v144H32c-17.67 0-32 14.33-32 32v32c0 17.67 14.33 32 32 32h144v144c0 17.67 14.33 32 32 32h32c17.67 0 32-14.33 32-32V304h144c17.67 0 32-14.33 32-32v-32c0-17.67-14.33-32-32-32z\"><\/path><\/svg><\/span>\n\t\t\t\t\t\t\t\t<span class=\"elementor-accordion-icon-opened\"><svg class=\"e-font-icon-svg e-fas-minus\" viewBox=\"0 0 448 512\" xmlns=\"http:\/\/www.w3.org\/2000\/svg\"><path d=\"M416 208H32c-17.67 0-32 14.33-32 32v32c0 17.67 14.33 32 32 32h384c17.67 0 32-14.33 32-32v-32c0-17.67-14.33-32-32-32z\"><\/path><\/svg><\/span>\n\t\t\t\t\t\t\t\t\t\t\t\t\t\t<\/span>\n\t\t\t\t\t\t\t\t\t\t\t\t<a class=\"elementor-accordion-title\" tabindex=\"0\">Czy jest konieczny udzia\u0142 w tym kursie, aby pracowa\u0107 w Instituto Hisp\u00e1nico de Murcia?<\/a>\n\t\t\t\t\t<\/div>\n\t\t\t\t\t<div id=\"elementor-tab-content-25210\" class=\"elementor-tab-content elementor-clearfix\" data-tab=\"10\" role=\"region\" aria-labelledby=\"elementor-tab-title-25210\"><p><strong>Absolutnie nie<\/strong>; Mamy w\u015br\u00f3d pracownik\u00f3w nauczycieli, kt\u00f3rzy nie uczestniczyli w tym kursie. M\u00f3wi\u0105c to, przypominamy, \u017ce mamy bank pracy do przysz\u0142ego zatrudnienia, w kt\u00f3rym znajduj\u0105 si\u0119 osoby, kt\u00f3re pomy\u015blnie uko\u0144czy\u0142y kurs i na kt\u00f3re liczymy w zakresie powi\u0119kszania naszego personelu lub wymiany naszych nauczycieli.<\/p><p>Zawsze chcemy <strong>do\u015bwiadczonych ludzi w naszym zespole.<\/strong><\/p><\/div>\n\t\t\t\t<\/div>\n\t\t\t\t\t\t\t<div class=\"elementor-accordion-item\">\n\t\t\t\t\t<div id=\"elementor-tab-title-25211\" class=\"elementor-tab-title\" data-tab=\"11\" role=\"button\" aria-controls=\"elementor-tab-content-25211\" aria-expanded=\"false\">\n\t\t\t\t\t\t\t\t\t\t\t\t\t<span class=\"elementor-accordion-icon elementor-accordion-icon-left\" aria-hidden=\"true\">\n\t\t\t\t\t\t\t\t\t\t\t\t\t\t\t<span class=\"elementor-accordion-icon-closed\"><svg class=\"e-font-icon-svg e-fas-plus\" viewBox=\"0 0 448 512\" xmlns=\"http:\/\/www.w3.org\/2000\/svg\"><path d=\"M416 208H272V64c0-17.67-14.33-32-32-32h-32c-17.67 0-32 14.33-32 32v144H32c-17.67 0-32 14.33-32 32v32c0 17.67 14.33 32 32 32h144v144c0 17.67 14.33 32 32 32h32c17.67 0 32-14.33 32-32V304h144c17.67 0 32-14.33 32-32v-32c0-17.67-14.33-32-32-32z\"><\/path><\/svg><\/span>\n\t\t\t\t\t\t\t\t<span class=\"elementor-accordion-icon-opened\"><svg class=\"e-font-icon-svg e-fas-minus\" viewBox=\"0 0 448 512\" xmlns=\"http:\/\/www.w3.org\/2000\/svg\"><path d=\"M416 208H32c-17.67 0-32 14.33-32 32v32c0 17.67 14.33 32 32 32h384c17.67 0 32-14.33 32-32v-32c0-17.67-14.33-32-32-32z\"><\/path><\/svg><\/span>\n\t\t\t\t\t\t\t\t\t\t\t\t\t\t<\/span>\n\t\t\t\t\t\t\t\t\t\t\t\t<a class=\"elementor-accordion-title\" tabindex=\"0\">Czy po tym kursie znajd\u0119 prac\u0119?<\/a>\n\t\t\t\t\t<\/div>\n\t\t\t\t\t<div id=\"elementor-tab-content-25211\" class=\"elementor-tab-content elementor-clearfix\" data-tab=\"11\" role=\"region\" aria-labelledby=\"elementor-tab-title-25211\"><p>Oczywi\u015bcie Ci to pomo\u017ce, ale nie mo\u017cemy Ci\u0119 ok\u0142amywa\u0107 i m\u00f3wi\u0107, \u017ce prac\u0119 znajdziesz zaraz po uko\u0144czeniu kursu. Ma to bardzo <strong>wa\u017cny element praktyczny<\/strong>, kt\u00f3ry pomo\u017ce ci w szkoleniu jako nauczyciel, a tym samym w poszukiwaniu pracy.<\/p><p>Niewiele jest na rynku kurs\u00f3w z tak silnym elementem praktycznym jak nasz; pomy\u015bl, \u017ce pracowa\u0142e\u015b z mi\u0119dzynarodowymi studentami hiszpa\u0144skimi i \u017ce b\u0119dzie to wysoko cenione przy zatrudnianiu.<\/p><\/div>\n\t\t\t\t<\/div>\n\t\t\t\t\t\t\t<div class=\"elementor-accordion-item\">\n\t\t\t\t\t<div id=\"elementor-tab-title-25212\" class=\"elementor-tab-title\" data-tab=\"12\" role=\"button\" aria-controls=\"elementor-tab-content-25212\" aria-expanded=\"false\">\n\t\t\t\t\t\t\t\t\t\t\t\t\t<span class=\"elementor-accordion-icon elementor-accordion-icon-left\" aria-hidden=\"true\">\n\t\t\t\t\t\t\t\t\t\t\t\t\t\t\t<span class=\"elementor-accordion-icon-closed\"><svg class=\"e-font-icon-svg e-fas-plus\" viewBox=\"0 0 448 512\" xmlns=\"http:\/\/www.w3.org\/2000\/svg\"><path d=\"M416 208H272V64c0-17.67-14.33-32-32-32h-32c-17.67 0-32 14.33-32 32v144H32c-17.67 0-32 14.33-32 32v32c0 17.67 14.33 32 32 32h144v144c0 17.67 14.33 32 32 32h32c17.67 0 32-14.33 32-32V304h144c17.67 0 32-14.33 32-32v-32c0-17.67-14.33-32-32-32z\"><\/path><\/svg><\/span>\n\t\t\t\t\t\t\t\t<span class=\"elementor-accordion-icon-opened\"><svg class=\"e-font-icon-svg e-fas-minus\" viewBox=\"0 0 448 512\" xmlns=\"http:\/\/www.w3.org\/2000\/svg\"><path d=\"M416 208H32c-17.67 0-32 14.33-32 32v32c0 17.67 14.33 32 32 32h384c17.67 0 32-14.33 32-32v-32c0-17.67-14.33-32-32-32z\"><\/path><\/svg><\/span>\n\t\t\t\t\t\t\t\t\t\t\t\t\t\t<\/span>\n\t\t\t\t\t\t\t\t\t\t\t\t<a class=\"elementor-accordion-title\" tabindex=\"0\">Czy stopie\u0144, kt\u00f3ry otrzymam z Instituto Hisp\u00e1nico de Murcia, jest oficjalny?<\/a>\n\t\t\t\t\t<\/div>\n\t\t\t\t\t<div id=\"elementor-tab-content-25212\" class=\"elementor-tab-content elementor-clearfix\" data-tab=\"12\" role=\"region\" aria-labelledby=\"elementor-tab-title-25212\"><p>Instituto Hisp\u00e1nico de Murcia jest prywatn\u0105 firm\u0105 niepowi\u0105zan\u0105 z edukacj\u0105 publiczn\u0105, a poniewa\u017c nie jest to kurs organizowany ani prowadzony przez Instituto Cervantes, oczywi\u015bcie nie jest on r\u00f3wnie\u017c przez niego zatwierdzony.<strong> Dlatego odpowied\u017a brzmi: nie.<\/strong><\/p><p>To powiedziawszy, nasz dyplom ma tak\u0105 sam\u0105 warto\u015b\u0107 jak ka\u017cda inna prywatna firma na poziomie krajowym i mi\u0119dzynarodowym, a dyplomy i certyfikaty przyznawane na naszych kursach s\u0105 uznawane przez wszelkiego rodzaju instytucje.<\/p><\/div>\n\t\t\t\t<\/div>\n\t\t\t\t\t\t\t\t\t\t<script type=\"application\/ld+json\">{\"@context\":\"https:\\\/\\\/schema.org\",\"@type\":\"FAQPage\",\"mainEntity\":[{\"@type\":\"Question\",\"name\":\"Kiedy zaczyna si\\u0119 kurs?\",\"acceptedAnswer\":{\"@type\":\"Answer\",\"text\":\"Pierwszy poniedzia\\u0142ek ka\\u017cdego miesi\\u0105ca przez ca\\u0142y rok.\"}},{\"@type\":\"Question\",\"name\":\"Czy mog\\u0119 odby\\u0107 kurs nie b\\u0119d\\u0105c filologiem?\",\"acceptedAnswer\":{\"@type\":\"Answer\",\"text\":\"<p>Oczywi\\u015bcie, cho\\u0107 wiele poj\\u0119\\u0107 pojawiaj\\u0105cych si\\u0119 w cz\\u0119\\u015bci teoretycznej mo\\u017ce by\\u0107 nieznanych i trudnych do zrozumienia. Jednak studia<strong> s\\u0105 wymagane<\\\/strong> do zapisania si\\u0119 na ten kurs.<\\\/p>\"}},{\"@type\":\"Question\",\"name\":\"Jak d\\u0142uga jest ta cz\\u0119\\u015b\\u0107?\",\"acceptedAnswer\":{\"@type\":\"Answer\",\"text\":\"<p>Cz\\u0119\\u015b\\u0107 praktyczna obejmuje <strong>120 godzin,<\\\/strong> wi\\u0119c je\\u015bli zapiszesz si\\u0119 na jeden z naszych intensywnych kurs\\u00f3w j\\u0119zyka hiszpa\\u0144skiego (20 lekcji tygodniowo, od poniedzia\\u0142ku do pi\\u0105tku w godzinach 10:00-13:30), sko\\u0144czysz<strong> za sze<\\\/strong><span class=\\\"Y2IQFc\\\" lang=\\\"pl\\\"><strong>\\u015b\\u0107 tygodni<\\\/strong>.<\\\/span><\\\/p><p>Je\\u015bli Twoja dyspozycyjno\\u015b\\u0107 na to nie pozwala, mo\\u017cemy wynegocjowa\\u0107 inne mo\\u017cliwo\\u015bci, ale pierwsza jest najbardziej zalecana, poniewa\\u017c w przeciwnym razie Tw\\u00f3j kurs trwa\\u0142by zbyt d\\u0142ugo. Pami\\u0119taj, \\u017ce nie zawsze mamy zaj\\u0119cia po po\\u0142udniu, na przyk\\u0142ad latem.<\\\/p>\"}},{\"@type\":\"Question\",\"name\":\"Jakie materia\\u0142y b\\u0119d\\u0119 mie\\u0107?\",\"acceptedAnswer\":{\"@type\":\"Answer\",\"text\":\"<p>Wy\\u015blemy Ci wiadomo\\u015b\\u0107 e-mail z materia\\u0142ami szkoleniowymi i ocen\\u0105, kt\\u00f3r\\u0105 b\\u0119dziesz musia\\u0142 odes\\u0142a\\u0107 po udzieleniu odpowiedzi na pytania. Mo\\u017cesz to zrobi\\u0107 w dokumencie Word lub w pdf.<\\\/p>\"}},{\"@type\":\"Question\",\"name\":\"Jak roz\\u0142o\\u017cy\\u0107 godziny cz\\u0119\\u015bci teoretycznej?\",\"acceptedAnswer\":{\"@type\":\"Answer\",\"text\":\"<p>Jak chcesz i wedle uznania. Prosimy tylko o poinformowanie nas na pi\\u015bmie, ile czasu Twoim zdaniem b\\u0119dziesz potrzebowa\\u0107 na przedstawienie nam oceny, i nie zapominaj, \\u017ce mo\\u017cesz to zrobi\\u0107 w domu lub w dowolnym miejscu, kt\\u00f3re uznasz za dogodne i nie potrzebujesz internetu dla tego.<\\\/p>\"}},{\"@type\":\"Question\",\"name\":\"Czy na tym kursie naucz\\u0119 si\\u0119 gramatyki hiszpa\\u0144skiej?\",\"acceptedAnswer\":{\"@type\":\"Answer\",\"text\":\"<p>Nie, jest to kurs wprowadzaj\\u0105cy do nauczania j\\u0119zyka hiszpa\\u0144skiego jako j\\u0119zyka obcego.<\\\/p><p>Nie uczymy Ci\\u0119 gramatyki, <strong>uczymy Ci\\u0119, jak jej uczy\\u0107<\\\/strong> \\u2013 nawet je\\u015bli brzmi to jak \\u0142amaniec j\\u0119zykowy.<\\\/p>\"}},{\"@type\":\"Question\",\"name\":\"Kiedy wykonam cz\\u0119\\u015b\\u0107 praktyczn\\u0105?\",\"acceptedAnswer\":{\"@type\":\"Answer\",\"text\":\"<p><strong>Jak tylko wy\\u015blesz nam ewaluacj\\u0119,<\\\/strong> mo\\u017cemy zacz\\u0105\\u0107 sprawdza\\u0107 Twoj\\u0105 dost\\u0119pno\\u015b\\u0107 i dost\\u0119pno\\u015b\\u0107 naszych kurs\\u00f3w, aby uzgodni\\u0107 dat\\u0119. Wolimy, aby by\\u0142o to jak najszybciej po zako\\u0144czeniu cz\\u0119\\u015bci teoretycznej i otrzymaniu poprawionej oceny, bez przerw iz powa\\u017cnym zaanga\\u017cowaniem w dotrzymanie ustalonych termin\\u00f3w, ale nie mo\\u017cemy ustali\\u0107 konkretnego terminu, dop\\u00f3ki nie nadejdzie ten moment.<\\\/p><p>M\\u00f3wi\\u0105c \\u201ebez przerw\\u201d mamy na my\\u015bli to, \\u017ce nie ma sensu robi\\u0107 np. tygodnia praktyki, potem kilka dni wolnego, potem kolejny tydzie\\u0144, potem kolejne dni\\u2026<\\\/p><p>Pami\\u0119taj, i to jest bardzo wa\\u017cne, \\u017ce b\\u0119dziesz cz\\u0119\\u015bci\\u0105 grupy klasowej i \\u017ce jest nielogiczne i ca\\u0142kowicie <strong>antypedagogiczne, aby\\u015b wykonywa\\u0142 swoje praktyki w cz\\u0119\\u015bciach,<\\\/strong> tygodniach lub pojedynczych dniach. Je\\u015bli chcesz jak najszybciej uko\\u0144czy\\u0107 cz\\u0119\\u015b\\u0107 praktyczn\\u0105, poinformuj nas o tym podczas rejestracji, a we\\u017amiemy to pod uwag\\u0119.<\\\/p>\"}},{\"@type\":\"Question\",\"name\":\"Czy praktyki odbywaj\\u0105 si\\u0119 rano czy po po\\u0142udniu?\",\"acceptedAnswer\":{\"@type\":\"Answer\",\"text\":\"<p><strong>G\\u0142\\u00f3wnie rano,<\\\/strong> ale po po\\u0142udniu te\\u017c si\\u0119 da, cho\\u0107 nie zawsze; To zale\\u017cy od dost\\u0119pno\\u015bci kurs\\u00f3w.<\\\/p><p>Tak jak w poprzedniej odpowiedzi, zawsze polecamy rano w godzinach od 10:00 do 13:30 od poniedzia\\u0142ku do pi\\u0105tku, cho\\u0107 mog\\u0105 by\\u0107 inne opcje.<\\\/p>\"}},{\"@type\":\"Question\",\"name\":\"Czy to problem, je\\u015bli uko\\u0144czenie kursu zajmie mi kilka miesi\\u0119cy?\",\"acceptedAnswer\":{\"@type\":\"Answer\",\"text\":\"<p>Brak, po prostu daj nam zna\\u0107 na pi\\u015bmie, aby wzi\\u0105\\u0107 to pod uwag\\u0119. To powiedziawszy, je\\u015bli up\\u0142ynie wi\\u0119cej ni\\u017c <strong>TRZY MIESI\\u0104CE<\\\/strong> mi\\u0119dzy dostarczeniem oceny a zako\\u0144czeniem sta\\u017cu bez kontaktu z Tob\\u0105, Tw\\u00f3j kurs <strong>zostanie odwo\\u0142any<\\\/strong> z oczywistych powod\\u00f3w.<\\\/p><p>Rozumiemy, \\u017ce ten czas wystarczy, aby powiadomi\\u0107 nas o jakiejkolwiek anomalii.<\\\/p>\"}},{\"@type\":\"Question\",\"name\":\"Czy jest konieczny udzia\\u0142 w tym kursie, aby pracowa\\u0107 w Instituto Hisp\\u00e1nico de Murcia?\",\"acceptedAnswer\":{\"@type\":\"Answer\",\"text\":\"<p><strong>Absolutnie nie<\\\/strong>; Mamy w\\u015br\\u00f3d pracownik\\u00f3w nauczycieli, kt\\u00f3rzy nie uczestniczyli w tym kursie. M\\u00f3wi\\u0105c to, przypominamy, \\u017ce mamy bank pracy do przysz\\u0142ego zatrudnienia, w kt\\u00f3rym znajduj\\u0105 si\\u0119 osoby, kt\\u00f3re pomy\\u015blnie uko\\u0144czy\\u0142y kurs i na kt\\u00f3re liczymy w zakresie powi\\u0119kszania naszego personelu lub wymiany naszych nauczycieli.<\\\/p><p>Zawsze chcemy <strong>do\\u015bwiadczonych ludzi w naszym zespole.<\\\/strong><\\\/p>\"}},{\"@type\":\"Question\",\"name\":\"Czy po tym kursie znajd\\u0119 prac\\u0119?\",\"acceptedAnswer\":{\"@type\":\"Answer\",\"text\":\"<p>Oczywi\\u015bcie Ci to pomo\\u017ce, ale nie mo\\u017cemy Ci\\u0119 ok\\u0142amywa\\u0107 i m\\u00f3wi\\u0107, \\u017ce prac\\u0119 znajdziesz zaraz po uko\\u0144czeniu kursu. Ma to bardzo <strong>wa\\u017cny element praktyczny<\\\/strong>, kt\\u00f3ry pomo\\u017ce ci w szkoleniu jako nauczyciel, a tym samym w poszukiwaniu pracy.<\\\/p><p>Niewiele jest na rynku kurs\\u00f3w z tak silnym elementem praktycznym jak nasz; pomy\\u015bl, \\u017ce pracowa\\u0142e\\u015b z mi\\u0119dzynarodowymi studentami hiszpa\\u0144skimi i \\u017ce b\\u0119dzie to wysoko cenione przy zatrudnianiu.<\\\/p>\"}},{\"@type\":\"Question\",\"name\":\"Czy stopie\\u0144, kt\\u00f3ry otrzymam z Instituto Hisp\\u00e1nico de Murcia, jest oficjalny?\",\"acceptedAnswer\":{\"@type\":\"Answer\",\"text\":\"<p>Instituto Hisp\\u00e1nico de Murcia jest prywatn\\u0105 firm\\u0105 niepowi\\u0105zan\\u0105 z edukacj\\u0105 publiczn\\u0105, a poniewa\\u017c nie jest to kurs organizowany ani prowadzony przez Instituto Cervantes, oczywi\\u015bcie nie jest on r\\u00f3wnie\\u017c przez niego zatwierdzony.<strong> Dlatego odpowied\\u017a brzmi: nie.<\\\/strong><\\\/p><p>To powiedziawszy, nasz dyplom ma tak\\u0105 sam\\u0105 warto\\u015b\\u0107 jak ka\\u017cda inna prywatna firma na poziomie krajowym i mi\\u0119dzynarodowym, a dyplomy i certyfikaty przyznawane na naszych kursach s\\u0105 uznawane przez wszelkiego rodzaju instytucje.<\\\/p>\"}}]}<\/script>\n\t\t\t\t\t<\/div>\n\t\t\t\t\t\t<\/div>\n\t\t\t\t<\/div>\n\t\t\t\t\t<\/div>\n\t\t<\/div>\n\t\t\t\t\t<\/div>\n\t\t<\/section>\n\t\t\t\t<\/div>\n\t\t\n","protected":false},"excerpt":{"rendered":"[elementor-template id=\"53091\"]\n","protected":false},"featured_media":31335,"template":"","meta":{"_acf_changed":false,"inline_featured_image":false,"site-sidebar-layout":"default","site-content-layout":"default","ast-site-content-layout":"default","site-content-style":"default","site-sidebar-style":"default","ast-global-header-display":"","ast-banner-title-visibility":"","ast-main-header-display":"","ast-hfb-above-header-display":"","ast-hfb-below-header-display":"","ast-hfb-mobile-header-display":"","site-post-title":"","ast-breadcrumbs-content":"","ast-featured-img":"","footer-sml-layout":"","ast-disable-related-posts":"","theme-transparent-header-meta":"default","adv-header-id-meta":"","stick-header-meta":"default","header-above-stick-meta":"","header-main-stick-meta":"","header-below-stick-meta":"","astra-migrate-meta-layouts":"set","ast-page-background-enabled":"default","ast-page-background-meta":{"desktop":{"background-color":"var(--ast-global-color-4)","background-image":"","background-repeat":"repeat","background-position":"center center","background-size":"auto","background-attachment":"scroll","background-type":"","background-media":"","overlay-type":"","overlay-color":"","overlay-opacity":"","overlay-gradient":""},"tablet":{"background-color":"","background-image":"","background-repeat":"repeat","background-position":"center center","background-size":"auto","background-attachment":"scroll","background-type":"","background-media":"","overlay-type":"","overlay-color":"","overlay-opacity":"","overlay-gradient":""},"mobile":{"background-color":"","background-image":"","background-repeat":"repeat","background-position":"center center","background-size":"auto","background-attachment":"scroll","background-type":"","background-media":"","overlay-type":"","overlay-color":"","overlay-opacity":"","overlay-gradient":""}},"ast-content-background-meta":{"desktop":{"background-color":"var(--ast-global-color-5)","background-image":"","background-repeat":"repeat","background-position":"center center","background-size":"auto","background-attachment":"scroll","background-type":"","background-media":"","overlay-type":"","overlay-color":"","overlay-opacity":"","overlay-gradient":""},"tablet":{"background-color":"var(--ast-global-color-5)","background-image":"","background-repeat":"repeat","background-position":"center center","background-size":"auto","background-attachment":"scroll","background-type":"","background-media":"","overlay-type":"","overlay-color":"","overlay-opacity":"","overlay-gradient":""},"mobile":{"background-color":"var(--ast-global-color-5)","background-image":"","background-repeat":"repeat","background-position":"center center","background-size":"auto","background-attachment":"scroll","background-type":"","background-media":"","overlay-type":"","overlay-color":"","overlay-opacity":"","overlay-gradient":""}}},"product_brand":[],"product_cat":[611,202],"product_tag":[],"class_list":{"0":"post-31276","1":"product","2":"type-product","3":"status-publish","4":"has-post-thumbnail","6":"product_cat-general-pl","7":"product_cat-kursy-jezykowo-zawodowe","8":"desktop-align-left","9":"tablet-align-left","10":"mobile-align-left","11":"ast-product-gallery-layout-horizontal-slider","12":"ast-product-gallery-with-no-image","13":"ast-product-single-variable","14":"ast-product-tabs-layout-horizontal","16":"first","17":"instock","18":"sale","19":"sold-individually","20":"taxable","21":"shipping-taxable","22":"purchasable","23":"product-type-variable","24":"has-default-attributes"},"acf":[],"_links":{"self":[{"href":"https:\/\/ihdemu.com\/pl\/wp-json\/wp\/v2\/product\/31276","targetHints":{"allow":["GET"]}}],"collection":[{"href":"https:\/\/ihdemu.com\/pl\/wp-json\/wp\/v2\/product"}],"about":[{"href":"https:\/\/ihdemu.com\/pl\/wp-json\/wp\/v2\/types\/product"}],"wp:featuredmedia":[{"embeddable":true,"href":"https:\/\/ihdemu.com\/pl\/wp-json\/wp\/v2\/media\/31335"}],"wp:attachment":[{"href":"https:\/\/ihdemu.com\/pl\/wp-json\/wp\/v2\/media?parent=31276"}],"wp:term":[{"taxonomy":"product_brand","embeddable":true,"href":"https:\/\/ihdemu.com\/pl\/wp-json\/wp\/v2\/product_brand?post=31276"},{"taxonomy":"product_cat","embeddable":true,"href":"https:\/\/ihdemu.com\/pl\/wp-json\/wp\/v2\/product_cat?post=31276"},{"taxonomy":"product_tag","embeddable":true,"href":"https:\/\/ihdemu.com\/pl\/wp-json\/wp\/v2\/product_tag?post=31276"}],"curies":[{"name":"wp","href":"https:\/\/api.w.org\/{rel}","templated":true}]}}